{"id":211079,"date":"2023-03-24T12:20:00","date_gmt":"2023-03-24T15:20:00","guid":{"rendered":"https:\/\/www.manaus.am.gov.br\/semcom\/?post_type=pautas&#038;p=211079"},"modified":"2023-03-24T16:00:41","modified_gmt":"2023-03-24T19:00:41","slug":"prefeito-participa-de-reuniao-da-suframa-com-pauta-de-r-15-bilhao-em-novos-investimentos-na-zfm","status":"publish","type":"pautas","link":"https:\/\/www.manaus.am.gov.br\/semcom\/pautas\/prefeito-participa-de-reuniao-da-suframa-com-pauta-de-r-15-bilhao-em-novos-investimentos-na-zfm\/","title":{"rendered":"Prefeito participa de reuni\u00e3o da Suframa com pauta de R$ 1,5 bilh\u00e3o em novos investimentos na ZFM"},"content":{"rendered":"\n<p>O prefeito de Manaus, David Almeida, estar\u00e1 presente na reuni\u00e3o do Conselho de Administra\u00e7\u00e3o da Suframa (CAS), nesta sexta-feira, 24\/3, \u00e0s 15h, no Centro de Conven\u00e7\u00f5es do Amazonas Vasco Vasquez, na zona Centro-Oeste. Ser\u00e1 a 308\u00aa reuni\u00e3o ordin\u00e1ria na hist\u00f3ria da autarquia, marcada por simbolismos: a primeira em 2023, a primeira do novo comando federal e, depois de muitos anos, volta a ser presidida pelo Minist\u00e9rio do Desenvolvimento, Ind\u00fastria, Com\u00e9rcio e Servi\u00e7os (Mdic), recriado pelo governo do presidente Luiz In\u00e1cio Lula da Silva.<\/p>\n\n\n\n<p>O encontro, que analisar\u00e1 a concess\u00e3o de incentivos fiscais federais a 44 projetos industriais e de servi\u00e7os, avaliados em R$ 1,5 bilh\u00e3o em investimentos e com perspectiva de gera\u00e7\u00e3o de 1,5 mil novos empregos no polo industrial da Zona Franca de Manaus, ser\u00e1 presidido pelo vice-presidente da Rep\u00fablica, Geraldo Alckmin, titular do Mdic.<\/p>\n\n\n\n<p>SERVI\u00c7O:<\/p>\n\n\n\n<p>O qu\u00ea \u2013 Prefeito participa da 308\u00aa reuni\u00e3o do CAS<br>Quando \u2013 Sexta-feira, 24\/3<br>Hor\u00e1rio \u2013 15h<br>Local \u2013 Centro de Conven\u00e7\u00f5es do Amazonas Vasco Vasques, na avenida Constantino Nery, zona Centro-Oeste.<\/p>\n","protected":false},"featured_media":208729,"template":"","categories":[793],"acf":[],"yoast_head":"<!-- This site is optimized with the Yoast SEO plugin v23.0 - https:\/\/yoast.com\/wordpress\/plugins\/seo\/ -->\n<title>Prefeito participa de reuni\u00e3o da Suframa com pauta de R$ 1,5 bilh\u00e3o em novos investimentos na ZFM<\/title>\n<meta name=\"description\" content=\"O prefeito de Manaus, David Almeida, estar\u00e1 presente na reuni\u00e3o do Conselho de Administra\u00e7\u00e3o da Suframa (CAS), nesta sexta-feira, 24\/3, \u00e0s 15h, no Centro de Conven\u00e7\u00f5es do Amazonas Vasco Vasquez, na zona Centro-Oeste. Ser\u00e1 a 308\u00aa reuni\u00e3o ordin\u00e1ria na hist\u00f3ria da autarquia, marcada por simbolismos: a primeira em 2023, a primeira do novo comando federal e, depois de muitos anos, volta a ser presidida pelo Minist\u00e9rio do Desenvolvimento, Ind\u00fastria, Com\u00e9rcio e Servi\u00e7os (Mdic), recriado pelo governo do presidente Luiz In\u00e1cio Lula da Silva.\" \/>\n<meta name=\"robots\" content=\"index, follow, max-snippet:-1, max-image-preview:large, max-video-preview:-1\" \/>\n<link rel=\"canonical\" href=\"https:\/\/www.manaus.am.gov.br\/semcom\/pautas\/prefeito-participa-de-reuniao-da-suframa-com-pauta-de-r-15-bilhao-em-novos-investimentos-na-zfm\/\" \/>\n<meta property=\"og:locale\" content=\"pt_BR\" \/>\n<meta property=\"og:type\" content=\"article\" \/>\n<meta property=\"og:title\" content=\"Prefeito participa de reuni\u00e3o da Suframa com pauta de R$ 1,5 bilh\u00e3o em novos investimentos na ZFM\" \/>\n<meta property=\"og:description\" content=\"O prefeito de Manaus, David Almeida, estar\u00e1 presente na reuni\u00e3o do Conselho de Administra\u00e7\u00e3o da Suframa (CAS), nesta sexta-feira, 24\/3, \u00e0s 15h, no Centro de Conven\u00e7\u00f5es do Amazonas Vasco Vasquez, na zona Centro-Oeste. Ser\u00e1 a 308\u00aa reuni\u00e3o ordin\u00e1ria na hist\u00f3ria da autarquia, marcada por simbolismos: a primeira em 2023, a primeira do novo comando federal e, depois de muitos anos, volta a ser presidida pelo Minist\u00e9rio do Desenvolvimento, Ind\u00fastria, Com\u00e9rcio e Servi\u00e7os (Mdic), recriado pelo governo do presidente Luiz In\u00e1cio Lula da Silva.\" \/>\n<meta property=\"og:url\" content=\"https:\/\/www.manaus.am.gov.br\/semcom\/pautas\/prefeito-participa-de-reuniao-da-suframa-com-pauta-de-r-15-bilhao-em-novos-investimentos-na-zfm\/\" \/>\n<meta property=\"og:site_name\" content=\"SEMCOM\" \/>\n<meta property=\"article:modified_time\" content=\"2023-03-24T19:00:41+00:00\" \/>\n<meta property=\"og:image\" content=\"https:\/\/www.manaus.am.gov.br\/semcom\/wp-content\/uploads\/sites\/5\/2023\/02\/sugestaodepauta.png\" \/>\n\t<meta property=\"og:image:width\" content=\"1020\" \/>\n\t<meta property=\"og:image:height\" content=\"540\" \/>\n\t<meta property=\"og:image:type\" content=\"image\/png\" \/>\n<meta name=\"twitter:card\" content=\"summary_large_image\" \/>\n<meta name=\"twitter:label1\" content=\"Est. reading time\" \/>\n\t<meta name=\"twitter:data1\" content=\"1 minuto\" \/>\n<script type=\"application\/ld+json\" class=\"yoast-schema-graph\">{\"@context\":\"https:\/\/schema.org\",\"@graph\":[{\"@type\":\"WebPage\",\"@id\":\"https:\/\/www.manaus.am.gov.br\/semcom\/pautas\/prefeito-participa-de-reuniao-da-suframa-com-pauta-de-r-15-bilhao-em-novos-investimentos-na-zfm\/\",\"url\":\"https:\/\/www.manaus.am.gov.br\/semcom\/pautas\/prefeito-participa-de-reuniao-da-suframa-com-pauta-de-r-15-bilhao-em-novos-investimentos-na-zfm\/\",\"name\":\"Prefeito participa de reuni\u00e3o da Suframa com pauta de R$ 1,5 bilh\u00e3o em novos investimentos na ZFM\",\"isPartOf\":{\"@id\":\"https:\/\/www.manaus.am.gov.br\/semcom\/#website\"},\"primaryImageOfPage\":{\"@id\":\"https:\/\/www.manaus.am.gov.br\/semcom\/pautas\/prefeito-participa-de-reuniao-da-suframa-com-pauta-de-r-15-bilhao-em-novos-investimentos-na-zfm\/#primaryimage\"},\"image\":{\"@id\":\"https:\/\/www.manaus.am.gov.br\/semcom\/pautas\/prefeito-participa-de-reuniao-da-suframa-com-pauta-de-r-15-bilhao-em-novos-investimentos-na-zfm\/#primaryimage\"},\"thumbnailUrl\":\"https:\/\/www.manaus.am.gov.br\/semcom\/wp-content\/uploads\/sites\/5\/2023\/02\/sugestaodepauta.png\",\"datePublished\":\"2023-03-24T15:20:00+00:00\",\"dateModified\":\"2023-03-24T19:00:41+00:00\",\"description\":\"O prefeito de Manaus, David Almeida, estar\u00e1 presente na reuni\u00e3o do Conselho de Administra\u00e7\u00e3o da Suframa (CAS), nesta sexta-feira, 24\/3, \u00e0s 15h, no Centro de Conven\u00e7\u00f5es do Amazonas Vasco Vasquez, na zona Centro-Oeste. Ser\u00e1 a 308\u00aa reuni\u00e3o ordin\u00e1ria na hist\u00f3ria da autarquia, marcada por simbolismos: a primeira em 2023, a primeira do novo comando federal e, depois de muitos anos, volta a ser presidida pelo Minist\u00e9rio do Desenvolvimento, Ind\u00fastria, Com\u00e9rcio e Servi\u00e7os (Mdic), recriado pelo governo do presidente Luiz In\u00e1cio Lula da Silva.\",\"inLanguage\":\"pt-BR\",\"potentialAction\":[{\"@type\":\"ReadAction\",\"target\":[\"https:\/\/www.manaus.am.gov.br\/semcom\/pautas\/prefeito-participa-de-reuniao-da-suframa-com-pauta-de-r-15-bilhao-em-novos-investimentos-na-zfm\/\"]}]},{\"@type\":\"ImageObject\",\"inLanguage\":\"pt-BR\",\"@id\":\"https:\/\/www.manaus.am.gov.br\/semcom\/pautas\/prefeito-participa-de-reuniao-da-suframa-com-pauta-de-r-15-bilhao-em-novos-investimentos-na-zfm\/#primaryimage\",\"url\":\"https:\/\/www.manaus.am.gov.br\/semcom\/wp-content\/uploads\/sites\/5\/2023\/02\/sugestaodepauta.png\",\"contentUrl\":\"https:\/\/www.manaus.am.gov.br\/semcom\/wp-content\/uploads\/sites\/5\/2023\/02\/sugestaodepauta.png\",\"width\":1020,\"height\":540},{\"@type\":\"WebSite\",\"@id\":\"https:\/\/www.manaus.am.gov.br\/semcom\/#website\",\"url\":\"https:\/\/www.manaus.am.gov.br\/semcom\/\",\"name\":\"SEMCOM\",\"description\":\"Secretaria Municipal de Comunica\u00e7\u00e3o\",\"potentialAction\":[{\"@type\":\"SearchAction\",\"target\":{\"@type\":\"EntryPoint\",\"urlTemplate\":\"https:\/\/www.manaus.am.gov.br\/semcom\/?s={search_term_string}\"},\"query-input\":\"required name=search_term_string\"}],\"inLanguage\":\"pt-BR\"}]}<\/script>\n<!-- \/ Yoast SEO plugin. -->","yoast_head_json":{"title":"Prefeito participa de reuni\u00e3o da Suframa com pauta de R$ 1,5 bilh\u00e3o em novos investimentos na ZFM","description":"O prefeito de Manaus, David Almeida, estar\u00e1 presente na reuni\u00e3o do Conselho de Administra\u00e7\u00e3o da Suframa (CAS), nesta sexta-feira, 24\/3, \u00e0s 15h, no Centro de Conven\u00e7\u00f5es do Amazonas Vasco Vasquez, na zona Centro-Oeste. Ser\u00e1 a 308\u00aa reuni\u00e3o ordin\u00e1ria na hist\u00f3ria da autarquia, marcada por simbolismos: a primeira em 2023, a primeira do novo comando federal e, depois de muitos anos, volta a ser presidida pelo Minist\u00e9rio do Desenvolvimento, Ind\u00fastria, Com\u00e9rcio e Servi\u00e7os (Mdic), recriado pelo governo do presidente Luiz In\u00e1cio Lula da Silva.","robots":{"index":"index","follow":"follow","max-snippet":"max-snippet:-1","max-image-preview":"max-image-preview:large","max-video-preview":"max-video-preview:-1"},"canonical":"https:\/\/www.manaus.am.gov.br\/semcom\/pautas\/prefeito-participa-de-reuniao-da-suframa-com-pauta-de-r-15-bilhao-em-novos-investimentos-na-zfm\/","og_locale":"pt_BR","og_type":"article","og_title":"Prefeito participa de reuni\u00e3o da Suframa com pauta de R$ 1,5 bilh\u00e3o em novos investimentos na ZFM","og_description":"O prefeito de Manaus, David Almeida, estar\u00e1 presente na reuni\u00e3o do Conselho de Administra\u00e7\u00e3o da Suframa (CAS), nesta sexta-feira, 24\/3, \u00e0s 15h, no Centro de Conven\u00e7\u00f5es do Amazonas Vasco Vasquez, na zona Centro-Oeste. Ser\u00e1 a 308\u00aa reuni\u00e3o ordin\u00e1ria na hist\u00f3ria da autarquia, marcada por simbolismos: a primeira em 2023, a primeira do novo comando federal e, depois de muitos anos, volta a ser presidida pelo Minist\u00e9rio do Desenvolvimento, Ind\u00fastria, Com\u00e9rcio e Servi\u00e7os (Mdic), recriado pelo governo do presidente Luiz In\u00e1cio Lula da Silva.","og_url":"https:\/\/www.manaus.am.gov.br\/semcom\/pautas\/prefeito-participa-de-reuniao-da-suframa-com-pauta-de-r-15-bilhao-em-novos-investimentos-na-zfm\/","og_site_name":"SEMCOM","article_modified_time":"2023-03-24T19:00:41+00:00","og_image":[{"width":1020,"height":540,"url":"https:\/\/www.manaus.am.gov.br\/semcom\/wp-content\/uploads\/sites\/5\/2023\/02\/sugestaodepauta.png","type":"image\/png"}],"twitter_card":"summary_large_image","twitter_misc":{"Est. reading time":"1 minuto"},"schema":{"@context":"https:\/\/schema.org","@graph":[{"@type":"WebPage","@id":"https:\/\/www.manaus.am.gov.br\/semcom\/pautas\/prefeito-participa-de-reuniao-da-suframa-com-pauta-de-r-15-bilhao-em-novos-investimentos-na-zfm\/","url":"https:\/\/www.manaus.am.gov.br\/semcom\/pautas\/prefeito-participa-de-reuniao-da-suframa-com-pauta-de-r-15-bilhao-em-novos-investimentos-na-zfm\/","name":"Prefeito participa de reuni\u00e3o da Suframa com pauta de R$ 1,5 bilh\u00e3o em novos investimentos na ZFM","isPartOf":{"@id":"https:\/\/www.manaus.am.gov.br\/semcom\/#website"},"primaryImageOfPage":{"@id":"https:\/\/www.manaus.am.gov.br\/semcom\/pautas\/prefeito-participa-de-reuniao-da-suframa-com-pauta-de-r-15-bilhao-em-novos-investimentos-na-zfm\/#primaryimage"},"image":{"@id":"https:\/\/www.manaus.am.gov.br\/semcom\/pautas\/prefeito-participa-de-reuniao-da-suframa-com-pauta-de-r-15-bilhao-em-novos-investimentos-na-zfm\/#primaryimage"},"thumbnailUrl":"https:\/\/www.manaus.am.gov.br\/semcom\/wp-content\/uploads\/sites\/5\/2023\/02\/sugestaodepauta.png","datePublished":"2023-03-24T15:20:00+00:00","dateModified":"2023-03-24T19:00:41+00:00","description":"O prefeito de Manaus, David Almeida, estar\u00e1 presente na reuni\u00e3o do Conselho de Administra\u00e7\u00e3o da Suframa (CAS), nesta sexta-feira, 24\/3, \u00e0s 15h, no Centro de Conven\u00e7\u00f5es do Amazonas Vasco Vasquez, na zona Centro-Oeste. Ser\u00e1 a 308\u00aa reuni\u00e3o ordin\u00e1ria na hist\u00f3ria da autarquia, marcada por simbolismos: a primeira em 2023, a primeira do novo comando federal e, depois de muitos anos, volta a ser presidida pelo Minist\u00e9rio do Desenvolvimento, Ind\u00fastria, Com\u00e9rcio e Servi\u00e7os (Mdic), recriado pelo governo do presidente Luiz In\u00e1cio Lula da Silva.","inLanguage":"pt-BR","potentialAction":[{"@type":"ReadAction","target":["https:\/\/www.manaus.am.gov.br\/semcom\/pautas\/prefeito-participa-de-reuniao-da-suframa-com-pauta-de-r-15-bilhao-em-novos-investimentos-na-zfm\/"]}]},{"@type":"ImageObject","inLanguage":"pt-BR","@id":"https:\/\/www.manaus.am.gov.br\/semcom\/pautas\/prefeito-participa-de-reuniao-da-suframa-com-pauta-de-r-15-bilhao-em-novos-investimentos-na-zfm\/#primaryimage","url":"https:\/\/www.manaus.am.gov.br\/semcom\/wp-content\/uploads\/sites\/5\/2023\/02\/sugestaodepauta.png","contentUrl":"https:\/\/www.manaus.am.gov.br\/semcom\/wp-content\/uploads\/sites\/5\/2023\/02\/sugestaodepauta.png","width":1020,"height":540},{"@type":"WebSite","@id":"https:\/\/www.manaus.am.gov.br\/semcom\/#website","url":"https:\/\/www.manaus.am.gov.br\/semcom\/","name":"SEMCOM","description":"Secretaria Municipal de Comunica\u00e7\u00e3o","potentialAction":[{"@type":"SearchAction","target":{"@type":"EntryPoint","urlTemplate":"https:\/\/www.manaus.am.gov.br\/semcom\/?s={search_term_string}"},"query-input":"required name=search_term_string"}],"inLanguage":"pt-BR"}]}},"_links":{"self":[{"href":"https:\/\/www.manaus.am.gov.br\/semcom\/wp-json\/wp\/v2\/pautas\/211079"}],"collection":[{"href":"https:\/\/www.manaus.am.gov.br\/semcom\/wp-json\/wp\/v2\/pautas"}],"about":[{"href":"https:\/\/www.manaus.am.gov.br\/semcom\/wp-json\/wp\/v2\/types\/pautas"}],"wp:featuredmedia":[{"embeddable":true,"href":"https:\/\/www.manaus.am.gov.br\/semcom\/wp-json\/wp\/v2\/media\/208729"}],"wp:attachment":[{"href":"https:\/\/www.manaus.am.gov.br\/semcom\/wp-json\/wp\/v2\/media?parent=211079"}],"wp:term":[{"taxonomy":"category","embeddable":true,"href":"https:\/\/www.manaus.am.gov.br\/semcom\/wp-json\/wp\/v2\/categories?post=211079"}],"curies":[{"name":"wp","href":"https:\/\/api.w.org\/{rel}","templated":true}]}}