{"id":211070,"date":"2023-03-24T15:17:32","date_gmt":"2023-03-24T18:17:32","guid":{"rendered":"https:\/\/www.manaus.am.gov.br\/semcom\/?post_type=pautas&#038;p=211070"},"modified":"2023-03-24T15:17:33","modified_gmt":"2023-03-24T18:17:33","slug":"prefeitura-de-manaus-inicia-manaus-mais-cidada-em-novo-formato-neste-sabado","status":"publish","type":"pautas","link":"https:\/\/www.manaus.am.gov.br\/semcom\/pautas\/prefeitura-de-manaus-inicia-manaus-mais-cidada-em-novo-formato-neste-sabado\/","title":{"rendered":"Prefeitura de Manaus inicia \u2018Manaus Mais Cidad\u00e3\u2019 em novo formato, neste s\u00e1bado\ufffc"},"content":{"rendered":"\n<p>A Prefeitura de Manaus, por meio da Secretaria Municipal da Mulher, Assist\u00eancia Social e Cidadania (Semasc), promove, neste s\u00e1bado, 25\/3, a partir das 8h, a primeira edi\u00e7\u00e3o do mutir\u00e3o de cidadania \u201cManaus Mais Cidad\u00e3\u201d do ano, na escola municipal Frei M\u00e1rio Monacelli de Grello, no bairro Col\u00f4nia Ant\u00f4nio Aleixo, zona Leste da cidade.&nbsp; &nbsp;<\/p>\n\n\n\n<p>Esta tamb\u00e9m \u00e9 a primeira edi\u00e7\u00e3o da a\u00e7\u00e3o em novo formato, que busca garantir \u00e0 popula\u00e7\u00e3o acesso aos servi\u00e7os p\u00fablicos disponibilizados pela Prefeitura de Manaus, contando com a participa\u00e7\u00e3o de mais 30 secretarias municipais, estaduais e outras entidades parceiras do poder p\u00fablico.<\/p>\n\n\n\n<p>Ao longo do dia, ser\u00e3o disponibilizados servi\u00e7os de diversas \u00e1reas para o p\u00fablico presente, como inser\u00e7\u00e3o e atualiza\u00e7\u00e3o do Cadastro \u00danico, emiss\u00e3o de documenta\u00e7\u00e3o b\u00e1sica, atendimento psicossocial, servi\u00e7os relacionados \u00e0 sa\u00fade, assessoria jur\u00eddica, cadastro para vagas de emprego, al\u00e9m de servi\u00e7os de embelezamento, apresenta\u00e7\u00f5es musicais e muito mais.<\/p>\n\n\n\n<p><strong>SERVI\u00c7O:<\/strong><\/p>\n\n\n\n<p><strong>O qu\u00ea<\/strong>&nbsp;\u2013 A\u00e7\u00e3o de cidadania \u201cManaus Mais Cidad\u00e3\u201d<\/p>\n\n\n\n<p><strong>Quando<\/strong>&nbsp;\u2013 S\u00e1bado, 25\/3<\/p>\n\n\n\n<p><strong>Hor\u00e1rio<\/strong>&nbsp;&#8211; 8h \u00e0s 16h<\/p>\n\n\n\n<p><strong>Local&nbsp;<\/strong>\u2013 Escola municipal Frei M\u00e1rio Monacelli de Grello, rua Nin\u00f3polis, n\u00ba 919 \u2013 Col\u00f4nia Ant\u00f4nio Aleixo, zona Leste.&nbsp;<\/p>\n","protected":false},"featured_media":208729,"template":"","categories":[802],"acf":[],"yoast_head":"<!-- This site is optimized with the Yoast SEO plugin v23.0 - https:\/\/yoast.com\/wordpress\/plugins\/seo\/ -->\n<title>Prefeitura de Manaus inicia \u2018Manaus Mais Cidad\u00e3\u2019 em novo formato, neste s\u00e1bado<\/title>\n<meta name=\"description\" content=\"A Prefeitura de Manaus, por meio da Secretaria Municipal da Mulher, Assist\u00eancia Social e Cidadania (Semasc), promove, neste s\u00e1bado, 25\/3, a partir das 8h, a primeira edi\u00e7\u00e3o do mutir\u00e3o de cidadania \u201cManaus Mais Cidad\u00e3\u201d do ano, na escola municipal Frei M\u00e1rio Monacelli de Grello, no bairro Col\u00f4nia Ant\u00f4nio Aleixo, zona Leste da cidade.\" \/>\n<meta name=\"robots\" content=\"index, follow, max-snippet:-1, max-image-preview:large, max-video-preview:-1\" \/>\n<link rel=\"canonical\" href=\"https:\/\/www.manaus.am.gov.br\/semcom\/pautas\/prefeitura-de-manaus-inicia-manaus-mais-cidada-em-novo-formato-neste-sabado\/\" \/>\n<meta property=\"og:locale\" content=\"pt_BR\" \/>\n<meta property=\"og:type\" content=\"article\" \/>\n<meta property=\"og:title\" content=\"Prefeitura de Manaus inicia \u2018Manaus Mais Cidad\u00e3\u2019 em novo formato, neste s\u00e1bado\" \/>\n<meta property=\"og:description\" content=\"A Prefeitura de Manaus, por meio da Secretaria Municipal da Mulher, Assist\u00eancia Social e Cidadania (Semasc), promove, neste s\u00e1bado, 25\/3, a partir das 8h, a primeira edi\u00e7\u00e3o do mutir\u00e3o de cidadania \u201cManaus Mais Cidad\u00e3\u201d do ano, na escola municipal Frei M\u00e1rio Monacelli de Grello, no bairro Col\u00f4nia Ant\u00f4nio Aleixo, zona Leste da cidade.\" \/>\n<meta property=\"og:url\" content=\"https:\/\/www.manaus.am.gov.br\/semcom\/pautas\/prefeitura-de-manaus-inicia-manaus-mais-cidada-em-novo-formato-neste-sabado\/\" \/>\n<meta property=\"og:site_name\" content=\"SEMCOM\" \/>\n<meta property=\"article:modified_time\" content=\"2023-03-24T18:17:33+00:00\" \/>\n<meta property=\"og:image\" content=\"https:\/\/www.manaus.am.gov.br\/semcom\/wp-content\/uploads\/sites\/5\/2023\/02\/sugestaodepauta.png\" \/>\n\t<meta property=\"og:image:width\" content=\"1020\" \/>\n\t<meta property=\"og:image:height\" content=\"540\" \/>\n\t<meta property=\"og:image:type\" content=\"image\/png\" \/>\n<meta name=\"twitter:card\" content=\"summary_large_image\" \/>\n<meta name=\"twitter:label1\" content=\"Est. reading time\" \/>\n\t<meta name=\"twitter:data1\" content=\"1 minuto\" \/>\n<script type=\"application\/ld+json\" class=\"yoast-schema-graph\">{\"@context\":\"https:\/\/schema.org\",\"@graph\":[{\"@type\":\"WebPage\",\"@id\":\"https:\/\/www.manaus.am.gov.br\/semcom\/pautas\/prefeitura-de-manaus-inicia-manaus-mais-cidada-em-novo-formato-neste-sabado\/\",\"url\":\"https:\/\/www.manaus.am.gov.br\/semcom\/pautas\/prefeitura-de-manaus-inicia-manaus-mais-cidada-em-novo-formato-neste-sabado\/\",\"name\":\"Prefeitura de Manaus inicia \u2018Manaus Mais Cidad\u00e3\u2019 em novo formato, neste s\u00e1bado\",\"isPartOf\":{\"@id\":\"https:\/\/www.manaus.am.gov.br\/semcom\/#website\"},\"primaryImageOfPage\":{\"@id\":\"https:\/\/www.manaus.am.gov.br\/semcom\/pautas\/prefeitura-de-manaus-inicia-manaus-mais-cidada-em-novo-formato-neste-sabado\/#primaryimage\"},\"image\":{\"@id\":\"https:\/\/www.manaus.am.gov.br\/semcom\/pautas\/prefeitura-de-manaus-inicia-manaus-mais-cidada-em-novo-formato-neste-sabado\/#primaryimage\"},\"thumbnailUrl\":\"https:\/\/www.manaus.am.gov.br\/semcom\/wp-content\/uploads\/sites\/5\/2023\/02\/sugestaodepauta.png\",\"datePublished\":\"2023-03-24T18:17:32+00:00\",\"dateModified\":\"2023-03-24T18:17:33+00:00\",\"description\":\"A Prefeitura de Manaus, por meio da Secretaria Municipal da Mulher, Assist\u00eancia Social e Cidadania (Semasc), promove, neste s\u00e1bado, 25\/3, a partir das 8h, a primeira edi\u00e7\u00e3o do mutir\u00e3o de cidadania \u201cManaus Mais Cidad\u00e3\u201d do ano, na escola municipal Frei M\u00e1rio Monacelli de Grello, no bairro Col\u00f4nia Ant\u00f4nio Aleixo, zona Leste da cidade.\",\"inLanguage\":\"pt-BR\",\"potentialAction\":[{\"@type\":\"ReadAction\",\"target\":[\"https:\/\/www.manaus.am.gov.br\/semcom\/pautas\/prefeitura-de-manaus-inicia-manaus-mais-cidada-em-novo-formato-neste-sabado\/\"]}]},{\"@type\":\"ImageObject\",\"inLanguage\":\"pt-BR\",\"@id\":\"https:\/\/www.manaus.am.gov.br\/semcom\/pautas\/prefeitura-de-manaus-inicia-manaus-mais-cidada-em-novo-formato-neste-sabado\/#primaryimage\",\"url\":\"https:\/\/www.manaus.am.gov.br\/semcom\/wp-content\/uploads\/sites\/5\/2023\/02\/sugestaodepauta.png\",\"contentUrl\":\"https:\/\/www.manaus.am.gov.br\/semcom\/wp-content\/uploads\/sites\/5\/2023\/02\/sugestaodepauta.png\",\"width\":1020,\"height\":540},{\"@type\":\"WebSite\",\"@id\":\"https:\/\/www.manaus.am.gov.br\/semcom\/#website\",\"url\":\"https:\/\/www.manaus.am.gov.br\/semcom\/\",\"name\":\"SEMCOM\",\"description\":\"Secretaria Municipal de Comunica\u00e7\u00e3o\",\"potentialAction\":[{\"@type\":\"SearchAction\",\"target\":{\"@type\":\"EntryPoint\",\"urlTemplate\":\"https:\/\/www.manaus.am.gov.br\/semcom\/?s={search_term_string}\"},\"query-input\":\"required name=search_term_string\"}],\"inLanguage\":\"pt-BR\"}]}<\/script>\n<!-- \/ Yoast SEO plugin. -->","yoast_head_json":{"title":"Prefeitura de Manaus inicia \u2018Manaus Mais Cidad\u00e3\u2019 em novo formato, neste s\u00e1bado","description":"A Prefeitura de Manaus, por meio da Secretaria Municipal da Mulher, Assist\u00eancia Social e Cidadania (Semasc), promove, neste s\u00e1bado, 25\/3, a partir das 8h, a primeira edi\u00e7\u00e3o do mutir\u00e3o de cidadania \u201cManaus Mais Cidad\u00e3\u201d do ano, na escola municipal Frei M\u00e1rio Monacelli de Grello, no bairro Col\u00f4nia Ant\u00f4nio Aleixo, zona Leste da cidade.","robots":{"index":"index","follow":"follow","max-snippet":"max-snippet:-1","max-image-preview":"max-image-preview:large","max-video-preview":"max-video-preview:-1"},"canonical":"https:\/\/www.manaus.am.gov.br\/semcom\/pautas\/prefeitura-de-manaus-inicia-manaus-mais-cidada-em-novo-formato-neste-sabado\/","og_locale":"pt_BR","og_type":"article","og_title":"Prefeitura de Manaus inicia \u2018Manaus Mais Cidad\u00e3\u2019 em novo formato, neste s\u00e1bado","og_description":"A Prefeitura de Manaus, por meio da Secretaria Municipal da Mulher, Assist\u00eancia Social e Cidadania (Semasc), promove, neste s\u00e1bado, 25\/3, a partir das 8h, a primeira edi\u00e7\u00e3o do mutir\u00e3o de cidadania \u201cManaus Mais Cidad\u00e3\u201d do ano, na escola municipal Frei M\u00e1rio Monacelli de Grello, no bairro Col\u00f4nia Ant\u00f4nio Aleixo, zona Leste da cidade.","og_url":"https:\/\/www.manaus.am.gov.br\/semcom\/pautas\/prefeitura-de-manaus-inicia-manaus-mais-cidada-em-novo-formato-neste-sabado\/","og_site_name":"SEMCOM","article_modified_time":"2023-03-24T18:17:33+00:00","og_image":[{"width":1020,"height":540,"url":"https:\/\/www.manaus.am.gov.br\/semcom\/wp-content\/uploads\/sites\/5\/2023\/02\/sugestaodepauta.png","type":"image\/png"}],"twitter_card":"summary_large_image","twitter_misc":{"Est. reading time":"1 minuto"},"schema":{"@context":"https:\/\/schema.org","@graph":[{"@type":"WebPage","@id":"https:\/\/www.manaus.am.gov.br\/semcom\/pautas\/prefeitura-de-manaus-inicia-manaus-mais-cidada-em-novo-formato-neste-sabado\/","url":"https:\/\/www.manaus.am.gov.br\/semcom\/pautas\/prefeitura-de-manaus-inicia-manaus-mais-cidada-em-novo-formato-neste-sabado\/","name":"Prefeitura de Manaus inicia \u2018Manaus Mais Cidad\u00e3\u2019 em novo formato, neste s\u00e1bado","isPartOf":{"@id":"https:\/\/www.manaus.am.gov.br\/semcom\/#website"},"primaryImageOfPage":{"@id":"https:\/\/www.manaus.am.gov.br\/semcom\/pautas\/prefeitura-de-manaus-inicia-manaus-mais-cidada-em-novo-formato-neste-sabado\/#primaryimage"},"image":{"@id":"https:\/\/www.manaus.am.gov.br\/semcom\/pautas\/prefeitura-de-manaus-inicia-manaus-mais-cidada-em-novo-formato-neste-sabado\/#primaryimage"},"thumbnailUrl":"https:\/\/www.manaus.am.gov.br\/semcom\/wp-content\/uploads\/sites\/5\/2023\/02\/sugestaodepauta.png","datePublished":"2023-03-24T18:17:32+00:00","dateModified":"2023-03-24T18:17:33+00:00","description":"A Prefeitura de Manaus, por meio da Secretaria Municipal da Mulher, Assist\u00eancia Social e Cidadania (Semasc), promove, neste s\u00e1bado, 25\/3, a partir das 8h, a primeira edi\u00e7\u00e3o do mutir\u00e3o de cidadania \u201cManaus Mais Cidad\u00e3\u201d do ano, na escola municipal Frei M\u00e1rio Monacelli de Grello, no bairro Col\u00f4nia Ant\u00f4nio Aleixo, zona Leste da cidade.","inLanguage":"pt-BR","potentialAction":[{"@type":"ReadAction","target":["https:\/\/www.manaus.am.gov.br\/semcom\/pautas\/prefeitura-de-manaus-inicia-manaus-mais-cidada-em-novo-formato-neste-sabado\/"]}]},{"@type":"ImageObject","inLanguage":"pt-BR","@id":"https:\/\/www.manaus.am.gov.br\/semcom\/pautas\/prefeitura-de-manaus-inicia-manaus-mais-cidada-em-novo-formato-neste-sabado\/#primaryimage","url":"https:\/\/www.manaus.am.gov.br\/semcom\/wp-content\/uploads\/sites\/5\/2023\/02\/sugestaodepauta.png","contentUrl":"https:\/\/www.manaus.am.gov.br\/semcom\/wp-content\/uploads\/sites\/5\/2023\/02\/sugestaodepauta.png","width":1020,"height":540},{"@type":"WebSite","@id":"https:\/\/www.manaus.am.gov.br\/semcom\/#website","url":"https:\/\/www.manaus.am.gov.br\/semcom\/","name":"SEMCOM","description":"Secretaria Municipal de Comunica\u00e7\u00e3o","potentialAction":[{"@type":"SearchAction","target":{"@type":"EntryPoint","urlTemplate":"https:\/\/www.manaus.am.gov.br\/semcom\/?s={search_term_string}"},"query-input":"required name=search_term_string"}],"inLanguage":"pt-BR"}]}},"_links":{"self":[{"href":"https:\/\/www.manaus.am.gov.br\/semcom\/wp-json\/wp\/v2\/pautas\/211070"}],"collection":[{"href":"https:\/\/www.manaus.am.gov.br\/semcom\/wp-json\/wp\/v2\/pautas"}],"about":[{"href":"https:\/\/www.manaus.am.gov.br\/semcom\/wp-json\/wp\/v2\/types\/pautas"}],"wp:featuredmedia":[{"embeddable":true,"href":"https:\/\/www.manaus.am.gov.br\/semcom\/wp-json\/wp\/v2\/media\/208729"}],"wp:attachment":[{"href":"https:\/\/www.manaus.am.gov.br\/semcom\/wp-json\/wp\/v2\/media?parent=211070"}],"wp:term":[{"taxonomy":"category","embeddable":true,"href":"https:\/\/www.manaus.am.gov.br\/semcom\/wp-json\/wp\/v2\/categories?post=211070"}],"curies":[{"name":"wp","href":"https:\/\/api.w.org\/{rel}","templated":true}]}}