{"id":210673,"date":"2023-03-16T17:43:32","date_gmt":"2023-03-16T20:43:32","guid":{"rendered":"https:\/\/www.manaus.am.gov.br\/semcom\/?post_type=pautas&#038;p=210673"},"modified":"2023-03-16T17:44:00","modified_gmt":"2023-03-16T20:44:00","slug":"prefeitura-entrega-cheques-simbolicos-aos-contemplados-do-primeiro-sorteio-de-2023-da-campanha-nota-premiada","status":"publish","type":"pautas","link":"https:\/\/www.manaus.am.gov.br\/semcom\/pautas\/prefeitura-entrega-cheques-simbolicos-aos-contemplados-do-primeiro-sorteio-de-2023-da-campanha-nota-premiada\/","title":{"rendered":"<strong>Prefeitura entrega cheques simb\u00f3licos aos contemplados do primeiro sorteio de 2023 da campanha Nota Premiada<\/strong>"},"content":{"rendered":"\n<p>A Prefeitura de Manaus, por meio da Secretaria Municipal de Finan\u00e7as e Tecnologia da Informa\u00e7\u00e3o (Semef), entrega nesta sexta, 17\/3, os cheques simb\u00f3licos aos felizardos do sorteio n\u00ba 2023-01 da campanha Nota Premiada Manaus. Este \u00e9 o primeiro sorteio realizado este ano.<\/p>\n\n\n\n<p>Essa extra\u00e7\u00e3o contemplou 27 felizardos cadastrados na campanha. A premia\u00e7\u00e3o principal, que agora \u00e9 no valor de R$ 30 mil, ser\u00e1 paga \u00e0 Tacyane Cristina Pinto. A felizarda indicou a Associa\u00e7\u00e3o Educacional e Beneficente P\u00e3o e Vida Nacer para receber o pr\u00eamio social, que tamb\u00e9m aumentou para R$ 15 mil, o que equivale a 50% do pr\u00eamio principal.<\/p>\n\n\n\n<p>A rela\u00e7\u00e3o completa com os contemplados desse sorteio est\u00e1 dispon\u00edvel na p\u00e1gina&nbsp;<a href=\"http:\/\/notapremiada.manaus.am.gov.br\/\" target=\"_blank\" rel=\"noreferrer noopener\">http:\/\/notapremiada.manaus.am.gov.br<\/a>.<\/p>\n\n\n\n<p>A cerim\u00f4nia de entrega das premia\u00e7\u00f5es acorrer\u00e1 na sala de reuni\u00e3o do gabinete da Subsecretaria da Receita da Semef, localizada na avenida Japur\u00e1, n\u00ba 488, bairro Centro. A sala \u00e9 no pr\u00e9dio da subsecret\u00e1ria, no 3\u00ba andar, sala 305.<\/p>\n\n\n\n<p><\/p>\n\n\n\n<p><strong>SERVI\u00c7O<\/strong><\/p>\n\n\n\n<p><strong>O qu\u00ea<\/strong> \u2013 Entrega dos cheques simb\u00f3licos da campanha Nota Premiada Manaus<\/p>\n\n\n\n<p><strong>Quando <\/strong>\u2013 Sexta-feira, 17\/3<\/p>\n\n\n\n<p><strong>Hor\u00e1rio \u2013 <\/strong>9h<\/p>\n\n\n\n<p><strong>Local<\/strong> \u2013 Sala de Reuni\u00e3o da Subsecretaria da Receita da Semef, localizada na avenida Japur\u00e1, n\u00ba 488, bairro Centro, zona Sul<\/p>\n","protected":false},"featured_media":208729,"template":"","categories":[804],"acf":[],"yoast_head":"<!-- This site is optimized with the Yoast SEO plugin v23.0 - https:\/\/yoast.com\/wordpress\/plugins\/seo\/ -->\n<title>Prefeitura entrega cheques simb\u00f3licos aos contemplados do primeiro sorteio de 2023 da campanha Nota Premiada<\/title>\n<meta name=\"robots\" content=\"index, follow, max-snippet:-1, max-image-preview:large, max-video-preview:-1\" \/>\n<link rel=\"canonical\" href=\"https:\/\/www.manaus.am.gov.br\/semcom\/pautas\/prefeitura-entrega-cheques-simbolicos-aos-contemplados-do-primeiro-sorteio-de-2023-da-campanha-nota-premiada\/\" \/>\n<meta property=\"og:locale\" content=\"pt_BR\" \/>\n<meta property=\"og:type\" content=\"article\" \/>\n<meta property=\"og:title\" content=\"Prefeitura entrega cheques simb\u00f3licos aos contemplados do primeiro sorteio de 2023 da campanha Nota Premiada\" \/>\n<meta property=\"og:url\" content=\"https:\/\/www.manaus.am.gov.br\/semcom\/pautas\/prefeitura-entrega-cheques-simbolicos-aos-contemplados-do-primeiro-sorteio-de-2023-da-campanha-nota-premiada\/\" \/>\n<meta property=\"og:site_name\" content=\"SEMCOM\" \/>\n<meta property=\"article:modified_time\" content=\"2023-03-16T20:44:00+00:00\" \/>\n<meta property=\"og:image\" content=\"https:\/\/www.manaus.am.gov.br\/semcom\/wp-content\/uploads\/sites\/5\/2023\/02\/sugestaodepauta.png\" \/>\n\t<meta property=\"og:image:width\" content=\"1020\" \/>\n\t<meta property=\"og:image:height\" content=\"540\" \/>\n\t<meta property=\"og:image:type\" content=\"image\/png\" \/>\n<meta name=\"twitter:card\" content=\"summary_large_image\" \/>\n<meta name=\"twitter:label1\" content=\"Est. reading time\" \/>\n\t<meta name=\"twitter:data1\" content=\"2 minutos\" \/>\n<script type=\"application\/ld+json\" class=\"yoast-schema-graph\">{\"@context\":\"https:\/\/schema.org\",\"@graph\":[{\"@type\":\"WebPage\",\"@id\":\"https:\/\/www.manaus.am.gov.br\/semcom\/pautas\/prefeitura-entrega-cheques-simbolicos-aos-contemplados-do-primeiro-sorteio-de-2023-da-campanha-nota-premiada\/\",\"url\":\"https:\/\/www.manaus.am.gov.br\/semcom\/pautas\/prefeitura-entrega-cheques-simbolicos-aos-contemplados-do-primeiro-sorteio-de-2023-da-campanha-nota-premiada\/\",\"name\":\"Prefeitura entrega cheques simb\u00f3licos aos contemplados do primeiro sorteio de 2023 da campanha Nota Premiada\",\"isPartOf\":{\"@id\":\"https:\/\/www.manaus.am.gov.br\/semcom\/#website\"},\"primaryImageOfPage\":{\"@id\":\"https:\/\/www.manaus.am.gov.br\/semcom\/pautas\/prefeitura-entrega-cheques-simbolicos-aos-contemplados-do-primeiro-sorteio-de-2023-da-campanha-nota-premiada\/#primaryimage\"},\"image\":{\"@id\":\"https:\/\/www.manaus.am.gov.br\/semcom\/pautas\/prefeitura-entrega-cheques-simbolicos-aos-contemplados-do-primeiro-sorteio-de-2023-da-campanha-nota-premiada\/#primaryimage\"},\"thumbnailUrl\":\"https:\/\/www.manaus.am.gov.br\/semcom\/wp-content\/uploads\/sites\/5\/2023\/02\/sugestaodepauta.png\",\"datePublished\":\"2023-03-16T20:43:32+00:00\",\"dateModified\":\"2023-03-16T20:44:00+00:00\",\"inLanguage\":\"pt-BR\",\"potentialAction\":[{\"@type\":\"ReadAction\",\"target\":[\"https:\/\/www.manaus.am.gov.br\/semcom\/pautas\/prefeitura-entrega-cheques-simbolicos-aos-contemplados-do-primeiro-sorteio-de-2023-da-campanha-nota-premiada\/\"]}]},{\"@type\":\"ImageObject\",\"inLanguage\":\"pt-BR\",\"@id\":\"https:\/\/www.manaus.am.gov.br\/semcom\/pautas\/prefeitura-entrega-cheques-simbolicos-aos-contemplados-do-primeiro-sorteio-de-2023-da-campanha-nota-premiada\/#primaryimage\",\"url\":\"https:\/\/www.manaus.am.gov.br\/semcom\/wp-content\/uploads\/sites\/5\/2023\/02\/sugestaodepauta.png\",\"contentUrl\":\"https:\/\/www.manaus.am.gov.br\/semcom\/wp-content\/uploads\/sites\/5\/2023\/02\/sugestaodepauta.png\",\"width\":1020,\"height\":540},{\"@type\":\"WebSite\",\"@id\":\"https:\/\/www.manaus.am.gov.br\/semcom\/#website\",\"url\":\"https:\/\/www.manaus.am.gov.br\/semcom\/\",\"name\":\"SEMCOM\",\"description\":\"Secretaria Municipal de Comunica\u00e7\u00e3o\",\"potentialAction\":[{\"@type\":\"SearchAction\",\"target\":{\"@type\":\"EntryPoint\",\"urlTemplate\":\"https:\/\/www.manaus.am.gov.br\/semcom\/?s={search_term_string}\"},\"query-input\":\"required name=search_term_string\"}],\"inLanguage\":\"pt-BR\"}]}<\/script>\n<!-- \/ Yoast SEO plugin. -->","yoast_head_json":{"title":"Prefeitura entrega cheques simb\u00f3licos aos contemplados do primeiro sorteio de 2023 da campanha Nota Premiada","robots":{"index":"index","follow":"follow","max-snippet":"max-snippet:-1","max-image-preview":"max-image-preview:large","max-video-preview":"max-video-preview:-1"},"canonical":"https:\/\/www.manaus.am.gov.br\/semcom\/pautas\/prefeitura-entrega-cheques-simbolicos-aos-contemplados-do-primeiro-sorteio-de-2023-da-campanha-nota-premiada\/","og_locale":"pt_BR","og_type":"article","og_title":"Prefeitura entrega cheques simb\u00f3licos aos contemplados do primeiro sorteio de 2023 da campanha Nota Premiada","og_url":"https:\/\/www.manaus.am.gov.br\/semcom\/pautas\/prefeitura-entrega-cheques-simbolicos-aos-contemplados-do-primeiro-sorteio-de-2023-da-campanha-nota-premiada\/","og_site_name":"SEMCOM","article_modified_time":"2023-03-16T20:44:00+00:00","og_image":[{"width":1020,"height":540,"url":"https:\/\/www.manaus.am.gov.br\/semcom\/wp-content\/uploads\/sites\/5\/2023\/02\/sugestaodepauta.png","type":"image\/png"}],"twitter_card":"summary_large_image","twitter_misc":{"Est. reading time":"2 minutos"},"schema":{"@context":"https:\/\/schema.org","@graph":[{"@type":"WebPage","@id":"https:\/\/www.manaus.am.gov.br\/semcom\/pautas\/prefeitura-entrega-cheques-simbolicos-aos-contemplados-do-primeiro-sorteio-de-2023-da-campanha-nota-premiada\/","url":"https:\/\/www.manaus.am.gov.br\/semcom\/pautas\/prefeitura-entrega-cheques-simbolicos-aos-contemplados-do-primeiro-sorteio-de-2023-da-campanha-nota-premiada\/","name":"Prefeitura entrega cheques simb\u00f3licos aos contemplados do primeiro sorteio de 2023 da campanha Nota Premiada","isPartOf":{"@id":"https:\/\/www.manaus.am.gov.br\/semcom\/#website"},"primaryImageOfPage":{"@id":"https:\/\/www.manaus.am.gov.br\/semcom\/pautas\/prefeitura-entrega-cheques-simbolicos-aos-contemplados-do-primeiro-sorteio-de-2023-da-campanha-nota-premiada\/#primaryimage"},"image":{"@id":"https:\/\/www.manaus.am.gov.br\/semcom\/pautas\/prefeitura-entrega-cheques-simbolicos-aos-contemplados-do-primeiro-sorteio-de-2023-da-campanha-nota-premiada\/#primaryimage"},"thumbnailUrl":"https:\/\/www.manaus.am.gov.br\/semcom\/wp-content\/uploads\/sites\/5\/2023\/02\/sugestaodepauta.png","datePublished":"2023-03-16T20:43:32+00:00","dateModified":"2023-03-16T20:44:00+00:00","inLanguage":"pt-BR","potentialAction":[{"@type":"ReadAction","target":["https:\/\/www.manaus.am.gov.br\/semcom\/pautas\/prefeitura-entrega-cheques-simbolicos-aos-contemplados-do-primeiro-sorteio-de-2023-da-campanha-nota-premiada\/"]}]},{"@type":"ImageObject","inLanguage":"pt-BR","@id":"https:\/\/www.manaus.am.gov.br\/semcom\/pautas\/prefeitura-entrega-cheques-simbolicos-aos-contemplados-do-primeiro-sorteio-de-2023-da-campanha-nota-premiada\/#primaryimage","url":"https:\/\/www.manaus.am.gov.br\/semcom\/wp-content\/uploads\/sites\/5\/2023\/02\/sugestaodepauta.png","contentUrl":"https:\/\/www.manaus.am.gov.br\/semcom\/wp-content\/uploads\/sites\/5\/2023\/02\/sugestaodepauta.png","width":1020,"height":540},{"@type":"WebSite","@id":"https:\/\/www.manaus.am.gov.br\/semcom\/#website","url":"https:\/\/www.manaus.am.gov.br\/semcom\/","name":"SEMCOM","description":"Secretaria Municipal de Comunica\u00e7\u00e3o","potentialAction":[{"@type":"SearchAction","target":{"@type":"EntryPoint","urlTemplate":"https:\/\/www.manaus.am.gov.br\/semcom\/?s={search_term_string}"},"query-input":"required name=search_term_string"}],"inLanguage":"pt-BR"}]}},"_links":{"self":[{"href":"https:\/\/www.manaus.am.gov.br\/semcom\/wp-json\/wp\/v2\/pautas\/210673"}],"collection":[{"href":"https:\/\/www.manaus.am.gov.br\/semcom\/wp-json\/wp\/v2\/pautas"}],"about":[{"href":"https:\/\/www.manaus.am.gov.br\/semcom\/wp-json\/wp\/v2\/types\/pautas"}],"wp:featuredmedia":[{"embeddable":true,"href":"https:\/\/www.manaus.am.gov.br\/semcom\/wp-json\/wp\/v2\/media\/208729"}],"wp:attachment":[{"href":"https:\/\/www.manaus.am.gov.br\/semcom\/wp-json\/wp\/v2\/media?parent=210673"}],"wp:term":[{"taxonomy":"category","embeddable":true,"href":"https:\/\/www.manaus.am.gov.br\/semcom\/wp-json\/wp\/v2\/categories?post=210673"}],"curies":[{"name":"wp","href":"https:\/\/api.w.org\/{rel}","templated":true}]}}