{"id":210349,"date":"2023-03-09T20:28:32","date_gmt":"2023-03-09T23:28:32","guid":{"rendered":"https:\/\/www.manaus.am.gov.br\/semcom\/?post_type=pautas&#038;p=210349"},"modified":"2023-03-09T20:29:36","modified_gmt":"2023-03-09T23:29:36","slug":"prefeitura-realiza-programacao-alusiva-ao-dia-internacional-da-mulher-no-shopping-via-norte","status":"publish","type":"pautas","link":"https:\/\/www.manaus.am.gov.br\/semcom\/pautas\/prefeitura-realiza-programacao-alusiva-ao-dia-internacional-da-mulher-no-shopping-via-norte\/","title":{"rendered":"<strong>Prefeitura realiza programa\u00e7\u00e3o alusiva ao \u2018Dia Internacional da Mulher\u2019 no shopping Via Norte<\/strong>"},"content":{"rendered":"\n<p>Em homenagem ao \u2018Dia Internacional da Mulher\u2019, a Prefeitura de Manaus, por meio da Funda\u00e7\u00e3o Municipal de Cultura, Turismo e Eventos (Manauscult), realiza, de forma gratuita, nesta sexta-feira, 10\/3, a programa\u00e7\u00e3o \u2018Prefeitura de Manaus &#8211; For\u00e7a Feminina\u2019, com apresenta\u00e7\u00f5es de artistas femininas locais e uma roda de conversa com o tema \u201cMulheres da Zona Norte na M\u00fasica &amp; Arte Manauara\u201d, no shopping Via Norte, na avenida Arquiteto Jos\u00e9 Henrique Bento Rodrigues, n\u00ba 3.760, no bairro Monte das Oliveiras, zona Norte, das 9h \u00e0s 21h.<\/p>\n\n\n\n<p>No local, ser\u00e3o ofertadas vagas de emprego para mulheres da zona Norte; a palestra \u201cComo se comportar numa entrevista de emprego\u201d; a exposi\u00e7\u00e3o \u201cColcha de Retalhos\u201d; Servi\u00e7os de Sa\u00fade da Mulher; Oficina de Automaquiagem; Roda de conversa com o tema \u201cMulheres da Zona Norte na M\u00fasica &amp; Arte Manauara\u201d; e apresenta\u00e7\u00f5es art\u00edsticas com mulheres da cena manauara.<\/p>\n\n\n\n<p>A a\u00e7\u00e3o, capitaneada pela Manauscult, conta com o apoio das secretarias municipais do Trabalho, Empreendedorismo e Inova\u00e7\u00e3o (Semtepi); da Mulher, Assist\u00eancia Social e Cidadania (Semasc); de Sa\u00fade (Semsa); Sine Manaus e o shopping Via Norte.<\/p>\n\n\n\n<p><\/p>\n\n\n\n<p><strong>Programa\u00e7\u00e3o<\/strong><\/p>\n\n\n\n<p>9h &#8211; In\u00edcio da A\u00e7\u00e3o, com atendimento do Sine Manaus (vagas para mulheres da Zona Norte)&nbsp;<\/p>\n\n\n\n<p>Obs: distribui\u00e7\u00e3o de senhas at\u00e9 12h<\/p>\n\n\n\n<p>9h \u00e0s 12h &#8211; Equipe da Semsa &#8211; atendimento especial \u00e0 mulher<\/p>\n\n\n\n<p>9h \u00e0s 17h &#8211; \u00d4nibus da Mulher da Semasc e exposi\u00e7\u00e3o Colcha de Retalhos<\/p>\n\n\n\n<p>10h &#8211; Palestra do Sine Manaus com o tema: \u2018Como se comportar numa entrevista de emprego\u2019<\/p>\n\n\n\n<p>10h \u00e0s 12h &#8211; Oficina de automaquiagem (Semtepi)<\/p>\n\n\n\n<p>12h \u2013 Show de Eliza Lemos<\/p>\n\n\n\n<p>14h \u2013 DJ Pammy<\/p>\n\n\n\n<p>16h \u2013 Roda de conversa com o tema \u201cMulheres da Zona Norte na M\u00fasica &amp; Arte Manauara\u201d<\/p>\n\n\n\n<p>17h30 \u2013 Lary Go &amp; Strela e convidadas<\/p>\n\n\n\n<p>18h20 \u2013 Anna Suav &amp; Karen Francis<\/p>\n\n\n\n<p>19h \u2013 Anne Queiroz<\/p>\n\n\n\n<p>20h \u2013 Samara Show<\/p>\n\n\n\n<p><\/p>\n\n\n\n<p><\/p>\n\n\n\n<p><strong>SERVI\u00c7O<\/strong><\/p>\n\n\n\n<p><strong>O qu\u00ea<\/strong> &#8211; Prefeitura realiza programa\u00e7\u00e3o alusiva ao \u2018Dia Internacional da Mulher\u2019 no shopping Via Norte<\/p>\n\n\n\n<p><strong>Quando<\/strong> \u2013 Sexta-feira, 10\/3<\/p>\n\n\n\n<p><strong>Hor\u00e1rio<\/strong> &#8211; \u00c0s 15h a vice-presidente da Manauscult, Oreni Braga, estar\u00e1 no local para atender a imprensa.<\/p>\n\n\n\n<p><strong>Local <\/strong>&#8211; Pra\u00e7a de Alimenta\u00e7\u00e3o do Shopping Via Norte &#8211; Avenida Arquiteto Jos\u00e9 Henrique Bento Rodrigues, 3760 &#8211; Monte das Oliveiras.<\/p>\n\n\n\n<p><strong>Localiza\u00e7\u00e3o<\/strong> &#8211;&nbsp;<a href=\"https:\/\/maps.app.goo.gl\/pSJ2VgvrzGo2DgyZ6?g_st=ic\" target=\"_blank\" rel=\"noreferrer noopener\">https:\/\/maps.app.goo.gl\/pSJ2VgvrzGo2DgyZ6?g_st=ic<\/a><\/p>\n","protected":false},"featured_media":208729,"template":"","categories":[799],"acf":[],"yoast_head":"<!-- This site is optimized with the Yoast SEO plugin v23.0 - https:\/\/yoast.com\/wordpress\/plugins\/seo\/ -->\n<title>Prefeitura realiza programa\u00e7\u00e3o alusiva ao \u2018Dia Internacional da Mulher\u2019 no shopping Via Norte<\/title>\n<meta name=\"description\" content=\"A programa\u00e7\u00e3o \u2018Prefeitura de Manaus - For\u00e7a Feminina\u2019, com apresenta\u00e7\u00f5es de artistas femininas locais e uma roda de conversa com o tema \u201cMulheres da Zona Norte na M\u00fasica &amp; Arte Manauara&quot;.\" \/>\n<meta name=\"robots\" content=\"index, follow, max-snippet:-1, max-image-preview:large, max-video-preview:-1\" \/>\n<link rel=\"canonical\" href=\"https:\/\/www.manaus.am.gov.br\/semcom\/pautas\/prefeitura-realiza-programacao-alusiva-ao-dia-internacional-da-mulher-no-shopping-via-norte\/\" \/>\n<meta property=\"og:locale\" content=\"pt_BR\" \/>\n<meta property=\"og:type\" content=\"article\" \/>\n<meta property=\"og:title\" content=\"Prefeitura realiza programa\u00e7\u00e3o alusiva ao \u2018Dia Internacional da Mulher\u2019 no shopping Via Norte\" \/>\n<meta property=\"og:description\" content=\"A programa\u00e7\u00e3o \u2018Prefeitura de Manaus - For\u00e7a Feminina\u2019, com apresenta\u00e7\u00f5es de artistas femininas locais e uma roda de conversa com o tema \u201cMulheres da Zona Norte na M\u00fasica &amp; Arte Manauara&quot;.\" \/>\n<meta property=\"og:url\" content=\"https:\/\/www.manaus.am.gov.br\/semcom\/pautas\/prefeitura-realiza-programacao-alusiva-ao-dia-internacional-da-mulher-no-shopping-via-norte\/\" \/>\n<meta property=\"og:site_name\" content=\"SEMCOM\" \/>\n<meta property=\"article:modified_time\" content=\"2023-03-09T23:29:36+00:00\" \/>\n<meta property=\"og:image\" content=\"https:\/\/www.manaus.am.gov.br\/semcom\/wp-content\/uploads\/sites\/5\/2023\/02\/sugestaodepauta.png\" \/>\n\t<meta property=\"og:image:width\" content=\"1020\" \/>\n\t<meta property=\"og:image:height\" content=\"540\" \/>\n\t<meta property=\"og:image:type\" content=\"image\/png\" \/>\n<meta name=\"twitter:card\" content=\"summary_large_image\" \/>\n<meta name=\"twitter:label1\" content=\"Est. reading time\" \/>\n\t<meta name=\"twitter:data1\" content=\"2 minutos\" \/>\n<script type=\"application\/ld+json\" class=\"yoast-schema-graph\">{\"@context\":\"https:\/\/schema.org\",\"@graph\":[{\"@type\":\"WebPage\",\"@id\":\"https:\/\/www.manaus.am.gov.br\/semcom\/pautas\/prefeitura-realiza-programacao-alusiva-ao-dia-internacional-da-mulher-no-shopping-via-norte\/\",\"url\":\"https:\/\/www.manaus.am.gov.br\/semcom\/pautas\/prefeitura-realiza-programacao-alusiva-ao-dia-internacional-da-mulher-no-shopping-via-norte\/\",\"name\":\"Prefeitura realiza programa\u00e7\u00e3o alusiva ao \u2018Dia Internacional da Mulher\u2019 no shopping Via Norte\",\"isPartOf\":{\"@id\":\"https:\/\/www.manaus.am.gov.br\/semcom\/#website\"},\"primaryImageOfPage\":{\"@id\":\"https:\/\/www.manaus.am.gov.br\/semcom\/pautas\/prefeitura-realiza-programacao-alusiva-ao-dia-internacional-da-mulher-no-shopping-via-norte\/#primaryimage\"},\"image\":{\"@id\":\"https:\/\/www.manaus.am.gov.br\/semcom\/pautas\/prefeitura-realiza-programacao-alusiva-ao-dia-internacional-da-mulher-no-shopping-via-norte\/#primaryimage\"},\"thumbnailUrl\":\"https:\/\/www.manaus.am.gov.br\/semcom\/wp-content\/uploads\/sites\/5\/2023\/02\/sugestaodepauta.png\",\"datePublished\":\"2023-03-09T23:28:32+00:00\",\"dateModified\":\"2023-03-09T23:29:36+00:00\",\"description\":\"A programa\u00e7\u00e3o \u2018Prefeitura de Manaus - For\u00e7a Feminina\u2019, com apresenta\u00e7\u00f5es de artistas femininas locais e uma roda de conversa com o tema \u201cMulheres da Zona Norte na M\u00fasica & Arte Manauara\\\".\",\"inLanguage\":\"pt-BR\",\"potentialAction\":[{\"@type\":\"ReadAction\",\"target\":[\"https:\/\/www.manaus.am.gov.br\/semcom\/pautas\/prefeitura-realiza-programacao-alusiva-ao-dia-internacional-da-mulher-no-shopping-via-norte\/\"]}]},{\"@type\":\"ImageObject\",\"inLanguage\":\"pt-BR\",\"@id\":\"https:\/\/www.manaus.am.gov.br\/semcom\/pautas\/prefeitura-realiza-programacao-alusiva-ao-dia-internacional-da-mulher-no-shopping-via-norte\/#primaryimage\",\"url\":\"https:\/\/www.manaus.am.gov.br\/semcom\/wp-content\/uploads\/sites\/5\/2023\/02\/sugestaodepauta.png\",\"contentUrl\":\"https:\/\/www.manaus.am.gov.br\/semcom\/wp-content\/uploads\/sites\/5\/2023\/02\/sugestaodepauta.png\",\"width\":1020,\"height\":540},{\"@type\":\"WebSite\",\"@id\":\"https:\/\/www.manaus.am.gov.br\/semcom\/#website\",\"url\":\"https:\/\/www.manaus.am.gov.br\/semcom\/\",\"name\":\"SEMCOM\",\"description\":\"Secretaria Municipal de Comunica\u00e7\u00e3o\",\"potentialAction\":[{\"@type\":\"SearchAction\",\"target\":{\"@type\":\"EntryPoint\",\"urlTemplate\":\"https:\/\/www.manaus.am.gov.br\/semcom\/?s={search_term_string}\"},\"query-input\":\"required name=search_term_string\"}],\"inLanguage\":\"pt-BR\"}]}<\/script>\n<!-- \/ Yoast SEO plugin. -->","yoast_head_json":{"title":"Prefeitura realiza programa\u00e7\u00e3o alusiva ao \u2018Dia Internacional da Mulher\u2019 no shopping Via Norte","description":"A programa\u00e7\u00e3o \u2018Prefeitura de Manaus - For\u00e7a Feminina\u2019, com apresenta\u00e7\u00f5es de artistas femininas locais e uma roda de conversa com o tema \u201cMulheres da Zona Norte na M\u00fasica & Arte Manauara\".","robots":{"index":"index","follow":"follow","max-snippet":"max-snippet:-1","max-image-preview":"max-image-preview:large","max-video-preview":"max-video-preview:-1"},"canonical":"https:\/\/www.manaus.am.gov.br\/semcom\/pautas\/prefeitura-realiza-programacao-alusiva-ao-dia-internacional-da-mulher-no-shopping-via-norte\/","og_locale":"pt_BR","og_type":"article","og_title":"Prefeitura realiza programa\u00e7\u00e3o alusiva ao \u2018Dia Internacional da Mulher\u2019 no shopping Via Norte","og_description":"A programa\u00e7\u00e3o \u2018Prefeitura de Manaus - For\u00e7a Feminina\u2019, com apresenta\u00e7\u00f5es de artistas femininas locais e uma roda de conversa com o tema \u201cMulheres da Zona Norte na M\u00fasica & Arte Manauara\".","og_url":"https:\/\/www.manaus.am.gov.br\/semcom\/pautas\/prefeitura-realiza-programacao-alusiva-ao-dia-internacional-da-mulher-no-shopping-via-norte\/","og_site_name":"SEMCOM","article_modified_time":"2023-03-09T23:29:36+00:00","og_image":[{"width":1020,"height":540,"url":"https:\/\/www.manaus.am.gov.br\/semcom\/wp-content\/uploads\/sites\/5\/2023\/02\/sugestaodepauta.png","type":"image\/png"}],"twitter_card":"summary_large_image","twitter_misc":{"Est. reading time":"2 minutos"},"schema":{"@context":"https:\/\/schema.org","@graph":[{"@type":"WebPage","@id":"https:\/\/www.manaus.am.gov.br\/semcom\/pautas\/prefeitura-realiza-programacao-alusiva-ao-dia-internacional-da-mulher-no-shopping-via-norte\/","url":"https:\/\/www.manaus.am.gov.br\/semcom\/pautas\/prefeitura-realiza-programacao-alusiva-ao-dia-internacional-da-mulher-no-shopping-via-norte\/","name":"Prefeitura realiza programa\u00e7\u00e3o alusiva ao \u2018Dia Internacional da Mulher\u2019 no shopping Via Norte","isPartOf":{"@id":"https:\/\/www.manaus.am.gov.br\/semcom\/#website"},"primaryImageOfPage":{"@id":"https:\/\/www.manaus.am.gov.br\/semcom\/pautas\/prefeitura-realiza-programacao-alusiva-ao-dia-internacional-da-mulher-no-shopping-via-norte\/#primaryimage"},"image":{"@id":"https:\/\/www.manaus.am.gov.br\/semcom\/pautas\/prefeitura-realiza-programacao-alusiva-ao-dia-internacional-da-mulher-no-shopping-via-norte\/#primaryimage"},"thumbnailUrl":"https:\/\/www.manaus.am.gov.br\/semcom\/wp-content\/uploads\/sites\/5\/2023\/02\/sugestaodepauta.png","datePublished":"2023-03-09T23:28:32+00:00","dateModified":"2023-03-09T23:29:36+00:00","description":"A programa\u00e7\u00e3o \u2018Prefeitura de Manaus - For\u00e7a Feminina\u2019, com apresenta\u00e7\u00f5es de artistas femininas locais e uma roda de conversa com o tema \u201cMulheres da Zona Norte na M\u00fasica & Arte Manauara\".","inLanguage":"pt-BR","potentialAction":[{"@type":"ReadAction","target":["https:\/\/www.manaus.am.gov.br\/semcom\/pautas\/prefeitura-realiza-programacao-alusiva-ao-dia-internacional-da-mulher-no-shopping-via-norte\/"]}]},{"@type":"ImageObject","inLanguage":"pt-BR","@id":"https:\/\/www.manaus.am.gov.br\/semcom\/pautas\/prefeitura-realiza-programacao-alusiva-ao-dia-internacional-da-mulher-no-shopping-via-norte\/#primaryimage","url":"https:\/\/www.manaus.am.gov.br\/semcom\/wp-content\/uploads\/sites\/5\/2023\/02\/sugestaodepauta.png","contentUrl":"https:\/\/www.manaus.am.gov.br\/semcom\/wp-content\/uploads\/sites\/5\/2023\/02\/sugestaodepauta.png","width":1020,"height":540},{"@type":"WebSite","@id":"https:\/\/www.manaus.am.gov.br\/semcom\/#website","url":"https:\/\/www.manaus.am.gov.br\/semcom\/","name":"SEMCOM","description":"Secretaria Municipal de Comunica\u00e7\u00e3o","potentialAction":[{"@type":"SearchAction","target":{"@type":"EntryPoint","urlTemplate":"https:\/\/www.manaus.am.gov.br\/semcom\/?s={search_term_string}"},"query-input":"required name=search_term_string"}],"inLanguage":"pt-BR"}]}},"_links":{"self":[{"href":"https:\/\/www.manaus.am.gov.br\/semcom\/wp-json\/wp\/v2\/pautas\/210349"}],"collection":[{"href":"https:\/\/www.manaus.am.gov.br\/semcom\/wp-json\/wp\/v2\/pautas"}],"about":[{"href":"https:\/\/www.manaus.am.gov.br\/semcom\/wp-json\/wp\/v2\/types\/pautas"}],"wp:featuredmedia":[{"embeddable":true,"href":"https:\/\/www.manaus.am.gov.br\/semcom\/wp-json\/wp\/v2\/media\/208729"}],"wp:attachment":[{"href":"https:\/\/www.manaus.am.gov.br\/semcom\/wp-json\/wp\/v2\/media?parent=210349"}],"wp:term":[{"taxonomy":"category","embeddable":true,"href":"https:\/\/www.manaus.am.gov.br\/semcom\/wp-json\/wp\/v2\/categories?post=210349"}],"curies":[{"name":"wp","href":"https:\/\/api.w.org\/{rel}","templated":true}]}}