{"id":210300,"date":"2023-03-09T13:41:18","date_gmt":"2023-03-09T16:41:18","guid":{"rendered":"https:\/\/www.manaus.am.gov.br\/semcom\/?post_type=pautas&#038;p=210300"},"modified":"2023-03-09T13:41:19","modified_gmt":"2023-03-09T16:41:19","slug":"prefeitura-de-manaus-realiza-a-1a-acao-do-manaus-mais-agro","status":"publish","type":"pautas","link":"https:\/\/www.manaus.am.gov.br\/semcom\/pautas\/prefeitura-de-manaus-realiza-a-1a-acao-do-manaus-mais-agro\/","title":{"rendered":"<strong>Prefeitura de Manaus realiza a 1\u00aa a\u00e7\u00e3o do Manaus mais Agro<\/strong>"},"content":{"rendered":"\n<p>O prefeito David Almeida realiza a 1\u00aa a\u00e7\u00e3o do Manaus Mais Agro de 2023, que acontece nesta sexta-feira, 10\/3, na avenida Puraquequara, Km 3, ramal 14, vicinal Bons Amigos, \u00e0s 8h30, na comunidade do Puraquequara, zona rural, com distribui\u00e7\u00e3o de kits de sementes.&nbsp;<\/p>\n\n\n\n<p>A a\u00e7\u00e3o, desenvolvida pela Secretaria Municipal de Agricultura, Abastecimento, Centro e Com\u00e9rcio Informal (Semacc), beneficia 200 produtores rurais, entre agricultores, avicultores e piscicultores de cinco comunidades localizadas no polo 1 da zona rural de Manaus, na regi\u00e3o do Puraquequara e Brasileirinho.&nbsp;<\/p>\n\n\n\n<p>O programa tem como objetivo fomentar a produ\u00e7\u00e3o dos mais variados produtos e a agricultura familiar, que inclui a produ\u00e7\u00e3o de caf\u00e9, que est\u00e1 em constante crescimento na regi\u00e3o, produ\u00e7\u00e3o de laranja e a\u00e7a\u00ed. Os produtores ter\u00e3o incentivos com interlocu\u00e7\u00e3o da Semacc, para fornecerem o produto para f\u00e1bricas locais.&nbsp;<\/p>\n\n\n\n<p><strong>SERVI\u00c7O:<\/strong><\/p>\n\n\n\n<p><strong>O qu\u00ea &#8211;<\/strong>&nbsp;Distribui\u00e7\u00e3o de kits sementes, por meio do programa Manaus Mais Agro 2023<\/p>\n\n\n\n<p><strong>Quando &#8211;&nbsp;<\/strong>Sexta-feira, 10\/3<\/p>\n\n\n\n<p><strong>Hor\u00e1rio &#8211;&nbsp;<\/strong>8h30<\/p>\n\n\n\n<p><strong>Local &#8211;&nbsp;<\/strong>Avenida Puraquequara, Km 3, ramal 14, vicinal Bons Amigos, na sede da Associa\u00e7\u00e3o Agriamigos<\/p>\n","protected":false},"featured_media":208729,"template":"","categories":[803],"acf":[],"yoast_head":"<!-- This site is optimized with the Yoast SEO plugin v23.0 - https:\/\/yoast.com\/wordpress\/plugins\/seo\/ -->\n<title>Prefeitura de Manaus realiza a 1\u00aa a\u00e7\u00e3o do Manaus mais Agro<\/title>\n<meta name=\"description\" content=\"O prefeito David Almeida realiza a 1\u00aa a\u00e7\u00e3o do Manaus Mais Agro de 2023, que acontece nesta sexta-feira, 10\/3, na avenida Puraquequara, Km 3, ramal 14, vicinal Bons Amigos, \u00e0s 8h30, na comunidade do Puraquequara, zona rural, com distribui\u00e7\u00e3o de kits de sementes.\u00a0\" \/>\n<meta name=\"robots\" content=\"index, follow, max-snippet:-1, max-image-preview:large, max-video-preview:-1\" \/>\n<link rel=\"canonical\" href=\"https:\/\/www.manaus.am.gov.br\/semcom\/pautas\/prefeitura-de-manaus-realiza-a-1a-acao-do-manaus-mais-agro\/\" \/>\n<meta property=\"og:locale\" content=\"pt_BR\" \/>\n<meta property=\"og:type\" content=\"article\" \/>\n<meta property=\"og:title\" content=\"Prefeitura de Manaus realiza a 1\u00aa a\u00e7\u00e3o do Manaus mais Agro\" \/>\n<meta property=\"og:description\" content=\"O prefeito David Almeida realiza a 1\u00aa a\u00e7\u00e3o do Manaus Mais Agro de 2023, que acontece nesta sexta-feira, 10\/3, na avenida Puraquequara, Km 3, ramal 14, vicinal Bons Amigos, \u00e0s 8h30, na comunidade do Puraquequara, zona rural, com distribui\u00e7\u00e3o de kits de sementes.\u00a0\" \/>\n<meta property=\"og:url\" content=\"https:\/\/www.manaus.am.gov.br\/semcom\/pautas\/prefeitura-de-manaus-realiza-a-1a-acao-do-manaus-mais-agro\/\" \/>\n<meta property=\"og:site_name\" content=\"SEMCOM\" \/>\n<meta property=\"article:modified_time\" content=\"2023-03-09T16:41:19+00:00\" \/>\n<meta property=\"og:image\" content=\"https:\/\/www.manaus.am.gov.br\/semcom\/wp-content\/uploads\/sites\/5\/2023\/02\/sugestaodepauta.png\" \/>\n\t<meta property=\"og:image:width\" content=\"1020\" \/>\n\t<meta property=\"og:image:height\" content=\"540\" \/>\n\t<meta property=\"og:image:type\" content=\"image\/png\" \/>\n<meta name=\"twitter:card\" content=\"summary_large_image\" \/>\n<meta name=\"twitter:label1\" content=\"Est. reading time\" \/>\n\t<meta name=\"twitter:data1\" content=\"1 minuto\" \/>\n<script type=\"application\/ld+json\" class=\"yoast-schema-graph\">{\"@context\":\"https:\/\/schema.org\",\"@graph\":[{\"@type\":\"WebPage\",\"@id\":\"https:\/\/www.manaus.am.gov.br\/semcom\/pautas\/prefeitura-de-manaus-realiza-a-1a-acao-do-manaus-mais-agro\/\",\"url\":\"https:\/\/www.manaus.am.gov.br\/semcom\/pautas\/prefeitura-de-manaus-realiza-a-1a-acao-do-manaus-mais-agro\/\",\"name\":\"Prefeitura de Manaus realiza a 1\u00aa a\u00e7\u00e3o do Manaus mais Agro\",\"isPartOf\":{\"@id\":\"https:\/\/www.manaus.am.gov.br\/semcom\/#website\"},\"primaryImageOfPage\":{\"@id\":\"https:\/\/www.manaus.am.gov.br\/semcom\/pautas\/prefeitura-de-manaus-realiza-a-1a-acao-do-manaus-mais-agro\/#primaryimage\"},\"image\":{\"@id\":\"https:\/\/www.manaus.am.gov.br\/semcom\/pautas\/prefeitura-de-manaus-realiza-a-1a-acao-do-manaus-mais-agro\/#primaryimage\"},\"thumbnailUrl\":\"https:\/\/www.manaus.am.gov.br\/semcom\/wp-content\/uploads\/sites\/5\/2023\/02\/sugestaodepauta.png\",\"datePublished\":\"2023-03-09T16:41:18+00:00\",\"dateModified\":\"2023-03-09T16:41:19+00:00\",\"description\":\"O prefeito David Almeida realiza a 1\u00aa a\u00e7\u00e3o do Manaus Mais Agro de 2023, que acontece nesta sexta-feira, 10\/3, na avenida Puraquequara, Km 3, ramal 14, vicinal Bons Amigos, \u00e0s 8h30, na comunidade do Puraquequara, zona rural, com distribui\u00e7\u00e3o de kits de sementes.\u00a0\",\"inLanguage\":\"pt-BR\",\"potentialAction\":[{\"@type\":\"ReadAction\",\"target\":[\"https:\/\/www.manaus.am.gov.br\/semcom\/pautas\/prefeitura-de-manaus-realiza-a-1a-acao-do-manaus-mais-agro\/\"]}]},{\"@type\":\"ImageObject\",\"inLanguage\":\"pt-BR\",\"@id\":\"https:\/\/www.manaus.am.gov.br\/semcom\/pautas\/prefeitura-de-manaus-realiza-a-1a-acao-do-manaus-mais-agro\/#primaryimage\",\"url\":\"https:\/\/www.manaus.am.gov.br\/semcom\/wp-content\/uploads\/sites\/5\/2023\/02\/sugestaodepauta.png\",\"contentUrl\":\"https:\/\/www.manaus.am.gov.br\/semcom\/wp-content\/uploads\/sites\/5\/2023\/02\/sugestaodepauta.png\",\"width\":1020,\"height\":540},{\"@type\":\"WebSite\",\"@id\":\"https:\/\/www.manaus.am.gov.br\/semcom\/#website\",\"url\":\"https:\/\/www.manaus.am.gov.br\/semcom\/\",\"name\":\"SEMCOM\",\"description\":\"Secretaria Municipal de Comunica\u00e7\u00e3o\",\"potentialAction\":[{\"@type\":\"SearchAction\",\"target\":{\"@type\":\"EntryPoint\",\"urlTemplate\":\"https:\/\/www.manaus.am.gov.br\/semcom\/?s={search_term_string}\"},\"query-input\":\"required name=search_term_string\"}],\"inLanguage\":\"pt-BR\"}]}<\/script>\n<!-- \/ Yoast SEO plugin. -->","yoast_head_json":{"title":"Prefeitura de Manaus realiza a 1\u00aa a\u00e7\u00e3o do Manaus mais Agro","description":"O prefeito David Almeida realiza a 1\u00aa a\u00e7\u00e3o do Manaus Mais Agro de 2023, que acontece nesta sexta-feira, 10\/3, na avenida Puraquequara, Km 3, ramal 14, vicinal Bons Amigos, \u00e0s 8h30, na comunidade do Puraquequara, zona rural, com distribui\u00e7\u00e3o de kits de sementes.\u00a0","robots":{"index":"index","follow":"follow","max-snippet":"max-snippet:-1","max-image-preview":"max-image-preview:large","max-video-preview":"max-video-preview:-1"},"canonical":"https:\/\/www.manaus.am.gov.br\/semcom\/pautas\/prefeitura-de-manaus-realiza-a-1a-acao-do-manaus-mais-agro\/","og_locale":"pt_BR","og_type":"article","og_title":"Prefeitura de Manaus realiza a 1\u00aa a\u00e7\u00e3o do Manaus mais Agro","og_description":"O prefeito David Almeida realiza a 1\u00aa a\u00e7\u00e3o do Manaus Mais Agro de 2023, que acontece nesta sexta-feira, 10\/3, na avenida Puraquequara, Km 3, ramal 14, vicinal Bons Amigos, \u00e0s 8h30, na comunidade do Puraquequara, zona rural, com distribui\u00e7\u00e3o de kits de sementes.\u00a0","og_url":"https:\/\/www.manaus.am.gov.br\/semcom\/pautas\/prefeitura-de-manaus-realiza-a-1a-acao-do-manaus-mais-agro\/","og_site_name":"SEMCOM","article_modified_time":"2023-03-09T16:41:19+00:00","og_image":[{"width":1020,"height":540,"url":"https:\/\/www.manaus.am.gov.br\/semcom\/wp-content\/uploads\/sites\/5\/2023\/02\/sugestaodepauta.png","type":"image\/png"}],"twitter_card":"summary_large_image","twitter_misc":{"Est. reading time":"1 minuto"},"schema":{"@context":"https:\/\/schema.org","@graph":[{"@type":"WebPage","@id":"https:\/\/www.manaus.am.gov.br\/semcom\/pautas\/prefeitura-de-manaus-realiza-a-1a-acao-do-manaus-mais-agro\/","url":"https:\/\/www.manaus.am.gov.br\/semcom\/pautas\/prefeitura-de-manaus-realiza-a-1a-acao-do-manaus-mais-agro\/","name":"Prefeitura de Manaus realiza a 1\u00aa a\u00e7\u00e3o do Manaus mais Agro","isPartOf":{"@id":"https:\/\/www.manaus.am.gov.br\/semcom\/#website"},"primaryImageOfPage":{"@id":"https:\/\/www.manaus.am.gov.br\/semcom\/pautas\/prefeitura-de-manaus-realiza-a-1a-acao-do-manaus-mais-agro\/#primaryimage"},"image":{"@id":"https:\/\/www.manaus.am.gov.br\/semcom\/pautas\/prefeitura-de-manaus-realiza-a-1a-acao-do-manaus-mais-agro\/#primaryimage"},"thumbnailUrl":"https:\/\/www.manaus.am.gov.br\/semcom\/wp-content\/uploads\/sites\/5\/2023\/02\/sugestaodepauta.png","datePublished":"2023-03-09T16:41:18+00:00","dateModified":"2023-03-09T16:41:19+00:00","description":"O prefeito David Almeida realiza a 1\u00aa a\u00e7\u00e3o do Manaus Mais Agro de 2023, que acontece nesta sexta-feira, 10\/3, na avenida Puraquequara, Km 3, ramal 14, vicinal Bons Amigos, \u00e0s 8h30, na comunidade do Puraquequara, zona rural, com distribui\u00e7\u00e3o de kits de sementes.\u00a0","inLanguage":"pt-BR","potentialAction":[{"@type":"ReadAction","target":["https:\/\/www.manaus.am.gov.br\/semcom\/pautas\/prefeitura-de-manaus-realiza-a-1a-acao-do-manaus-mais-agro\/"]}]},{"@type":"ImageObject","inLanguage":"pt-BR","@id":"https:\/\/www.manaus.am.gov.br\/semcom\/pautas\/prefeitura-de-manaus-realiza-a-1a-acao-do-manaus-mais-agro\/#primaryimage","url":"https:\/\/www.manaus.am.gov.br\/semcom\/wp-content\/uploads\/sites\/5\/2023\/02\/sugestaodepauta.png","contentUrl":"https:\/\/www.manaus.am.gov.br\/semcom\/wp-content\/uploads\/sites\/5\/2023\/02\/sugestaodepauta.png","width":1020,"height":540},{"@type":"WebSite","@id":"https:\/\/www.manaus.am.gov.br\/semcom\/#website","url":"https:\/\/www.manaus.am.gov.br\/semcom\/","name":"SEMCOM","description":"Secretaria Municipal de Comunica\u00e7\u00e3o","potentialAction":[{"@type":"SearchAction","target":{"@type":"EntryPoint","urlTemplate":"https:\/\/www.manaus.am.gov.br\/semcom\/?s={search_term_string}"},"query-input":"required name=search_term_string"}],"inLanguage":"pt-BR"}]}},"_links":{"self":[{"href":"https:\/\/www.manaus.am.gov.br\/semcom\/wp-json\/wp\/v2\/pautas\/210300"}],"collection":[{"href":"https:\/\/www.manaus.am.gov.br\/semcom\/wp-json\/wp\/v2\/pautas"}],"about":[{"href":"https:\/\/www.manaus.am.gov.br\/semcom\/wp-json\/wp\/v2\/types\/pautas"}],"wp:featuredmedia":[{"embeddable":true,"href":"https:\/\/www.manaus.am.gov.br\/semcom\/wp-json\/wp\/v2\/media\/208729"}],"wp:attachment":[{"href":"https:\/\/www.manaus.am.gov.br\/semcom\/wp-json\/wp\/v2\/media?parent=210300"}],"wp:term":[{"taxonomy":"category","embeddable":true,"href":"https:\/\/www.manaus.am.gov.br\/semcom\/wp-json\/wp\/v2\/categories?post=210300"}],"curies":[{"name":"wp","href":"https:\/\/api.w.org\/{rel}","templated":true}]}}