{"id":210078,"date":"2023-03-05T14:20:21","date_gmt":"2023-03-05T17:20:21","guid":{"rendered":"https:\/\/www.manaus.am.gov.br\/semcom\/?post_type=pautas&#038;p=210078"},"modified":"2023-03-05T14:20:21","modified_gmt":"2023-03-05T17:20:21","slug":"prefeito-assina-ordem-de-servico-para-o-inicio-das-primeiras-intervencoes-no-complexo-de-sao-vicente","status":"publish","type":"pautas","link":"https:\/\/www.manaus.am.gov.br\/semcom\/pautas\/prefeito-assina-ordem-de-servico-para-o-inicio-das-primeiras-intervencoes-no-complexo-de-sao-vicente\/","title":{"rendered":"Prefeito assina ordem de servi\u00e7o para o in\u00edcio das primeiras interven\u00e7\u00f5es no complexo de S\u00e3o Vicente"},"content":{"rendered":"\n<p>O prefeito de Manaus, David Almeida, e o diretor-presidente do Instituto Municipal de Planejamento Urbano (Implurb), Carlos Valente, assinam a Ordem de Servi\u00e7o para o in\u00edcio das primeiras interven\u00e7\u00f5es do projeto \u201cNosso Centro\u201d, do complexo mirante de S\u00e3o Vicente, que inclui o mirante L\u00facia Almeida, o largo de S\u00e3o Vicente, e o casar\u00e3o Thiago de Mello. A assinatura ocorre na pr\u00f3xima quinta-feira, 9\/3, na avenida 7 de Setembro, esquina com a rua Visconde de Mau\u00e1 (antigo pr\u00e9dio da Ceam).<\/p>\n\n\n\n<p>O projeto arquitet\u00f4nico foi desenvolvido pela equipe do Implurb e dar\u00e1 a Manaus o primeiro pr\u00e9dio de reconvers\u00e3o de uso dentro do \u201cNosso Centro\u201d, promovendo a reabilita\u00e7\u00e3o de um im\u00f3vel que atualmente se encontra sem uso e descaracterizado, \u00e0s margens do rio Negro, tendo quatro andares (t\u00e9rreo e mais tr\u00eas).<\/p>\n\n\n\n<p>O mirante tem \u00e1rea total de constru\u00e7\u00e3o de 5,9 mil metros quadrados, e o largo, com \u00e1rea de urbaniza\u00e7\u00e3o e constru\u00e7\u00e3o de 3 mil metros quadrados.&nbsp;<\/p>\n\n\n\n<p><strong>SERVI\u00c7O<\/strong><\/p>\n\n\n\n<p><strong>O qu\u00ea<\/strong>&nbsp;\u2013 Assinatura da Ordem de Servi\u00e7o para in\u00edcio das obras do complexo de S\u00e3o Vicente: mirante L\u00facia Almeida, largo de S\u00e3o Vicente e casar\u00e3o Thiago de Mello<\/p>\n\n\n\n<p><strong>Quando<\/strong>&nbsp;\u2013 Quinta-feira, 9\/3<\/p>\n\n\n\n<p><strong>Hor\u00e1rio<\/strong>&nbsp;\u2013 9h30<\/p>\n\n\n\n<p><strong>Local<\/strong>&nbsp;\u2013&nbsp;Avenida 7 de Setembro, esquina com a rua Visconde de Mau\u00e1 (antigo pr\u00e9dio da Ceam), no Centro, zona Sul<\/p>\n","protected":false},"featured_media":208729,"template":"","categories":[798],"acf":[],"yoast_head":"<!-- This site is optimized with the Yoast SEO plugin v23.0 - https:\/\/yoast.com\/wordpress\/plugins\/seo\/ -->\n<title>Prefeito assina ordem de servi\u00e7o para o in\u00edcio das primeiras interven\u00e7\u00f5es no complexo de S\u00e3o Vicente<\/title>\n<meta name=\"description\" content=\"A assinatura ocorre na pr\u00f3xima quinta-feira, 9\/3, na avenida 7 de Setembro, esquina com a rua Visconde de Mau\u00e1 (antigo pr\u00e9dio da Ceam).\" \/>\n<meta name=\"robots\" content=\"index, follow, max-snippet:-1, max-image-preview:large, max-video-preview:-1\" \/>\n<link rel=\"canonical\" href=\"https:\/\/www.manaus.am.gov.br\/semcom\/pautas\/prefeito-assina-ordem-de-servico-para-o-inicio-das-primeiras-intervencoes-no-complexo-de-sao-vicente\/\" \/>\n<meta property=\"og:locale\" content=\"pt_BR\" \/>\n<meta property=\"og:type\" content=\"article\" \/>\n<meta property=\"og:title\" content=\"Prefeito assina ordem de servi\u00e7o para o in\u00edcio das primeiras interven\u00e7\u00f5es no complexo de S\u00e3o Vicente\" \/>\n<meta property=\"og:description\" content=\"A assinatura ocorre na pr\u00f3xima quinta-feira, 9\/3, na avenida 7 de Setembro, esquina com a rua Visconde de Mau\u00e1 (antigo pr\u00e9dio da Ceam).\" \/>\n<meta property=\"og:url\" content=\"https:\/\/www.manaus.am.gov.br\/semcom\/pautas\/prefeito-assina-ordem-de-servico-para-o-inicio-das-primeiras-intervencoes-no-complexo-de-sao-vicente\/\" \/>\n<meta property=\"og:site_name\" content=\"SEMCOM\" \/>\n<meta property=\"og:image\" content=\"https:\/\/www.manaus.am.gov.br\/semcom\/wp-content\/uploads\/sites\/5\/2023\/02\/sugestaodepauta.png\" \/>\n\t<meta property=\"og:image:width\" content=\"1020\" \/>\n\t<meta property=\"og:image:height\" content=\"540\" \/>\n\t<meta property=\"og:image:type\" content=\"image\/png\" \/>\n<meta name=\"twitter:card\" content=\"summary_large_image\" \/>\n<meta name=\"twitter:label1\" content=\"Est. reading time\" \/>\n\t<meta name=\"twitter:data1\" content=\"2 minutos\" \/>\n<script type=\"application\/ld+json\" class=\"yoast-schema-graph\">{\"@context\":\"https:\/\/schema.org\",\"@graph\":[{\"@type\":\"WebPage\",\"@id\":\"https:\/\/www.manaus.am.gov.br\/semcom\/pautas\/prefeito-assina-ordem-de-servico-para-o-inicio-das-primeiras-intervencoes-no-complexo-de-sao-vicente\/\",\"url\":\"https:\/\/www.manaus.am.gov.br\/semcom\/pautas\/prefeito-assina-ordem-de-servico-para-o-inicio-das-primeiras-intervencoes-no-complexo-de-sao-vicente\/\",\"name\":\"Prefeito assina ordem de servi\u00e7o para o in\u00edcio das primeiras interven\u00e7\u00f5es no complexo de S\u00e3o Vicente\",\"isPartOf\":{\"@id\":\"https:\/\/www.manaus.am.gov.br\/semcom\/#website\"},\"primaryImageOfPage\":{\"@id\":\"https:\/\/www.manaus.am.gov.br\/semcom\/pautas\/prefeito-assina-ordem-de-servico-para-o-inicio-das-primeiras-intervencoes-no-complexo-de-sao-vicente\/#primaryimage\"},\"image\":{\"@id\":\"https:\/\/www.manaus.am.gov.br\/semcom\/pautas\/prefeito-assina-ordem-de-servico-para-o-inicio-das-primeiras-intervencoes-no-complexo-de-sao-vicente\/#primaryimage\"},\"thumbnailUrl\":\"https:\/\/www.manaus.am.gov.br\/semcom\/wp-content\/uploads\/sites\/5\/2023\/02\/sugestaodepauta.png\",\"datePublished\":\"2023-03-05T17:20:21+00:00\",\"dateModified\":\"2023-03-05T17:20:21+00:00\",\"description\":\"A assinatura ocorre na pr\u00f3xima quinta-feira, 9\/3, na avenida 7 de Setembro, esquina com a rua Visconde de Mau\u00e1 (antigo pr\u00e9dio da Ceam).\",\"inLanguage\":\"pt-BR\",\"potentialAction\":[{\"@type\":\"ReadAction\",\"target\":[\"https:\/\/www.manaus.am.gov.br\/semcom\/pautas\/prefeito-assina-ordem-de-servico-para-o-inicio-das-primeiras-intervencoes-no-complexo-de-sao-vicente\/\"]}]},{\"@type\":\"ImageObject\",\"inLanguage\":\"pt-BR\",\"@id\":\"https:\/\/www.manaus.am.gov.br\/semcom\/pautas\/prefeito-assina-ordem-de-servico-para-o-inicio-das-primeiras-intervencoes-no-complexo-de-sao-vicente\/#primaryimage\",\"url\":\"https:\/\/www.manaus.am.gov.br\/semcom\/wp-content\/uploads\/sites\/5\/2023\/02\/sugestaodepauta.png\",\"contentUrl\":\"https:\/\/www.manaus.am.gov.br\/semcom\/wp-content\/uploads\/sites\/5\/2023\/02\/sugestaodepauta.png\",\"width\":1020,\"height\":540},{\"@type\":\"WebSite\",\"@id\":\"https:\/\/www.manaus.am.gov.br\/semcom\/#website\",\"url\":\"https:\/\/www.manaus.am.gov.br\/semcom\/\",\"name\":\"SEMCOM\",\"description\":\"Secretaria Municipal de Comunica\u00e7\u00e3o\",\"potentialAction\":[{\"@type\":\"SearchAction\",\"target\":{\"@type\":\"EntryPoint\",\"urlTemplate\":\"https:\/\/www.manaus.am.gov.br\/semcom\/?s={search_term_string}\"},\"query-input\":\"required name=search_term_string\"}],\"inLanguage\":\"pt-BR\"}]}<\/script>\n<!-- \/ Yoast SEO plugin. -->","yoast_head_json":{"title":"Prefeito assina ordem de servi\u00e7o para o in\u00edcio das primeiras interven\u00e7\u00f5es no complexo de S\u00e3o Vicente","description":"A assinatura ocorre na pr\u00f3xima quinta-feira, 9\/3, na avenida 7 de Setembro, esquina com a rua Visconde de Mau\u00e1 (antigo pr\u00e9dio da Ceam).","robots":{"index":"index","follow":"follow","max-snippet":"max-snippet:-1","max-image-preview":"max-image-preview:large","max-video-preview":"max-video-preview:-1"},"canonical":"https:\/\/www.manaus.am.gov.br\/semcom\/pautas\/prefeito-assina-ordem-de-servico-para-o-inicio-das-primeiras-intervencoes-no-complexo-de-sao-vicente\/","og_locale":"pt_BR","og_type":"article","og_title":"Prefeito assina ordem de servi\u00e7o para o in\u00edcio das primeiras interven\u00e7\u00f5es no complexo de S\u00e3o Vicente","og_description":"A assinatura ocorre na pr\u00f3xima quinta-feira, 9\/3, na avenida 7 de Setembro, esquina com a rua Visconde de Mau\u00e1 (antigo pr\u00e9dio da Ceam).","og_url":"https:\/\/www.manaus.am.gov.br\/semcom\/pautas\/prefeito-assina-ordem-de-servico-para-o-inicio-das-primeiras-intervencoes-no-complexo-de-sao-vicente\/","og_site_name":"SEMCOM","og_image":[{"width":1020,"height":540,"url":"https:\/\/www.manaus.am.gov.br\/semcom\/wp-content\/uploads\/sites\/5\/2023\/02\/sugestaodepauta.png","type":"image\/png"}],"twitter_card":"summary_large_image","twitter_misc":{"Est. reading time":"2 minutos"},"schema":{"@context":"https:\/\/schema.org","@graph":[{"@type":"WebPage","@id":"https:\/\/www.manaus.am.gov.br\/semcom\/pautas\/prefeito-assina-ordem-de-servico-para-o-inicio-das-primeiras-intervencoes-no-complexo-de-sao-vicente\/","url":"https:\/\/www.manaus.am.gov.br\/semcom\/pautas\/prefeito-assina-ordem-de-servico-para-o-inicio-das-primeiras-intervencoes-no-complexo-de-sao-vicente\/","name":"Prefeito assina ordem de servi\u00e7o para o in\u00edcio das primeiras interven\u00e7\u00f5es no complexo de S\u00e3o Vicente","isPartOf":{"@id":"https:\/\/www.manaus.am.gov.br\/semcom\/#website"},"primaryImageOfPage":{"@id":"https:\/\/www.manaus.am.gov.br\/semcom\/pautas\/prefeito-assina-ordem-de-servico-para-o-inicio-das-primeiras-intervencoes-no-complexo-de-sao-vicente\/#primaryimage"},"image":{"@id":"https:\/\/www.manaus.am.gov.br\/semcom\/pautas\/prefeito-assina-ordem-de-servico-para-o-inicio-das-primeiras-intervencoes-no-complexo-de-sao-vicente\/#primaryimage"},"thumbnailUrl":"https:\/\/www.manaus.am.gov.br\/semcom\/wp-content\/uploads\/sites\/5\/2023\/02\/sugestaodepauta.png","datePublished":"2023-03-05T17:20:21+00:00","dateModified":"2023-03-05T17:20:21+00:00","description":"A assinatura ocorre na pr\u00f3xima quinta-feira, 9\/3, na avenida 7 de Setembro, esquina com a rua Visconde de Mau\u00e1 (antigo pr\u00e9dio da Ceam).","inLanguage":"pt-BR","potentialAction":[{"@type":"ReadAction","target":["https:\/\/www.manaus.am.gov.br\/semcom\/pautas\/prefeito-assina-ordem-de-servico-para-o-inicio-das-primeiras-intervencoes-no-complexo-de-sao-vicente\/"]}]},{"@type":"ImageObject","inLanguage":"pt-BR","@id":"https:\/\/www.manaus.am.gov.br\/semcom\/pautas\/prefeito-assina-ordem-de-servico-para-o-inicio-das-primeiras-intervencoes-no-complexo-de-sao-vicente\/#primaryimage","url":"https:\/\/www.manaus.am.gov.br\/semcom\/wp-content\/uploads\/sites\/5\/2023\/02\/sugestaodepauta.png","contentUrl":"https:\/\/www.manaus.am.gov.br\/semcom\/wp-content\/uploads\/sites\/5\/2023\/02\/sugestaodepauta.png","width":1020,"height":540},{"@type":"WebSite","@id":"https:\/\/www.manaus.am.gov.br\/semcom\/#website","url":"https:\/\/www.manaus.am.gov.br\/semcom\/","name":"SEMCOM","description":"Secretaria Municipal de Comunica\u00e7\u00e3o","potentialAction":[{"@type":"SearchAction","target":{"@type":"EntryPoint","urlTemplate":"https:\/\/www.manaus.am.gov.br\/semcom\/?s={search_term_string}"},"query-input":"required name=search_term_string"}],"inLanguage":"pt-BR"}]}},"_links":{"self":[{"href":"https:\/\/www.manaus.am.gov.br\/semcom\/wp-json\/wp\/v2\/pautas\/210078"}],"collection":[{"href":"https:\/\/www.manaus.am.gov.br\/semcom\/wp-json\/wp\/v2\/pautas"}],"about":[{"href":"https:\/\/www.manaus.am.gov.br\/semcom\/wp-json\/wp\/v2\/types\/pautas"}],"wp:featuredmedia":[{"embeddable":true,"href":"https:\/\/www.manaus.am.gov.br\/semcom\/wp-json\/wp\/v2\/media\/208729"}],"wp:attachment":[{"href":"https:\/\/www.manaus.am.gov.br\/semcom\/wp-json\/wp\/v2\/media?parent=210078"}],"wp:term":[{"taxonomy":"category","embeddable":true,"href":"https:\/\/www.manaus.am.gov.br\/semcom\/wp-json\/wp\/v2\/categories?post=210078"}],"curies":[{"name":"wp","href":"https:\/\/api.w.org\/{rel}","templated":true}]}}