{"id":209891,"date":"2023-03-02T12:08:03","date_gmt":"2023-03-02T15:08:03","guid":{"rendered":"https:\/\/www.manaus.am.gov.br\/semcom\/?post_type=pautas&#038;p=209891"},"modified":"2023-03-03T12:49:50","modified_gmt":"2023-03-03T15:49:50","slug":"prefeitura-encerra-seminario-de-educacao-inclusiva-da-semed-nesta-quinta-feira","status":"publish","type":"pautas","link":"https:\/\/www.manaus.am.gov.br\/semcom\/pautas\/prefeitura-encerra-seminario-de-educacao-inclusiva-da-semed-nesta-quinta-feira\/","title":{"rendered":"Prefeitura encerra \u2018Semin\u00e1rio de Educa\u00e7\u00e3o Inclusiva\u2019 da Semed nesta quinta-feira"},"content":{"rendered":"\n<p>Encerra-se, nesta quinta-feira, 2\/3, o \u201cSemin\u00e1rio de Educa\u00e7\u00e3o Inclusiva: Direito \u00e0 Diversidade\u201d, realizado pela Prefeitura de Manaus, por meio da Secretaria Municipal de Educa\u00e7\u00e3o (Semed).<\/p>\n\n\n\n<p>O evento, que teve in\u00edcio na quarta-feira, 1\u00ba\/3, no Centro de Conven\u00e7\u00f5es do Amazonas Vasco Vasques, na avenida Constantino Nery, reuniu mais de 1.500 educadores que atuam na educa\u00e7\u00e3o especial do munic\u00edpio.<\/p>\n\n\n\n<p>No \u00faltimo dia do encontro, os educadores ter\u00e3o as palestras dos docentes Ana Cec\u00edlia de Oliveira, Christine dos Santos, Dalmir de Souza e Dilcin\u00e9a Reis, sobre \u201cProcesso de Alfabetiza\u00e7\u00e3o e Inclus\u00e3o Escolar; Inclus\u00e3o e Gest\u00e3o das Diferen\u00e7as\u201d e, para finalizar, ter\u00e1 uma mesa-redonda, onde ser\u00e3o abordados questionamentos sobre os temas. O semin\u00e1rio acontece ainda nesta quinta-feira.<\/p>\n\n\n\n<p>SERVI\u00c7O:<\/p>\n\n\n\n<p>O qu\u00ea \u2013 Encerramento do \u2018Semin\u00e1rio de Educa\u00e7\u00e3o Inclusiva da Rede Municipal de Educa\u00e7\u00e3o\u2019<br>Quando \u2013 Quinta-feira, 2\/3<br>Hor\u00e1rio &#8211; 8h \u00e0s 18h<br>Local &#8211; Centro de Conven\u00e7\u00f5es do Amazonas Vasco Vasques, na avenida Constantino Nery<\/p>\n","protected":false},"featured_media":208729,"template":"","categories":[788],"acf":[],"yoast_head":"<!-- This site is optimized with the Yoast SEO plugin v23.0 - https:\/\/yoast.com\/wordpress\/plugins\/seo\/ -->\n<title>Prefeitura encerra \u2018Semin\u00e1rio de Educa\u00e7\u00e3o Inclusiva\u2019 da Semed nesta quinta-feira<\/title>\n<meta name=\"description\" content=\"Encerra-se, nesta quinta-feira, 2\/3, o \u201cSemin\u00e1rio de Educa\u00e7\u00e3o Inclusiva: Direito \u00e0 Diversidade\u201d, realizado pela Prefeitura de Manaus, por meio da Secretaria Municipal de Educa\u00e7\u00e3o (Semed).\" \/>\n<meta name=\"robots\" content=\"index, follow, max-snippet:-1, max-image-preview:large, max-video-preview:-1\" \/>\n<link rel=\"canonical\" href=\"https:\/\/www.manaus.am.gov.br\/semcom\/pautas\/prefeitura-encerra-seminario-de-educacao-inclusiva-da-semed-nesta-quinta-feira\/\" \/>\n<meta property=\"og:locale\" content=\"pt_BR\" \/>\n<meta property=\"og:type\" content=\"article\" \/>\n<meta property=\"og:title\" content=\"Prefeitura encerra \u2018Semin\u00e1rio de Educa\u00e7\u00e3o Inclusiva\u2019 da Semed nesta quinta-feira\" \/>\n<meta property=\"og:description\" content=\"Encerra-se, nesta quinta-feira, 2\/3, o \u201cSemin\u00e1rio de Educa\u00e7\u00e3o Inclusiva: Direito \u00e0 Diversidade\u201d, realizado pela Prefeitura de Manaus, por meio da Secretaria Municipal de Educa\u00e7\u00e3o (Semed).\" \/>\n<meta property=\"og:url\" content=\"https:\/\/www.manaus.am.gov.br\/semcom\/pautas\/prefeitura-encerra-seminario-de-educacao-inclusiva-da-semed-nesta-quinta-feira\/\" \/>\n<meta property=\"og:site_name\" content=\"SEMCOM\" \/>\n<meta property=\"article:modified_time\" content=\"2023-03-03T15:49:50+00:00\" \/>\n<meta property=\"og:image\" content=\"https:\/\/www.manaus.am.gov.br\/semcom\/wp-content\/uploads\/sites\/5\/2023\/02\/sugestaodepauta.png\" \/>\n\t<meta property=\"og:image:width\" content=\"1020\" \/>\n\t<meta property=\"og:image:height\" content=\"540\" \/>\n\t<meta property=\"og:image:type\" content=\"image\/png\" \/>\n<meta name=\"twitter:card\" content=\"summary_large_image\" \/>\n<meta name=\"twitter:label1\" content=\"Est. reading time\" \/>\n\t<meta name=\"twitter:data1\" content=\"1 minuto\" \/>\n<script type=\"application\/ld+json\" class=\"yoast-schema-graph\">{\"@context\":\"https:\/\/schema.org\",\"@graph\":[{\"@type\":\"WebPage\",\"@id\":\"https:\/\/www.manaus.am.gov.br\/semcom\/pautas\/prefeitura-encerra-seminario-de-educacao-inclusiva-da-semed-nesta-quinta-feira\/\",\"url\":\"https:\/\/www.manaus.am.gov.br\/semcom\/pautas\/prefeitura-encerra-seminario-de-educacao-inclusiva-da-semed-nesta-quinta-feira\/\",\"name\":\"Prefeitura encerra \u2018Semin\u00e1rio de Educa\u00e7\u00e3o Inclusiva\u2019 da Semed nesta quinta-feira\",\"isPartOf\":{\"@id\":\"https:\/\/www.manaus.am.gov.br\/semcom\/#website\"},\"primaryImageOfPage\":{\"@id\":\"https:\/\/www.manaus.am.gov.br\/semcom\/pautas\/prefeitura-encerra-seminario-de-educacao-inclusiva-da-semed-nesta-quinta-feira\/#primaryimage\"},\"image\":{\"@id\":\"https:\/\/www.manaus.am.gov.br\/semcom\/pautas\/prefeitura-encerra-seminario-de-educacao-inclusiva-da-semed-nesta-quinta-feira\/#primaryimage\"},\"thumbnailUrl\":\"https:\/\/www.manaus.am.gov.br\/semcom\/wp-content\/uploads\/sites\/5\/2023\/02\/sugestaodepauta.png\",\"datePublished\":\"2023-03-02T15:08:03+00:00\",\"dateModified\":\"2023-03-03T15:49:50+00:00\",\"description\":\"Encerra-se, nesta quinta-feira, 2\/3, o \u201cSemin\u00e1rio de Educa\u00e7\u00e3o Inclusiva: Direito \u00e0 Diversidade\u201d, realizado pela Prefeitura de Manaus, por meio da Secretaria Municipal de Educa\u00e7\u00e3o (Semed).\",\"inLanguage\":\"pt-BR\",\"potentialAction\":[{\"@type\":\"ReadAction\",\"target\":[\"https:\/\/www.manaus.am.gov.br\/semcom\/pautas\/prefeitura-encerra-seminario-de-educacao-inclusiva-da-semed-nesta-quinta-feira\/\"]}]},{\"@type\":\"ImageObject\",\"inLanguage\":\"pt-BR\",\"@id\":\"https:\/\/www.manaus.am.gov.br\/semcom\/pautas\/prefeitura-encerra-seminario-de-educacao-inclusiva-da-semed-nesta-quinta-feira\/#primaryimage\",\"url\":\"https:\/\/www.manaus.am.gov.br\/semcom\/wp-content\/uploads\/sites\/5\/2023\/02\/sugestaodepauta.png\",\"contentUrl\":\"https:\/\/www.manaus.am.gov.br\/semcom\/wp-content\/uploads\/sites\/5\/2023\/02\/sugestaodepauta.png\",\"width\":1020,\"height\":540},{\"@type\":\"WebSite\",\"@id\":\"https:\/\/www.manaus.am.gov.br\/semcom\/#website\",\"url\":\"https:\/\/www.manaus.am.gov.br\/semcom\/\",\"name\":\"SEMCOM\",\"description\":\"Secretaria Municipal de Comunica\u00e7\u00e3o\",\"potentialAction\":[{\"@type\":\"SearchAction\",\"target\":{\"@type\":\"EntryPoint\",\"urlTemplate\":\"https:\/\/www.manaus.am.gov.br\/semcom\/?s={search_term_string}\"},\"query-input\":\"required name=search_term_string\"}],\"inLanguage\":\"pt-BR\"}]}<\/script>\n<!-- \/ Yoast SEO plugin. -->","yoast_head_json":{"title":"Prefeitura encerra \u2018Semin\u00e1rio de Educa\u00e7\u00e3o Inclusiva\u2019 da Semed nesta quinta-feira","description":"Encerra-se, nesta quinta-feira, 2\/3, o \u201cSemin\u00e1rio de Educa\u00e7\u00e3o Inclusiva: Direito \u00e0 Diversidade\u201d, realizado pela Prefeitura de Manaus, por meio da Secretaria Municipal de Educa\u00e7\u00e3o (Semed).","robots":{"index":"index","follow":"follow","max-snippet":"max-snippet:-1","max-image-preview":"max-image-preview:large","max-video-preview":"max-video-preview:-1"},"canonical":"https:\/\/www.manaus.am.gov.br\/semcom\/pautas\/prefeitura-encerra-seminario-de-educacao-inclusiva-da-semed-nesta-quinta-feira\/","og_locale":"pt_BR","og_type":"article","og_title":"Prefeitura encerra \u2018Semin\u00e1rio de Educa\u00e7\u00e3o Inclusiva\u2019 da Semed nesta quinta-feira","og_description":"Encerra-se, nesta quinta-feira, 2\/3, o \u201cSemin\u00e1rio de Educa\u00e7\u00e3o Inclusiva: Direito \u00e0 Diversidade\u201d, realizado pela Prefeitura de Manaus, por meio da Secretaria Municipal de Educa\u00e7\u00e3o (Semed).","og_url":"https:\/\/www.manaus.am.gov.br\/semcom\/pautas\/prefeitura-encerra-seminario-de-educacao-inclusiva-da-semed-nesta-quinta-feira\/","og_site_name":"SEMCOM","article_modified_time":"2023-03-03T15:49:50+00:00","og_image":[{"width":1020,"height":540,"url":"https:\/\/www.manaus.am.gov.br\/semcom\/wp-content\/uploads\/sites\/5\/2023\/02\/sugestaodepauta.png","type":"image\/png"}],"twitter_card":"summary_large_image","twitter_misc":{"Est. reading time":"1 minuto"},"schema":{"@context":"https:\/\/schema.org","@graph":[{"@type":"WebPage","@id":"https:\/\/www.manaus.am.gov.br\/semcom\/pautas\/prefeitura-encerra-seminario-de-educacao-inclusiva-da-semed-nesta-quinta-feira\/","url":"https:\/\/www.manaus.am.gov.br\/semcom\/pautas\/prefeitura-encerra-seminario-de-educacao-inclusiva-da-semed-nesta-quinta-feira\/","name":"Prefeitura encerra \u2018Semin\u00e1rio de Educa\u00e7\u00e3o Inclusiva\u2019 da Semed nesta quinta-feira","isPartOf":{"@id":"https:\/\/www.manaus.am.gov.br\/semcom\/#website"},"primaryImageOfPage":{"@id":"https:\/\/www.manaus.am.gov.br\/semcom\/pautas\/prefeitura-encerra-seminario-de-educacao-inclusiva-da-semed-nesta-quinta-feira\/#primaryimage"},"image":{"@id":"https:\/\/www.manaus.am.gov.br\/semcom\/pautas\/prefeitura-encerra-seminario-de-educacao-inclusiva-da-semed-nesta-quinta-feira\/#primaryimage"},"thumbnailUrl":"https:\/\/www.manaus.am.gov.br\/semcom\/wp-content\/uploads\/sites\/5\/2023\/02\/sugestaodepauta.png","datePublished":"2023-03-02T15:08:03+00:00","dateModified":"2023-03-03T15:49:50+00:00","description":"Encerra-se, nesta quinta-feira, 2\/3, o \u201cSemin\u00e1rio de Educa\u00e7\u00e3o Inclusiva: Direito \u00e0 Diversidade\u201d, realizado pela Prefeitura de Manaus, por meio da Secretaria Municipal de Educa\u00e7\u00e3o (Semed).","inLanguage":"pt-BR","potentialAction":[{"@type":"ReadAction","target":["https:\/\/www.manaus.am.gov.br\/semcom\/pautas\/prefeitura-encerra-seminario-de-educacao-inclusiva-da-semed-nesta-quinta-feira\/"]}]},{"@type":"ImageObject","inLanguage":"pt-BR","@id":"https:\/\/www.manaus.am.gov.br\/semcom\/pautas\/prefeitura-encerra-seminario-de-educacao-inclusiva-da-semed-nesta-quinta-feira\/#primaryimage","url":"https:\/\/www.manaus.am.gov.br\/semcom\/wp-content\/uploads\/sites\/5\/2023\/02\/sugestaodepauta.png","contentUrl":"https:\/\/www.manaus.am.gov.br\/semcom\/wp-content\/uploads\/sites\/5\/2023\/02\/sugestaodepauta.png","width":1020,"height":540},{"@type":"WebSite","@id":"https:\/\/www.manaus.am.gov.br\/semcom\/#website","url":"https:\/\/www.manaus.am.gov.br\/semcom\/","name":"SEMCOM","description":"Secretaria Municipal de Comunica\u00e7\u00e3o","potentialAction":[{"@type":"SearchAction","target":{"@type":"EntryPoint","urlTemplate":"https:\/\/www.manaus.am.gov.br\/semcom\/?s={search_term_string}"},"query-input":"required name=search_term_string"}],"inLanguage":"pt-BR"}]}},"_links":{"self":[{"href":"https:\/\/www.manaus.am.gov.br\/semcom\/wp-json\/wp\/v2\/pautas\/209891"}],"collection":[{"href":"https:\/\/www.manaus.am.gov.br\/semcom\/wp-json\/wp\/v2\/pautas"}],"about":[{"href":"https:\/\/www.manaus.am.gov.br\/semcom\/wp-json\/wp\/v2\/types\/pautas"}],"wp:featuredmedia":[{"embeddable":true,"href":"https:\/\/www.manaus.am.gov.br\/semcom\/wp-json\/wp\/v2\/media\/208729"}],"wp:attachment":[{"href":"https:\/\/www.manaus.am.gov.br\/semcom\/wp-json\/wp\/v2\/media?parent=209891"}],"wp:term":[{"taxonomy":"category","embeddable":true,"href":"https:\/\/www.manaus.am.gov.br\/semcom\/wp-json\/wp\/v2\/categories?post=209891"}],"curies":[{"name":"wp","href":"https:\/\/api.w.org\/{rel}","templated":true}]}}