{"id":209844,"date":"2023-03-01T15:44:48","date_gmt":"2023-03-01T18:44:48","guid":{"rendered":"https:\/\/www.manaus.am.gov.br\/semcom\/?post_type=pautas&#038;p=209844"},"modified":"2023-03-03T12:46:36","modified_gmt":"2023-03-03T15:46:36","slug":"prefeitura-de-manaus-entrega-nova-feira-do-sao-francisco-nesta-quinta-feira","status":"publish","type":"pautas","link":"https:\/\/www.manaus.am.gov.br\/semcom\/pautas\/prefeitura-de-manaus-entrega-nova-feira-do-sao-francisco-nesta-quinta-feira\/","title":{"rendered":"Prefeito e governador entregam nova feira do S\u00e3o Francisco nesta quinta-feira"},"content":{"rendered":"\n<p>Trabalhando na moderniza\u00e7\u00e3o e na padroniza\u00e7\u00e3o das&nbsp;feiras&nbsp;e mercados, o prefeito de Manaus, David Almeida, e o governador do Amazonas, Wilson Lima, entregam, nesta quinta-feira, 2\/3, \u00e0s&nbsp;16h, a nova&nbsp;feira&nbsp;do&nbsp;S\u00e3o&nbsp;Francisco, localizada no bairro&nbsp;S\u00e3o&nbsp;Francisco, zona Sul da capital.<\/p>\n\n\n\n<p>Or\u00e7ado em R$ 436 mil, o servi\u00e7o realizado pela Secretaria Municipal de Agricultura, Abastecimento, Centro e Com\u00e9rcio Informal (Semacc) em parceria com o Governo do Amazonas, contemplou a reforma geral da cobertura, piso, do sistema de drenagem, instala\u00e7\u00f5es el\u00e9tricas, banheiros com acessibilidade, novas esquadrias, al\u00e9m de pintura e moderniza\u00e7\u00e3o total do espa\u00e7o, que tem aproximadamente 836 metros quadrados, com 48 permission\u00e1rios que trabalham com frutas, verduras, lanches, roupas, entre outras atividades.<\/p>\n\n\n\n<p>O objetivo da reforma \u00e9 oferecer aos feirantes e frequentadores, um espa\u00e7o novo, moderno, arejado, com seguran\u00e7a e humaniza\u00e7\u00e3o. A reforma \u00e9 mais um compromisso da administra\u00e7\u00e3o, assumido com os profissionais das&nbsp;feiras&nbsp;e mercados, que estavam h\u00e1 anos sem nenhum tipo de assist\u00eancia e reforma.&nbsp;<\/p>\n\n\n\n<p>Surgida nos anos 1950, a&nbsp;feira&nbsp;teve a \u00faltima reforma registrada na d\u00e9cada de 90, ou seja, h\u00e1, pelo menos, 23 anos sem nenhuma melhoria. O complexo comercial atende a 48 permission\u00e1rios, gerando quase 90 empregos diretos e mais de mil indiretos.<\/p>\n\n\n\n<p><strong>SERVI\u00c7O:<\/strong><\/p>\n\n\n\n<p><strong>O qu\u00ea \u2013<\/strong>&nbsp;Entrega da nova&nbsp;feira&nbsp;do&nbsp;S\u00e3o&nbsp;Francisco<\/p>\n\n\n\n<p><strong>Quando \u2013<\/strong>&nbsp;Quinta-feira, 2\/3<\/p>\n\n\n\n<p><strong>Hor\u00e1rio &#8211;<\/strong>&nbsp;16h<\/p>\n\n\n\n<p><strong>Local \u2013<\/strong>&nbsp;Rua General Carneiro,&nbsp;s\/n\u00ba, bairro&nbsp;S\u00e3o&nbsp;Francisco, zona Sul.<\/p>\n\n\n\n<p><\/p>\n\n\n\n<p><\/p>\n\n\n\n<p><\/p>\n","protected":false},"featured_media":208729,"template":"","categories":[803],"acf":[],"yoast_head":"<!-- This site is optimized with the Yoast SEO plugin v23.0 - https:\/\/yoast.com\/wordpress\/plugins\/seo\/ -->\n<title>Prefeito e governador entregam nova\u00a0feira\u00a0do\u00a0S\u00e3o\u00a0Francisco\u00a0nesta quinta-feira<\/title>\n<meta name=\"description\" content=\"Trabalhando na moderniza\u00e7\u00e3o e na padroniza\u00e7\u00e3o das\u00a0feiras\u00a0e mercados, o prefeito de Manaus, David Almeida,\" \/>\n<meta name=\"robots\" content=\"index, follow, max-snippet:-1, max-image-preview:large, max-video-preview:-1\" \/>\n<link rel=\"canonical\" href=\"https:\/\/www.manaus.am.gov.br\/semcom\/pautas\/prefeitura-de-manaus-entrega-nova-feira-do-sao-francisco-nesta-quinta-feira\/\" \/>\n<meta property=\"og:locale\" content=\"pt_BR\" \/>\n<meta property=\"og:type\" content=\"article\" \/>\n<meta property=\"og:title\" content=\"Prefeito e governador entregam nova\u00a0feira\u00a0do\u00a0S\u00e3o\u00a0Francisco\u00a0nesta quinta-feira\" \/>\n<meta property=\"og:description\" content=\"Trabalhando na moderniza\u00e7\u00e3o e na padroniza\u00e7\u00e3o das\u00a0feiras\u00a0e mercados, o prefeito de Manaus, David Almeida,\" \/>\n<meta property=\"og:url\" content=\"https:\/\/www.manaus.am.gov.br\/semcom\/pautas\/prefeitura-de-manaus-entrega-nova-feira-do-sao-francisco-nesta-quinta-feira\/\" \/>\n<meta property=\"og:site_name\" content=\"SEMCOM\" \/>\n<meta property=\"article:modified_time\" content=\"2023-03-03T15:46:36+00:00\" \/>\n<meta property=\"og:image\" content=\"https:\/\/www.manaus.am.gov.br\/semcom\/wp-content\/uploads\/sites\/5\/2023\/02\/sugestaodepauta.png\" \/>\n\t<meta property=\"og:image:width\" content=\"1020\" \/>\n\t<meta property=\"og:image:height\" content=\"540\" \/>\n\t<meta property=\"og:image:type\" content=\"image\/png\" \/>\n<meta name=\"twitter:card\" content=\"summary_large_image\" \/>\n<meta name=\"twitter:label1\" content=\"Est. reading time\" \/>\n\t<meta name=\"twitter:data1\" content=\"2 minutos\" \/>\n<script type=\"application\/ld+json\" class=\"yoast-schema-graph\">{\"@context\":\"https:\/\/schema.org\",\"@graph\":[{\"@type\":\"WebPage\",\"@id\":\"https:\/\/www.manaus.am.gov.br\/semcom\/pautas\/prefeitura-de-manaus-entrega-nova-feira-do-sao-francisco-nesta-quinta-feira\/\",\"url\":\"https:\/\/www.manaus.am.gov.br\/semcom\/pautas\/prefeitura-de-manaus-entrega-nova-feira-do-sao-francisco-nesta-quinta-feira\/\",\"name\":\"Prefeito e governador entregam nova\u00a0feira\u00a0do\u00a0S\u00e3o\u00a0Francisco\u00a0nesta quinta-feira\",\"isPartOf\":{\"@id\":\"https:\/\/www.manaus.am.gov.br\/semcom\/#website\"},\"primaryImageOfPage\":{\"@id\":\"https:\/\/www.manaus.am.gov.br\/semcom\/pautas\/prefeitura-de-manaus-entrega-nova-feira-do-sao-francisco-nesta-quinta-feira\/#primaryimage\"},\"image\":{\"@id\":\"https:\/\/www.manaus.am.gov.br\/semcom\/pautas\/prefeitura-de-manaus-entrega-nova-feira-do-sao-francisco-nesta-quinta-feira\/#primaryimage\"},\"thumbnailUrl\":\"https:\/\/www.manaus.am.gov.br\/semcom\/wp-content\/uploads\/sites\/5\/2023\/02\/sugestaodepauta.png\",\"datePublished\":\"2023-03-01T18:44:48+00:00\",\"dateModified\":\"2023-03-03T15:46:36+00:00\",\"description\":\"Trabalhando na moderniza\u00e7\u00e3o e na padroniza\u00e7\u00e3o das\u00a0feiras\u00a0e mercados, o prefeito de Manaus, David Almeida,\",\"inLanguage\":\"pt-BR\",\"potentialAction\":[{\"@type\":\"ReadAction\",\"target\":[\"https:\/\/www.manaus.am.gov.br\/semcom\/pautas\/prefeitura-de-manaus-entrega-nova-feira-do-sao-francisco-nesta-quinta-feira\/\"]}]},{\"@type\":\"ImageObject\",\"inLanguage\":\"pt-BR\",\"@id\":\"https:\/\/www.manaus.am.gov.br\/semcom\/pautas\/prefeitura-de-manaus-entrega-nova-feira-do-sao-francisco-nesta-quinta-feira\/#primaryimage\",\"url\":\"https:\/\/www.manaus.am.gov.br\/semcom\/wp-content\/uploads\/sites\/5\/2023\/02\/sugestaodepauta.png\",\"contentUrl\":\"https:\/\/www.manaus.am.gov.br\/semcom\/wp-content\/uploads\/sites\/5\/2023\/02\/sugestaodepauta.png\",\"width\":1020,\"height\":540},{\"@type\":\"WebSite\",\"@id\":\"https:\/\/www.manaus.am.gov.br\/semcom\/#website\",\"url\":\"https:\/\/www.manaus.am.gov.br\/semcom\/\",\"name\":\"SEMCOM\",\"description\":\"Secretaria Municipal de Comunica\u00e7\u00e3o\",\"potentialAction\":[{\"@type\":\"SearchAction\",\"target\":{\"@type\":\"EntryPoint\",\"urlTemplate\":\"https:\/\/www.manaus.am.gov.br\/semcom\/?s={search_term_string}\"},\"query-input\":\"required name=search_term_string\"}],\"inLanguage\":\"pt-BR\"}]}<\/script>\n<!-- \/ Yoast SEO plugin. -->","yoast_head_json":{"title":"Prefeito e governador entregam nova\u00a0feira\u00a0do\u00a0S\u00e3o\u00a0Francisco\u00a0nesta quinta-feira","description":"Trabalhando na moderniza\u00e7\u00e3o e na padroniza\u00e7\u00e3o das\u00a0feiras\u00a0e mercados, o prefeito de Manaus, David Almeida,","robots":{"index":"index","follow":"follow","max-snippet":"max-snippet:-1","max-image-preview":"max-image-preview:large","max-video-preview":"max-video-preview:-1"},"canonical":"https:\/\/www.manaus.am.gov.br\/semcom\/pautas\/prefeitura-de-manaus-entrega-nova-feira-do-sao-francisco-nesta-quinta-feira\/","og_locale":"pt_BR","og_type":"article","og_title":"Prefeito e governador entregam nova\u00a0feira\u00a0do\u00a0S\u00e3o\u00a0Francisco\u00a0nesta quinta-feira","og_description":"Trabalhando na moderniza\u00e7\u00e3o e na padroniza\u00e7\u00e3o das\u00a0feiras\u00a0e mercados, o prefeito de Manaus, David Almeida,","og_url":"https:\/\/www.manaus.am.gov.br\/semcom\/pautas\/prefeitura-de-manaus-entrega-nova-feira-do-sao-francisco-nesta-quinta-feira\/","og_site_name":"SEMCOM","article_modified_time":"2023-03-03T15:46:36+00:00","og_image":[{"width":1020,"height":540,"url":"https:\/\/www.manaus.am.gov.br\/semcom\/wp-content\/uploads\/sites\/5\/2023\/02\/sugestaodepauta.png","type":"image\/png"}],"twitter_card":"summary_large_image","twitter_misc":{"Est. reading time":"2 minutos"},"schema":{"@context":"https:\/\/schema.org","@graph":[{"@type":"WebPage","@id":"https:\/\/www.manaus.am.gov.br\/semcom\/pautas\/prefeitura-de-manaus-entrega-nova-feira-do-sao-francisco-nesta-quinta-feira\/","url":"https:\/\/www.manaus.am.gov.br\/semcom\/pautas\/prefeitura-de-manaus-entrega-nova-feira-do-sao-francisco-nesta-quinta-feira\/","name":"Prefeito e governador entregam nova\u00a0feira\u00a0do\u00a0S\u00e3o\u00a0Francisco\u00a0nesta quinta-feira","isPartOf":{"@id":"https:\/\/www.manaus.am.gov.br\/semcom\/#website"},"primaryImageOfPage":{"@id":"https:\/\/www.manaus.am.gov.br\/semcom\/pautas\/prefeitura-de-manaus-entrega-nova-feira-do-sao-francisco-nesta-quinta-feira\/#primaryimage"},"image":{"@id":"https:\/\/www.manaus.am.gov.br\/semcom\/pautas\/prefeitura-de-manaus-entrega-nova-feira-do-sao-francisco-nesta-quinta-feira\/#primaryimage"},"thumbnailUrl":"https:\/\/www.manaus.am.gov.br\/semcom\/wp-content\/uploads\/sites\/5\/2023\/02\/sugestaodepauta.png","datePublished":"2023-03-01T18:44:48+00:00","dateModified":"2023-03-03T15:46:36+00:00","description":"Trabalhando na moderniza\u00e7\u00e3o e na padroniza\u00e7\u00e3o das\u00a0feiras\u00a0e mercados, o prefeito de Manaus, David Almeida,","inLanguage":"pt-BR","potentialAction":[{"@type":"ReadAction","target":["https:\/\/www.manaus.am.gov.br\/semcom\/pautas\/prefeitura-de-manaus-entrega-nova-feira-do-sao-francisco-nesta-quinta-feira\/"]}]},{"@type":"ImageObject","inLanguage":"pt-BR","@id":"https:\/\/www.manaus.am.gov.br\/semcom\/pautas\/prefeitura-de-manaus-entrega-nova-feira-do-sao-francisco-nesta-quinta-feira\/#primaryimage","url":"https:\/\/www.manaus.am.gov.br\/semcom\/wp-content\/uploads\/sites\/5\/2023\/02\/sugestaodepauta.png","contentUrl":"https:\/\/www.manaus.am.gov.br\/semcom\/wp-content\/uploads\/sites\/5\/2023\/02\/sugestaodepauta.png","width":1020,"height":540},{"@type":"WebSite","@id":"https:\/\/www.manaus.am.gov.br\/semcom\/#website","url":"https:\/\/www.manaus.am.gov.br\/semcom\/","name":"SEMCOM","description":"Secretaria Municipal de Comunica\u00e7\u00e3o","potentialAction":[{"@type":"SearchAction","target":{"@type":"EntryPoint","urlTemplate":"https:\/\/www.manaus.am.gov.br\/semcom\/?s={search_term_string}"},"query-input":"required name=search_term_string"}],"inLanguage":"pt-BR"}]}},"_links":{"self":[{"href":"https:\/\/www.manaus.am.gov.br\/semcom\/wp-json\/wp\/v2\/pautas\/209844"}],"collection":[{"href":"https:\/\/www.manaus.am.gov.br\/semcom\/wp-json\/wp\/v2\/pautas"}],"about":[{"href":"https:\/\/www.manaus.am.gov.br\/semcom\/wp-json\/wp\/v2\/types\/pautas"}],"wp:featuredmedia":[{"embeddable":true,"href":"https:\/\/www.manaus.am.gov.br\/semcom\/wp-json\/wp\/v2\/media\/208729"}],"wp:attachment":[{"href":"https:\/\/www.manaus.am.gov.br\/semcom\/wp-json\/wp\/v2\/media?parent=209844"}],"wp:term":[{"taxonomy":"category","embeddable":true,"href":"https:\/\/www.manaus.am.gov.br\/semcom\/wp-json\/wp\/v2\/categories?post=209844"}],"curies":[{"name":"wp","href":"https:\/\/api.w.org\/{rel}","templated":true}]}}