{"id":209791,"date":"2023-02-28T17:17:20","date_gmt":"2023-02-28T20:17:20","guid":{"rendered":"https:\/\/www.manaus.am.gov.br\/semcom\/?post_type=pautas&#038;p=209791"},"modified":"2023-03-03T12:45:05","modified_gmt":"2023-03-03T15:45:05","slug":"prefeitura-realiza-abertura-da-exposicao-aqua-nesta-quarta-feira","status":"publish","type":"pautas","link":"https:\/\/www.manaus.am.gov.br\/semcom\/pautas\/prefeitura-realiza-abertura-da-exposicao-aqua-nesta-quarta-feira\/","title":{"rendered":"Prefeitura de Manaus realiza abertura da exposi\u00e7\u00e3o \u2018AQUA\u2019 nesta quarta-feira"},"content":{"rendered":"\n<p>A Prefeitura de Manaus, por meio da Secretaria Municipal de Educa\u00e7\u00e3o (Semed), realiza nesta quarta-feira, 1\u00ba\/3, \u00e0s 14h, a abertura da exposi\u00e7\u00e3o \u201cAqua\u201d. O evento faz parte da parceria entre as Ocas do Conhecimento Ambiental, da Semed, e o Centro de Instru\u00e7\u00e3o de Guerra na Selva (Cigs), que ficar\u00e1 exposto at\u00e9 dia 31, na Oca do Conhecimento Ambiental Dr. Adalberto Carim, no Zool\u00f3gico do Cigs, na avenida S\u00e3o Jorge, bairro S\u00e3o Jorge, zona Oeste.<\/p>\n\n\n\n<p>Os alunos da Escola Municipal Poetisa Carolina v\u00e3o prestigiar a exposi\u00e7\u00e3o das obras da artista pl\u00e1stica Rejane Melo e dos alunos do AteliR\u00ea Criando e Brincando, que foram criadas com materiais reutilizados, como papel\u00e3o e res\u00edduos de paletes.<\/p>\n\n\n\n<p><br><strong>SERVI\u00c7O<\/strong><br><br><strong>O qu\u00ea<\/strong> &#8211; Abertura da exposi\u00e7\u00e3o \u201cAQUA\u201d<\/p>\n\n\n\n<p><strong>Quando \u2013 <\/strong>Quarta-feira, 1\u00ba\/3<\/p>\n\n\n\n<p><strong>Hor\u00e1rio<\/strong> \u2013 14h<\/p>\n\n\n\n<p><strong>Local <\/strong>&#8211; Oca do Conhecimento Ambiental Dr. Adalberto Carim, localizada no Zool\u00f3gico do CIGS, na avenida S\u00e3o Jorge, no bairro S\u00e3o Jorge, zona Oeste<\/p>\n","protected":false},"featured_media":208729,"template":"","categories":[788],"acf":[],"yoast_head":"<!-- This site is optimized with the Yoast SEO plugin v23.0 - https:\/\/yoast.com\/wordpress\/plugins\/seo\/ -->\n<title>Prefeitura realiza abertura da exposi\u00e7\u00e3o \u2018AQUA\u2019 nesta quarta-feira<\/title>\n<meta name=\"description\" content=\"O evento faz parte da parceria entre as Ocas do Conhecimento Ambiental, da Semed, e o Cigs, que ficar\u00e1 exposto at\u00e9 dia 31\/3.\" \/>\n<meta name=\"robots\" content=\"index, follow, max-snippet:-1, max-image-preview:large, max-video-preview:-1\" \/>\n<link rel=\"canonical\" href=\"https:\/\/www.manaus.am.gov.br\/semcom\/pautas\/prefeitura-realiza-abertura-da-exposicao-aqua-nesta-quarta-feira\/\" \/>\n<meta property=\"og:locale\" content=\"pt_BR\" \/>\n<meta property=\"og:type\" content=\"article\" \/>\n<meta property=\"og:title\" content=\"Prefeitura realiza abertura da exposi\u00e7\u00e3o \u2018AQUA\u2019 nesta quarta-feira\" \/>\n<meta property=\"og:description\" content=\"O evento faz parte da parceria entre as Ocas do Conhecimento Ambiental, da Semed, e o Cigs, que ficar\u00e1 exposto at\u00e9 dia 31\/3.\" \/>\n<meta property=\"og:url\" content=\"https:\/\/www.manaus.am.gov.br\/semcom\/pautas\/prefeitura-realiza-abertura-da-exposicao-aqua-nesta-quarta-feira\/\" \/>\n<meta property=\"og:site_name\" content=\"SEMCOM\" \/>\n<meta property=\"article:modified_time\" content=\"2023-03-03T15:45:05+00:00\" \/>\n<meta property=\"og:image\" content=\"https:\/\/www.manaus.am.gov.br\/semcom\/wp-content\/uploads\/sites\/5\/2023\/02\/sugestaodepauta.png\" \/>\n\t<meta property=\"og:image:width\" content=\"1020\" \/>\n\t<meta property=\"og:image:height\" content=\"540\" \/>\n\t<meta property=\"og:image:type\" content=\"image\/png\" \/>\n<meta name=\"twitter:card\" content=\"summary_large_image\" \/>\n<meta name=\"twitter:label1\" content=\"Est. reading time\" \/>\n\t<meta name=\"twitter:data1\" content=\"1 minuto\" \/>\n<script type=\"application\/ld+json\" class=\"yoast-schema-graph\">{\"@context\":\"https:\/\/schema.org\",\"@graph\":[{\"@type\":\"WebPage\",\"@id\":\"https:\/\/www.manaus.am.gov.br\/semcom\/pautas\/prefeitura-realiza-abertura-da-exposicao-aqua-nesta-quarta-feira\/\",\"url\":\"https:\/\/www.manaus.am.gov.br\/semcom\/pautas\/prefeitura-realiza-abertura-da-exposicao-aqua-nesta-quarta-feira\/\",\"name\":\"Prefeitura realiza abertura da exposi\u00e7\u00e3o \u2018AQUA\u2019 nesta quarta-feira\",\"isPartOf\":{\"@id\":\"https:\/\/www.manaus.am.gov.br\/semcom\/#website\"},\"primaryImageOfPage\":{\"@id\":\"https:\/\/www.manaus.am.gov.br\/semcom\/pautas\/prefeitura-realiza-abertura-da-exposicao-aqua-nesta-quarta-feira\/#primaryimage\"},\"image\":{\"@id\":\"https:\/\/www.manaus.am.gov.br\/semcom\/pautas\/prefeitura-realiza-abertura-da-exposicao-aqua-nesta-quarta-feira\/#primaryimage\"},\"thumbnailUrl\":\"https:\/\/www.manaus.am.gov.br\/semcom\/wp-content\/uploads\/sites\/5\/2023\/02\/sugestaodepauta.png\",\"datePublished\":\"2023-02-28T20:17:20+00:00\",\"dateModified\":\"2023-03-03T15:45:05+00:00\",\"description\":\"O evento faz parte da parceria entre as Ocas do Conhecimento Ambiental, da Semed, e o Cigs, que ficar\u00e1 exposto at\u00e9 dia 31\/3.\",\"inLanguage\":\"pt-BR\",\"potentialAction\":[{\"@type\":\"ReadAction\",\"target\":[\"https:\/\/www.manaus.am.gov.br\/semcom\/pautas\/prefeitura-realiza-abertura-da-exposicao-aqua-nesta-quarta-feira\/\"]}]},{\"@type\":\"ImageObject\",\"inLanguage\":\"pt-BR\",\"@id\":\"https:\/\/www.manaus.am.gov.br\/semcom\/pautas\/prefeitura-realiza-abertura-da-exposicao-aqua-nesta-quarta-feira\/#primaryimage\",\"url\":\"https:\/\/www.manaus.am.gov.br\/semcom\/wp-content\/uploads\/sites\/5\/2023\/02\/sugestaodepauta.png\",\"contentUrl\":\"https:\/\/www.manaus.am.gov.br\/semcom\/wp-content\/uploads\/sites\/5\/2023\/02\/sugestaodepauta.png\",\"width\":1020,\"height\":540},{\"@type\":\"WebSite\",\"@id\":\"https:\/\/www.manaus.am.gov.br\/semcom\/#website\",\"url\":\"https:\/\/www.manaus.am.gov.br\/semcom\/\",\"name\":\"SEMCOM\",\"description\":\"Secretaria Municipal de Comunica\u00e7\u00e3o\",\"potentialAction\":[{\"@type\":\"SearchAction\",\"target\":{\"@type\":\"EntryPoint\",\"urlTemplate\":\"https:\/\/www.manaus.am.gov.br\/semcom\/?s={search_term_string}\"},\"query-input\":\"required name=search_term_string\"}],\"inLanguage\":\"pt-BR\"}]}<\/script>\n<!-- \/ Yoast SEO plugin. -->","yoast_head_json":{"title":"Prefeitura realiza abertura da exposi\u00e7\u00e3o \u2018AQUA\u2019 nesta quarta-feira","description":"O evento faz parte da parceria entre as Ocas do Conhecimento Ambiental, da Semed, e o Cigs, que ficar\u00e1 exposto at\u00e9 dia 31\/3.","robots":{"index":"index","follow":"follow","max-snippet":"max-snippet:-1","max-image-preview":"max-image-preview:large","max-video-preview":"max-video-preview:-1"},"canonical":"https:\/\/www.manaus.am.gov.br\/semcom\/pautas\/prefeitura-realiza-abertura-da-exposicao-aqua-nesta-quarta-feira\/","og_locale":"pt_BR","og_type":"article","og_title":"Prefeitura realiza abertura da exposi\u00e7\u00e3o \u2018AQUA\u2019 nesta quarta-feira","og_description":"O evento faz parte da parceria entre as Ocas do Conhecimento Ambiental, da Semed, e o Cigs, que ficar\u00e1 exposto at\u00e9 dia 31\/3.","og_url":"https:\/\/www.manaus.am.gov.br\/semcom\/pautas\/prefeitura-realiza-abertura-da-exposicao-aqua-nesta-quarta-feira\/","og_site_name":"SEMCOM","article_modified_time":"2023-03-03T15:45:05+00:00","og_image":[{"width":1020,"height":540,"url":"https:\/\/www.manaus.am.gov.br\/semcom\/wp-content\/uploads\/sites\/5\/2023\/02\/sugestaodepauta.png","type":"image\/png"}],"twitter_card":"summary_large_image","twitter_misc":{"Est. reading time":"1 minuto"},"schema":{"@context":"https:\/\/schema.org","@graph":[{"@type":"WebPage","@id":"https:\/\/www.manaus.am.gov.br\/semcom\/pautas\/prefeitura-realiza-abertura-da-exposicao-aqua-nesta-quarta-feira\/","url":"https:\/\/www.manaus.am.gov.br\/semcom\/pautas\/prefeitura-realiza-abertura-da-exposicao-aqua-nesta-quarta-feira\/","name":"Prefeitura realiza abertura da exposi\u00e7\u00e3o \u2018AQUA\u2019 nesta quarta-feira","isPartOf":{"@id":"https:\/\/www.manaus.am.gov.br\/semcom\/#website"},"primaryImageOfPage":{"@id":"https:\/\/www.manaus.am.gov.br\/semcom\/pautas\/prefeitura-realiza-abertura-da-exposicao-aqua-nesta-quarta-feira\/#primaryimage"},"image":{"@id":"https:\/\/www.manaus.am.gov.br\/semcom\/pautas\/prefeitura-realiza-abertura-da-exposicao-aqua-nesta-quarta-feira\/#primaryimage"},"thumbnailUrl":"https:\/\/www.manaus.am.gov.br\/semcom\/wp-content\/uploads\/sites\/5\/2023\/02\/sugestaodepauta.png","datePublished":"2023-02-28T20:17:20+00:00","dateModified":"2023-03-03T15:45:05+00:00","description":"O evento faz parte da parceria entre as Ocas do Conhecimento Ambiental, da Semed, e o Cigs, que ficar\u00e1 exposto at\u00e9 dia 31\/3.","inLanguage":"pt-BR","potentialAction":[{"@type":"ReadAction","target":["https:\/\/www.manaus.am.gov.br\/semcom\/pautas\/prefeitura-realiza-abertura-da-exposicao-aqua-nesta-quarta-feira\/"]}]},{"@type":"ImageObject","inLanguage":"pt-BR","@id":"https:\/\/www.manaus.am.gov.br\/semcom\/pautas\/prefeitura-realiza-abertura-da-exposicao-aqua-nesta-quarta-feira\/#primaryimage","url":"https:\/\/www.manaus.am.gov.br\/semcom\/wp-content\/uploads\/sites\/5\/2023\/02\/sugestaodepauta.png","contentUrl":"https:\/\/www.manaus.am.gov.br\/semcom\/wp-content\/uploads\/sites\/5\/2023\/02\/sugestaodepauta.png","width":1020,"height":540},{"@type":"WebSite","@id":"https:\/\/www.manaus.am.gov.br\/semcom\/#website","url":"https:\/\/www.manaus.am.gov.br\/semcom\/","name":"SEMCOM","description":"Secretaria Municipal de Comunica\u00e7\u00e3o","potentialAction":[{"@type":"SearchAction","target":{"@type":"EntryPoint","urlTemplate":"https:\/\/www.manaus.am.gov.br\/semcom\/?s={search_term_string}"},"query-input":"required name=search_term_string"}],"inLanguage":"pt-BR"}]}},"_links":{"self":[{"href":"https:\/\/www.manaus.am.gov.br\/semcom\/wp-json\/wp\/v2\/pautas\/209791"}],"collection":[{"href":"https:\/\/www.manaus.am.gov.br\/semcom\/wp-json\/wp\/v2\/pautas"}],"about":[{"href":"https:\/\/www.manaus.am.gov.br\/semcom\/wp-json\/wp\/v2\/types\/pautas"}],"wp:featuredmedia":[{"embeddable":true,"href":"https:\/\/www.manaus.am.gov.br\/semcom\/wp-json\/wp\/v2\/media\/208729"}],"wp:attachment":[{"href":"https:\/\/www.manaus.am.gov.br\/semcom\/wp-json\/wp\/v2\/media?parent=209791"}],"wp:term":[{"taxonomy":"category","embeddable":true,"href":"https:\/\/www.manaus.am.gov.br\/semcom\/wp-json\/wp\/v2\/categories?post=209791"}],"curies":[{"name":"wp","href":"https:\/\/api.w.org\/{rel}","templated":true}]}}