{"id":209112,"date":"2023-02-13T15:03:48","date_gmt":"2023-02-13T18:03:48","guid":{"rendered":"https:\/\/www.manaus.am.gov.br\/semcom\/?post_type=pautas&#038;p=209112"},"modified":"2023-02-13T15:11:02","modified_gmt":"2023-02-13T18:11:02","slug":"carnaval-de-manaus-2023-prefeitura-apresenta-planejamento-do-transito-e-transporte-para-o-dia-do-desfile-das-escolas-de-samba-do-grupo-especial","status":"publish","type":"pautas","link":"https:\/\/www.manaus.am.gov.br\/semcom\/pautas\/carnaval-de-manaus-2023-prefeitura-apresenta-planejamento-do-transito-e-transporte-para-o-dia-do-desfile-das-escolas-de-samba-do-grupo-especial\/","title":{"rendered":"Carnaval de Manaus 2023: Prefeitura apresenta planejamento do tr\u00e2nsito e transporte para o dia do desfile das escolas de samba do Grupo Especial"},"content":{"rendered":"\n<p>A Prefeitura de Manaus, por meio do Instituto Municipal de Mobilidade Urbana (IMMU), se re\u00fane, nesta ter\u00e7a-feira, 14\/2, com representantes das escolas de samba de Manaus, para apresentar o planejamento do transporte p\u00fablico e atua\u00e7\u00e3o dos agentes de tr\u00e2nsito, no dia do desfile das escolas de samba do Grupo Especial, que ocorrer\u00e1 no s\u00e1bado, 18, no Centro de Conven\u00e7\u00f5es, o samb\u00f3dromo.<\/p>\n\n\n\n<p>O atendimento \u00e0 imprensa acontece no Instituto Municipal de Mobilidade Urbana (IMMU), localizado na rua Urucar\u00e1, n\u00b0 1.180, bairro Cachoeirinha, zona Sul, \u00e0s 10h, logo ap\u00f3s a reuni\u00e3o.&nbsp;<\/p>\n\n\n\n<p>O diretor-presidente do IMMU, Paulo Henrique Martins, o vice-presidente de Transporte, Alexandre Frederico, e o vice-presidente de Tr\u00e2nsito, \u00c9dson L\u00eada, atender\u00e3o a imprensa no hall do Instituto.<\/p>\n\n\n\n<p><strong>SERVI\u00c7O:<\/strong><\/p>\n\n\n\n<p><strong>O qu\u00ea &#8211;&nbsp;<\/strong>Apresenta\u00e7\u00e3o do planejamento das a\u00e7\u00f5es de tr\u00e2nsito e transporte no desfile das escolas do Grupo Especial no samb\u00f3dromo<\/p>\n\n\n\n<p><strong>Quando &#8211;&nbsp;<\/strong>Ter\u00e7a-feira, 14\/2<\/p>\n\n\n\n<p><strong>Hor\u00e1rio \u2013&nbsp;<\/strong>10h<\/p>\n\n\n\n<p><strong>Local &#8211;&nbsp;<\/strong>Sede do IMMU, na avenida Urucar\u00e1, n\u00ba 1.180, bairro Cachoeirinha<\/p>\n","protected":false},"featured_media":208729,"template":"","categories":[797],"acf":[],"yoast_head":"<!-- This site is optimized with the Yoast SEO plugin v23.0 - https:\/\/yoast.com\/wordpress\/plugins\/seo\/ -->\n<title>Carnaval de Manaus 2023: Prefeitura apresenta planejamento do tr\u00e2nsito e transporte para o dia do desfile das escolas de samba do Grupo Especial - SEMCOM<\/title>\n<meta name=\"description\" content=\"A Prefeitura de Manaus, por meio do Instituto Municipal de Mobilidade Urbana (IMMU), se re\u00fane, nesta ter\u00e7a-feira, 14\/2, com representantes das escolas de samba de Manaus, para apresentar o planejamento do transporte p\u00fablico e atua\u00e7\u00e3o dos agentes de tr\u00e2nsito, no dia do desfile das escolas de samba do Grupo Especial, que ocorrer\u00e1 no s\u00e1bado, 18, no Centro de Conven\u00e7\u00f5es, o samb\u00f3dromo.\" \/>\n<meta name=\"robots\" content=\"index, follow, max-snippet:-1, max-image-preview:large, max-video-preview:-1\" \/>\n<link rel=\"canonical\" href=\"https:\/\/www.manaus.am.gov.br\/semcom\/pautas\/carnaval-de-manaus-2023-prefeitura-apresenta-planejamento-do-transito-e-transporte-para-o-dia-do-desfile-das-escolas-de-samba-do-grupo-especial\/\" \/>\n<meta property=\"og:locale\" content=\"pt_BR\" \/>\n<meta property=\"og:type\" content=\"article\" \/>\n<meta property=\"og:title\" content=\"Carnaval de Manaus 2023: Prefeitura apresenta planejamento do tr\u00e2nsito e transporte para o dia do desfile das escolas de samba do Grupo Especial - SEMCOM\" \/>\n<meta property=\"og:description\" content=\"A Prefeitura de Manaus, por meio do Instituto Municipal de Mobilidade Urbana (IMMU), se re\u00fane, nesta ter\u00e7a-feira, 14\/2, com representantes das escolas de samba de Manaus, para apresentar o planejamento do transporte p\u00fablico e atua\u00e7\u00e3o dos agentes de tr\u00e2nsito, no dia do desfile das escolas de samba do Grupo Especial, que ocorrer\u00e1 no s\u00e1bado, 18, no Centro de Conven\u00e7\u00f5es, o samb\u00f3dromo.\" \/>\n<meta property=\"og:url\" content=\"https:\/\/www.manaus.am.gov.br\/semcom\/pautas\/carnaval-de-manaus-2023-prefeitura-apresenta-planejamento-do-transito-e-transporte-para-o-dia-do-desfile-das-escolas-de-samba-do-grupo-especial\/\" \/>\n<meta property=\"og:site_name\" content=\"SEMCOM\" \/>\n<meta property=\"article:modified_time\" content=\"2023-02-13T18:11:02+00:00\" \/>\n<meta property=\"og:image\" content=\"https:\/\/www.manaus.am.gov.br\/semcom\/wp-content\/uploads\/sites\/5\/2023\/02\/sugestaodepauta.png\" \/>\n\t<meta property=\"og:image:width\" content=\"1020\" \/>\n\t<meta property=\"og:image:height\" content=\"540\" \/>\n\t<meta property=\"og:image:type\" content=\"image\/png\" \/>\n<meta name=\"twitter:card\" content=\"summary_large_image\" \/>\n<meta name=\"twitter:label1\" content=\"Est. reading time\" \/>\n\t<meta name=\"twitter:data1\" content=\"1 minuto\" \/>\n<script type=\"application\/ld+json\" class=\"yoast-schema-graph\">{\"@context\":\"https:\/\/schema.org\",\"@graph\":[{\"@type\":\"WebPage\",\"@id\":\"https:\/\/www.manaus.am.gov.br\/semcom\/pautas\/carnaval-de-manaus-2023-prefeitura-apresenta-planejamento-do-transito-e-transporte-para-o-dia-do-desfile-das-escolas-de-samba-do-grupo-especial\/\",\"url\":\"https:\/\/www.manaus.am.gov.br\/semcom\/pautas\/carnaval-de-manaus-2023-prefeitura-apresenta-planejamento-do-transito-e-transporte-para-o-dia-do-desfile-das-escolas-de-samba-do-grupo-especial\/\",\"name\":\"Carnaval de Manaus 2023: Prefeitura apresenta planejamento do tr\u00e2nsito e transporte para o dia do desfile das escolas de samba do Grupo Especial - SEMCOM\",\"isPartOf\":{\"@id\":\"https:\/\/www.manaus.am.gov.br\/semcom\/#website\"},\"primaryImageOfPage\":{\"@id\":\"https:\/\/www.manaus.am.gov.br\/semcom\/pautas\/carnaval-de-manaus-2023-prefeitura-apresenta-planejamento-do-transito-e-transporte-para-o-dia-do-desfile-das-escolas-de-samba-do-grupo-especial\/#primaryimage\"},\"image\":{\"@id\":\"https:\/\/www.manaus.am.gov.br\/semcom\/pautas\/carnaval-de-manaus-2023-prefeitura-apresenta-planejamento-do-transito-e-transporte-para-o-dia-do-desfile-das-escolas-de-samba-do-grupo-especial\/#primaryimage\"},\"thumbnailUrl\":\"https:\/\/www.manaus.am.gov.br\/semcom\/wp-content\/uploads\/sites\/5\/2023\/02\/sugestaodepauta.png\",\"datePublished\":\"2023-02-13T18:03:48+00:00\",\"dateModified\":\"2023-02-13T18:11:02+00:00\",\"description\":\"A Prefeitura de Manaus, por meio do Instituto Municipal de Mobilidade Urbana (IMMU), se re\u00fane, nesta ter\u00e7a-feira, 14\/2, com representantes das escolas de samba de Manaus, para apresentar o planejamento do transporte p\u00fablico e atua\u00e7\u00e3o dos agentes de tr\u00e2nsito, no dia do desfile das escolas de samba do Grupo Especial, que ocorrer\u00e1 no s\u00e1bado, 18, no Centro de Conven\u00e7\u00f5es, o samb\u00f3dromo.\",\"inLanguage\":\"pt-BR\",\"potentialAction\":[{\"@type\":\"ReadAction\",\"target\":[\"https:\/\/www.manaus.am.gov.br\/semcom\/pautas\/carnaval-de-manaus-2023-prefeitura-apresenta-planejamento-do-transito-e-transporte-para-o-dia-do-desfile-das-escolas-de-samba-do-grupo-especial\/\"]}]},{\"@type\":\"ImageObject\",\"inLanguage\":\"pt-BR\",\"@id\":\"https:\/\/www.manaus.am.gov.br\/semcom\/pautas\/carnaval-de-manaus-2023-prefeitura-apresenta-planejamento-do-transito-e-transporte-para-o-dia-do-desfile-das-escolas-de-samba-do-grupo-especial\/#primaryimage\",\"url\":\"https:\/\/www.manaus.am.gov.br\/semcom\/wp-content\/uploads\/sites\/5\/2023\/02\/sugestaodepauta.png\",\"contentUrl\":\"https:\/\/www.manaus.am.gov.br\/semcom\/wp-content\/uploads\/sites\/5\/2023\/02\/sugestaodepauta.png\",\"width\":1020,\"height\":540},{\"@type\":\"WebSite\",\"@id\":\"https:\/\/www.manaus.am.gov.br\/semcom\/#website\",\"url\":\"https:\/\/www.manaus.am.gov.br\/semcom\/\",\"name\":\"SEMCOM\",\"description\":\"Secretaria Municipal de Comunica\u00e7\u00e3o\",\"potentialAction\":[{\"@type\":\"SearchAction\",\"target\":{\"@type\":\"EntryPoint\",\"urlTemplate\":\"https:\/\/www.manaus.am.gov.br\/semcom\/?s={search_term_string}\"},\"query-input\":\"required name=search_term_string\"}],\"inLanguage\":\"pt-BR\"}]}<\/script>\n<!-- \/ Yoast SEO plugin. -->","yoast_head_json":{"title":"Carnaval de Manaus 2023: Prefeitura apresenta planejamento do tr\u00e2nsito e transporte para o dia do desfile das escolas de samba do Grupo Especial - SEMCOM","description":"A Prefeitura de Manaus, por meio do Instituto Municipal de Mobilidade Urbana (IMMU), se re\u00fane, nesta ter\u00e7a-feira, 14\/2, com representantes das escolas de samba de Manaus, para apresentar o planejamento do transporte p\u00fablico e atua\u00e7\u00e3o dos agentes de tr\u00e2nsito, no dia do desfile das escolas de samba do Grupo Especial, que ocorrer\u00e1 no s\u00e1bado, 18, no Centro de Conven\u00e7\u00f5es, o samb\u00f3dromo.","robots":{"index":"index","follow":"follow","max-snippet":"max-snippet:-1","max-image-preview":"max-image-preview:large","max-video-preview":"max-video-preview:-1"},"canonical":"https:\/\/www.manaus.am.gov.br\/semcom\/pautas\/carnaval-de-manaus-2023-prefeitura-apresenta-planejamento-do-transito-e-transporte-para-o-dia-do-desfile-das-escolas-de-samba-do-grupo-especial\/","og_locale":"pt_BR","og_type":"article","og_title":"Carnaval de Manaus 2023: Prefeitura apresenta planejamento do tr\u00e2nsito e transporte para o dia do desfile das escolas de samba do Grupo Especial - SEMCOM","og_description":"A Prefeitura de Manaus, por meio do Instituto Municipal de Mobilidade Urbana (IMMU), se re\u00fane, nesta ter\u00e7a-feira, 14\/2, com representantes das escolas de samba de Manaus, para apresentar o planejamento do transporte p\u00fablico e atua\u00e7\u00e3o dos agentes de tr\u00e2nsito, no dia do desfile das escolas de samba do Grupo Especial, que ocorrer\u00e1 no s\u00e1bado, 18, no Centro de Conven\u00e7\u00f5es, o samb\u00f3dromo.","og_url":"https:\/\/www.manaus.am.gov.br\/semcom\/pautas\/carnaval-de-manaus-2023-prefeitura-apresenta-planejamento-do-transito-e-transporte-para-o-dia-do-desfile-das-escolas-de-samba-do-grupo-especial\/","og_site_name":"SEMCOM","article_modified_time":"2023-02-13T18:11:02+00:00","og_image":[{"width":1020,"height":540,"url":"https:\/\/www.manaus.am.gov.br\/semcom\/wp-content\/uploads\/sites\/5\/2023\/02\/sugestaodepauta.png","type":"image\/png"}],"twitter_card":"summary_large_image","twitter_misc":{"Est. reading time":"1 minuto"},"schema":{"@context":"https:\/\/schema.org","@graph":[{"@type":"WebPage","@id":"https:\/\/www.manaus.am.gov.br\/semcom\/pautas\/carnaval-de-manaus-2023-prefeitura-apresenta-planejamento-do-transito-e-transporte-para-o-dia-do-desfile-das-escolas-de-samba-do-grupo-especial\/","url":"https:\/\/www.manaus.am.gov.br\/semcom\/pautas\/carnaval-de-manaus-2023-prefeitura-apresenta-planejamento-do-transito-e-transporte-para-o-dia-do-desfile-das-escolas-de-samba-do-grupo-especial\/","name":"Carnaval de Manaus 2023: Prefeitura apresenta planejamento do tr\u00e2nsito e transporte para o dia do desfile das escolas de samba do Grupo Especial - SEMCOM","isPartOf":{"@id":"https:\/\/www.manaus.am.gov.br\/semcom\/#website"},"primaryImageOfPage":{"@id":"https:\/\/www.manaus.am.gov.br\/semcom\/pautas\/carnaval-de-manaus-2023-prefeitura-apresenta-planejamento-do-transito-e-transporte-para-o-dia-do-desfile-das-escolas-de-samba-do-grupo-especial\/#primaryimage"},"image":{"@id":"https:\/\/www.manaus.am.gov.br\/semcom\/pautas\/carnaval-de-manaus-2023-prefeitura-apresenta-planejamento-do-transito-e-transporte-para-o-dia-do-desfile-das-escolas-de-samba-do-grupo-especial\/#primaryimage"},"thumbnailUrl":"https:\/\/www.manaus.am.gov.br\/semcom\/wp-content\/uploads\/sites\/5\/2023\/02\/sugestaodepauta.png","datePublished":"2023-02-13T18:03:48+00:00","dateModified":"2023-02-13T18:11:02+00:00","description":"A Prefeitura de Manaus, por meio do Instituto Municipal de Mobilidade Urbana (IMMU), se re\u00fane, nesta ter\u00e7a-feira, 14\/2, com representantes das escolas de samba de Manaus, para apresentar o planejamento do transporte p\u00fablico e atua\u00e7\u00e3o dos agentes de tr\u00e2nsito, no dia do desfile das escolas de samba do Grupo Especial, que ocorrer\u00e1 no s\u00e1bado, 18, no Centro de Conven\u00e7\u00f5es, o samb\u00f3dromo.","inLanguage":"pt-BR","potentialAction":[{"@type":"ReadAction","target":["https:\/\/www.manaus.am.gov.br\/semcom\/pautas\/carnaval-de-manaus-2023-prefeitura-apresenta-planejamento-do-transito-e-transporte-para-o-dia-do-desfile-das-escolas-de-samba-do-grupo-especial\/"]}]},{"@type":"ImageObject","inLanguage":"pt-BR","@id":"https:\/\/www.manaus.am.gov.br\/semcom\/pautas\/carnaval-de-manaus-2023-prefeitura-apresenta-planejamento-do-transito-e-transporte-para-o-dia-do-desfile-das-escolas-de-samba-do-grupo-especial\/#primaryimage","url":"https:\/\/www.manaus.am.gov.br\/semcom\/wp-content\/uploads\/sites\/5\/2023\/02\/sugestaodepauta.png","contentUrl":"https:\/\/www.manaus.am.gov.br\/semcom\/wp-content\/uploads\/sites\/5\/2023\/02\/sugestaodepauta.png","width":1020,"height":540},{"@type":"WebSite","@id":"https:\/\/www.manaus.am.gov.br\/semcom\/#website","url":"https:\/\/www.manaus.am.gov.br\/semcom\/","name":"SEMCOM","description":"Secretaria Municipal de Comunica\u00e7\u00e3o","potentialAction":[{"@type":"SearchAction","target":{"@type":"EntryPoint","urlTemplate":"https:\/\/www.manaus.am.gov.br\/semcom\/?s={search_term_string}"},"query-input":"required name=search_term_string"}],"inLanguage":"pt-BR"}]}},"_links":{"self":[{"href":"https:\/\/www.manaus.am.gov.br\/semcom\/wp-json\/wp\/v2\/pautas\/209112"}],"collection":[{"href":"https:\/\/www.manaus.am.gov.br\/semcom\/wp-json\/wp\/v2\/pautas"}],"about":[{"href":"https:\/\/www.manaus.am.gov.br\/semcom\/wp-json\/wp\/v2\/types\/pautas"}],"wp:featuredmedia":[{"embeddable":true,"href":"https:\/\/www.manaus.am.gov.br\/semcom\/wp-json\/wp\/v2\/media\/208729"}],"wp:attachment":[{"href":"https:\/\/www.manaus.am.gov.br\/semcom\/wp-json\/wp\/v2\/media?parent=209112"}],"wp:term":[{"taxonomy":"category","embeddable":true,"href":"https:\/\/www.manaus.am.gov.br\/semcom\/wp-json\/wp\/v2\/categories?post=209112"}],"curies":[{"name":"wp","href":"https:\/\/api.w.org\/{rel}","templated":true}]}}