{"id":209054,"date":"2023-02-11T12:45:09","date_gmt":"2023-02-11T15:45:09","guid":{"rendered":"https:\/\/www.manaus.am.gov.br\/semcom\/?post_type=pautas&#038;p=209054"},"modified":"2023-02-11T12:48:33","modified_gmt":"2023-02-11T15:48:33","slug":"revitalizado-pela-prefeitura-ginasio-ninimberg-guerra-recebe-duelo-da-superliga-b-de-voleibol-masculino-neste-sabado","status":"publish","type":"pautas","link":"https:\/\/www.manaus.am.gov.br\/semcom\/pautas\/revitalizado-pela-prefeitura-ginasio-ninimberg-guerra-recebe-duelo-da-superliga-b-de-voleibol-masculino-neste-sabado\/","title":{"rendered":"Revitalizado pela Prefeitura, gin\u00e1sio Ninimberg Guerra recebe duelo da Superliga B de voleibol masculino neste s\u00e1bado"},"content":{"rendered":"\n<p><\/p>\n\n\n\n<p>Em constante apoio ao esporte de alto rendimento, a Prefeitura de Manaus, por meio da Funda\u00e7\u00e3o Manaus Esporte (FME), promove, neste s\u00e1bado, 11\/2, a estreia oficial do gin\u00e1sio Ninimberg Guerra como casa do Manaus V\u00f4lei\/TecToy Superliga B de voleibol masculino.<\/p>\n\n\n\n<p>O espa\u00e7o passou por reformas recentes na estrutura e j\u00e1 serve como local de treinamentos da equipe manauara. A partir das 19h30, o Manaus V\u00f4lei recebe o Joinville, pela quarta rodada, em duelo in\u00e9dito de duas equipes estreantes na competi\u00e7\u00e3o nacional. A entrada \u00e9 gratuita ao p\u00fablico geral.<\/p>\n\n\n\n<p>Outro ingrediente especial marca a partida: o encontro entre os vitoriosos t\u00e9cnicos e ex-jogadores: Talmo Oliveira, do Manaus V\u00f4lei, e Giovane G\u00e1vio, do time catarinense, foram campe\u00f5es ol\u00edmpicos juntos, com a camisa da Sele\u00e7\u00e3o Brasileira, em 1992.<\/p>\n\n\n\n<p>O confronto tamb\u00e9m \u00e9 uma disputa direta por posi\u00e7\u00e3o na tabela de classifica\u00e7\u00e3o. O Manaus V\u00f4lei est\u00e1 em sexto, a dois pontos do Joinville, quarto colocado. Os dois primeiros da Superliga B garantem vaga na divis\u00e3o de elite do v\u00f4lei nacional na temporada 2023\/2024.<\/p>\n\n\n\n<p><strong>SERVI\u00c7O:<\/strong><\/p>\n\n\n\n<p><strong>O qu\u00ea<\/strong> &#8211; Gin\u00e1sio Ninimberg Guerra recebe primeiro jogo oficial da Superliga B de voleibol masculino ap\u00f3s revitaliza\u00e7\u00e3o<\/p>\n\n\n\n<p><strong>Quando<\/strong> &#8211; S\u00e1bado, 11\/2<\/p>\n\n\n\n<p><strong>Hor\u00e1rio<\/strong> &#8211; 19h30<\/p>\n\n\n\n<p><strong>Local<\/strong> &#8211; Gin\u00e1sio Ninimberg Guerra, na rua Vicente Torres Reis, n\u00ba 657, bairro S\u00e3o Jorge, zona Oeste.<\/p>\n","protected":false},"featured_media":208729,"template":"","categories":[833],"acf":[],"yoast_head":"<!-- This site is optimized with the Yoast SEO plugin v23.0 - https:\/\/yoast.com\/wordpress\/plugins\/seo\/ -->\n<title>Revitalizado pela Prefeitura, gin\u00e1sio Ninimberg Guerra recebe duelo da Superliga B de voleibol masculino neste s\u00e1bado<\/title>\n<meta name=\"robots\" content=\"index, follow, max-snippet:-1, max-image-preview:large, max-video-preview:-1\" \/>\n<link rel=\"canonical\" href=\"https:\/\/www.manaus.am.gov.br\/semcom\/pautas\/revitalizado-pela-prefeitura-ginasio-ninimberg-guerra-recebe-duelo-da-superliga-b-de-voleibol-masculino-neste-sabado\/\" \/>\n<meta property=\"og:locale\" content=\"pt_BR\" \/>\n<meta property=\"og:type\" content=\"article\" \/>\n<meta property=\"og:title\" content=\"Revitalizado pela Prefeitura, gin\u00e1sio Ninimberg Guerra recebe duelo da Superliga B de voleibol masculino neste s\u00e1bado\" \/>\n<meta property=\"og:url\" content=\"https:\/\/www.manaus.am.gov.br\/semcom\/pautas\/revitalizado-pela-prefeitura-ginasio-ninimberg-guerra-recebe-duelo-da-superliga-b-de-voleibol-masculino-neste-sabado\/\" \/>\n<meta property=\"og:site_name\" content=\"SEMCOM\" \/>\n<meta property=\"article:modified_time\" content=\"2023-02-11T15:48:33+00:00\" \/>\n<meta property=\"og:image\" content=\"https:\/\/www.manaus.am.gov.br\/semcom\/wp-content\/uploads\/sites\/5\/2023\/02\/sugestaodepauta.png\" \/>\n\t<meta property=\"og:image:width\" content=\"1020\" \/>\n\t<meta property=\"og:image:height\" content=\"540\" \/>\n\t<meta property=\"og:image:type\" content=\"image\/png\" \/>\n<meta name=\"twitter:card\" content=\"summary_large_image\" \/>\n<script type=\"application\/ld+json\" class=\"yoast-schema-graph\">{\"@context\":\"https:\/\/schema.org\",\"@graph\":[{\"@type\":\"WebPage\",\"@id\":\"https:\/\/www.manaus.am.gov.br\/semcom\/pautas\/revitalizado-pela-prefeitura-ginasio-ninimberg-guerra-recebe-duelo-da-superliga-b-de-voleibol-masculino-neste-sabado\/\",\"url\":\"https:\/\/www.manaus.am.gov.br\/semcom\/pautas\/revitalizado-pela-prefeitura-ginasio-ninimberg-guerra-recebe-duelo-da-superliga-b-de-voleibol-masculino-neste-sabado\/\",\"name\":\"Revitalizado pela Prefeitura, gin\u00e1sio Ninimberg Guerra recebe duelo da Superliga B de voleibol masculino neste s\u00e1bado\",\"isPartOf\":{\"@id\":\"https:\/\/www.manaus.am.gov.br\/semcom\/#website\"},\"primaryImageOfPage\":{\"@id\":\"https:\/\/www.manaus.am.gov.br\/semcom\/pautas\/revitalizado-pela-prefeitura-ginasio-ninimberg-guerra-recebe-duelo-da-superliga-b-de-voleibol-masculino-neste-sabado\/#primaryimage\"},\"image\":{\"@id\":\"https:\/\/www.manaus.am.gov.br\/semcom\/pautas\/revitalizado-pela-prefeitura-ginasio-ninimberg-guerra-recebe-duelo-da-superliga-b-de-voleibol-masculino-neste-sabado\/#primaryimage\"},\"thumbnailUrl\":\"https:\/\/www.manaus.am.gov.br\/semcom\/wp-content\/uploads\/sites\/5\/2023\/02\/sugestaodepauta.png\",\"datePublished\":\"2023-02-11T15:45:09+00:00\",\"dateModified\":\"2023-02-11T15:48:33+00:00\",\"inLanguage\":\"pt-BR\",\"potentialAction\":[{\"@type\":\"ReadAction\",\"target\":[\"https:\/\/www.manaus.am.gov.br\/semcom\/pautas\/revitalizado-pela-prefeitura-ginasio-ninimberg-guerra-recebe-duelo-da-superliga-b-de-voleibol-masculino-neste-sabado\/\"]}]},{\"@type\":\"ImageObject\",\"inLanguage\":\"pt-BR\",\"@id\":\"https:\/\/www.manaus.am.gov.br\/semcom\/pautas\/revitalizado-pela-prefeitura-ginasio-ninimberg-guerra-recebe-duelo-da-superliga-b-de-voleibol-masculino-neste-sabado\/#primaryimage\",\"url\":\"https:\/\/www.manaus.am.gov.br\/semcom\/wp-content\/uploads\/sites\/5\/2023\/02\/sugestaodepauta.png\",\"contentUrl\":\"https:\/\/www.manaus.am.gov.br\/semcom\/wp-content\/uploads\/sites\/5\/2023\/02\/sugestaodepauta.png\",\"width\":1020,\"height\":540},{\"@type\":\"WebSite\",\"@id\":\"https:\/\/www.manaus.am.gov.br\/semcom\/#website\",\"url\":\"https:\/\/www.manaus.am.gov.br\/semcom\/\",\"name\":\"SEMCOM\",\"description\":\"Secretaria Municipal de Comunica\u00e7\u00e3o\",\"potentialAction\":[{\"@type\":\"SearchAction\",\"target\":{\"@type\":\"EntryPoint\",\"urlTemplate\":\"https:\/\/www.manaus.am.gov.br\/semcom\/?s={search_term_string}\"},\"query-input\":\"required name=search_term_string\"}],\"inLanguage\":\"pt-BR\"}]}<\/script>\n<!-- \/ Yoast SEO plugin. -->","yoast_head_json":{"title":"Revitalizado pela Prefeitura, gin\u00e1sio Ninimberg Guerra recebe duelo da Superliga B de voleibol masculino neste s\u00e1bado","robots":{"index":"index","follow":"follow","max-snippet":"max-snippet:-1","max-image-preview":"max-image-preview:large","max-video-preview":"max-video-preview:-1"},"canonical":"https:\/\/www.manaus.am.gov.br\/semcom\/pautas\/revitalizado-pela-prefeitura-ginasio-ninimberg-guerra-recebe-duelo-da-superliga-b-de-voleibol-masculino-neste-sabado\/","og_locale":"pt_BR","og_type":"article","og_title":"Revitalizado pela Prefeitura, gin\u00e1sio Ninimberg Guerra recebe duelo da Superliga B de voleibol masculino neste s\u00e1bado","og_url":"https:\/\/www.manaus.am.gov.br\/semcom\/pautas\/revitalizado-pela-prefeitura-ginasio-ninimberg-guerra-recebe-duelo-da-superliga-b-de-voleibol-masculino-neste-sabado\/","og_site_name":"SEMCOM","article_modified_time":"2023-02-11T15:48:33+00:00","og_image":[{"width":1020,"height":540,"url":"https:\/\/www.manaus.am.gov.br\/semcom\/wp-content\/uploads\/sites\/5\/2023\/02\/sugestaodepauta.png","type":"image\/png"}],"twitter_card":"summary_large_image","schema":{"@context":"https:\/\/schema.org","@graph":[{"@type":"WebPage","@id":"https:\/\/www.manaus.am.gov.br\/semcom\/pautas\/revitalizado-pela-prefeitura-ginasio-ninimberg-guerra-recebe-duelo-da-superliga-b-de-voleibol-masculino-neste-sabado\/","url":"https:\/\/www.manaus.am.gov.br\/semcom\/pautas\/revitalizado-pela-prefeitura-ginasio-ninimberg-guerra-recebe-duelo-da-superliga-b-de-voleibol-masculino-neste-sabado\/","name":"Revitalizado pela Prefeitura, gin\u00e1sio Ninimberg Guerra recebe duelo da Superliga B de voleibol masculino neste s\u00e1bado","isPartOf":{"@id":"https:\/\/www.manaus.am.gov.br\/semcom\/#website"},"primaryImageOfPage":{"@id":"https:\/\/www.manaus.am.gov.br\/semcom\/pautas\/revitalizado-pela-prefeitura-ginasio-ninimberg-guerra-recebe-duelo-da-superliga-b-de-voleibol-masculino-neste-sabado\/#primaryimage"},"image":{"@id":"https:\/\/www.manaus.am.gov.br\/semcom\/pautas\/revitalizado-pela-prefeitura-ginasio-ninimberg-guerra-recebe-duelo-da-superliga-b-de-voleibol-masculino-neste-sabado\/#primaryimage"},"thumbnailUrl":"https:\/\/www.manaus.am.gov.br\/semcom\/wp-content\/uploads\/sites\/5\/2023\/02\/sugestaodepauta.png","datePublished":"2023-02-11T15:45:09+00:00","dateModified":"2023-02-11T15:48:33+00:00","inLanguage":"pt-BR","potentialAction":[{"@type":"ReadAction","target":["https:\/\/www.manaus.am.gov.br\/semcom\/pautas\/revitalizado-pela-prefeitura-ginasio-ninimberg-guerra-recebe-duelo-da-superliga-b-de-voleibol-masculino-neste-sabado\/"]}]},{"@type":"ImageObject","inLanguage":"pt-BR","@id":"https:\/\/www.manaus.am.gov.br\/semcom\/pautas\/revitalizado-pela-prefeitura-ginasio-ninimberg-guerra-recebe-duelo-da-superliga-b-de-voleibol-masculino-neste-sabado\/#primaryimage","url":"https:\/\/www.manaus.am.gov.br\/semcom\/wp-content\/uploads\/sites\/5\/2023\/02\/sugestaodepauta.png","contentUrl":"https:\/\/www.manaus.am.gov.br\/semcom\/wp-content\/uploads\/sites\/5\/2023\/02\/sugestaodepauta.png","width":1020,"height":540},{"@type":"WebSite","@id":"https:\/\/www.manaus.am.gov.br\/semcom\/#website","url":"https:\/\/www.manaus.am.gov.br\/semcom\/","name":"SEMCOM","description":"Secretaria Municipal de Comunica\u00e7\u00e3o","potentialAction":[{"@type":"SearchAction","target":{"@type":"EntryPoint","urlTemplate":"https:\/\/www.manaus.am.gov.br\/semcom\/?s={search_term_string}"},"query-input":"required name=search_term_string"}],"inLanguage":"pt-BR"}]}},"_links":{"self":[{"href":"https:\/\/www.manaus.am.gov.br\/semcom\/wp-json\/wp\/v2\/pautas\/209054"}],"collection":[{"href":"https:\/\/www.manaus.am.gov.br\/semcom\/wp-json\/wp\/v2\/pautas"}],"about":[{"href":"https:\/\/www.manaus.am.gov.br\/semcom\/wp-json\/wp\/v2\/types\/pautas"}],"wp:featuredmedia":[{"embeddable":true,"href":"https:\/\/www.manaus.am.gov.br\/semcom\/wp-json\/wp\/v2\/media\/208729"}],"wp:attachment":[{"href":"https:\/\/www.manaus.am.gov.br\/semcom\/wp-json\/wp\/v2\/media?parent=209054"}],"wp:term":[{"taxonomy":"category","embeddable":true,"href":"https:\/\/www.manaus.am.gov.br\/semcom\/wp-json\/wp\/v2\/categories?post=209054"}],"curies":[{"name":"wp","href":"https:\/\/api.w.org\/{rel}","templated":true}]}}