{"id":208931,"date":"2023-02-10T10:03:55","date_gmt":"2023-02-10T13:03:55","guid":{"rendered":"https:\/\/www.manaus.am.gov.br\/semcom\/?post_type=pautas&#038;p=208931"},"modified":"2023-02-10T10:04:32","modified_gmt":"2023-02-10T13:04:32","slug":"prefeitura-de-manaus-promove-1a-acao-com-a-van-de-servicos-itinerantes","status":"publish","type":"pautas","link":"https:\/\/www.manaus.am.gov.br\/semcom\/pautas\/prefeitura-de-manaus-promove-1a-acao-com-a-van-de-servicos-itinerantes\/","title":{"rendered":"<strong>Prefeitura de Manaus promove 1\u00aa a\u00e7\u00e3o com a van de servi\u00e7os itinerantes<\/strong>"},"content":{"rendered":"\n<p><\/p>\n\n\n\n<p>A Prefeitura de Manaus, por meio da Secretaria Municipal do Trabalho, Empreendedorismo e Inova\u00e7\u00e3o (Semtepi), promove, na segunda-feira, 13\/2, a primeira a\u00e7\u00e3o com a van de servi\u00e7os itinerantes. A programa\u00e7\u00e3o da \u201cSemtepi Itinerante\u201d ser\u00e1 realizada a partir das 8h, no residencial Viver Melhor, na avenida da Conquista, bairro Lago Azul, zona Norte da cidade.<\/p>\n\n\n\n<p>No local, ser\u00e3o ofertados cursos, workshops, oficinas pr\u00e1ticas, atendimento para artes\u00e3os e empreendedores, servi\u00e7os do Sine Manaus, com vagas de emprego direcionadas para o p\u00fablico da regi\u00e3o. Al\u00e9m disso, ser\u00e1 realizado um campeonato de <em>e-sports<\/em>, torneios de rob\u00f3tica e instru\u00e7\u00e3o para pilotagem de <em>drone<\/em>.<\/p>\n\n\n\n<p>A a\u00e7\u00e3o in\u00e9dita vai seguir um cronograma agendado, a fim de atender outras regi\u00f5es de Manaus, levando os servi\u00e7os.<\/p>\n\n\n\n<p><strong>SERVI\u00c7O:<\/strong><\/p>\n\n\n\n<p><strong>O qu\u00ea &#8211;&nbsp;<\/strong>A\u00e7\u00e3o \u201cSemtepi Itinerante\u201d no residencial Viver Melhor<\/p>\n\n\n\n<p><strong>Quando \u2013&nbsp;<\/strong>Segunda-feira, 13\/2<\/p>\n\n\n\n<p><strong>Hor\u00e1rio &#8211;&nbsp;<\/strong>8h<\/p>\n\n\n\n<p><strong>Local &#8211;&nbsp;<\/strong>Residencial Viver Melhor &#8211; avenida da Conquista, n\u00b0 3.242, bairro Lago Azul, zona Norte de Manaus.<\/p>\n\n\n\n<p>SEMTEPI &#8211; Secretaria Municipal do Trabalho, Empreendedorismo e Inova\u00e7\u00e3o<\/p>\n\n\n\n<p>Assessor Respons\u00e1vel: D\u00e9borah Dourado&nbsp;&nbsp;&nbsp;&nbsp; &#8211; (92) 99385-4985<\/p>\n\n\n\n<p>E-mail: <a href=\"mailto:comunicacao.semtepi@gmail.com\">comunicacao.semtepi@gmail.com<\/a><\/p>\n","protected":false},"featured_media":208729,"template":"","categories":[806],"acf":[],"yoast_head":"<!-- This site is optimized with the Yoast SEO plugin v23.0 - https:\/\/yoast.com\/wordpress\/plugins\/seo\/ -->\n<title>Prefeitura promove 1\u00aa a\u00e7\u00e3o com a van de servi\u00e7os itinerantes<\/title>\n<meta name=\"description\" content=\"A Prefeitura de Manaus promove, na segunda-feira, 13\/2, a primeira a\u00e7\u00e3o da \u201cSemtepi Itinerante\u201d a partir das 8h, no residencial Viver Melhor.\" \/>\n<meta name=\"robots\" content=\"index, follow, max-snippet:-1, max-image-preview:large, max-video-preview:-1\" \/>\n<link rel=\"canonical\" href=\"https:\/\/www.manaus.am.gov.br\/semcom\/pautas\/prefeitura-de-manaus-promove-1a-acao-com-a-van-de-servicos-itinerantes\/\" \/>\n<meta property=\"og:locale\" content=\"pt_BR\" \/>\n<meta property=\"og:type\" content=\"article\" \/>\n<meta property=\"og:title\" content=\"Prefeitura promove 1\u00aa a\u00e7\u00e3o com a van de servi\u00e7os itinerantes\" \/>\n<meta property=\"og:description\" content=\"A Prefeitura de Manaus promove, na segunda-feira, 13\/2, a primeira a\u00e7\u00e3o da \u201cSemtepi Itinerante\u201d a partir das 8h, no residencial Viver Melhor.\" \/>\n<meta property=\"og:url\" content=\"https:\/\/www.manaus.am.gov.br\/semcom\/pautas\/prefeitura-de-manaus-promove-1a-acao-com-a-van-de-servicos-itinerantes\/\" \/>\n<meta property=\"og:site_name\" content=\"SEMCOM\" \/>\n<meta property=\"article:modified_time\" content=\"2023-02-10T13:04:32+00:00\" \/>\n<meta property=\"og:image\" content=\"https:\/\/www.manaus.am.gov.br\/semcom\/wp-content\/uploads\/sites\/5\/2023\/02\/sugestaodepauta.png\" \/>\n\t<meta property=\"og:image:width\" content=\"1020\" \/>\n\t<meta property=\"og:image:height\" content=\"540\" \/>\n\t<meta property=\"og:image:type\" content=\"image\/png\" \/>\n<meta name=\"twitter:card\" content=\"summary_large_image\" \/>\n<meta name=\"twitter:label1\" content=\"Est. reading time\" \/>\n\t<meta name=\"twitter:data1\" content=\"1 minuto\" \/>\n<script type=\"application\/ld+json\" class=\"yoast-schema-graph\">{\"@context\":\"https:\/\/schema.org\",\"@graph\":[{\"@type\":\"WebPage\",\"@id\":\"https:\/\/www.manaus.am.gov.br\/semcom\/pautas\/prefeitura-de-manaus-promove-1a-acao-com-a-van-de-servicos-itinerantes\/\",\"url\":\"https:\/\/www.manaus.am.gov.br\/semcom\/pautas\/prefeitura-de-manaus-promove-1a-acao-com-a-van-de-servicos-itinerantes\/\",\"name\":\"Prefeitura promove 1\u00aa a\u00e7\u00e3o com a van de servi\u00e7os itinerantes\",\"isPartOf\":{\"@id\":\"https:\/\/www.manaus.am.gov.br\/semcom\/#website\"},\"primaryImageOfPage\":{\"@id\":\"https:\/\/www.manaus.am.gov.br\/semcom\/pautas\/prefeitura-de-manaus-promove-1a-acao-com-a-van-de-servicos-itinerantes\/#primaryimage\"},\"image\":{\"@id\":\"https:\/\/www.manaus.am.gov.br\/semcom\/pautas\/prefeitura-de-manaus-promove-1a-acao-com-a-van-de-servicos-itinerantes\/#primaryimage\"},\"thumbnailUrl\":\"https:\/\/www.manaus.am.gov.br\/semcom\/wp-content\/uploads\/sites\/5\/2023\/02\/sugestaodepauta.png\",\"datePublished\":\"2023-02-10T13:03:55+00:00\",\"dateModified\":\"2023-02-10T13:04:32+00:00\",\"description\":\"A Prefeitura de Manaus promove, na segunda-feira, 13\/2, a primeira a\u00e7\u00e3o da \u201cSemtepi Itinerante\u201d a partir das 8h, no residencial Viver Melhor.\",\"inLanguage\":\"pt-BR\",\"potentialAction\":[{\"@type\":\"ReadAction\",\"target\":[\"https:\/\/www.manaus.am.gov.br\/semcom\/pautas\/prefeitura-de-manaus-promove-1a-acao-com-a-van-de-servicos-itinerantes\/\"]}]},{\"@type\":\"ImageObject\",\"inLanguage\":\"pt-BR\",\"@id\":\"https:\/\/www.manaus.am.gov.br\/semcom\/pautas\/prefeitura-de-manaus-promove-1a-acao-com-a-van-de-servicos-itinerantes\/#primaryimage\",\"url\":\"https:\/\/www.manaus.am.gov.br\/semcom\/wp-content\/uploads\/sites\/5\/2023\/02\/sugestaodepauta.png\",\"contentUrl\":\"https:\/\/www.manaus.am.gov.br\/semcom\/wp-content\/uploads\/sites\/5\/2023\/02\/sugestaodepauta.png\",\"width\":1020,\"height\":540},{\"@type\":\"WebSite\",\"@id\":\"https:\/\/www.manaus.am.gov.br\/semcom\/#website\",\"url\":\"https:\/\/www.manaus.am.gov.br\/semcom\/\",\"name\":\"SEMCOM\",\"description\":\"Secretaria Municipal de Comunica\u00e7\u00e3o\",\"potentialAction\":[{\"@type\":\"SearchAction\",\"target\":{\"@type\":\"EntryPoint\",\"urlTemplate\":\"https:\/\/www.manaus.am.gov.br\/semcom\/?s={search_term_string}\"},\"query-input\":\"required name=search_term_string\"}],\"inLanguage\":\"pt-BR\"}]}<\/script>\n<!-- \/ Yoast SEO plugin. -->","yoast_head_json":{"title":"Prefeitura promove 1\u00aa a\u00e7\u00e3o com a van de servi\u00e7os itinerantes","description":"A Prefeitura de Manaus promove, na segunda-feira, 13\/2, a primeira a\u00e7\u00e3o da \u201cSemtepi Itinerante\u201d a partir das 8h, no residencial Viver Melhor.","robots":{"index":"index","follow":"follow","max-snippet":"max-snippet:-1","max-image-preview":"max-image-preview:large","max-video-preview":"max-video-preview:-1"},"canonical":"https:\/\/www.manaus.am.gov.br\/semcom\/pautas\/prefeitura-de-manaus-promove-1a-acao-com-a-van-de-servicos-itinerantes\/","og_locale":"pt_BR","og_type":"article","og_title":"Prefeitura promove 1\u00aa a\u00e7\u00e3o com a van de servi\u00e7os itinerantes","og_description":"A Prefeitura de Manaus promove, na segunda-feira, 13\/2, a primeira a\u00e7\u00e3o da \u201cSemtepi Itinerante\u201d a partir das 8h, no residencial Viver Melhor.","og_url":"https:\/\/www.manaus.am.gov.br\/semcom\/pautas\/prefeitura-de-manaus-promove-1a-acao-com-a-van-de-servicos-itinerantes\/","og_site_name":"SEMCOM","article_modified_time":"2023-02-10T13:04:32+00:00","og_image":[{"width":1020,"height":540,"url":"https:\/\/www.manaus.am.gov.br\/semcom\/wp-content\/uploads\/sites\/5\/2023\/02\/sugestaodepauta.png","type":"image\/png"}],"twitter_card":"summary_large_image","twitter_misc":{"Est. reading time":"1 minuto"},"schema":{"@context":"https:\/\/schema.org","@graph":[{"@type":"WebPage","@id":"https:\/\/www.manaus.am.gov.br\/semcom\/pautas\/prefeitura-de-manaus-promove-1a-acao-com-a-van-de-servicos-itinerantes\/","url":"https:\/\/www.manaus.am.gov.br\/semcom\/pautas\/prefeitura-de-manaus-promove-1a-acao-com-a-van-de-servicos-itinerantes\/","name":"Prefeitura promove 1\u00aa a\u00e7\u00e3o com a van de servi\u00e7os itinerantes","isPartOf":{"@id":"https:\/\/www.manaus.am.gov.br\/semcom\/#website"},"primaryImageOfPage":{"@id":"https:\/\/www.manaus.am.gov.br\/semcom\/pautas\/prefeitura-de-manaus-promove-1a-acao-com-a-van-de-servicos-itinerantes\/#primaryimage"},"image":{"@id":"https:\/\/www.manaus.am.gov.br\/semcom\/pautas\/prefeitura-de-manaus-promove-1a-acao-com-a-van-de-servicos-itinerantes\/#primaryimage"},"thumbnailUrl":"https:\/\/www.manaus.am.gov.br\/semcom\/wp-content\/uploads\/sites\/5\/2023\/02\/sugestaodepauta.png","datePublished":"2023-02-10T13:03:55+00:00","dateModified":"2023-02-10T13:04:32+00:00","description":"A Prefeitura de Manaus promove, na segunda-feira, 13\/2, a primeira a\u00e7\u00e3o da \u201cSemtepi Itinerante\u201d a partir das 8h, no residencial Viver Melhor.","inLanguage":"pt-BR","potentialAction":[{"@type":"ReadAction","target":["https:\/\/www.manaus.am.gov.br\/semcom\/pautas\/prefeitura-de-manaus-promove-1a-acao-com-a-van-de-servicos-itinerantes\/"]}]},{"@type":"ImageObject","inLanguage":"pt-BR","@id":"https:\/\/www.manaus.am.gov.br\/semcom\/pautas\/prefeitura-de-manaus-promove-1a-acao-com-a-van-de-servicos-itinerantes\/#primaryimage","url":"https:\/\/www.manaus.am.gov.br\/semcom\/wp-content\/uploads\/sites\/5\/2023\/02\/sugestaodepauta.png","contentUrl":"https:\/\/www.manaus.am.gov.br\/semcom\/wp-content\/uploads\/sites\/5\/2023\/02\/sugestaodepauta.png","width":1020,"height":540},{"@type":"WebSite","@id":"https:\/\/www.manaus.am.gov.br\/semcom\/#website","url":"https:\/\/www.manaus.am.gov.br\/semcom\/","name":"SEMCOM","description":"Secretaria Municipal de Comunica\u00e7\u00e3o","potentialAction":[{"@type":"SearchAction","target":{"@type":"EntryPoint","urlTemplate":"https:\/\/www.manaus.am.gov.br\/semcom\/?s={search_term_string}"},"query-input":"required name=search_term_string"}],"inLanguage":"pt-BR"}]}},"_links":{"self":[{"href":"https:\/\/www.manaus.am.gov.br\/semcom\/wp-json\/wp\/v2\/pautas\/208931"}],"collection":[{"href":"https:\/\/www.manaus.am.gov.br\/semcom\/wp-json\/wp\/v2\/pautas"}],"about":[{"href":"https:\/\/www.manaus.am.gov.br\/semcom\/wp-json\/wp\/v2\/types\/pautas"}],"wp:featuredmedia":[{"embeddable":true,"href":"https:\/\/www.manaus.am.gov.br\/semcom\/wp-json\/wp\/v2\/media\/208729"}],"wp:attachment":[{"href":"https:\/\/www.manaus.am.gov.br\/semcom\/wp-json\/wp\/v2\/media?parent=208931"}],"wp:term":[{"taxonomy":"category","embeddable":true,"href":"https:\/\/www.manaus.am.gov.br\/semcom\/wp-json\/wp\/v2\/categories?post=208931"}],"curies":[{"name":"wp","href":"https:\/\/api.w.org\/{rel}","templated":true}]}}