{"id":208883,"date":"2023-02-09T14:30:41","date_gmt":"2023-02-09T17:30:41","guid":{"rendered":"https:\/\/www.manaus.am.gov.br\/semcom\/?post_type=pautas&#038;p=208883"},"modified":"2023-02-09T14:30:43","modified_gmt":"2023-02-09T17:30:43","slug":"prefeito-david-almeida-participa-do-encerramento-das-apresentacoes-do-educa-manaus","status":"publish","type":"pautas","link":"https:\/\/www.manaus.am.gov.br\/semcom\/pautas\/prefeito-david-almeida-participa-do-encerramento-das-apresentacoes-do-educa-manaus\/","title":{"rendered":"<strong>Prefeito David Almeida participa do encerramento das apresenta\u00e7\u00f5es do &#8216;Educa + Manaus&#8217;<\/strong>"},"content":{"rendered":"\n<p>A Prefeitura de Manaus, por meio da Secretaria Municipal de Educa\u00e7\u00e3o (Semed), encerra, nesta quinta-feira, 9\/2, a programa\u00e7\u00e3o da Abertura do Ano Letivo 2023, com as apresenta\u00e7\u00f5es do programa \u201cEduca+Manaus\u201d para profissionais da Semed. O evento, hoje, ocorre em dois momentos: \u00e0s 13h30, para pedagogos da rede e, \u00e0s 15h, para assessores pedag\u00f3gicos, no audit\u00f3rio Luiz Geraldo Pontes Teixeira, bairro Parque 10 de Novembro, zona Centro-Sul.<\/p>\n\n\n\n<p>A programa\u00e7\u00e3o iniciou na \u00faltima quinta-feira, 2\/2, com a Abertura do Ano Letivo 2023 a mais de 1,5 mil professores de 5\u00ba e 9\u00ba anos.<\/p>\n\n\n\n<p>O programa tem o objetivo de preparar 40 mil estudantes, das turmas de 5\u00ba e 9\u00ba anos do ensino fundamental, para as avalia\u00e7\u00f5es do Sistema de Avalia\u00e7\u00e3o da Educa\u00e7\u00e3o B\u00e1sica (Saeb), no \u00faltimo trimestre deste ano. Al\u00e9m disso, a iniciativa ser\u00e1 aplicada em 336 escolas da rede municipal de ensino, por meio de simulados, encontros pedag\u00f3gicos e 6\u00b0 tempo.<\/p>\n\n\n\n<p><strong>SERVI\u00c7O<\/strong><\/p>\n\n\n\n<p><strong>O qu\u00ea \u2013 <\/strong>Encerramento do programa \u201cEduca+Manaus\u201d<\/p>\n\n\n\n<p><strong>Quando &#8211; <\/strong>Quinta-feira, 9\/2<\/p>\n\n\n\n<p><strong>Hor\u00e1rio \u2013 <\/strong>13h30<\/p>\n\n\n\n<p><strong>Local &#8211; <\/strong>Audit\u00f3rio Luiz Geraldo Pontes Teixeira, bairro Parque 10 de Novembro, zona Centro-Sul.<\/p>\n","protected":false},"featured_media":208729,"template":"","categories":[788],"acf":[],"yoast_head":"<!-- This site is optimized with the Yoast SEO plugin v23.0 - https:\/\/yoast.com\/wordpress\/plugins\/seo\/ -->\n<title>Prefeito David Almeida participa das apresenta\u00e7\u00f5es do &#039;Educa + Manaus&#039;<\/title>\n<meta name=\"description\" content=\"A Prefeitura de Manaus, por meio da Secretaria Municipal de Educa\u00e7\u00e3o (Semed), encerra, nesta quinta-feira, 9\/2, a programa\u00e7\u00e3o da Abertura do Ano Letivo 2023, com as apresenta\u00e7\u00f5es do programa \u201cEduca+Manaus\u201d para profissionais da Semed. O evento, hoje, ocorre em dois momentos: \u00e0s 13h30, para pedagogos da rede e, \u00e0s 15h, para assessores pedag\u00f3gicos, no audit\u00f3rio Luiz Geraldo Pontes Teixeira, bairro Parque 10 de Novembro, zona Centro-Sul.\" \/>\n<meta name=\"robots\" content=\"index, follow, max-snippet:-1, max-image-preview:large, max-video-preview:-1\" \/>\n<link rel=\"canonical\" href=\"https:\/\/www.manaus.am.gov.br\/semcom\/pautas\/prefeito-david-almeida-participa-do-encerramento-das-apresentacoes-do-educa-manaus\/\" \/>\n<meta property=\"og:locale\" content=\"pt_BR\" \/>\n<meta property=\"og:type\" content=\"article\" \/>\n<meta property=\"og:title\" content=\"Prefeito David Almeida participa das apresenta\u00e7\u00f5es do &#039;Educa + Manaus&#039;\" \/>\n<meta property=\"og:description\" content=\"A Prefeitura de Manaus, por meio da Secretaria Municipal de Educa\u00e7\u00e3o (Semed), encerra, nesta quinta-feira, 9\/2, a programa\u00e7\u00e3o da Abertura do Ano Letivo 2023, com as apresenta\u00e7\u00f5es do programa \u201cEduca+Manaus\u201d para profissionais da Semed. O evento, hoje, ocorre em dois momentos: \u00e0s 13h30, para pedagogos da rede e, \u00e0s 15h, para assessores pedag\u00f3gicos, no audit\u00f3rio Luiz Geraldo Pontes Teixeira, bairro Parque 10 de Novembro, zona Centro-Sul.\" \/>\n<meta property=\"og:url\" content=\"https:\/\/www.manaus.am.gov.br\/semcom\/pautas\/prefeito-david-almeida-participa-do-encerramento-das-apresentacoes-do-educa-manaus\/\" \/>\n<meta property=\"og:site_name\" content=\"SEMCOM\" \/>\n<meta property=\"article:modified_time\" content=\"2023-02-09T17:30:43+00:00\" \/>\n<meta property=\"og:image\" content=\"https:\/\/www.manaus.am.gov.br\/semcom\/wp-content\/uploads\/sites\/5\/2023\/02\/sugestaodepauta.png\" \/>\n\t<meta property=\"og:image:width\" content=\"1020\" \/>\n\t<meta property=\"og:image:height\" content=\"540\" \/>\n\t<meta property=\"og:image:type\" content=\"image\/png\" \/>\n<meta name=\"twitter:card\" content=\"summary_large_image\" \/>\n<meta name=\"twitter:label1\" content=\"Est. reading time\" \/>\n\t<meta name=\"twitter:data1\" content=\"1 minuto\" \/>\n<script type=\"application\/ld+json\" class=\"yoast-schema-graph\">{\"@context\":\"https:\/\/schema.org\",\"@graph\":[{\"@type\":\"WebPage\",\"@id\":\"https:\/\/www.manaus.am.gov.br\/semcom\/pautas\/prefeito-david-almeida-participa-do-encerramento-das-apresentacoes-do-educa-manaus\/\",\"url\":\"https:\/\/www.manaus.am.gov.br\/semcom\/pautas\/prefeito-david-almeida-participa-do-encerramento-das-apresentacoes-do-educa-manaus\/\",\"name\":\"Prefeito David Almeida participa das apresenta\u00e7\u00f5es do 'Educa + Manaus'\",\"isPartOf\":{\"@id\":\"https:\/\/www.manaus.am.gov.br\/semcom\/#website\"},\"primaryImageOfPage\":{\"@id\":\"https:\/\/www.manaus.am.gov.br\/semcom\/pautas\/prefeito-david-almeida-participa-do-encerramento-das-apresentacoes-do-educa-manaus\/#primaryimage\"},\"image\":{\"@id\":\"https:\/\/www.manaus.am.gov.br\/semcom\/pautas\/prefeito-david-almeida-participa-do-encerramento-das-apresentacoes-do-educa-manaus\/#primaryimage\"},\"thumbnailUrl\":\"https:\/\/www.manaus.am.gov.br\/semcom\/wp-content\/uploads\/sites\/5\/2023\/02\/sugestaodepauta.png\",\"datePublished\":\"2023-02-09T17:30:41+00:00\",\"dateModified\":\"2023-02-09T17:30:43+00:00\",\"description\":\"A Prefeitura de Manaus, por meio da Secretaria Municipal de Educa\u00e7\u00e3o (Semed), encerra, nesta quinta-feira, 9\/2, a programa\u00e7\u00e3o da Abertura do Ano Letivo 2023, com as apresenta\u00e7\u00f5es do programa \u201cEduca+Manaus\u201d para profissionais da Semed. O evento, hoje, ocorre em dois momentos: \u00e0s 13h30, para pedagogos da rede e, \u00e0s 15h, para assessores pedag\u00f3gicos, no audit\u00f3rio Luiz Geraldo Pontes Teixeira, bairro Parque 10 de Novembro, zona Centro-Sul.\",\"inLanguage\":\"pt-BR\",\"potentialAction\":[{\"@type\":\"ReadAction\",\"target\":[\"https:\/\/www.manaus.am.gov.br\/semcom\/pautas\/prefeito-david-almeida-participa-do-encerramento-das-apresentacoes-do-educa-manaus\/\"]}]},{\"@type\":\"ImageObject\",\"inLanguage\":\"pt-BR\",\"@id\":\"https:\/\/www.manaus.am.gov.br\/semcom\/pautas\/prefeito-david-almeida-participa-do-encerramento-das-apresentacoes-do-educa-manaus\/#primaryimage\",\"url\":\"https:\/\/www.manaus.am.gov.br\/semcom\/wp-content\/uploads\/sites\/5\/2023\/02\/sugestaodepauta.png\",\"contentUrl\":\"https:\/\/www.manaus.am.gov.br\/semcom\/wp-content\/uploads\/sites\/5\/2023\/02\/sugestaodepauta.png\",\"width\":1020,\"height\":540},{\"@type\":\"WebSite\",\"@id\":\"https:\/\/www.manaus.am.gov.br\/semcom\/#website\",\"url\":\"https:\/\/www.manaus.am.gov.br\/semcom\/\",\"name\":\"SEMCOM\",\"description\":\"Secretaria Municipal de Comunica\u00e7\u00e3o\",\"potentialAction\":[{\"@type\":\"SearchAction\",\"target\":{\"@type\":\"EntryPoint\",\"urlTemplate\":\"https:\/\/www.manaus.am.gov.br\/semcom\/?s={search_term_string}\"},\"query-input\":\"required name=search_term_string\"}],\"inLanguage\":\"pt-BR\"}]}<\/script>\n<!-- \/ Yoast SEO plugin. -->","yoast_head_json":{"title":"Prefeito David Almeida participa das apresenta\u00e7\u00f5es do 'Educa + Manaus'","description":"A Prefeitura de Manaus, por meio da Secretaria Municipal de Educa\u00e7\u00e3o (Semed), encerra, nesta quinta-feira, 9\/2, a programa\u00e7\u00e3o da Abertura do Ano Letivo 2023, com as apresenta\u00e7\u00f5es do programa \u201cEduca+Manaus\u201d para profissionais da Semed. O evento, hoje, ocorre em dois momentos: \u00e0s 13h30, para pedagogos da rede e, \u00e0s 15h, para assessores pedag\u00f3gicos, no audit\u00f3rio Luiz Geraldo Pontes Teixeira, bairro Parque 10 de Novembro, zona Centro-Sul.","robots":{"index":"index","follow":"follow","max-snippet":"max-snippet:-1","max-image-preview":"max-image-preview:large","max-video-preview":"max-video-preview:-1"},"canonical":"https:\/\/www.manaus.am.gov.br\/semcom\/pautas\/prefeito-david-almeida-participa-do-encerramento-das-apresentacoes-do-educa-manaus\/","og_locale":"pt_BR","og_type":"article","og_title":"Prefeito David Almeida participa das apresenta\u00e7\u00f5es do 'Educa + Manaus'","og_description":"A Prefeitura de Manaus, por meio da Secretaria Municipal de Educa\u00e7\u00e3o (Semed), encerra, nesta quinta-feira, 9\/2, a programa\u00e7\u00e3o da Abertura do Ano Letivo 2023, com as apresenta\u00e7\u00f5es do programa \u201cEduca+Manaus\u201d para profissionais da Semed. O evento, hoje, ocorre em dois momentos: \u00e0s 13h30, para pedagogos da rede e, \u00e0s 15h, para assessores pedag\u00f3gicos, no audit\u00f3rio Luiz Geraldo Pontes Teixeira, bairro Parque 10 de Novembro, zona Centro-Sul.","og_url":"https:\/\/www.manaus.am.gov.br\/semcom\/pautas\/prefeito-david-almeida-participa-do-encerramento-das-apresentacoes-do-educa-manaus\/","og_site_name":"SEMCOM","article_modified_time":"2023-02-09T17:30:43+00:00","og_image":[{"width":1020,"height":540,"url":"https:\/\/www.manaus.am.gov.br\/semcom\/wp-content\/uploads\/sites\/5\/2023\/02\/sugestaodepauta.png","type":"image\/png"}],"twitter_card":"summary_large_image","twitter_misc":{"Est. reading time":"1 minuto"},"schema":{"@context":"https:\/\/schema.org","@graph":[{"@type":"WebPage","@id":"https:\/\/www.manaus.am.gov.br\/semcom\/pautas\/prefeito-david-almeida-participa-do-encerramento-das-apresentacoes-do-educa-manaus\/","url":"https:\/\/www.manaus.am.gov.br\/semcom\/pautas\/prefeito-david-almeida-participa-do-encerramento-das-apresentacoes-do-educa-manaus\/","name":"Prefeito David Almeida participa das apresenta\u00e7\u00f5es do 'Educa + Manaus'","isPartOf":{"@id":"https:\/\/www.manaus.am.gov.br\/semcom\/#website"},"primaryImageOfPage":{"@id":"https:\/\/www.manaus.am.gov.br\/semcom\/pautas\/prefeito-david-almeida-participa-do-encerramento-das-apresentacoes-do-educa-manaus\/#primaryimage"},"image":{"@id":"https:\/\/www.manaus.am.gov.br\/semcom\/pautas\/prefeito-david-almeida-participa-do-encerramento-das-apresentacoes-do-educa-manaus\/#primaryimage"},"thumbnailUrl":"https:\/\/www.manaus.am.gov.br\/semcom\/wp-content\/uploads\/sites\/5\/2023\/02\/sugestaodepauta.png","datePublished":"2023-02-09T17:30:41+00:00","dateModified":"2023-02-09T17:30:43+00:00","description":"A Prefeitura de Manaus, por meio da Secretaria Municipal de Educa\u00e7\u00e3o (Semed), encerra, nesta quinta-feira, 9\/2, a programa\u00e7\u00e3o da Abertura do Ano Letivo 2023, com as apresenta\u00e7\u00f5es do programa \u201cEduca+Manaus\u201d para profissionais da Semed. O evento, hoje, ocorre em dois momentos: \u00e0s 13h30, para pedagogos da rede e, \u00e0s 15h, para assessores pedag\u00f3gicos, no audit\u00f3rio Luiz Geraldo Pontes Teixeira, bairro Parque 10 de Novembro, zona Centro-Sul.","inLanguage":"pt-BR","potentialAction":[{"@type":"ReadAction","target":["https:\/\/www.manaus.am.gov.br\/semcom\/pautas\/prefeito-david-almeida-participa-do-encerramento-das-apresentacoes-do-educa-manaus\/"]}]},{"@type":"ImageObject","inLanguage":"pt-BR","@id":"https:\/\/www.manaus.am.gov.br\/semcom\/pautas\/prefeito-david-almeida-participa-do-encerramento-das-apresentacoes-do-educa-manaus\/#primaryimage","url":"https:\/\/www.manaus.am.gov.br\/semcom\/wp-content\/uploads\/sites\/5\/2023\/02\/sugestaodepauta.png","contentUrl":"https:\/\/www.manaus.am.gov.br\/semcom\/wp-content\/uploads\/sites\/5\/2023\/02\/sugestaodepauta.png","width":1020,"height":540},{"@type":"WebSite","@id":"https:\/\/www.manaus.am.gov.br\/semcom\/#website","url":"https:\/\/www.manaus.am.gov.br\/semcom\/","name":"SEMCOM","description":"Secretaria Municipal de Comunica\u00e7\u00e3o","potentialAction":[{"@type":"SearchAction","target":{"@type":"EntryPoint","urlTemplate":"https:\/\/www.manaus.am.gov.br\/semcom\/?s={search_term_string}"},"query-input":"required name=search_term_string"}],"inLanguage":"pt-BR"}]}},"_links":{"self":[{"href":"https:\/\/www.manaus.am.gov.br\/semcom\/wp-json\/wp\/v2\/pautas\/208883"}],"collection":[{"href":"https:\/\/www.manaus.am.gov.br\/semcom\/wp-json\/wp\/v2\/pautas"}],"about":[{"href":"https:\/\/www.manaus.am.gov.br\/semcom\/wp-json\/wp\/v2\/types\/pautas"}],"wp:featuredmedia":[{"embeddable":true,"href":"https:\/\/www.manaus.am.gov.br\/semcom\/wp-json\/wp\/v2\/media\/208729"}],"wp:attachment":[{"href":"https:\/\/www.manaus.am.gov.br\/semcom\/wp-json\/wp\/v2\/media?parent=208883"}],"wp:term":[{"taxonomy":"category","embeddable":true,"href":"https:\/\/www.manaus.am.gov.br\/semcom\/wp-json\/wp\/v2\/categories?post=208883"}],"curies":[{"name":"wp","href":"https:\/\/api.w.org\/{rel}","templated":true}]}}