{"id":208741,"date":"2023-02-07T15:40:54","date_gmt":"2023-02-07T18:40:54","guid":{"rendered":"https:\/\/www.manaus.am.gov.br\/semcom\/?post_type=pautas&#038;p=208741"},"modified":"2023-02-08T09:18:35","modified_gmt":"2023-02-08T12:18:35","slug":"prefeitura-de-manaus-realiza-evento-para-apresentacao-do-regime-de-previdencia-complementar","status":"publish","type":"pautas","link":"https:\/\/www.manaus.am.gov.br\/semcom\/pautas\/prefeitura-de-manaus-realiza-evento-para-apresentacao-do-regime-de-previdencia-complementar\/","title":{"rendered":"Prefeitura de Manaus realiza evento para apresenta\u00e7\u00e3o do Regime de Previd\u00eancia Complementar"},"content":{"rendered":"\n<p>A Prefeitura de Manaus promove, \u00e0s 9h desta quarta-feira, 8\/2, no audit\u00f3rio Isabel Victoria de Mattos Pereira do Carmo Ribeiro, na sede da prefeitura, na avenida Brasil, n\u00ba 2.971, bairro Compensa, zona Oeste, evento para a apresenta\u00e7\u00e3o de informa\u00e7\u00f5es sobre o Regime de Previd\u00eancia Complementar (RPC). O objetivo \u00e9 realizar um apanhado geral do Plano de Benef\u00edcios Viva Federativo, ao qual o munic\u00edpio de Manaus fez ades\u00e3o, e que \u00e9 administrado pela Entidade Fechada de Previd\u00eancia Complementar \u2013 EFPC Funda\u00e7\u00e3o Viva de Previd\u00eancia. Na ocasi\u00e3o, dirigentes da funda\u00e7\u00e3o far\u00e3o uma explana\u00e7\u00e3o a respeito da pol\u00edtica de investimentos do plano e das perspectivas para o ano de 2023.<\/p>\n\n\n\n<p>A coordena\u00e7\u00e3o do encontro \u00e9 da Secretaria Municipal de Administra\u00e7\u00e3o, Planejamento e Gest\u00e3o (Semad) e o p\u00fablico-alvo s\u00e3o os servidores da prefeitura que j\u00e1 figuram como participantes do plano, os gestores de Recursos Humanos, dos \u00f3rg\u00e3os e entidades que atuam na condi\u00e7\u00e3o de patrocinadores do Plano de Benef\u00edcios Complementar. O evento tamb\u00e9m estar\u00e1 aberto aos demais servidores interessados no tema, como tamb\u00e9m aos que desejarem aderir ao plano de benef\u00edcios.<\/p>\n\n\n\n<p><strong>SERVI\u00c7O:<\/strong><\/p>\n\n\n\n<p><strong>O qu\u00ea &#8211;<\/strong>&nbsp;Apresenta\u00e7\u00e3o do Regime de Previd\u00eancia Complementar<\/p>\n\n\n\n<p><strong>Data \u2013<\/strong>&nbsp;Quarta-feira, 8\/2<\/p>\n\n\n\n<p><strong>Hor\u00e1rio &#8211;<\/strong>&nbsp;9h<\/p>\n\n\n\n<p><strong>Local &#8211;<\/strong>&nbsp;Audit\u00f3rio Isabel Victoria de Mattos Pereira do Carmo Ribeiro, na sede da prefeitura, na avenida Brasil, n\u00ba 2.971, Compensa<\/p>\n","protected":false},"featured_media":208729,"template":"","categories":[775],"acf":[],"yoast_head":"<!-- This site is optimized with the Yoast SEO plugin v23.0 - https:\/\/yoast.com\/wordpress\/plugins\/seo\/ -->\n<title>Prefeitura realiza evento do Regime de Previd\u00eancia<\/title>\n<meta name=\"description\" content=\"A Prefeitura de Manaus promove, \u00e0s 9h desta quarta-feira, 8\/2, no audit\u00f3rio Isabel Victoria de Mattos Pereira do Carmo Ribeiro, evento para a apresenta\u00e7\u00e3o do Regime de Previd\u00eancia\" \/>\n<meta name=\"robots\" content=\"index, follow, max-snippet:-1, max-image-preview:large, max-video-preview:-1\" \/>\n<link rel=\"canonical\" href=\"https:\/\/www.manaus.am.gov.br\/semcom\/pautas\/prefeitura-de-manaus-realiza-evento-para-apresentacao-do-regime-de-previdencia-complementar\/\" \/>\n<meta property=\"og:locale\" content=\"pt_BR\" \/>\n<meta property=\"og:type\" content=\"article\" \/>\n<meta property=\"og:title\" content=\"Prefeitura realiza evento do Regime de Previd\u00eancia\" \/>\n<meta property=\"og:description\" content=\"A Prefeitura de Manaus promove, \u00e0s 9h desta quarta-feira, 8\/2, no audit\u00f3rio Isabel Victoria de Mattos Pereira do Carmo Ribeiro, evento para a apresenta\u00e7\u00e3o do Regime de Previd\u00eancia\" \/>\n<meta property=\"og:url\" content=\"https:\/\/www.manaus.am.gov.br\/semcom\/pautas\/prefeitura-de-manaus-realiza-evento-para-apresentacao-do-regime-de-previdencia-complementar\/\" \/>\n<meta property=\"og:site_name\" content=\"SEMCOM\" \/>\n<meta property=\"article:modified_time\" content=\"2023-02-08T12:18:35+00:00\" \/>\n<meta property=\"og:image\" content=\"https:\/\/www.manaus.am.gov.br\/semcom\/wp-content\/uploads\/sites\/5\/2023\/02\/sugestaodepauta.png\" \/>\n\t<meta property=\"og:image:width\" content=\"1020\" \/>\n\t<meta property=\"og:image:height\" content=\"540\" \/>\n\t<meta property=\"og:image:type\" content=\"image\/png\" \/>\n<meta name=\"twitter:card\" content=\"summary_large_image\" \/>\n<meta name=\"twitter:label1\" content=\"Est. reading time\" \/>\n\t<meta name=\"twitter:data1\" content=\"2 minutos\" \/>\n<script type=\"application\/ld+json\" class=\"yoast-schema-graph\">{\"@context\":\"https:\/\/schema.org\",\"@graph\":[{\"@type\":\"WebPage\",\"@id\":\"https:\/\/www.manaus.am.gov.br\/semcom\/pautas\/prefeitura-de-manaus-realiza-evento-para-apresentacao-do-regime-de-previdencia-complementar\/\",\"url\":\"https:\/\/www.manaus.am.gov.br\/semcom\/pautas\/prefeitura-de-manaus-realiza-evento-para-apresentacao-do-regime-de-previdencia-complementar\/\",\"name\":\"Prefeitura realiza evento do Regime de Previd\u00eancia\",\"isPartOf\":{\"@id\":\"https:\/\/www.manaus.am.gov.br\/semcom\/#website\"},\"primaryImageOfPage\":{\"@id\":\"https:\/\/www.manaus.am.gov.br\/semcom\/pautas\/prefeitura-de-manaus-realiza-evento-para-apresentacao-do-regime-de-previdencia-complementar\/#primaryimage\"},\"image\":{\"@id\":\"https:\/\/www.manaus.am.gov.br\/semcom\/pautas\/prefeitura-de-manaus-realiza-evento-para-apresentacao-do-regime-de-previdencia-complementar\/#primaryimage\"},\"thumbnailUrl\":\"https:\/\/www.manaus.am.gov.br\/semcom\/wp-content\/uploads\/sites\/5\/2023\/02\/sugestaodepauta.png\",\"datePublished\":\"2023-02-07T18:40:54+00:00\",\"dateModified\":\"2023-02-08T12:18:35+00:00\",\"description\":\"A Prefeitura de Manaus promove, \u00e0s 9h desta quarta-feira, 8\/2, no audit\u00f3rio Isabel Victoria de Mattos Pereira do Carmo Ribeiro, evento para a apresenta\u00e7\u00e3o do Regime de Previd\u00eancia\",\"inLanguage\":\"pt-BR\",\"potentialAction\":[{\"@type\":\"ReadAction\",\"target\":[\"https:\/\/www.manaus.am.gov.br\/semcom\/pautas\/prefeitura-de-manaus-realiza-evento-para-apresentacao-do-regime-de-previdencia-complementar\/\"]}]},{\"@type\":\"ImageObject\",\"inLanguage\":\"pt-BR\",\"@id\":\"https:\/\/www.manaus.am.gov.br\/semcom\/pautas\/prefeitura-de-manaus-realiza-evento-para-apresentacao-do-regime-de-previdencia-complementar\/#primaryimage\",\"url\":\"https:\/\/www.manaus.am.gov.br\/semcom\/wp-content\/uploads\/sites\/5\/2023\/02\/sugestaodepauta.png\",\"contentUrl\":\"https:\/\/www.manaus.am.gov.br\/semcom\/wp-content\/uploads\/sites\/5\/2023\/02\/sugestaodepauta.png\",\"width\":1020,\"height\":540},{\"@type\":\"WebSite\",\"@id\":\"https:\/\/www.manaus.am.gov.br\/semcom\/#website\",\"url\":\"https:\/\/www.manaus.am.gov.br\/semcom\/\",\"name\":\"SEMCOM\",\"description\":\"Secretaria Municipal de Comunica\u00e7\u00e3o\",\"potentialAction\":[{\"@type\":\"SearchAction\",\"target\":{\"@type\":\"EntryPoint\",\"urlTemplate\":\"https:\/\/www.manaus.am.gov.br\/semcom\/?s={search_term_string}\"},\"query-input\":\"required name=search_term_string\"}],\"inLanguage\":\"pt-BR\"}]}<\/script>\n<!-- \/ Yoast SEO plugin. -->","yoast_head_json":{"title":"Prefeitura realiza evento do Regime de Previd\u00eancia","description":"A Prefeitura de Manaus promove, \u00e0s 9h desta quarta-feira, 8\/2, no audit\u00f3rio Isabel Victoria de Mattos Pereira do Carmo Ribeiro, evento para a apresenta\u00e7\u00e3o do Regime de Previd\u00eancia","robots":{"index":"index","follow":"follow","max-snippet":"max-snippet:-1","max-image-preview":"max-image-preview:large","max-video-preview":"max-video-preview:-1"},"canonical":"https:\/\/www.manaus.am.gov.br\/semcom\/pautas\/prefeitura-de-manaus-realiza-evento-para-apresentacao-do-regime-de-previdencia-complementar\/","og_locale":"pt_BR","og_type":"article","og_title":"Prefeitura realiza evento do Regime de Previd\u00eancia","og_description":"A Prefeitura de Manaus promove, \u00e0s 9h desta quarta-feira, 8\/2, no audit\u00f3rio Isabel Victoria de Mattos Pereira do Carmo Ribeiro, evento para a apresenta\u00e7\u00e3o do Regime de Previd\u00eancia","og_url":"https:\/\/www.manaus.am.gov.br\/semcom\/pautas\/prefeitura-de-manaus-realiza-evento-para-apresentacao-do-regime-de-previdencia-complementar\/","og_site_name":"SEMCOM","article_modified_time":"2023-02-08T12:18:35+00:00","og_image":[{"width":1020,"height":540,"url":"https:\/\/www.manaus.am.gov.br\/semcom\/wp-content\/uploads\/sites\/5\/2023\/02\/sugestaodepauta.png","type":"image\/png"}],"twitter_card":"summary_large_image","twitter_misc":{"Est. reading time":"2 minutos"},"schema":{"@context":"https:\/\/schema.org","@graph":[{"@type":"WebPage","@id":"https:\/\/www.manaus.am.gov.br\/semcom\/pautas\/prefeitura-de-manaus-realiza-evento-para-apresentacao-do-regime-de-previdencia-complementar\/","url":"https:\/\/www.manaus.am.gov.br\/semcom\/pautas\/prefeitura-de-manaus-realiza-evento-para-apresentacao-do-regime-de-previdencia-complementar\/","name":"Prefeitura realiza evento do Regime de Previd\u00eancia","isPartOf":{"@id":"https:\/\/www.manaus.am.gov.br\/semcom\/#website"},"primaryImageOfPage":{"@id":"https:\/\/www.manaus.am.gov.br\/semcom\/pautas\/prefeitura-de-manaus-realiza-evento-para-apresentacao-do-regime-de-previdencia-complementar\/#primaryimage"},"image":{"@id":"https:\/\/www.manaus.am.gov.br\/semcom\/pautas\/prefeitura-de-manaus-realiza-evento-para-apresentacao-do-regime-de-previdencia-complementar\/#primaryimage"},"thumbnailUrl":"https:\/\/www.manaus.am.gov.br\/semcom\/wp-content\/uploads\/sites\/5\/2023\/02\/sugestaodepauta.png","datePublished":"2023-02-07T18:40:54+00:00","dateModified":"2023-02-08T12:18:35+00:00","description":"A Prefeitura de Manaus promove, \u00e0s 9h desta quarta-feira, 8\/2, no audit\u00f3rio Isabel Victoria de Mattos Pereira do Carmo Ribeiro, evento para a apresenta\u00e7\u00e3o do Regime de Previd\u00eancia","inLanguage":"pt-BR","potentialAction":[{"@type":"ReadAction","target":["https:\/\/www.manaus.am.gov.br\/semcom\/pautas\/prefeitura-de-manaus-realiza-evento-para-apresentacao-do-regime-de-previdencia-complementar\/"]}]},{"@type":"ImageObject","inLanguage":"pt-BR","@id":"https:\/\/www.manaus.am.gov.br\/semcom\/pautas\/prefeitura-de-manaus-realiza-evento-para-apresentacao-do-regime-de-previdencia-complementar\/#primaryimage","url":"https:\/\/www.manaus.am.gov.br\/semcom\/wp-content\/uploads\/sites\/5\/2023\/02\/sugestaodepauta.png","contentUrl":"https:\/\/www.manaus.am.gov.br\/semcom\/wp-content\/uploads\/sites\/5\/2023\/02\/sugestaodepauta.png","width":1020,"height":540},{"@type":"WebSite","@id":"https:\/\/www.manaus.am.gov.br\/semcom\/#website","url":"https:\/\/www.manaus.am.gov.br\/semcom\/","name":"SEMCOM","description":"Secretaria Municipal de Comunica\u00e7\u00e3o","potentialAction":[{"@type":"SearchAction","target":{"@type":"EntryPoint","urlTemplate":"https:\/\/www.manaus.am.gov.br\/semcom\/?s={search_term_string}"},"query-input":"required name=search_term_string"}],"inLanguage":"pt-BR"}]}},"_links":{"self":[{"href":"https:\/\/www.manaus.am.gov.br\/semcom\/wp-json\/wp\/v2\/pautas\/208741"}],"collection":[{"href":"https:\/\/www.manaus.am.gov.br\/semcom\/wp-json\/wp\/v2\/pautas"}],"about":[{"href":"https:\/\/www.manaus.am.gov.br\/semcom\/wp-json\/wp\/v2\/types\/pautas"}],"wp:featuredmedia":[{"embeddable":true,"href":"https:\/\/www.manaus.am.gov.br\/semcom\/wp-json\/wp\/v2\/media\/208729"}],"wp:attachment":[{"href":"https:\/\/www.manaus.am.gov.br\/semcom\/wp-json\/wp\/v2\/media?parent=208741"}],"wp:term":[{"taxonomy":"category","embeddable":true,"href":"https:\/\/www.manaus.am.gov.br\/semcom\/wp-json\/wp\/v2\/categories?post=208741"}],"curies":[{"name":"wp","href":"https:\/\/api.w.org\/{rel}","templated":true}]}}