{"id":208716,"date":"2023-02-06T21:10:37","date_gmt":"2023-02-07T00:10:37","guid":{"rendered":"https:\/\/www.manaus.am.gov.br\/semcom\/?post_type=pautas&#038;p=208716"},"modified":"2023-02-08T09:13:07","modified_gmt":"2023-02-08T12:13:07","slug":"prefeitura-de-manaus-lanca-exposicao-fotografica-alusiva-ao-dia-nacional-de-luta-dos-povos-indigenas","status":"publish","type":"pautas","link":"https:\/\/www.manaus.am.gov.br\/semcom\/pautas\/prefeitura-de-manaus-lanca-exposicao-fotografica-alusiva-ao-dia-nacional-de-luta-dos-povos-indigenas\/","title":{"rendered":"Prefeitura de Manaus lan\u00e7a exposi\u00e7\u00e3o fotogr\u00e1fica alusiva ao \u2018Dia Nacional de Luta dos Povos Ind\u00edgenas\u2019"},"content":{"rendered":"\n<p>A Prefeitura de Manaus, por meio da Funda\u00e7\u00e3o Municipal de Cultura, Turismo e Eventos (Manauscult), em parceria com a Secretaria Municipal da Mulher, Assist\u00eancia Social e Cidadania (Semasc), lan\u00e7a, nesta ter\u00e7a-feira, 7\/2, \u00e0s 16h, a exposi\u00e7\u00e3o fotogr\u00e1fica \u201cProtagonismo Ind\u00edgena\u201d, em alus\u00e3o ao \u201cDia Nacional de Luta dos Povos Ind\u00edgenas\u201d, no Museu da Cidade (Muma), localizado na rua Gabriel Salgado, pra\u00e7a Dom Pedro II, centro hist\u00f3rico.<\/p>\n\n\n\n<p>Ser\u00e3o 41 imagens que revelam, destacam e valorizam a riqueza cultural e o dia a dia dos povos ind\u00edgenas que moram nas \u00e1reas urbanas e rurais da cidade de Manaus.<\/p>\n\n\n\n<p>&nbsp;&#8212; &#8212; &#8212;<\/p>\n\n\n\n<p><strong>SERVI\u00c7O&nbsp;<\/strong><\/p>\n\n\n\n<p><strong>O qu\u00ea<\/strong>&nbsp;\u2013 Lan\u00e7amento da exposi\u00e7\u00e3o fotogr\u00e1fica \u201cProtagonismo Ind\u00edgena\u201d&nbsp;<\/p>\n\n\n\n<p><strong>Quando<\/strong>&nbsp;\u2013 Ter\u00e7a-feira, 7\/2.<\/p>\n\n\n\n<p><strong>Hor\u00e1rio<\/strong>&nbsp;\u2013 16h<\/p>\n\n\n\n<p><strong>Local<\/strong>&nbsp;&#8211; Museu da Cidade (Muma), rua Gabriel Salgado, pra\u00e7a Dom Pedro II, centro hist\u00f3rico<\/p>\n","protected":false},"featured_media":208729,"template":"","categories":[802],"acf":[],"yoast_head":"<!-- This site is optimized with the Yoast SEO plugin v23.0 - https:\/\/yoast.com\/wordpress\/plugins\/seo\/ -->\n<title>Prefeitura de Manaus lan\u00e7a exposi\u00e7\u00e3o fotogr\u00e1fica alusiva ao \u2018Dia Nacional de Luta dos Povos Ind\u00edgenas\u2019 - SEMCOM<\/title>\n<meta name=\"robots\" content=\"index, follow, max-snippet:-1, max-image-preview:large, max-video-preview:-1\" \/>\n<link rel=\"canonical\" href=\"https:\/\/www.manaus.am.gov.br\/semcom\/pautas\/prefeitura-de-manaus-lanca-exposicao-fotografica-alusiva-ao-dia-nacional-de-luta-dos-povos-indigenas\/\" \/>\n<meta property=\"og:locale\" content=\"pt_BR\" \/>\n<meta property=\"og:type\" content=\"article\" \/>\n<meta property=\"og:title\" content=\"Prefeitura de Manaus lan\u00e7a exposi\u00e7\u00e3o fotogr\u00e1fica alusiva ao \u2018Dia Nacional de Luta dos Povos Ind\u00edgenas\u2019 - SEMCOM\" \/>\n<meta property=\"og:url\" content=\"https:\/\/www.manaus.am.gov.br\/semcom\/pautas\/prefeitura-de-manaus-lanca-exposicao-fotografica-alusiva-ao-dia-nacional-de-luta-dos-povos-indigenas\/\" \/>\n<meta property=\"og:site_name\" content=\"SEMCOM\" \/>\n<meta property=\"article:modified_time\" content=\"2023-02-08T12:13:07+00:00\" \/>\n<meta property=\"og:image\" content=\"https:\/\/www.manaus.am.gov.br\/semcom\/wp-content\/uploads\/sites\/5\/2023\/02\/sugestaodepauta.png\" \/>\n\t<meta property=\"og:image:width\" content=\"1020\" \/>\n\t<meta property=\"og:image:height\" content=\"540\" \/>\n\t<meta property=\"og:image:type\" content=\"image\/png\" \/>\n<meta name=\"twitter:card\" content=\"summary_large_image\" \/>\n<meta name=\"twitter:label1\" content=\"Est. reading time\" \/>\n\t<meta name=\"twitter:data1\" content=\"1 minuto\" \/>\n<script type=\"application\/ld+json\" class=\"yoast-schema-graph\">{\"@context\":\"https:\/\/schema.org\",\"@graph\":[{\"@type\":\"WebPage\",\"@id\":\"https:\/\/www.manaus.am.gov.br\/semcom\/pautas\/prefeitura-de-manaus-lanca-exposicao-fotografica-alusiva-ao-dia-nacional-de-luta-dos-povos-indigenas\/\",\"url\":\"https:\/\/www.manaus.am.gov.br\/semcom\/pautas\/prefeitura-de-manaus-lanca-exposicao-fotografica-alusiva-ao-dia-nacional-de-luta-dos-povos-indigenas\/\",\"name\":\"Prefeitura de Manaus lan\u00e7a exposi\u00e7\u00e3o fotogr\u00e1fica alusiva ao \u2018Dia Nacional de Luta dos Povos Ind\u00edgenas\u2019 - SEMCOM\",\"isPartOf\":{\"@id\":\"https:\/\/www.manaus.am.gov.br\/semcom\/#website\"},\"primaryImageOfPage\":{\"@id\":\"https:\/\/www.manaus.am.gov.br\/semcom\/pautas\/prefeitura-de-manaus-lanca-exposicao-fotografica-alusiva-ao-dia-nacional-de-luta-dos-povos-indigenas\/#primaryimage\"},\"image\":{\"@id\":\"https:\/\/www.manaus.am.gov.br\/semcom\/pautas\/prefeitura-de-manaus-lanca-exposicao-fotografica-alusiva-ao-dia-nacional-de-luta-dos-povos-indigenas\/#primaryimage\"},\"thumbnailUrl\":\"https:\/\/www.manaus.am.gov.br\/semcom\/wp-content\/uploads\/sites\/5\/2023\/02\/sugestaodepauta.png\",\"datePublished\":\"2023-02-07T00:10:37+00:00\",\"dateModified\":\"2023-02-08T12:13:07+00:00\",\"inLanguage\":\"pt-BR\",\"potentialAction\":[{\"@type\":\"ReadAction\",\"target\":[\"https:\/\/www.manaus.am.gov.br\/semcom\/pautas\/prefeitura-de-manaus-lanca-exposicao-fotografica-alusiva-ao-dia-nacional-de-luta-dos-povos-indigenas\/\"]}]},{\"@type\":\"ImageObject\",\"inLanguage\":\"pt-BR\",\"@id\":\"https:\/\/www.manaus.am.gov.br\/semcom\/pautas\/prefeitura-de-manaus-lanca-exposicao-fotografica-alusiva-ao-dia-nacional-de-luta-dos-povos-indigenas\/#primaryimage\",\"url\":\"https:\/\/www.manaus.am.gov.br\/semcom\/wp-content\/uploads\/sites\/5\/2023\/02\/sugestaodepauta.png\",\"contentUrl\":\"https:\/\/www.manaus.am.gov.br\/semcom\/wp-content\/uploads\/sites\/5\/2023\/02\/sugestaodepauta.png\",\"width\":1020,\"height\":540},{\"@type\":\"WebSite\",\"@id\":\"https:\/\/www.manaus.am.gov.br\/semcom\/#website\",\"url\":\"https:\/\/www.manaus.am.gov.br\/semcom\/\",\"name\":\"SEMCOM\",\"description\":\"Secretaria Municipal de Comunica\u00e7\u00e3o\",\"potentialAction\":[{\"@type\":\"SearchAction\",\"target\":{\"@type\":\"EntryPoint\",\"urlTemplate\":\"https:\/\/www.manaus.am.gov.br\/semcom\/?s={search_term_string}\"},\"query-input\":\"required name=search_term_string\"}],\"inLanguage\":\"pt-BR\"}]}<\/script>\n<!-- \/ Yoast SEO plugin. -->","yoast_head_json":{"title":"Prefeitura de Manaus lan\u00e7a exposi\u00e7\u00e3o fotogr\u00e1fica alusiva ao \u2018Dia Nacional de Luta dos Povos Ind\u00edgenas\u2019 - SEMCOM","robots":{"index":"index","follow":"follow","max-snippet":"max-snippet:-1","max-image-preview":"max-image-preview:large","max-video-preview":"max-video-preview:-1"},"canonical":"https:\/\/www.manaus.am.gov.br\/semcom\/pautas\/prefeitura-de-manaus-lanca-exposicao-fotografica-alusiva-ao-dia-nacional-de-luta-dos-povos-indigenas\/","og_locale":"pt_BR","og_type":"article","og_title":"Prefeitura de Manaus lan\u00e7a exposi\u00e7\u00e3o fotogr\u00e1fica alusiva ao \u2018Dia Nacional de Luta dos Povos Ind\u00edgenas\u2019 - SEMCOM","og_url":"https:\/\/www.manaus.am.gov.br\/semcom\/pautas\/prefeitura-de-manaus-lanca-exposicao-fotografica-alusiva-ao-dia-nacional-de-luta-dos-povos-indigenas\/","og_site_name":"SEMCOM","article_modified_time":"2023-02-08T12:13:07+00:00","og_image":[{"width":1020,"height":540,"url":"https:\/\/www.manaus.am.gov.br\/semcom\/wp-content\/uploads\/sites\/5\/2023\/02\/sugestaodepauta.png","type":"image\/png"}],"twitter_card":"summary_large_image","twitter_misc":{"Est. reading time":"1 minuto"},"schema":{"@context":"https:\/\/schema.org","@graph":[{"@type":"WebPage","@id":"https:\/\/www.manaus.am.gov.br\/semcom\/pautas\/prefeitura-de-manaus-lanca-exposicao-fotografica-alusiva-ao-dia-nacional-de-luta-dos-povos-indigenas\/","url":"https:\/\/www.manaus.am.gov.br\/semcom\/pautas\/prefeitura-de-manaus-lanca-exposicao-fotografica-alusiva-ao-dia-nacional-de-luta-dos-povos-indigenas\/","name":"Prefeitura de Manaus lan\u00e7a exposi\u00e7\u00e3o fotogr\u00e1fica alusiva ao \u2018Dia Nacional de Luta dos Povos Ind\u00edgenas\u2019 - SEMCOM","isPartOf":{"@id":"https:\/\/www.manaus.am.gov.br\/semcom\/#website"},"primaryImageOfPage":{"@id":"https:\/\/www.manaus.am.gov.br\/semcom\/pautas\/prefeitura-de-manaus-lanca-exposicao-fotografica-alusiva-ao-dia-nacional-de-luta-dos-povos-indigenas\/#primaryimage"},"image":{"@id":"https:\/\/www.manaus.am.gov.br\/semcom\/pautas\/prefeitura-de-manaus-lanca-exposicao-fotografica-alusiva-ao-dia-nacional-de-luta-dos-povos-indigenas\/#primaryimage"},"thumbnailUrl":"https:\/\/www.manaus.am.gov.br\/semcom\/wp-content\/uploads\/sites\/5\/2023\/02\/sugestaodepauta.png","datePublished":"2023-02-07T00:10:37+00:00","dateModified":"2023-02-08T12:13:07+00:00","inLanguage":"pt-BR","potentialAction":[{"@type":"ReadAction","target":["https:\/\/www.manaus.am.gov.br\/semcom\/pautas\/prefeitura-de-manaus-lanca-exposicao-fotografica-alusiva-ao-dia-nacional-de-luta-dos-povos-indigenas\/"]}]},{"@type":"ImageObject","inLanguage":"pt-BR","@id":"https:\/\/www.manaus.am.gov.br\/semcom\/pautas\/prefeitura-de-manaus-lanca-exposicao-fotografica-alusiva-ao-dia-nacional-de-luta-dos-povos-indigenas\/#primaryimage","url":"https:\/\/www.manaus.am.gov.br\/semcom\/wp-content\/uploads\/sites\/5\/2023\/02\/sugestaodepauta.png","contentUrl":"https:\/\/www.manaus.am.gov.br\/semcom\/wp-content\/uploads\/sites\/5\/2023\/02\/sugestaodepauta.png","width":1020,"height":540},{"@type":"WebSite","@id":"https:\/\/www.manaus.am.gov.br\/semcom\/#website","url":"https:\/\/www.manaus.am.gov.br\/semcom\/","name":"SEMCOM","description":"Secretaria Municipal de Comunica\u00e7\u00e3o","potentialAction":[{"@type":"SearchAction","target":{"@type":"EntryPoint","urlTemplate":"https:\/\/www.manaus.am.gov.br\/semcom\/?s={search_term_string}"},"query-input":"required name=search_term_string"}],"inLanguage":"pt-BR"}]}},"_links":{"self":[{"href":"https:\/\/www.manaus.am.gov.br\/semcom\/wp-json\/wp\/v2\/pautas\/208716"}],"collection":[{"href":"https:\/\/www.manaus.am.gov.br\/semcom\/wp-json\/wp\/v2\/pautas"}],"about":[{"href":"https:\/\/www.manaus.am.gov.br\/semcom\/wp-json\/wp\/v2\/types\/pautas"}],"wp:featuredmedia":[{"embeddable":true,"href":"https:\/\/www.manaus.am.gov.br\/semcom\/wp-json\/wp\/v2\/media\/208729"}],"wp:attachment":[{"href":"https:\/\/www.manaus.am.gov.br\/semcom\/wp-json\/wp\/v2\/media?parent=208716"}],"wp:term":[{"taxonomy":"category","embeddable":true,"href":"https:\/\/www.manaus.am.gov.br\/semcom\/wp-json\/wp\/v2\/categories?post=208716"}],"curies":[{"name":"wp","href":"https:\/\/api.w.org\/{rel}","templated":true}]}}