{"id":208337,"date":"2023-01-30T17:05:09","date_gmt":"2023-01-30T20:05:09","guid":{"rendered":"https:\/\/www.manaus.am.gov.br\/semcom\/?post_type=pautas&#038;p=208337"},"modified":"2023-02-08T11:33:46","modified_gmt":"2023-02-08T14:33:46","slug":"prefeitura-realizara-fiscalizacao-de-veiculos-pesados-na-zona-leste-de-manaus","status":"publish","type":"pautas","link":"https:\/\/www.manaus.am.gov.br\/semcom\/pautas\/prefeitura-realizara-fiscalizacao-de-veiculos-pesados-na-zona-leste-de-manaus\/","title":{"rendered":"Prefeitura realizar\u00e1 fiscaliza\u00e7\u00e3o de ve\u00edculos pesados na zona Leste de Manaus"},"content":{"rendered":"<p>Para garantir que os ve\u00edculos transportem mercadorias e cont\u00eaineres com seguran\u00e7a, a prefeitura de Manaus, por meio do Instituto Municipal de Mobilidade Urbana (IMMU), vai realizar mais uma fiscaliza\u00e7\u00e3o integrada da opera\u00e7\u00e3o \u201cCarga Pesada\u201d, na avenida Autaz Mirim, zona Leste da cidade, nesta ter\u00e7a-feira, 31\/1, a partir das 9h30. A a\u00e7\u00e3o contar\u00e1 com o apoio do Batalh\u00e3o de Tr\u00e2nsito (BPtran) e do N\u00facleo Especializado em Opera\u00e7\u00f5es de Tr\u00e2nsito (Neot) do Departamento Estadual de Tr\u00e2nsito do Amazonas (Detran-AM).<\/p>\n<p>&nbsp;<\/p>\n<p>O objetivo \u00e9 verificar as condi\u00e7\u00f5es f\u00edsicas dos ve\u00edculos de grande porte, al\u00e9m da documenta\u00e7\u00e3o, conforme normas estabelecidas no C\u00f3digo de Tr\u00e2nsito Brasileiro (CTB), com a aplica\u00e7\u00e3o de medidas para quem n\u00e3o segue a legisla\u00e7\u00e3o.<\/p>\n<p>&nbsp;<\/p>\n<p>&nbsp;<\/p>\n<p>&#8212; &#8212; &#8212;<\/p>\n<p><strong>SERVI\u00c7O&nbsp;<\/strong><\/p>\n<p>&nbsp;<\/p>\n<p><strong>O qu\u00ea<\/strong> &#8211; Opera\u00e7\u00e3o integrada \u201cCarga Pesada\u201d<\/p>\n<p><strong>Quando<\/strong> &#8211; Ter\u00e7a-feira, 31\/1<\/p>\n<p><strong>Hor\u00e1rio<\/strong> \u2013 9h30<\/p>\n<p><strong>Local<\/strong> \u2013 O ponto de encontro ser\u00e1 na avenida Autaz Mirim, em frente ao supermercado Atacad\u00e3o, entre as rotat\u00f3rias do S\u00e3o Jos\u00e9 e do Armando Mendes<\/p>\n","protected":false},"featured_media":208729,"template":"","categories":[797],"acf":[],"yoast_head":"<!-- This site is optimized with the Yoast SEO plugin v23.0 - https:\/\/yoast.com\/wordpress\/plugins\/seo\/ -->\n<title>Prefeitura realizar\u00e1 fiscaliza\u00e7\u00e3o de ve\u00edculos pesados na zona Leste de Manaus - SEMCOM<\/title>\n<meta name=\"robots\" content=\"index, follow, max-snippet:-1, max-image-preview:large, max-video-preview:-1\" \/>\n<link rel=\"canonical\" href=\"https:\/\/www.manaus.am.gov.br\/semcom\/pautas\/prefeitura-realizara-fiscalizacao-de-veiculos-pesados-na-zona-leste-de-manaus\/\" \/>\n<meta property=\"og:locale\" content=\"pt_BR\" \/>\n<meta property=\"og:type\" content=\"article\" \/>\n<meta property=\"og:title\" content=\"Prefeitura realizar\u00e1 fiscaliza\u00e7\u00e3o de ve\u00edculos pesados na zona Leste de Manaus - SEMCOM\" \/>\n<meta property=\"og:url\" content=\"https:\/\/www.manaus.am.gov.br\/semcom\/pautas\/prefeitura-realizara-fiscalizacao-de-veiculos-pesados-na-zona-leste-de-manaus\/\" \/>\n<meta property=\"og:site_name\" content=\"SEMCOM\" \/>\n<meta property=\"article:modified_time\" content=\"2023-02-08T14:33:46+00:00\" \/>\n<meta property=\"og:image\" content=\"https:\/\/www.manaus.am.gov.br\/semcom\/wp-content\/uploads\/sites\/5\/2023\/02\/sugestaodepauta.png\" \/>\n\t<meta property=\"og:image:width\" content=\"1020\" \/>\n\t<meta property=\"og:image:height\" content=\"540\" \/>\n\t<meta property=\"og:image:type\" content=\"image\/png\" \/>\n<meta name=\"twitter:card\" content=\"summary_large_image\" \/>\n<meta name=\"twitter:label1\" content=\"Est. reading time\" \/>\n\t<meta name=\"twitter:data1\" content=\"1 minuto\" \/>\n<script type=\"application\/ld+json\" class=\"yoast-schema-graph\">{\"@context\":\"https:\/\/schema.org\",\"@graph\":[{\"@type\":\"WebPage\",\"@id\":\"https:\/\/www.manaus.am.gov.br\/semcom\/pautas\/prefeitura-realizara-fiscalizacao-de-veiculos-pesados-na-zona-leste-de-manaus\/\",\"url\":\"https:\/\/www.manaus.am.gov.br\/semcom\/pautas\/prefeitura-realizara-fiscalizacao-de-veiculos-pesados-na-zona-leste-de-manaus\/\",\"name\":\"Prefeitura realizar\u00e1 fiscaliza\u00e7\u00e3o de ve\u00edculos pesados na zona Leste de Manaus - SEMCOM\",\"isPartOf\":{\"@id\":\"https:\/\/www.manaus.am.gov.br\/semcom\/#website\"},\"primaryImageOfPage\":{\"@id\":\"https:\/\/www.manaus.am.gov.br\/semcom\/pautas\/prefeitura-realizara-fiscalizacao-de-veiculos-pesados-na-zona-leste-de-manaus\/#primaryimage\"},\"image\":{\"@id\":\"https:\/\/www.manaus.am.gov.br\/semcom\/pautas\/prefeitura-realizara-fiscalizacao-de-veiculos-pesados-na-zona-leste-de-manaus\/#primaryimage\"},\"thumbnailUrl\":\"https:\/\/www.manaus.am.gov.br\/semcom\/wp-content\/uploads\/sites\/5\/2023\/02\/sugestaodepauta.png\",\"datePublished\":\"2023-01-30T20:05:09+00:00\",\"dateModified\":\"2023-02-08T14:33:46+00:00\",\"inLanguage\":\"pt-BR\",\"potentialAction\":[{\"@type\":\"ReadAction\",\"target\":[\"https:\/\/www.manaus.am.gov.br\/semcom\/pautas\/prefeitura-realizara-fiscalizacao-de-veiculos-pesados-na-zona-leste-de-manaus\/\"]}]},{\"@type\":\"ImageObject\",\"inLanguage\":\"pt-BR\",\"@id\":\"https:\/\/www.manaus.am.gov.br\/semcom\/pautas\/prefeitura-realizara-fiscalizacao-de-veiculos-pesados-na-zona-leste-de-manaus\/#primaryimage\",\"url\":\"https:\/\/www.manaus.am.gov.br\/semcom\/wp-content\/uploads\/sites\/5\/2023\/02\/sugestaodepauta.png\",\"contentUrl\":\"https:\/\/www.manaus.am.gov.br\/semcom\/wp-content\/uploads\/sites\/5\/2023\/02\/sugestaodepauta.png\",\"width\":1020,\"height\":540},{\"@type\":\"WebSite\",\"@id\":\"https:\/\/www.manaus.am.gov.br\/semcom\/#website\",\"url\":\"https:\/\/www.manaus.am.gov.br\/semcom\/\",\"name\":\"SEMCOM\",\"description\":\"Secretaria Municipal de Comunica\u00e7\u00e3o\",\"potentialAction\":[{\"@type\":\"SearchAction\",\"target\":{\"@type\":\"EntryPoint\",\"urlTemplate\":\"https:\/\/www.manaus.am.gov.br\/semcom\/?s={search_term_string}\"},\"query-input\":\"required name=search_term_string\"}],\"inLanguage\":\"pt-BR\"}]}<\/script>\n<!-- \/ Yoast SEO plugin. -->","yoast_head_json":{"title":"Prefeitura realizar\u00e1 fiscaliza\u00e7\u00e3o de ve\u00edculos pesados na zona Leste de Manaus - SEMCOM","robots":{"index":"index","follow":"follow","max-snippet":"max-snippet:-1","max-image-preview":"max-image-preview:large","max-video-preview":"max-video-preview:-1"},"canonical":"https:\/\/www.manaus.am.gov.br\/semcom\/pautas\/prefeitura-realizara-fiscalizacao-de-veiculos-pesados-na-zona-leste-de-manaus\/","og_locale":"pt_BR","og_type":"article","og_title":"Prefeitura realizar\u00e1 fiscaliza\u00e7\u00e3o de ve\u00edculos pesados na zona Leste de Manaus - SEMCOM","og_url":"https:\/\/www.manaus.am.gov.br\/semcom\/pautas\/prefeitura-realizara-fiscalizacao-de-veiculos-pesados-na-zona-leste-de-manaus\/","og_site_name":"SEMCOM","article_modified_time":"2023-02-08T14:33:46+00:00","og_image":[{"width":1020,"height":540,"url":"https:\/\/www.manaus.am.gov.br\/semcom\/wp-content\/uploads\/sites\/5\/2023\/02\/sugestaodepauta.png","type":"image\/png"}],"twitter_card":"summary_large_image","twitter_misc":{"Est. reading time":"1 minuto"},"schema":{"@context":"https:\/\/schema.org","@graph":[{"@type":"WebPage","@id":"https:\/\/www.manaus.am.gov.br\/semcom\/pautas\/prefeitura-realizara-fiscalizacao-de-veiculos-pesados-na-zona-leste-de-manaus\/","url":"https:\/\/www.manaus.am.gov.br\/semcom\/pautas\/prefeitura-realizara-fiscalizacao-de-veiculos-pesados-na-zona-leste-de-manaus\/","name":"Prefeitura realizar\u00e1 fiscaliza\u00e7\u00e3o de ve\u00edculos pesados na zona Leste de Manaus - SEMCOM","isPartOf":{"@id":"https:\/\/www.manaus.am.gov.br\/semcom\/#website"},"primaryImageOfPage":{"@id":"https:\/\/www.manaus.am.gov.br\/semcom\/pautas\/prefeitura-realizara-fiscalizacao-de-veiculos-pesados-na-zona-leste-de-manaus\/#primaryimage"},"image":{"@id":"https:\/\/www.manaus.am.gov.br\/semcom\/pautas\/prefeitura-realizara-fiscalizacao-de-veiculos-pesados-na-zona-leste-de-manaus\/#primaryimage"},"thumbnailUrl":"https:\/\/www.manaus.am.gov.br\/semcom\/wp-content\/uploads\/sites\/5\/2023\/02\/sugestaodepauta.png","datePublished":"2023-01-30T20:05:09+00:00","dateModified":"2023-02-08T14:33:46+00:00","inLanguage":"pt-BR","potentialAction":[{"@type":"ReadAction","target":["https:\/\/www.manaus.am.gov.br\/semcom\/pautas\/prefeitura-realizara-fiscalizacao-de-veiculos-pesados-na-zona-leste-de-manaus\/"]}]},{"@type":"ImageObject","inLanguage":"pt-BR","@id":"https:\/\/www.manaus.am.gov.br\/semcom\/pautas\/prefeitura-realizara-fiscalizacao-de-veiculos-pesados-na-zona-leste-de-manaus\/#primaryimage","url":"https:\/\/www.manaus.am.gov.br\/semcom\/wp-content\/uploads\/sites\/5\/2023\/02\/sugestaodepauta.png","contentUrl":"https:\/\/www.manaus.am.gov.br\/semcom\/wp-content\/uploads\/sites\/5\/2023\/02\/sugestaodepauta.png","width":1020,"height":540},{"@type":"WebSite","@id":"https:\/\/www.manaus.am.gov.br\/semcom\/#website","url":"https:\/\/www.manaus.am.gov.br\/semcom\/","name":"SEMCOM","description":"Secretaria Municipal de Comunica\u00e7\u00e3o","potentialAction":[{"@type":"SearchAction","target":{"@type":"EntryPoint","urlTemplate":"https:\/\/www.manaus.am.gov.br\/semcom\/?s={search_term_string}"},"query-input":"required name=search_term_string"}],"inLanguage":"pt-BR"}]}},"_links":{"self":[{"href":"https:\/\/www.manaus.am.gov.br\/semcom\/wp-json\/wp\/v2\/pautas\/208337"}],"collection":[{"href":"https:\/\/www.manaus.am.gov.br\/semcom\/wp-json\/wp\/v2\/pautas"}],"about":[{"href":"https:\/\/www.manaus.am.gov.br\/semcom\/wp-json\/wp\/v2\/types\/pautas"}],"wp:featuredmedia":[{"embeddable":true,"href":"https:\/\/www.manaus.am.gov.br\/semcom\/wp-json\/wp\/v2\/media\/208729"}],"wp:attachment":[{"href":"https:\/\/www.manaus.am.gov.br\/semcom\/wp-json\/wp\/v2\/media?parent=208337"}],"wp:term":[{"taxonomy":"category","embeddable":true,"href":"https:\/\/www.manaus.am.gov.br\/semcom\/wp-json\/wp\/v2\/categories?post=208337"}],"curies":[{"name":"wp","href":"https:\/\/api.w.org\/{rel}","templated":true}]}}