{"id":207853,"date":"2023-01-24T17:13:57","date_gmt":"2023-01-24T20:13:57","guid":{"rendered":"https:\/\/www.manaus.am.gov.br\/semcom\/?post_type=pautas&#038;p=207853"},"modified":"2023-02-08T11:10:20","modified_gmt":"2023-02-08T14:10:20","slug":"prefeito-david-almeida-e-governador-wilson-lima-assinam-termo-de-renovacao-do-convenio-do-passe-livre-estudantil-2023","status":"publish","type":"pautas","link":"https:\/\/www.manaus.am.gov.br\/semcom\/pautas\/prefeito-david-almeida-e-governador-wilson-lima-assinam-termo-de-renovacao-do-convenio-do-passe-livre-estudantil-2023\/","title":{"rendered":"<strong>Prefeito David Almeida e governador Wilson Lima assinam termo de renova\u00e7\u00e3o do conv\u00eanio do Passe Livre Estudantil 2023<\/strong>"},"content":{"rendered":"\n<p>O prefeito de Manaus, David Almeida, e o governador do Amazonas, Wilson Lima, assinam o termo de renova\u00e7\u00e3o do conv\u00eanio do Passe Livre Estudantil 2023, nesta quarta-feira, 18\/1, \u00e0s 9h, no Centro de Conven\u00e7\u00f5es Vasco Vasques &#8211; 2, na rua Flaviano Limongi, bairro Flores, zona Centro-Sul.<\/p>\n\n\n\n<p>A gratuidade estudantil \u00e9 uma conquista dos estudantes das redes municipal e estadual e contempla mais de 170 mil alunos que se beneficiam com o conv\u00eanio firmado entre prefeitura e governo.<\/p>\n\n\n\n<p>Para 2023, a ideia \u00e9 continuar dando oportunidade de acesso \u00e0 educa\u00e7\u00e3o e, mais que isso, aumentar o n\u00famero de alunos que ir\u00e3o usufruir do benef\u00edcio.<\/p>\n\n\n\n<p>&#8212; &#8212; &#8212;<\/p>\n\n\n\n<p><strong>SERVI\u00c7O<\/strong><\/p>\n\n\n\n<p><strong>O qu\u00ea &#8211;<\/strong> Assinatura do termo de renova\u00e7\u00e3o do conv\u00eanio do Passe Livre Estudantil 2023<\/p>\n\n\n\n<p><strong>Quando &#8211;<\/strong> Quarta-feira, 18\/1<\/p>\n\n\n\n<p><strong>Hor\u00e1rio \u2013<\/strong> 9h<\/p>\n\n\n\n<p><strong>Local &#8211; <\/strong>Centro de Conven\u00e7\u00f5es Vasco Vasques \u2013 2, rua Flaviano Limongi s\/n\u00ba, bairro Flores<\/p>\n","protected":false},"featured_media":208729,"template":"","categories":[797],"acf":[],"yoast_head":"<!-- This site is optimized with the Yoast SEO plugin v23.0 - https:\/\/yoast.com\/wordpress\/plugins\/seo\/ -->\n<title>Prefeito David Almeida e governador Wilson Lima assinam termo de renova\u00e7\u00e3o do conv\u00eanio do Passe Livre Estudantil 2023 - SEMCOM<\/title>\n<meta name=\"robots\" content=\"index, follow, max-snippet:-1, max-image-preview:large, max-video-preview:-1\" \/>\n<link rel=\"canonical\" href=\"https:\/\/www.manaus.am.gov.br\/semcom\/pautas\/prefeito-david-almeida-e-governador-wilson-lima-assinam-termo-de-renovacao-do-convenio-do-passe-livre-estudantil-2023\/\" \/>\n<meta property=\"og:locale\" content=\"pt_BR\" \/>\n<meta property=\"og:type\" content=\"article\" \/>\n<meta property=\"og:title\" content=\"Prefeito David Almeida e governador Wilson Lima assinam termo de renova\u00e7\u00e3o do conv\u00eanio do Passe Livre Estudantil 2023 - SEMCOM\" \/>\n<meta property=\"og:url\" content=\"https:\/\/www.manaus.am.gov.br\/semcom\/pautas\/prefeito-david-almeida-e-governador-wilson-lima-assinam-termo-de-renovacao-do-convenio-do-passe-livre-estudantil-2023\/\" \/>\n<meta property=\"og:site_name\" content=\"SEMCOM\" \/>\n<meta property=\"article:modified_time\" content=\"2023-02-08T14:10:20+00:00\" \/>\n<meta property=\"og:image\" content=\"https:\/\/www.manaus.am.gov.br\/semcom\/wp-content\/uploads\/sites\/5\/2023\/02\/sugestaodepauta.png\" \/>\n\t<meta property=\"og:image:width\" content=\"1020\" \/>\n\t<meta property=\"og:image:height\" content=\"540\" \/>\n\t<meta property=\"og:image:type\" content=\"image\/png\" \/>\n<meta name=\"twitter:card\" content=\"summary_large_image\" \/>\n<meta name=\"twitter:label1\" content=\"Est. reading time\" \/>\n\t<meta name=\"twitter:data1\" content=\"1 minuto\" \/>\n<script type=\"application\/ld+json\" class=\"yoast-schema-graph\">{\"@context\":\"https:\/\/schema.org\",\"@graph\":[{\"@type\":\"WebPage\",\"@id\":\"https:\/\/www.manaus.am.gov.br\/semcom\/pautas\/prefeito-david-almeida-e-governador-wilson-lima-assinam-termo-de-renovacao-do-convenio-do-passe-livre-estudantil-2023\/\",\"url\":\"https:\/\/www.manaus.am.gov.br\/semcom\/pautas\/prefeito-david-almeida-e-governador-wilson-lima-assinam-termo-de-renovacao-do-convenio-do-passe-livre-estudantil-2023\/\",\"name\":\"Prefeito David Almeida e governador Wilson Lima assinam termo de renova\u00e7\u00e3o do conv\u00eanio do Passe Livre Estudantil 2023 - SEMCOM\",\"isPartOf\":{\"@id\":\"https:\/\/www.manaus.am.gov.br\/semcom\/#website\"},\"primaryImageOfPage\":{\"@id\":\"https:\/\/www.manaus.am.gov.br\/semcom\/pautas\/prefeito-david-almeida-e-governador-wilson-lima-assinam-termo-de-renovacao-do-convenio-do-passe-livre-estudantil-2023\/#primaryimage\"},\"image\":{\"@id\":\"https:\/\/www.manaus.am.gov.br\/semcom\/pautas\/prefeito-david-almeida-e-governador-wilson-lima-assinam-termo-de-renovacao-do-convenio-do-passe-livre-estudantil-2023\/#primaryimage\"},\"thumbnailUrl\":\"https:\/\/www.manaus.am.gov.br\/semcom\/wp-content\/uploads\/sites\/5\/2023\/02\/sugestaodepauta.png\",\"datePublished\":\"2023-01-24T20:13:57+00:00\",\"dateModified\":\"2023-02-08T14:10:20+00:00\",\"inLanguage\":\"pt-BR\",\"potentialAction\":[{\"@type\":\"ReadAction\",\"target\":[\"https:\/\/www.manaus.am.gov.br\/semcom\/pautas\/prefeito-david-almeida-e-governador-wilson-lima-assinam-termo-de-renovacao-do-convenio-do-passe-livre-estudantil-2023\/\"]}]},{\"@type\":\"ImageObject\",\"inLanguage\":\"pt-BR\",\"@id\":\"https:\/\/www.manaus.am.gov.br\/semcom\/pautas\/prefeito-david-almeida-e-governador-wilson-lima-assinam-termo-de-renovacao-do-convenio-do-passe-livre-estudantil-2023\/#primaryimage\",\"url\":\"https:\/\/www.manaus.am.gov.br\/semcom\/wp-content\/uploads\/sites\/5\/2023\/02\/sugestaodepauta.png\",\"contentUrl\":\"https:\/\/www.manaus.am.gov.br\/semcom\/wp-content\/uploads\/sites\/5\/2023\/02\/sugestaodepauta.png\",\"width\":1020,\"height\":540},{\"@type\":\"WebSite\",\"@id\":\"https:\/\/www.manaus.am.gov.br\/semcom\/#website\",\"url\":\"https:\/\/www.manaus.am.gov.br\/semcom\/\",\"name\":\"SEMCOM\",\"description\":\"Secretaria Municipal de Comunica\u00e7\u00e3o\",\"potentialAction\":[{\"@type\":\"SearchAction\",\"target\":{\"@type\":\"EntryPoint\",\"urlTemplate\":\"https:\/\/www.manaus.am.gov.br\/semcom\/?s={search_term_string}\"},\"query-input\":\"required name=search_term_string\"}],\"inLanguage\":\"pt-BR\"}]}<\/script>\n<!-- \/ Yoast SEO plugin. -->","yoast_head_json":{"title":"Prefeito David Almeida e governador Wilson Lima assinam termo de renova\u00e7\u00e3o do conv\u00eanio do Passe Livre Estudantil 2023 - SEMCOM","robots":{"index":"index","follow":"follow","max-snippet":"max-snippet:-1","max-image-preview":"max-image-preview:large","max-video-preview":"max-video-preview:-1"},"canonical":"https:\/\/www.manaus.am.gov.br\/semcom\/pautas\/prefeito-david-almeida-e-governador-wilson-lima-assinam-termo-de-renovacao-do-convenio-do-passe-livre-estudantil-2023\/","og_locale":"pt_BR","og_type":"article","og_title":"Prefeito David Almeida e governador Wilson Lima assinam termo de renova\u00e7\u00e3o do conv\u00eanio do Passe Livre Estudantil 2023 - SEMCOM","og_url":"https:\/\/www.manaus.am.gov.br\/semcom\/pautas\/prefeito-david-almeida-e-governador-wilson-lima-assinam-termo-de-renovacao-do-convenio-do-passe-livre-estudantil-2023\/","og_site_name":"SEMCOM","article_modified_time":"2023-02-08T14:10:20+00:00","og_image":[{"width":1020,"height":540,"url":"https:\/\/www.manaus.am.gov.br\/semcom\/wp-content\/uploads\/sites\/5\/2023\/02\/sugestaodepauta.png","type":"image\/png"}],"twitter_card":"summary_large_image","twitter_misc":{"Est. reading time":"1 minuto"},"schema":{"@context":"https:\/\/schema.org","@graph":[{"@type":"WebPage","@id":"https:\/\/www.manaus.am.gov.br\/semcom\/pautas\/prefeito-david-almeida-e-governador-wilson-lima-assinam-termo-de-renovacao-do-convenio-do-passe-livre-estudantil-2023\/","url":"https:\/\/www.manaus.am.gov.br\/semcom\/pautas\/prefeito-david-almeida-e-governador-wilson-lima-assinam-termo-de-renovacao-do-convenio-do-passe-livre-estudantil-2023\/","name":"Prefeito David Almeida e governador Wilson Lima assinam termo de renova\u00e7\u00e3o do conv\u00eanio do Passe Livre Estudantil 2023 - SEMCOM","isPartOf":{"@id":"https:\/\/www.manaus.am.gov.br\/semcom\/#website"},"primaryImageOfPage":{"@id":"https:\/\/www.manaus.am.gov.br\/semcom\/pautas\/prefeito-david-almeida-e-governador-wilson-lima-assinam-termo-de-renovacao-do-convenio-do-passe-livre-estudantil-2023\/#primaryimage"},"image":{"@id":"https:\/\/www.manaus.am.gov.br\/semcom\/pautas\/prefeito-david-almeida-e-governador-wilson-lima-assinam-termo-de-renovacao-do-convenio-do-passe-livre-estudantil-2023\/#primaryimage"},"thumbnailUrl":"https:\/\/www.manaus.am.gov.br\/semcom\/wp-content\/uploads\/sites\/5\/2023\/02\/sugestaodepauta.png","datePublished":"2023-01-24T20:13:57+00:00","dateModified":"2023-02-08T14:10:20+00:00","inLanguage":"pt-BR","potentialAction":[{"@type":"ReadAction","target":["https:\/\/www.manaus.am.gov.br\/semcom\/pautas\/prefeito-david-almeida-e-governador-wilson-lima-assinam-termo-de-renovacao-do-convenio-do-passe-livre-estudantil-2023\/"]}]},{"@type":"ImageObject","inLanguage":"pt-BR","@id":"https:\/\/www.manaus.am.gov.br\/semcom\/pautas\/prefeito-david-almeida-e-governador-wilson-lima-assinam-termo-de-renovacao-do-convenio-do-passe-livre-estudantil-2023\/#primaryimage","url":"https:\/\/www.manaus.am.gov.br\/semcom\/wp-content\/uploads\/sites\/5\/2023\/02\/sugestaodepauta.png","contentUrl":"https:\/\/www.manaus.am.gov.br\/semcom\/wp-content\/uploads\/sites\/5\/2023\/02\/sugestaodepauta.png","width":1020,"height":540},{"@type":"WebSite","@id":"https:\/\/www.manaus.am.gov.br\/semcom\/#website","url":"https:\/\/www.manaus.am.gov.br\/semcom\/","name":"SEMCOM","description":"Secretaria Municipal de Comunica\u00e7\u00e3o","potentialAction":[{"@type":"SearchAction","target":{"@type":"EntryPoint","urlTemplate":"https:\/\/www.manaus.am.gov.br\/semcom\/?s={search_term_string}"},"query-input":"required name=search_term_string"}],"inLanguage":"pt-BR"}]}},"_links":{"self":[{"href":"https:\/\/www.manaus.am.gov.br\/semcom\/wp-json\/wp\/v2\/pautas\/207853"}],"collection":[{"href":"https:\/\/www.manaus.am.gov.br\/semcom\/wp-json\/wp\/v2\/pautas"}],"about":[{"href":"https:\/\/www.manaus.am.gov.br\/semcom\/wp-json\/wp\/v2\/types\/pautas"}],"wp:featuredmedia":[{"embeddable":true,"href":"https:\/\/www.manaus.am.gov.br\/semcom\/wp-json\/wp\/v2\/media\/208729"}],"wp:attachment":[{"href":"https:\/\/www.manaus.am.gov.br\/semcom\/wp-json\/wp\/v2\/media?parent=207853"}],"wp:term":[{"taxonomy":"category","embeddable":true,"href":"https:\/\/www.manaus.am.gov.br\/semcom\/wp-json\/wp\/v2\/categories?post=207853"}],"curies":[{"name":"wp","href":"https:\/\/api.w.org\/{rel}","templated":true}]}}