{"id":207839,"date":"2023-01-24T16:50:26","date_gmt":"2023-01-24T19:50:26","guid":{"rendered":"https:\/\/www.manaus.am.gov.br\/semcom\/?post_type=pautas&#038;p=207839"},"modified":"2023-02-08T10:53:47","modified_gmt":"2023-02-08T13:53:47","slug":"prefeitura-de-manaus-abre-ano-letivo-das-escolas-do-rio-negro-e-reinaugura-unidade-de-ensino-nesta-sexta-feira-6-1","status":"publish","type":"pautas","link":"https:\/\/www.manaus.am.gov.br\/semcom\/pautas\/prefeitura-de-manaus-abre-ano-letivo-das-escolas-do-rio-negro-e-reinaugura-unidade-de-ensino-nesta-sexta-feira-6-1\/","title":{"rendered":"<strong>Prefeitura de Manaus abre ano letivo das escolas do Rio Negro e reinaugura unidade de ensino nesta sexta-feira, 6\/1<\/strong>"},"content":{"rendered":"\n<p>Com a tem\u00e1tica \u201cEduca\u00e7\u00e3o: Compromisso de todos potencializando a forma\u00e7\u00e3o integral do ser humano\u201d, a Prefeitura de Manaus, por meio da Secretaria Municipal de Educa\u00e7\u00e3o (Semed), realiza nesta sexta-feira, 6\/1, \u00e0s 9h, a abertura do ano letivo 2023 das escolas ribeirinhas do rio Negro. O evento ocorrer\u00e1 na Escola Municipal S\u00e3o Sebasti\u00e3o II, na comunidade S\u00e3o Sebasti\u00e3o, na regi\u00e3o do Tarum\u00e3zinho, que ser\u00e1 reinaugurada. Na regi\u00e3o, s\u00e3o atendidos 1.632 estudantes, em 29 unidades de ensino da rede municipal.<\/p>\n\n\n\n<p>O ano letivo das escolas do rio Negro inicia no m\u00eas de janeiro, devido \u00e0 cheia e a vazante dos rios, al\u00e9m das especificidades clim\u00e1ticas da regi\u00e3o amaz\u00f4nica. O calend\u00e1rio escolar \u00e9 amparado pelo Artigo 23, da Lei de Diretrizes e Bases da Educa\u00e7\u00e3o Nacional (LDB), e visa garantir os 200 dias letivos e 800 horas previstos pela legisla\u00e7\u00e3o, para que os alunos n\u00e3o tenham preju\u00edzo no processo de ensino e aprendizagem.<\/p>\n\n\n\n<p><strong>SERVI\u00c7O<\/strong><\/p>\n\n\n\n<p><strong>O qu\u00ea<\/strong> &#8211; Abertura do Ano Letivo das escolas ribeirinhas do rio Negro<\/p>\n\n\n\n<p><strong>Quando<\/strong> &#8211; Sexta-feira, 6\/1<\/p>\n\n\n\n<p><strong>Hor\u00e1rio<\/strong> &#8211; 9h<\/p>\n\n\n\n<p><strong>Local<\/strong> &#8211; Escola Municipal S\u00e3o Sebasti\u00e3o II, na comunidade S\u00e3o Sebasti\u00e3o, na regi\u00e3o do Tarum\u00e3zinho<\/p>\n\n\n\n<p><strong>Aviso importante<\/strong><\/p>\n\n\n\n<p>Pedimos que o meio de comunica\u00e7\u00e3o interessado em fazer a cobertura do evento, confirme presen\u00e7a pelo endere\u00e7o eletr\u00f4nico da Semed, at\u00e9 esta quinta-feira, 5\/1, \u00e0s 15h, para reservar a quantidade de vagas na lancha. Cada equipe deve ter somente duas pessoas.<\/p>\n\n\n\n<p>e-mail: falasemed@semed.manaus.am.gov.br<\/p>\n","protected":false},"featured_media":208729,"template":"","categories":[788],"acf":[],"yoast_head":"<!-- This site is optimized with the Yoast SEO plugin v23.0 - https:\/\/yoast.com\/wordpress\/plugins\/seo\/ -->\n<title>Prefeitura de Manaus abre ano letivo das escolas do Rio Negro e reinaugura unidade de ensino nesta sexta-feira, 6\/1 - SEMCOM<\/title>\n<meta name=\"robots\" content=\"index, follow, max-snippet:-1, max-image-preview:large, max-video-preview:-1\" \/>\n<link rel=\"canonical\" href=\"https:\/\/www.manaus.am.gov.br\/semcom\/pautas\/prefeitura-de-manaus-abre-ano-letivo-das-escolas-do-rio-negro-e-reinaugura-unidade-de-ensino-nesta-sexta-feira-6-1\/\" \/>\n<meta property=\"og:locale\" content=\"pt_BR\" \/>\n<meta property=\"og:type\" content=\"article\" \/>\n<meta property=\"og:title\" content=\"Prefeitura de Manaus abre ano letivo das escolas do Rio Negro e reinaugura unidade de ensino nesta sexta-feira, 6\/1 - SEMCOM\" \/>\n<meta property=\"og:url\" content=\"https:\/\/www.manaus.am.gov.br\/semcom\/pautas\/prefeitura-de-manaus-abre-ano-letivo-das-escolas-do-rio-negro-e-reinaugura-unidade-de-ensino-nesta-sexta-feira-6-1\/\" \/>\n<meta property=\"og:site_name\" content=\"SEMCOM\" \/>\n<meta property=\"article:modified_time\" content=\"2023-02-08T13:53:47+00:00\" \/>\n<meta property=\"og:image\" content=\"https:\/\/www.manaus.am.gov.br\/semcom\/wp-content\/uploads\/sites\/5\/2023\/02\/sugestaodepauta.png\" \/>\n\t<meta property=\"og:image:width\" content=\"1020\" \/>\n\t<meta property=\"og:image:height\" content=\"540\" \/>\n\t<meta property=\"og:image:type\" content=\"image\/png\" \/>\n<meta name=\"twitter:card\" content=\"summary_large_image\" \/>\n<meta name=\"twitter:label1\" content=\"Est. reading time\" \/>\n\t<meta name=\"twitter:data1\" content=\"2 minutos\" \/>\n<script type=\"application\/ld+json\" class=\"yoast-schema-graph\">{\"@context\":\"https:\/\/schema.org\",\"@graph\":[{\"@type\":\"WebPage\",\"@id\":\"https:\/\/www.manaus.am.gov.br\/semcom\/pautas\/prefeitura-de-manaus-abre-ano-letivo-das-escolas-do-rio-negro-e-reinaugura-unidade-de-ensino-nesta-sexta-feira-6-1\/\",\"url\":\"https:\/\/www.manaus.am.gov.br\/semcom\/pautas\/prefeitura-de-manaus-abre-ano-letivo-das-escolas-do-rio-negro-e-reinaugura-unidade-de-ensino-nesta-sexta-feira-6-1\/\",\"name\":\"Prefeitura de Manaus abre ano letivo das escolas do Rio Negro e reinaugura unidade de ensino nesta sexta-feira, 6\/1 - SEMCOM\",\"isPartOf\":{\"@id\":\"https:\/\/www.manaus.am.gov.br\/semcom\/#website\"},\"primaryImageOfPage\":{\"@id\":\"https:\/\/www.manaus.am.gov.br\/semcom\/pautas\/prefeitura-de-manaus-abre-ano-letivo-das-escolas-do-rio-negro-e-reinaugura-unidade-de-ensino-nesta-sexta-feira-6-1\/#primaryimage\"},\"image\":{\"@id\":\"https:\/\/www.manaus.am.gov.br\/semcom\/pautas\/prefeitura-de-manaus-abre-ano-letivo-das-escolas-do-rio-negro-e-reinaugura-unidade-de-ensino-nesta-sexta-feira-6-1\/#primaryimage\"},\"thumbnailUrl\":\"https:\/\/www.manaus.am.gov.br\/semcom\/wp-content\/uploads\/sites\/5\/2023\/02\/sugestaodepauta.png\",\"datePublished\":\"2023-01-24T19:50:26+00:00\",\"dateModified\":\"2023-02-08T13:53:47+00:00\",\"inLanguage\":\"pt-BR\",\"potentialAction\":[{\"@type\":\"ReadAction\",\"target\":[\"https:\/\/www.manaus.am.gov.br\/semcom\/pautas\/prefeitura-de-manaus-abre-ano-letivo-das-escolas-do-rio-negro-e-reinaugura-unidade-de-ensino-nesta-sexta-feira-6-1\/\"]}]},{\"@type\":\"ImageObject\",\"inLanguage\":\"pt-BR\",\"@id\":\"https:\/\/www.manaus.am.gov.br\/semcom\/pautas\/prefeitura-de-manaus-abre-ano-letivo-das-escolas-do-rio-negro-e-reinaugura-unidade-de-ensino-nesta-sexta-feira-6-1\/#primaryimage\",\"url\":\"https:\/\/www.manaus.am.gov.br\/semcom\/wp-content\/uploads\/sites\/5\/2023\/02\/sugestaodepauta.png\",\"contentUrl\":\"https:\/\/www.manaus.am.gov.br\/semcom\/wp-content\/uploads\/sites\/5\/2023\/02\/sugestaodepauta.png\",\"width\":1020,\"height\":540},{\"@type\":\"WebSite\",\"@id\":\"https:\/\/www.manaus.am.gov.br\/semcom\/#website\",\"url\":\"https:\/\/www.manaus.am.gov.br\/semcom\/\",\"name\":\"SEMCOM\",\"description\":\"Secretaria Municipal de Comunica\u00e7\u00e3o\",\"potentialAction\":[{\"@type\":\"SearchAction\",\"target\":{\"@type\":\"EntryPoint\",\"urlTemplate\":\"https:\/\/www.manaus.am.gov.br\/semcom\/?s={search_term_string}\"},\"query-input\":\"required name=search_term_string\"}],\"inLanguage\":\"pt-BR\"}]}<\/script>\n<!-- \/ Yoast SEO plugin. -->","yoast_head_json":{"title":"Prefeitura de Manaus abre ano letivo das escolas do Rio Negro e reinaugura unidade de ensino nesta sexta-feira, 6\/1 - SEMCOM","robots":{"index":"index","follow":"follow","max-snippet":"max-snippet:-1","max-image-preview":"max-image-preview:large","max-video-preview":"max-video-preview:-1"},"canonical":"https:\/\/www.manaus.am.gov.br\/semcom\/pautas\/prefeitura-de-manaus-abre-ano-letivo-das-escolas-do-rio-negro-e-reinaugura-unidade-de-ensino-nesta-sexta-feira-6-1\/","og_locale":"pt_BR","og_type":"article","og_title":"Prefeitura de Manaus abre ano letivo das escolas do Rio Negro e reinaugura unidade de ensino nesta sexta-feira, 6\/1 - SEMCOM","og_url":"https:\/\/www.manaus.am.gov.br\/semcom\/pautas\/prefeitura-de-manaus-abre-ano-letivo-das-escolas-do-rio-negro-e-reinaugura-unidade-de-ensino-nesta-sexta-feira-6-1\/","og_site_name":"SEMCOM","article_modified_time":"2023-02-08T13:53:47+00:00","og_image":[{"width":1020,"height":540,"url":"https:\/\/www.manaus.am.gov.br\/semcom\/wp-content\/uploads\/sites\/5\/2023\/02\/sugestaodepauta.png","type":"image\/png"}],"twitter_card":"summary_large_image","twitter_misc":{"Est. reading time":"2 minutos"},"schema":{"@context":"https:\/\/schema.org","@graph":[{"@type":"WebPage","@id":"https:\/\/www.manaus.am.gov.br\/semcom\/pautas\/prefeitura-de-manaus-abre-ano-letivo-das-escolas-do-rio-negro-e-reinaugura-unidade-de-ensino-nesta-sexta-feira-6-1\/","url":"https:\/\/www.manaus.am.gov.br\/semcom\/pautas\/prefeitura-de-manaus-abre-ano-letivo-das-escolas-do-rio-negro-e-reinaugura-unidade-de-ensino-nesta-sexta-feira-6-1\/","name":"Prefeitura de Manaus abre ano letivo das escolas do Rio Negro e reinaugura unidade de ensino nesta sexta-feira, 6\/1 - SEMCOM","isPartOf":{"@id":"https:\/\/www.manaus.am.gov.br\/semcom\/#website"},"primaryImageOfPage":{"@id":"https:\/\/www.manaus.am.gov.br\/semcom\/pautas\/prefeitura-de-manaus-abre-ano-letivo-das-escolas-do-rio-negro-e-reinaugura-unidade-de-ensino-nesta-sexta-feira-6-1\/#primaryimage"},"image":{"@id":"https:\/\/www.manaus.am.gov.br\/semcom\/pautas\/prefeitura-de-manaus-abre-ano-letivo-das-escolas-do-rio-negro-e-reinaugura-unidade-de-ensino-nesta-sexta-feira-6-1\/#primaryimage"},"thumbnailUrl":"https:\/\/www.manaus.am.gov.br\/semcom\/wp-content\/uploads\/sites\/5\/2023\/02\/sugestaodepauta.png","datePublished":"2023-01-24T19:50:26+00:00","dateModified":"2023-02-08T13:53:47+00:00","inLanguage":"pt-BR","potentialAction":[{"@type":"ReadAction","target":["https:\/\/www.manaus.am.gov.br\/semcom\/pautas\/prefeitura-de-manaus-abre-ano-letivo-das-escolas-do-rio-negro-e-reinaugura-unidade-de-ensino-nesta-sexta-feira-6-1\/"]}]},{"@type":"ImageObject","inLanguage":"pt-BR","@id":"https:\/\/www.manaus.am.gov.br\/semcom\/pautas\/prefeitura-de-manaus-abre-ano-letivo-das-escolas-do-rio-negro-e-reinaugura-unidade-de-ensino-nesta-sexta-feira-6-1\/#primaryimage","url":"https:\/\/www.manaus.am.gov.br\/semcom\/wp-content\/uploads\/sites\/5\/2023\/02\/sugestaodepauta.png","contentUrl":"https:\/\/www.manaus.am.gov.br\/semcom\/wp-content\/uploads\/sites\/5\/2023\/02\/sugestaodepauta.png","width":1020,"height":540},{"@type":"WebSite","@id":"https:\/\/www.manaus.am.gov.br\/semcom\/#website","url":"https:\/\/www.manaus.am.gov.br\/semcom\/","name":"SEMCOM","description":"Secretaria Municipal de Comunica\u00e7\u00e3o","potentialAction":[{"@type":"SearchAction","target":{"@type":"EntryPoint","urlTemplate":"https:\/\/www.manaus.am.gov.br\/semcom\/?s={search_term_string}"},"query-input":"required name=search_term_string"}],"inLanguage":"pt-BR"}]}},"_links":{"self":[{"href":"https:\/\/www.manaus.am.gov.br\/semcom\/wp-json\/wp\/v2\/pautas\/207839"}],"collection":[{"href":"https:\/\/www.manaus.am.gov.br\/semcom\/wp-json\/wp\/v2\/pautas"}],"about":[{"href":"https:\/\/www.manaus.am.gov.br\/semcom\/wp-json\/wp\/v2\/types\/pautas"}],"wp:featuredmedia":[{"embeddable":true,"href":"https:\/\/www.manaus.am.gov.br\/semcom\/wp-json\/wp\/v2\/media\/208729"}],"wp:attachment":[{"href":"https:\/\/www.manaus.am.gov.br\/semcom\/wp-json\/wp\/v2\/media?parent=207839"}],"wp:term":[{"taxonomy":"category","embeddable":true,"href":"https:\/\/www.manaus.am.gov.br\/semcom\/wp-json\/wp\/v2\/categories?post=207839"}],"curies":[{"name":"wp","href":"https:\/\/api.w.org\/{rel}","templated":true}]}}