{"version":"1.0","provider_name":"SEMCOM","provider_url":"https:\/\/www.manaus.am.gov.br\/semcom","title":"Comunit\u00e1rios de unidade de conserva\u00e7\u00e3o em Manaus s\u00e3o beneficiados com projeto de inclus\u00e3o sociodigital","type":"rich","width":600,"height":338,"html":"<blockquote class=\"wp-embedded-content\" data-secret=\"UOPwRhuzb8\"><a href=\"https:\/\/www.manaus.am.gov.br\/semcom\/projeto-de-inclusao-sociodigital\/\">Comunit\u00e1rios de unidade de conserva\u00e7\u00e3o em Manaus s\u00e3o beneficiados com projeto de inclus\u00e3o sociodigital<\/a><\/blockquote><iframe sandbox=\"allow-scripts\" security=\"restricted\" src=\"https:\/\/www.manaus.am.gov.br\/semcom\/projeto-de-inclusao-sociodigital\/embed\/#?secret=UOPwRhuzb8\" width=\"600\" height=\"338\" title=\"&#8220;Comunit\u00e1rios de unidade de conserva\u00e7\u00e3o em Manaus s\u00e3o beneficiados com projeto de inclus\u00e3o sociodigital&#8221; &#8212; SEMCOM\" data-secret=\"UOPwRhuzb8\" frameborder=\"0\" marginwidth=\"0\" marginheight=\"0\" scrolling=\"no\" class=\"wp-embedded-content\"><\/iframe><script type=\"text\/javascript\">\n\/* <![CDATA[ *\/\n\/*! This file is auto-generated *\/\n!function(d,l){\"use strict\";l.querySelector&&d.addEventListener&&\"undefined\"!=typeof URL&&(d.wp=d.wp||{},d.wp.receiveEmbedMessage||(d.wp.receiveEmbedMessage=function(e){var t=e.data;if((t||t.secret||t.message||t.value)&&!\/[^a-zA-Z0-9]\/.test(t.secret)){for(var s,r,n,a=l.querySelectorAll('iframe[data-secret=\"'+t.secret+'\"]'),o=l.querySelectorAll('blockquote[data-secret=\"'+t.secret+'\"]'),c=new RegExp(\"^https?:$\",\"i\"),i=0;i<o.length;i++)o[i].style.display=\"none\";for(i=0;i<a.length;i++)s=a[i],e.source===s.contentWindow&&(s.removeAttribute(\"style\"),\"height\"===t.message?(1e3<(r=parseInt(t.value,10))?r=1e3:~~r<200&&(r=200),s.height=r):\"link\"===t.message&&(r=new URL(s.getAttribute(\"src\")),n=new URL(t.value),c.test(n.protocol))&&n.host===r.host&&l.activeElement===s&&(d.top.location.href=t.value))}},d.addEventListener(\"message\",d.wp.receiveEmbedMessage,!1),l.addEventListener(\"DOMContentLoaded\",function(){for(var e,t,s=l.querySelectorAll(\"iframe.wp-embedded-content\"),r=0;r<s.length;r++)(t=(e=s[r]).getAttribute(\"data-secret\"))||(t=Math.random().toString(36).substring(2,12),e.src+=\"#?secret=\"+t,e.setAttribute(\"data-secret\",t)),e.contentWindow.postMessage({message:\"ready\",secret:t},\"*\")},!1)))}(window,document);\n\/* ]]> *\/\n<\/script>\n","thumbnail_url":"https:\/\/www.manaus.am.gov.br\/semcom\/wp-content\/uploads\/sites\/5\/2025\/04\/IMG_2687-rotated-1024x768.jpeg","thumbnail_width":1024,"thumbnail_height":768,"description":"Conex\u00e3o, inclus\u00e3o sociodigital e impacto econ\u00f4mico para pessoas que vivem na zona rural de Manaus \u00e9 o objetivo do projeto-piloto \u201cRibeirinhos Conectados\". Por meio do projeto, um laborat\u00f3rio de inform\u00e1tica com acesso \u00e0 internet via sat\u00e9lite foi entregue aos moradores da comunidade Juli\u00e3o, localizada na Reserva de Desenvolvimento Sustent\u00e1vel (RDS) do Tup\u00e9 - unidade de conserva\u00e7\u00e3o municipal, \u00e0 margem esquerda do rio Negro, com dist\u00e2ncia aproximada de 25 quil\u00f4metros de Manaus. O evento foi realizado por meio de parceria entre Prefeitura de Manaus, Organiza\u00e7\u00e3o das Na\u00e7\u00f5es Unidas para a Educa\u00e7\u00e3o, Ci\u00eancia e Cultura (Unesco) e ReUrbi Socioambiental, na ter\u00e7a-feira, 15\/4."}