{"version":"1.0","provider_name":"SEMCOM","provider_url":"https:\/\/www.manaus.am.gov.br\/semcom","title":"CMH apresenta crit\u00e9rios para sele\u00e7\u00e3o de fam\u00edlias do \u2018Minha Casa, Minha Vida\u2019 em reuni\u00e3o com \u00f3rg\u00e3os de controle","type":"rich","width":600,"height":338,"html":"<blockquote class=\"wp-embedded-content\" data-secret=\"wVS33BTWfi\"><a href=\"https:\/\/www.manaus.am.gov.br\/semcom\/programa-habitacao-manaus\/\">CMH apresenta crit\u00e9rios para sele\u00e7\u00e3o de fam\u00edlias do \u2018Minha Casa, Minha Vida\u2019 em reuni\u00e3o com \u00f3rg\u00e3os de controle<\/a><\/blockquote><iframe sandbox=\"allow-scripts\" security=\"restricted\" src=\"https:\/\/www.manaus.am.gov.br\/semcom\/programa-habitacao-manaus\/embed\/#?secret=wVS33BTWfi\" width=\"600\" height=\"338\" title=\"&#8220;CMH apresenta crit\u00e9rios para sele\u00e7\u00e3o de fam\u00edlias do \u2018Minha Casa, Minha Vida\u2019 em reuni\u00e3o com \u00f3rg\u00e3os de controle&#8221; &#8212; SEMCOM\" data-secret=\"wVS33BTWfi\" frameborder=\"0\" marginwidth=\"0\" marginheight=\"0\" scrolling=\"no\" class=\"wp-embedded-content\"><\/iframe><script type=\"text\/javascript\">\n\/* <![CDATA[ *\/\n\/*! This file is auto-generated *\/\n!function(d,l){\"use strict\";l.querySelector&&d.addEventListener&&\"undefined\"!=typeof URL&&(d.wp=d.wp||{},d.wp.receiveEmbedMessage||(d.wp.receiveEmbedMessage=function(e){var t=e.data;if((t||t.secret||t.message||t.value)&&!\/[^a-zA-Z0-9]\/.test(t.secret)){for(var s,r,n,a=l.querySelectorAll('iframe[data-secret=\"'+t.secret+'\"]'),o=l.querySelectorAll('blockquote[data-secret=\"'+t.secret+'\"]'),c=new RegExp(\"^https?:$\",\"i\"),i=0;i<o.length;i++)o[i].style.display=\"none\";for(i=0;i<a.length;i++)s=a[i],e.source===s.contentWindow&&(s.removeAttribute(\"style\"),\"height\"===t.message?(1e3<(r=parseInt(t.value,10))?r=1e3:~~r<200&&(r=200),s.height=r):\"link\"===t.message&&(r=new URL(s.getAttribute(\"src\")),n=new URL(t.value),c.test(n.protocol))&&n.host===r.host&&l.activeElement===s&&(d.top.location.href=t.value))}},d.addEventListener(\"message\",d.wp.receiveEmbedMessage,!1),l.addEventListener(\"DOMContentLoaded\",function(){for(var e,t,s=l.querySelectorAll(\"iframe.wp-embedded-content\"),r=0;r<s.length;r++)(t=(e=s[r]).getAttribute(\"data-secret\"))||(t=Math.random().toString(36).substring(2,12),e.src+=\"#?secret=\"+t,e.setAttribute(\"data-secret\",t)),e.contentWindow.postMessage({message:\"ready\",secret:t},\"*\")},!1)))}(window,document);\n\/* ]]> *\/\n<\/script>\n","thumbnail_url":"https:\/\/www.manaus.am.gov.br\/semcom\/wp-content\/uploads\/sites\/5\/2025\/04\/IMG_7660-1024x768.jpeg","thumbnail_width":1024,"thumbnail_height":768,"description":"Na tarde desta sexta-feira, 25\/4, o Conselho Municipal de Habita\u00e7\u00e3o (CMH) se reuniu com representantes do Minist\u00e9rio P\u00fablico Federal (MPF), da Defensoria P\u00fablica do Estado do Amazonas (DPE-AM) e Procuradoria-Geral do Munic\u00edpio (PGM), para debater as diretrizes que ir\u00e3o nortear a sele\u00e7\u00e3o das fam\u00edlias beneficiadas pelo programa \u201cMinha Casa, Minha Vida\u201d, no munic\u00edpio de Manaus. A reuni\u00e3o foi presidida pelo secret\u00e1rio municipal de Habita\u00e7\u00e3o e Assuntos Fundi\u00e1rios, Jesus Alves."}