{"version":"1.0","provider_name":"SEMCOM","provider_url":"https:\/\/www.manaus.am.gov.br\/semcom","title":"Aprender Lutando: Projeto no Cime L\u00facia Almeida","type":"rich","width":600,"height":338,"html":"<blockquote class=\"wp-embedded-content\" data-secret=\"jrwSB31gjO\"><a href=\"https:\/\/www.manaus.am.gov.br\/semcom\/prefeitura-semed-aprenderlutando\/\">Prefeitura de Manaus realiza aula inaugural do projeto \u2018Aprender Lutando\u2019 no\u00a0Cime\u00a0L\u00facia Almeida<\/a><\/blockquote><iframe sandbox=\"allow-scripts\" security=\"restricted\" src=\"https:\/\/www.manaus.am.gov.br\/semcom\/prefeitura-semed-aprenderlutando\/embed\/#?secret=jrwSB31gjO\" width=\"600\" height=\"338\" title=\"&#8220;Prefeitura de Manaus realiza aula inaugural do projeto \u2018Aprender Lutando\u2019 no\u00a0Cime\u00a0L\u00facia Almeida&#8221; &#8212; SEMCOM\" data-secret=\"jrwSB31gjO\" frameborder=\"0\" marginwidth=\"0\" marginheight=\"0\" scrolling=\"no\" class=\"wp-embedded-content\"><\/iframe><script type=\"text\/javascript\">\n\/* <![CDATA[ *\/\n\/*! This file is auto-generated *\/\n!function(d,l){\"use strict\";l.querySelector&&d.addEventListener&&\"undefined\"!=typeof URL&&(d.wp=d.wp||{},d.wp.receiveEmbedMessage||(d.wp.receiveEmbedMessage=function(e){var t=e.data;if((t||t.secret||t.message||t.value)&&!\/[^a-zA-Z0-9]\/.test(t.secret)){for(var s,r,n,a=l.querySelectorAll('iframe[data-secret=\"'+t.secret+'\"]'),o=l.querySelectorAll('blockquote[data-secret=\"'+t.secret+'\"]'),c=new RegExp(\"^https?:$\",\"i\"),i=0;i<o.length;i++)o[i].style.display=\"none\";for(i=0;i<a.length;i++)s=a[i],e.source===s.contentWindow&&(s.removeAttribute(\"style\"),\"height\"===t.message?(1e3<(r=parseInt(t.value,10))?r=1e3:~~r<200&&(r=200),s.height=r):\"link\"===t.message&&(r=new URL(s.getAttribute(\"src\")),n=new URL(t.value),c.test(n.protocol))&&n.host===r.host&&l.activeElement===s&&(d.top.location.href=t.value))}},d.addEventListener(\"message\",d.wp.receiveEmbedMessage,!1),l.addEventListener(\"DOMContentLoaded\",function(){for(var e,t,s=l.querySelectorAll(\"iframe.wp-embedded-content\"),r=0;r<s.length;r++)(t=(e=s[r]).getAttribute(\"data-secret\"))||(t=Math.random().toString(36).substring(2,12),e.src+=\"#?secret=\"+t,e.setAttribute(\"data-secret\",t)),e.contentWindow.postMessage({message:\"ready\",secret:t},\"*\")},!1)))}(window,document);\n\/* ]]> *\/\n<\/script>\n","thumbnail_url":"https:\/\/www.manaus.am.gov.br\/semcom\/wp-content\/uploads\/sites\/5\/2026\/03\/WhatsApp-Image-2026-03-10-at-14.22.36.jpeg","thumbnail_width":920,"thumbnail_height":599,"description":"Estudantes da educa\u00e7\u00e3o infantil e do 1\u00ba ao 5\u00ba ano do ensino fundamental, do Centro Integrado Municipal de Educa\u00e7\u00e3o (Cime) L\u00facia Melo Ferreira Almeida, da Prefeitura de Manaus, por meio da Secretaria Municipal de Educa\u00e7\u00e3o (Semed), participaram da aula inaugural do projeto \u201cAprender Lutando\u201d, nesta ter\u00e7a-feira, 10\/3."}