{"id":211850,"date":"2025-12-01T09:59:57","date_gmt":"2025-12-01T13:59:57","guid":{"rendered":"https:\/\/www.manaus.am.gov.br\/semasc\/?page_id=211850"},"modified":"2025-12-01T11:58:18","modified_gmt":"2025-12-01T15:58:18","slug":"atas-de-reunioes-cmdpd","status":"publish","type":"page","link":"https:\/\/www.manaus.am.gov.br\/semasc\/conselhos-de-direitos\/conselho-municipal-dos-direitos-da-pessoa-com-deficiencia-cmdpd\/atas-de-reunioes-cmdpd\/","title":{"rendered":"Atas de reuni\u00f5es &#8211; CMDPD"},"content":{"rendered":"\n<h2 class=\"wp-block-heading\">2024<\/h2>\n\n\n\n<p><a href=\"https:\/\/www.manaus.am.gov.br\/semasc\/wp-content\/uploads\/sites\/17\/2025\/12\/1a-reuniao-ordinaria-do-CMDPD-Manaus-Exercicio-2024.pdf\">1\u00aa reuni\u00e3o ordin\u00e1ria do CMDPD-Manaus &#8211; Exerc\u00edcio 2024<\/a><\/p>\n\n\n\n<p><\/p>\n\n\n\n<p><a href=\"https:\/\/www.manaus.am.gov.br\/semasc\/wp-content\/uploads\/sites\/17\/2025\/12\/1a-reuniao-extraordinaria-do-CMDPD-Manaus-Exercicio-2024.pdf\">1\u00aa reuni\u00e3o extraordin\u00e1ria do CMDPD-Manaus &#8211; Exerc\u00edcio 2024<\/a><\/p>\n\n\n\n<p><\/p>\n\n\n\n<p><a href=\"https:\/\/www.manaus.am.gov.br\/semasc\/wp-content\/uploads\/sites\/17\/2025\/12\/Ata-da-2a-reuniao-ordinaria-do-CMDPD-Manaus-Exercicio-2024.pdf\">Ata da 2\u00aa reuni\u00e3o ordin\u00e1ria do CMDPD-Manaus &#8211; Exerc\u00edcio 2024<\/a><\/p>\n\n\n\n<p><\/p>\n\n\n\n<p><a href=\"https:\/\/www.manaus.am.gov.br\/semasc\/wp-content\/uploads\/sites\/17\/2025\/12\/Ata-da-2a-reuniao-extraordinaria-do-CMDPD-Manaus-Exercicio-2024.pdf\">Ata da 2\u00aa reuni\u00e3o extraordin\u00e1ria do CMDPD-Manaus &#8211; Exerc\u00edcio 2024<\/a><\/p>\n\n\n\n<p><\/p>\n\n\n\n<p><a href=\"https:\/\/www.manaus.am.gov.br\/semasc\/wp-content\/uploads\/sites\/17\/2025\/12\/Ata-da-3a-reuniao-extraordinaria-do-CMDPD-Manaus-Exercicio-2024.pdf\">Ata da 3\u00aa reuni\u00e3o extraordin\u00e1ria do CMDPD-Manaus &#8211; Exerc\u00edcio 2024<\/a><\/p>\n\n\n\n<p><\/p>\n\n\n\n<p><a href=\"https:\/\/www.manaus.am.gov.br\/semasc\/wp-content\/uploads\/sites\/17\/2025\/12\/Ata-da-3a-reuniao-ordinaria-do-CMDPD-Manaus-Exercicio-2024.pdf\">Ata da 3\u00aa reuni\u00e3o ordin\u00e1ria do CMDPD-Manaus &#8211; Exerc\u00edcio 2024<\/a><\/p>\n\n\n\n<p><\/p>\n\n\n\n<p><a href=\"https:\/\/www.manaus.am.gov.br\/semasc\/wp-content\/uploads\/sites\/17\/2025\/12\/Ata-da-4a-reuniao-extraordinaria-do-CMDPD-Manaus-Exercicio-2024.pdf\">Ata da 4\u00aa reuni\u00e3o extraordin\u00e1ria do CMDPD-Manaus &#8211; Exerc\u00edcio 2024<\/a><\/p>\n\n\n\n<p><\/p>\n\n\n\n<p><a href=\"https:\/\/www.manaus.am.gov.br\/semasc\/wp-content\/uploads\/sites\/17\/2025\/12\/Ata-da-5a-reuniao-ordinaria-do-CMDPD-Manaus-Exercicio-2024.pdf\">Ata da 5\u00aa reuni\u00e3o ordin\u00e1ria do CMDPD-Manaus &#8211; Exerc\u00edcio 2024<\/a><\/p>\n\n\n\n<p><\/p>\n\n\n\n<p><a href=\"https:\/\/www.manaus.am.gov.br\/semasc\/wp-content\/uploads\/sites\/17\/2025\/12\/Ata-da-8a-reuniao-ordinaria-do-CMDPD-Manaus-Exercicio-2024.pdf\">Ata da 8\u00aa reuni\u00e3o ordin\u00e1ria do CMDPD-Manaus &#8211; Exerc\u00edcio 2024<\/a><\/p>\n\n\n\n<p><\/p>\n\n\n\n<p><a href=\"https:\/\/www.manaus.am.gov.br\/semasc\/wp-content\/uploads\/sites\/17\/2025\/12\/Ata-da-9a-reuniao-ordinaria-do-CMDPD-Manaus-Exercicio-2024.pdf\">Ata da 9\u00aa reuni\u00e3o ordin\u00e1ria do CMDPD-Manaus &#8211; Exerc\u00edcio 2024<\/a><\/p>\n\n\n\n<p><\/p>\n\n\n\n<p><a href=\"https:\/\/www.manaus.am.gov.br\/semasc\/wp-content\/uploads\/sites\/17\/2025\/12\/Ata-da-10a-reuniao-ordinaria-do-CMDPD-Manaus-Exercicio-2024.pdf\">Ata da 10\u00aa reuni\u00e3o ordin\u00e1ria do CMDPD-Manaus &#8211; Exerc\u00edcio 2024<\/a><\/p>\n\n\n\n<p><\/p>\n\n\n\n<p><a href=\"https:\/\/www.manaus.am.gov.br\/semasc\/wp-content\/uploads\/sites\/17\/2025\/12\/Ata-da-11a-reuniao-ordinaria-do-CMDPD-Manaus-Exercicio-2024.pdf\">Ata da 11\u00aa reuni\u00e3o ordin\u00e1ria do CMDPD-Manaus &#8211; Exerc\u00edcio 2024<\/a><\/p>\n\n\n\n<p><\/p>\n\n\n\n<p><a href=\"https:\/\/www.manaus.am.gov.br\/semasc\/wp-content\/uploads\/sites\/17\/2025\/12\/Ata-da-12a-reuniao-ordinaria-do-CMDPD-Manaus-Exercicio-2024.pdf\">Ata da 12\u00aa reuni\u00e3o ordin\u00e1ria do CMDPD-Manaus &#8211; Exerc\u00edcio 2024<\/a><\/p>\n\n\n\n<p><\/p>\n\n\n\n<h2 class=\"wp-block-heading\">2023<\/h2>\n\n\n\n<p><a href=\"https:\/\/www.manaus.am.gov.br\/semasc\/wp-content\/uploads\/sites\/17\/2025\/12\/Ata-da-1a-reuniao-ordinaria-do-CMDPD-Manaus-Exercicio-2023.pdf\">Ata da 1\u00aa reuni\u00e3o ordin\u00e1ria do CMDPD-Manaus &#8211; Exerc\u00edcio 2023<\/a><\/p>\n\n\n\n<p><\/p>\n\n\n\n<p><a href=\"https:\/\/www.manaus.am.gov.br\/semasc\/wp-content\/uploads\/sites\/17\/2025\/12\/Ata-da-1a-reuniao-ordinaria-do-CMDPD-Manaus-Exercicio-2023.pdf\">Ata da 1\u00aa reuni\u00e3o ordin\u00e1ria do CMDPD-Manaus &#8211; Exerc\u00edcio 2023<\/a><\/p>\n\n\n\n<p><\/p>\n\n\n\n<p><a href=\"https:\/\/www.manaus.am.gov.br\/semasc\/wp-content\/uploads\/sites\/17\/2025\/12\/Ata-da-2a-reuniao-ordinaria-do-CMDPD-Manaus-Exercicio-2023.pdf\">Ata da 2\u00aa reuni\u00e3o ordin\u00e1ria do CMDPD-Manaus &#8211; Exerc\u00edcio 2023<\/a><\/p>\n\n\n\n<p><\/p>\n\n\n\n<p><a href=\"https:\/\/www.manaus.am.gov.br\/semasc\/wp-content\/uploads\/sites\/17\/2025\/12\/Ata-da-2a-reuniao-extraordinaria-do-CMDPD-Manaus-Exercicio-2023.pdf\">Ata da 2\u00aa reuni\u00e3o extraordin\u00e1ria do CMDPD-Manaus &#8211; Exerc\u00edcio 2023<\/a><\/p>\n\n\n\n<p><\/p>\n\n\n\n<p><a href=\"https:\/\/www.manaus.am.gov.br\/semasc\/wp-content\/uploads\/sites\/17\/2025\/12\/Ata-da-3a-reuniao-ordinaria-do-CMDPD-Manaus-Exercicio-2023.pdf\">Ata da 3\u00aa reuni\u00e3o ordin\u00e1ria do CMDPD-Manaus &#8211; Exerc\u00edcio 2023<\/a><\/p>\n\n\n\n<p><\/p>\n\n\n\n<p><a href=\"https:\/\/www.manaus.am.gov.br\/semasc\/wp-content\/uploads\/sites\/17\/2025\/12\/Ata-da-4a-reuniao-ordinaria-do-CMDPD-Manaus-Exercicio-2023.pdf\">Ata da 4\u00aa reuni\u00e3o ordin\u00e1ria do CMDPD-Manaus &#8211; Exerc\u00edcio 2023<\/a><\/p>\n\n\n\n<p><\/p>\n\n\n\n<p><a href=\"https:\/\/www.manaus.am.gov.br\/semasc\/wp-content\/uploads\/sites\/17\/2025\/12\/Ata-da-5a-reuniao-ordinaria-do-CMDPD-Manaus-Exercicio-2023.pdf\">Ata da 5\u00aa reuni\u00e3o ordin\u00e1ria do CMDPD-Manaus &#8211; Exerc\u00edcio 2023<\/a><\/p>\n\n\n\n<p><\/p>\n\n\n\n<h2 class=\"wp-block-heading\">2022<\/h2>\n\n\n\n<p><a href=\"https:\/\/www.manaus.am.gov.br\/semasc\/wp-content\/uploads\/sites\/17\/2025\/12\/Ata-da-1a-reuniao-ordinaria-do-CMDPD-Manaus-Exercicio-2022.pdf\">Ata da 1\u00aa reuni\u00e3o ordin\u00e1ria do CMDPD-Manaus-Exerc\u00edcio 2022<\/a><\/p>\n\n\n\n<p><\/p>\n\n\n\n<p><a href=\"https:\/\/www.manaus.am.gov.br\/semasc\/wp-content\/uploads\/sites\/17\/2025\/12\/Ata-da-2a-reuniao-ordinaria-do-CMDPD-Manaus-Exercicio-2022.pdf\">Ata da 2\u00aa reuni\u00e3o ordin\u00e1ria do CMDPD-Manaus &#8211; Exerc\u00edcio 2022<\/a><\/p>\n\n\n\n<p><\/p>\n\n\n\n<p><a href=\"https:\/\/www.manaus.am.gov.br\/semasc\/wp-content\/uploads\/sites\/17\/2025\/12\/Ata-da-3a-reuniao-ordinaria-do-CMDPD-Manaus-Exercicio-2022.pdf\">Ata da 3\u00aa reuni\u00e3o ordin\u00e1ria do CMDPD-Manaus &#8211; Exerc\u00edcio 2022<\/a><\/p>\n\n\n\n<p><\/p>\n\n\n\n<p><a href=\"https:\/\/www.manaus.am.gov.br\/semasc\/wp-content\/uploads\/sites\/17\/2025\/12\/Ata-da-4a-reuniao-ordinaria-do-CMDPD-Manaus-Exercicio-2022.pdf\">Ata da 4\u00aa reuni\u00e3o ordin\u00e1ria do CMDPD-Manaus &#8211; Exerc\u00edcio 2022<\/a><\/p>\n\n\n\n<p><\/p>\n\n\n\n<p><a href=\"https:\/\/www.manaus.am.gov.br\/semasc\/wp-content\/uploads\/sites\/17\/2025\/12\/Ata-da-5a-reuniao-ordinaria-do-CMDPD-Manaus-Exercicio-2022.pdf\">Ata da 5\u00aa reuni\u00e3o ordin\u00e1ria do CMDPD-Manaus &#8211; Exerc\u00edcio 2022<\/a><\/p>\n\n\n\n<p><\/p>\n\n\n\n<p><a href=\"https:\/\/www.manaus.am.gov.br\/semasc\/wp-content\/uploads\/sites\/17\/2025\/12\/Ata-da-6a-reuniao-ordinaria-do-CMDPD-Manaus-Exercicio-2022.pdf\">Ata da 6\u00aa reuni\u00e3o ordin\u00e1ria do CMDPD-Manaus &#8211; Exerc\u00edcio 2022<\/a><\/p>\n\n\n\n<p><\/p>\n\n\n\n<p><a href=\"https:\/\/www.manaus.am.gov.br\/semasc\/wp-content\/uploads\/sites\/17\/2025\/12\/Ata-da-7a-reuniao-ordinaria-do-CMDPD-Manaus-Exercicio-2022.pdf\">Ata da 7\u00aa reuni\u00e3o ordin\u00e1ria do CMDPD-Manaus &#8211; Exerc\u00edcio 2022<\/a><\/p>\n\n\n\n<p><\/p>\n\n\n\n<p><a href=\"https:\/\/www.manaus.am.gov.br\/semasc\/wp-content\/uploads\/sites\/17\/2025\/12\/Ata-da-8a-reuniao-ordinaria-do-CMDPD-Manaus-Exercicio-2022.pdf\">Ata da 8\u00aa reuni\u00e3o ordin\u00e1ria do CMDPD-Manaus &#8211; Exerc\u00edcio 2022<\/a><\/p>\n\n\n\n<p><\/p>\n\n\n\n<p><a href=\"https:\/\/www.manaus.am.gov.br\/semasc\/wp-content\/uploads\/sites\/17\/2025\/12\/Ata-da-9a-reuniao-ordinaria-do-CMDPD-Manaus-Exercicio-2022.pdf\">Ata da 9\u00aa reuni\u00e3o ordin\u00e1ria do CMDPD-Manaus &#8211; Exerc\u00edcio 2022<\/a><\/p>\n\n\n\n<p><\/p>\n\n\n\n<p><a href=\"https:\/\/www.manaus.am.gov.br\/semasc\/wp-content\/uploads\/sites\/17\/2025\/12\/Ata-da-10a-reuniao-ordinaria-do-CMDPD-Manaus-Exercicio-2022.pdf\">Ata da 10\u00aa reuni\u00e3o ordin\u00e1ria do CMDPD-Manaus &#8211; Exerc\u00edcio 2022<\/a><\/p>\n\n\n\n<p><\/p>\n\n\n\n<p><a href=\"https:\/\/www.manaus.am.gov.br\/semasc\/wp-content\/uploads\/sites\/17\/2025\/12\/Ata-da-12a-reuniao-ordinaria-do-CMDPD-Manaus-Exercicio-2022.pdf\">Ata da 12\u00aa reuni\u00e3o ordin\u00e1ria do CMDPD-Manaus &#8211; Exerc\u00edcio 2022<\/a><\/p>\n","protected":false},"excerpt":{"rendered":"","protected":false},"author":8,"featured_media":0,"parent":208579,"menu_order":0,"comment_status":"closed","ping_status":"closed","template":"","meta":{"footnotes":""},"acf":[],"yoast_head":"<!-- This site is optimized with the Yoast SEO plugin v23.0 - https:\/\/yoast.com\/wordpress\/plugins\/seo\/ -->\n<title>Atas de reuni\u00f5es - CMDPD - SEMASC<\/title>\n<meta name=\"robots\" content=\"noindex, follow\" \/>\n<meta property=\"og:locale\" content=\"pt_BR\" \/>\n<meta property=\"og:type\" content=\"article\" \/>\n<meta property=\"og:title\" content=\"Atas de reuni\u00f5es - CMDPD - SEMASC\" \/>\n<meta property=\"og:url\" content=\"https:\/\/www.manaus.am.gov.br\/semasc\/conselhos-de-direitos\/conselho-municipal-dos-direitos-da-pessoa-com-deficiencia-cmdpd\/atas-de-reunioes-cmdpd\/\" \/>\n<meta property=\"og:site_name\" content=\"SEMASC\" \/>\n<meta property=\"article:publisher\" content=\"https:\/\/www.facebook.com\/semascmanaus\" \/>\n<meta property=\"article:modified_time\" content=\"2025-12-01T15:58:18+00:00\" \/>\n<meta property=\"og:image\" content=\"https:\/\/www.manaus.am.gov.br\/semasc\/wp-content\/uploads\/sites\/17\/2024\/07\/thumb-default-2.png\" \/>\n\t<meta property=\"og:image:width\" content=\"966\" \/>\n\t<meta property=\"og:image:height\" content=\"520\" \/>\n\t<meta property=\"og:image:type\" content=\"image\/png\" \/>\n<meta name=\"twitter:card\" content=\"summary_large_image\" \/>\n<meta name=\"twitter:label1\" content=\"Est. reading time\" \/>\n\t<meta name=\"twitter:data1\" content=\"2 minutos\" \/>\n<script type=\"application\/ld+json\" class=\"yoast-schema-graph\">{\"@context\":\"https:\/\/schema.org\",\"@graph\":[{\"@type\":\"WebPage\",\"@id\":\"https:\/\/www.manaus.am.gov.br\/semasc\/conselhos-de-direitos\/conselho-municipal-dos-direitos-da-pessoa-com-deficiencia-cmdpd\/atas-de-reunioes-cmdpd\/\",\"url\":\"https:\/\/www.manaus.am.gov.br\/semasc\/conselhos-de-direitos\/conselho-municipal-dos-direitos-da-pessoa-com-deficiencia-cmdpd\/atas-de-reunioes-cmdpd\/\",\"name\":\"Atas de reuni\u00f5es - CMDPD - SEMASC\",\"isPartOf\":{\"@id\":\"https:\/\/www.manaus.am.gov.br\/semasc\/#website\"},\"datePublished\":\"2025-12-01T13:59:57+00:00\",\"dateModified\":\"2025-12-01T15:58:18+00:00\",\"breadcrumb\":{\"@id\":\"https:\/\/www.manaus.am.gov.br\/semasc\/conselhos-de-direitos\/conselho-municipal-dos-direitos-da-pessoa-com-deficiencia-cmdpd\/atas-de-reunioes-cmdpd\/#breadcrumb\"},\"inLanguage\":\"pt-BR\",\"potentialAction\":[{\"@type\":\"ReadAction\",\"target\":[\"https:\/\/www.manaus.am.gov.br\/semasc\/conselhos-de-direitos\/conselho-municipal-dos-direitos-da-pessoa-com-deficiencia-cmdpd\/atas-de-reunioes-cmdpd\/\"]}]},{\"@type\":\"BreadcrumbList\",\"@id\":\"https:\/\/www.manaus.am.gov.br\/semasc\/conselhos-de-direitos\/conselho-municipal-dos-direitos-da-pessoa-com-deficiencia-cmdpd\/atas-de-reunioes-cmdpd\/#breadcrumb\",\"itemListElement\":[{\"@type\":\"ListItem\",\"position\":1,\"name\":\"Home\",\"item\":\"https:\/\/www.manaus.am.gov.br\/semasc\/\"},{\"@type\":\"ListItem\",\"position\":2,\"name\":\"Conselhos de Direitos\",\"item\":\"https:\/\/www.manaus.am.gov.br\/semasc\/conselhos-de-direitos\/\"},{\"@type\":\"ListItem\",\"position\":3,\"name\":\"Conselho Municipal dos Direitos da Pessoa com Defici\u00eancia (CMDPD)\",\"item\":\"https:\/\/www.manaus.am.gov.br\/semasc\/conselhos-de-direitos\/conselho-municipal-dos-direitos-da-pessoa-com-deficiencia-cmdpd\/\"},{\"@type\":\"ListItem\",\"position\":4,\"name\":\"Atas de reuni\u00f5es &#8211; CMDPD\"}]},{\"@type\":\"WebSite\",\"@id\":\"https:\/\/www.manaus.am.gov.br\/semasc\/#website\",\"url\":\"https:\/\/www.manaus.am.gov.br\/semasc\/\",\"name\":\"SEMASC\",\"description\":\"Secretaria Municipal da Mulher, Assist\u00eancia Social e Cidadania.\",\"publisher\":{\"@id\":\"https:\/\/www.manaus.am.gov.br\/semasc\/#organization\"},\"alternateName\":\"Secretaria Municipal da Mulher, Assist\u00eancia Social e Cidadania\",\"potentialAction\":[{\"@type\":\"SearchAction\",\"target\":{\"@type\":\"EntryPoint\",\"urlTemplate\":\"https:\/\/www.manaus.am.gov.br\/semasc\/?s={search_term_string}\"},\"query-input\":\"required name=search_term_string\"}],\"inLanguage\":\"pt-BR\"},{\"@type\":\"Organization\",\"@id\":\"https:\/\/www.manaus.am.gov.br\/semasc\/#organization\",\"name\":\"Prefeitura de Manaus\",\"alternateName\":\"Prefeitura Municipal de Manaus\",\"url\":\"https:\/\/www.manaus.am.gov.br\/semasc\/\",\"logo\":{\"@type\":\"ImageObject\",\"inLanguage\":\"pt-BR\",\"@id\":\"https:\/\/www.manaus.am.gov.br\/semasc\/#\/schema\/logo\/image\/\",\"url\":\"https:\/\/www.manaus.am.gov.br\/semasc\/wp-content\/uploads\/sites\/17\/2024\/07\/favicon.png\",\"contentUrl\":\"https:\/\/www.manaus.am.gov.br\/semasc\/wp-content\/uploads\/sites\/17\/2024\/07\/favicon.png\",\"width\":300,\"height\":300,\"caption\":\"Prefeitura de Manaus\"},\"image\":{\"@id\":\"https:\/\/www.manaus.am.gov.br\/semasc\/#\/schema\/logo\/image\/\"},\"sameAs\":[\"https:\/\/www.facebook.com\/semascmanaus\",\"https:\/\/www.instagram.com\/semascmanaus\/\"]}]}<\/script>\n<!-- \/ Yoast SEO plugin. -->","yoast_head_json":{"title":"Atas de reuni\u00f5es - CMDPD - SEMASC","robots":{"index":"noindex","follow":"follow"},"og_locale":"pt_BR","og_type":"article","og_title":"Atas de reuni\u00f5es - CMDPD - SEMASC","og_url":"https:\/\/www.manaus.am.gov.br\/semasc\/conselhos-de-direitos\/conselho-municipal-dos-direitos-da-pessoa-com-deficiencia-cmdpd\/atas-de-reunioes-cmdpd\/","og_site_name":"SEMASC","article_publisher":"https:\/\/www.facebook.com\/semascmanaus","article_modified_time":"2025-12-01T15:58:18+00:00","og_image":[{"width":966,"height":520,"url":"https:\/\/www.manaus.am.gov.br\/semasc\/wp-content\/uploads\/sites\/17\/2024\/07\/thumb-default-2.png","type":"image\/png"}],"twitter_card":"summary_large_image","twitter_misc":{"Est. reading time":"2 minutos"},"schema":{"@context":"https:\/\/schema.org","@graph":[{"@type":"WebPage","@id":"https:\/\/www.manaus.am.gov.br\/semasc\/conselhos-de-direitos\/conselho-municipal-dos-direitos-da-pessoa-com-deficiencia-cmdpd\/atas-de-reunioes-cmdpd\/","url":"https:\/\/www.manaus.am.gov.br\/semasc\/conselhos-de-direitos\/conselho-municipal-dos-direitos-da-pessoa-com-deficiencia-cmdpd\/atas-de-reunioes-cmdpd\/","name":"Atas de reuni\u00f5es - CMDPD - SEMASC","isPartOf":{"@id":"https:\/\/www.manaus.am.gov.br\/semasc\/#website"},"datePublished":"2025-12-01T13:59:57+00:00","dateModified":"2025-12-01T15:58:18+00:00","breadcrumb":{"@id":"https:\/\/www.manaus.am.gov.br\/semasc\/conselhos-de-direitos\/conselho-municipal-dos-direitos-da-pessoa-com-deficiencia-cmdpd\/atas-de-reunioes-cmdpd\/#breadcrumb"},"inLanguage":"pt-BR","potentialAction":[{"@type":"ReadAction","target":["https:\/\/www.manaus.am.gov.br\/semasc\/conselhos-de-direitos\/conselho-municipal-dos-direitos-da-pessoa-com-deficiencia-cmdpd\/atas-de-reunioes-cmdpd\/"]}]},{"@type":"BreadcrumbList","@id":"https:\/\/www.manaus.am.gov.br\/semasc\/conselhos-de-direitos\/conselho-municipal-dos-direitos-da-pessoa-com-deficiencia-cmdpd\/atas-de-reunioes-cmdpd\/#breadcrumb","itemListElement":[{"@type":"ListItem","position":1,"name":"Home","item":"https:\/\/www.manaus.am.gov.br\/semasc\/"},{"@type":"ListItem","position":2,"name":"Conselhos de Direitos","item":"https:\/\/www.manaus.am.gov.br\/semasc\/conselhos-de-direitos\/"},{"@type":"ListItem","position":3,"name":"Conselho Municipal dos Direitos da Pessoa com Defici\u00eancia (CMDPD)","item":"https:\/\/www.manaus.am.gov.br\/semasc\/conselhos-de-direitos\/conselho-municipal-dos-direitos-da-pessoa-com-deficiencia-cmdpd\/"},{"@type":"ListItem","position":4,"name":"Atas de reuni\u00f5es &#8211; CMDPD"}]},{"@type":"WebSite","@id":"https:\/\/www.manaus.am.gov.br\/semasc\/#website","url":"https:\/\/www.manaus.am.gov.br\/semasc\/","name":"SEMASC","description":"Secretaria Municipal da Mulher, Assist\u00eancia Social e Cidadania.","publisher":{"@id":"https:\/\/www.manaus.am.gov.br\/semasc\/#organization"},"alternateName":"Secretaria Municipal da Mulher, Assist\u00eancia Social e Cidadania","potentialAction":[{"@type":"SearchAction","target":{"@type":"EntryPoint","urlTemplate":"https:\/\/www.manaus.am.gov.br\/semasc\/?s={search_term_string}"},"query-input":"required name=search_term_string"}],"inLanguage":"pt-BR"},{"@type":"Organization","@id":"https:\/\/www.manaus.am.gov.br\/semasc\/#organization","name":"Prefeitura de Manaus","alternateName":"Prefeitura Municipal de Manaus","url":"https:\/\/www.manaus.am.gov.br\/semasc\/","logo":{"@type":"ImageObject","inLanguage":"pt-BR","@id":"https:\/\/www.manaus.am.gov.br\/semasc\/#\/schema\/logo\/image\/","url":"https:\/\/www.manaus.am.gov.br\/semasc\/wp-content\/uploads\/sites\/17\/2024\/07\/favicon.png","contentUrl":"https:\/\/www.manaus.am.gov.br\/semasc\/wp-content\/uploads\/sites\/17\/2024\/07\/favicon.png","width":300,"height":300,"caption":"Prefeitura de Manaus"},"image":{"@id":"https:\/\/www.manaus.am.gov.br\/semasc\/#\/schema\/logo\/image\/"},"sameAs":["https:\/\/www.facebook.com\/semascmanaus","https:\/\/www.instagram.com\/semascmanaus\/"]}]}},"_links":{"self":[{"href":"https:\/\/www.manaus.am.gov.br\/semasc\/wp-json\/wp\/v2\/pages\/211850"}],"collection":[{"href":"https:\/\/www.manaus.am.gov.br\/semasc\/wp-json\/wp\/v2\/pages"}],"about":[{"href":"https:\/\/www.manaus.am.gov.br\/semasc\/wp-json\/wp\/v2\/types\/page"}],"author":[{"embeddable":true,"href":"https:\/\/www.manaus.am.gov.br\/semasc\/wp-json\/wp\/v2\/users\/8"}],"replies":[{"embeddable":true,"href":"https:\/\/www.manaus.am.gov.br\/semasc\/wp-json\/wp\/v2\/comments?post=211850"}],"version-history":[{"count":4,"href":"https:\/\/www.manaus.am.gov.br\/semasc\/wp-json\/wp\/v2\/pages\/211850\/revisions"}],"predecessor-version":[{"id":211885,"href":"https:\/\/www.manaus.am.gov.br\/semasc\/wp-json\/wp\/v2\/pages\/211850\/revisions\/211885"}],"up":[{"embeddable":true,"href":"https:\/\/www.manaus.am.gov.br\/semasc\/wp-json\/wp\/v2\/pages\/208579"}],"wp:attachment":[{"href":"https:\/\/www.manaus.am.gov.br\/semasc\/wp-json\/wp\/v2\/media?parent=211850"}],"curies":[{"name":"wp","href":"https:\/\/api.w.org\/{rel}","templated":true}]}}