{"id":208506,"date":"2023-08-01T16:58:41","date_gmt":"2023-08-01T20:58:41","guid":{"rendered":"https:\/\/www.manaus.am.gov.br\/semasc\/?page_id=208506"},"modified":"2025-12-15T14:18:46","modified_gmt":"2025-12-15T18:18:46","slug":"estrutura-organizacional","status":"publish","type":"page","link":"https:\/\/www.manaus.am.gov.br\/semasc\/semasc\/estrutura-organizacional\/","title":{"rendered":"Estrutura Organizacional"},"content":{"rendered":"\n<p>De acordo com o Artigo 2\u00ba da LEI N\u00ba 3547, DE 01 DE OUTUBRO DE 2025, a Estrutura Organizacional, est\u00e1 definida como:\u00a0<\/p>\n\n\n\n<h2 class=\"wp-block-heading\"><a href=\"https:\/\/leismunicipais.com.br\/a\/am\/m\/manaus\/lei-ordinaria\/2025\/355\/3547\/lei-ordinaria-n-3547-2025-dispoe-sobre-a-estrutura-organizacional-da-secretaria-municipal-da-mulher-assistencia-social-e-cidadania-semasc-suas-finalidades-e-competencias-fixa-seu-quadro-de-cargos-comissionados-e-da-outras-providencias?q=LEI+3.547\"><mark>LEI<\/mark> N\u00ba <mark>3.547<\/mark>, DE 01 DE OUTUBRO DE 2025<\/a><\/h2>\n\n\n\n<h3 class=\"wp-block-heading\">DISP\u00d5E sobre a estrutura organizacional da Secretaria Municipal da Mulher, Assist\u00eancia Social e Cidadania (Semasc), suas finalidades e compet\u00eancias, fixa seu quadro de cargos comissionados e d\u00e1 outras provid\u00eancias.<\/h3>\n\n\n\n<p>O PREFEITO DE MANAUS, no uso das atribui\u00e7\u00f5es que lhe s\u00e3o conferidas pelo art. 80, inc. IV, da <a href=\"https:\/\/leismunicipais.com.br\/lei-organica-manaus-am\"><mark>Lei<\/mark> Org\u00e2nica<\/a> do Munic\u00edpio de Manaus, FA\u00c7O SABER que o Poder Legislativo decretou e eu sanciono a seguinte<\/p>\n\n\n\n<p><mark>LEI<\/mark>:<\/p>\n\n\n\n<p>CAP\u00cdTULO I<br>DAS FINALIDADES<\/p>\n\n\n\n<p>Art. 1\u00ba A Secretaria Municipal da Mulher, Assist\u00eancia Social e Cidadania (Semasc) integra a Administra\u00e7\u00e3o Direta do Poder Executivo para cumprimento das seguintes finalidades:<\/p>\n\n\n\n<p>I &#8211; formular, coordenar e executar as Pol\u00edticas P\u00fablicas Municipais da Mulher, da Assist\u00eancia Social, de defesa e promo\u00e7\u00e3o dos Direitos Humanos e da Seguran\u00e7a Alimentar e Nutricional, respeitados os princ\u00edpios e diretrizes da legisla\u00e7\u00e3o nacional espec\u00edfica dessas \u00e1reas, contribuindo com a redu\u00e7\u00e3o das desigualdades e a inclus\u00e3o social;<\/p>\n\n\n\n<p>II &#8211; promover o desenvolvimento humano e social no munic\u00edpio de Manaus, tendo como meta a melhoria da qualidade de vida das camadas mais necessitadas da popula\u00e7\u00e3o, com \u00eanfase nos segmentos da crian\u00e7a e do adolescente, da mulher, pessoas com defici\u00eancia e pessoas em vulnerabilidade social ou risco social, garantindo-lhes o pleno exerc\u00edcio da cidadania;<\/p>\n\n\n\n<p>III &#8211; coordenar o Sistema \u00danico de Assist\u00eancia Social no munic\u00edpio de Manaus, em conformidade com a Pol\u00edtica Nacional de Assist\u00eancia Social vigente;<\/p>\n\n\n\n<p>IV &#8211; organizar os servi\u00e7os socioassistenciais de forma descentralizada, considerando as especificidades territoriais;<\/p>\n\n\n\n<p>V &#8211; coordenar, executar, desenvolver e avaliar as a\u00e7\u00f5es que assegurem garantias de direitos humanos;<\/p>\n\n\n\n<p>VI &#8211; promover um conjunto de a\u00e7\u00f5es socioassistenciais integradas, atrav\u00e9s das Prote\u00e7\u00f5es Sociais B\u00e1sica e Especial de iniciativa p\u00fablica e de a\u00e7\u00e3o complementar privada, para atendimento das necessidades sociais do p\u00fablico-alvo da assist\u00eancia social, conforme preconiza a <a href=\"https:\/\/leismunicipais.com.br\/lei-organica-manaus-am\"><mark>Lei<\/mark> Org\u00e2nica<\/a> da Assist\u00eancia Social e a Pol\u00edtica Nacional de Assist\u00eancia Social;<\/p>\n\n\n\n<p>VII &#8211; prover servi\u00e7os, programas, projetos e benef\u00edcios de Prote\u00e7\u00e3o Social B\u00e1sica e\/ou Especial para fam\u00edlias, indiv\u00edduos e grupos que se encontram em situa\u00e7\u00f5es de vulnerabilidade e riscos, assegurando a centralidade na fam\u00edlia, a conviv\u00eancia familiar e comunit\u00e1ria;<\/p>\n\n\n\n<p>VIII &#8211; definir bases de financiamento da pol\u00edtica municipal de Assist\u00eancia Social, considerando as determina\u00e7\u00f5es do Sistema \u00danico de Assist\u00eancia Social e as delibera\u00e7\u00f5es do Controle Social local, compreendendo os n\u00edveis de complexidade, territorialidade e contrapartida;<\/p>\n\n\n\n<p>IX &#8211; elaborar o Plano Municipal de Assist\u00eancia Social, de Pol\u00edticas para Mulher, de Pol\u00edticas para a promo\u00e7\u00e3o da Cidadania e defesa dos Direitos Humanos e de Seguran\u00e7a Alimentar e Nutricional;<\/p>\n\n\n\n<p>X &#8211; assegurar no or\u00e7amento do Plano Plurianual &#8211; PPA do munic\u00edpio de Manaus, recursos para o financiamento municipal da Assist\u00eancia Social, de Pol\u00edticas para Mulher, de promo\u00e7\u00e3o da Cidadania e defesa dos Direitos Humanos, al\u00e9m de Seguran\u00e7a Alimentar e Nutricional;<\/p>\n\n\n\n<p>XI &#8211; contribuir com a inclus\u00e3o e a equidade dos usu\u00e1rios e grupos espec\u00edficos, ampliando o acesso aos bens e servi\u00e7os socioassistenciais b\u00e1sicos e especiais em \u00e1reas urbana e rural do munic\u00edpio de Manaus;<\/p>\n\n\n\n<p>XII &#8211; organizar e gerir a Rede Municipal de Inclus\u00e3o e Prote\u00e7\u00e3o Social, composta pela totalidade de servi\u00e7os, programas e projetos governamentais e n\u00e3o governamentais existentes em sua \u00e1rea de abrang\u00eancia, respeitando a diretriz da Pol\u00edtica Nacional de Assist\u00eancia Social, quanto ao comando \u00fanico da Pol\u00edtica de Assist\u00eancia Social no munic\u00edpio de Manaus;<\/p>\n\n\n\n<p>XIII &#8211; formular pol\u00edticas, propor diretrizes e coordenar a implementa\u00e7\u00e3o de a\u00e7\u00f5es p\u00fablicas, diretamente ou em parceria com entidades p\u00fablicas e privadas, de programas, projetos e atividades voltados para o atendimento \u00e0 mulher, bem como para a garantia dos Direitos Humanos, Cidadania e Seguran\u00e7a Alimentar e Nutricional;<\/p>\n\n\n\n<p>XIV &#8211; executar os benef\u00edcios eventuais, servi\u00e7os assistenciais, programas e projetos de forma direta e coordenar a execu\u00e7\u00e3o realizada pela rede complementar conveniada, conforme as diretrizes do Conselho Nacional de Assist\u00eancia Social;<\/p>\n\n\n\n<p>XV &#8211; definir padr\u00f5es de qualidade, formas de acompanhamento, monitoramento e avalia\u00e7\u00e3o das a\u00e7\u00f5es governamentais e n\u00e3o governamentais de \u00e2mbito local;<\/p>\n\n\n\n<p>XVI &#8211; articular-se com outras pol\u00edticas setoriais de \u00e2mbito municipal com vistas \u00e0 inclus\u00e3o dos destinat\u00e1rios da pol\u00edtica de Assist\u00eancia Social, da Mulher, de promo\u00e7\u00e3o da Cidadania e defesa dos Direitos Humanos, e de Seguran\u00e7a Alimentar e Nutricional;<\/p>\n\n\n\n<p>XVII &#8211; realizar o acompanhamento e avalia\u00e7\u00e3o do Benef\u00edcio de Presta\u00e7\u00e3o Continuada dos benefici\u00e1rios residentes no munic\u00edpio e estabelecer estrat\u00e9gias de atendimento com outros \u00f3rg\u00e3os estaduais e federais;<\/p>\n\n\n\n<p>XVIII &#8211; atender o p\u00fablico usu\u00e1rio da pol\u00edtica de Assist\u00eancia Social constitu\u00edda por cidad\u00e3os e grupos que se encontram em situa\u00e7\u00f5es de vulnerabilidade e risco social, atrav\u00e9s de servi\u00e7os socioassistenciais b\u00e1sicos e especializados;<\/p>\n\n\n\n<p>XIX &#8211; executar, manter e aprimorar o sistema de gest\u00e3o da pol\u00edtica e dos servi\u00e7os de Assist\u00eancia Social, de Pol\u00edticas para as Mulheres, de promo\u00e7\u00e3o da Cidadania e defesa dos Direitos Humanos, e de Seguran\u00e7a Alimentar e Nutricional, respeitando as diretrizes, os objetivos e princ\u00edpios preconizados pelas pol\u00edticas nacionais respectivas.<\/p>\n\n\n\n<p>CAP\u00cdTULO II<br>DA ESTRUTURA ORGANIZACIONAL<\/p>\n\n\n\n<p>Art. 2\u00ba Dirigida por um Secret\u00e1rio Municipal, com o aux\u00edlio de um Subsecret\u00e1rio Operacional e de Gest\u00e3o, um Subsecret\u00e1rio de Assist\u00eancia Social e um Subsecret\u00e1rio de Pol\u00edticas Afirmativas para as Mulheres e de Direitos Humanos, a Semasc tem a seguinte estrutura organizacional:<\/p>\n\n\n\n<p>I &#8211; \u00d3rg\u00e3os Vinculados:<\/p>\n\n\n\n<p>a) Conselhos Tutelares;<br>b) Fundo Municipal de Assist\u00eancia Social (FMAS);<br>c) Fundo Municipal dos Direitos da Crian\u00e7a e do Adolescente (FMDCA);<br>d) Fundo Municipal de Direitos Humanos (FMDH);<br>e) Fundo Municipal de Apoio \u00e0 Pessoa com Defici\u00eancia (FMAPD);<br>f) Fundo Municipal Antidrogas (FMAD);<br>g) Funda\u00e7\u00e3o Municipal dos Direitos da Pessoa Idosa (FMDPI);<\/p>\n\n\n\n<p>II &#8211; \u00d3rg\u00e3os Colegiados:<\/p>\n\n\n\n<p>a) Conselho Municipal de Assist\u00eancia Social (CMAS);<br>b) Conselho Municipal dos Direitos da Crian\u00e7a e do Adolescente (CMDCA);<br>c) Conselho Municipal dos Direitos Humanos (CMDH);<br>d) Conselho Municipal de Seguran\u00e7a Alimentar e Nutricional (Comsean);<br>e) Conselho Municipal da Pessoa com Defici\u00eancia (CMDPD);<br>f) Conselho Municipal dos Direitos da Mulher (CMDM);<br>g) Conselho Municipal de Pol\u00edticas Sobre Drogas (Comad);<\/p>\n\n\n\n<p>III &#8211; \u00d3rg\u00e3os de Assist\u00eancia e Assessoramento:<\/p>\n\n\n\n<p>a) Gabinete;<br>b) Assessoria T\u00e9cnica;<\/p>\n\n\n\n<p>IV &#8211; \u00d3rg\u00e3os de Apoio \u00e0 Gest\u00e3o:<\/p>\n\n\n\n<p>a) Subsecretaria Operacional e de Gest\u00e3o:<\/p>\n\n\n\n<p>1. Diretoria de \u00c1rea de Administra\u00e7\u00e3o, Finan\u00e7as e Planejamento:<\/p>\n\n\n\n<p>1.1 Departamento de Administra\u00e7\u00e3o:<\/p>\n\n\n\n<p>1.1.1 Divis\u00e3o de Administra\u00e7\u00e3o:<\/p>\n\n\n\n<p>1.1.1.1 Ger\u00eancia de Contratos, Conv\u00eanios, Outros Ajustes e Compras;<br>1.1.2 Divis\u00e3o de Pessoal:<\/p>\n\n\n\n<p>1.1.2.1 Ger\u00eancia de Folha de Pagamento;<br>1.1.3 Divis\u00e3o de Log\u00edstica e Patrim\u00f4nio:<\/p>\n\n\n\n<p>1.1.3.1 Ger\u00eancia de Almoxarifado;<br>1.1.3.2 Ger\u00eancia de Transporte;<br>1.1.3.3 Ger\u00eancia de Manuten\u00e7\u00e3o;<br>1.1.3.4 Ger\u00eancia de Servi\u00e7os Gerais;<br>1.1.4 Divis\u00e3o de Tecnologia da Informa\u00e7\u00e3o:<\/p>\n\n\n\n<p>1.1.4.1 Ger\u00eancia de Manuten\u00e7\u00e3o de Sistemas;<br>1.1.5 Divis\u00e3o de Obras e Projetos:<\/p>\n\n\n\n<p>1.1.5.1 Ger\u00eancia de Projetos;<br>1.2 Departamento de Finan\u00e7as:<\/p>\n\n\n\n<p>1.2.1 Divis\u00e3o de Or\u00e7amento e Finan\u00e7as:<\/p>\n\n\n\n<p>1.2.1.1 Ger\u00eancia de Liquida\u00e7\u00e3o e Contabilidade;<br>1.2.1.2 Ger\u00eancia de Presta\u00e7\u00e3o de Contas;<br>1.2.2 Divis\u00e3o de Fundos Municipais:<\/p>\n\n\n\n<p>1.2.2.1 Ger\u00eancia do FMAS;<br>1.2.2.2 Ger\u00eancia do FMDCA;<br>1.2.2.3 Ger\u00eancia de Outros Fundos;<br>1.3 Departamento de Planejamento:<\/p>\n\n\n\n<p>1.3.1 Divis\u00e3o de Planejamento e Desenvolvimento:<\/p>\n\n\n\n<p>1.3.1.1 Ger\u00eancia de Projetos Especiais;<\/p>\n\n\n\n<p>V &#8211; \u00d3rg\u00e3os de Atividades Final\u00edsticas:<\/p>\n\n\n\n<p>Subsecretaria de Assist\u00eancia Social:<\/p>\n\n\n\n<p>1. Diretoria de \u00c1rea de Gest\u00e3o do SUAS:<br>1. 1 Departamento de Gest\u00e3o do SUAS:<\/p>\n\n\n\n<p>1.1.1 Divis\u00e3o de Gest\u00e3o do Trabalho, Vigil\u00e2ncia e Regula\u00e7\u00e3o:<\/p>\n\n\n\n<p>1.1.1.1 Ger\u00eancia de Gest\u00e3o do Trabalho;<br>1.1.1.2 Ger\u00eancia de Regula\u00e7\u00e3o do SUAS;<br>1.1.1.3 Ger\u00eancia de Vigil\u00e2ncia Socioassistencial;<br>2. Diretoria de \u00c1rea de Prote\u00e7\u00e3o Social:<\/p>\n\n\n\n<p>2.1 Departamento de Prote\u00e7\u00e3o Social B\u00e1sica:<\/p>\n\n\n\n<p>2.1.1 Divis\u00e3o de Cadastro \u00danico e Transfer\u00eancia de Renda:<\/p>\n\n\n\n<p>2.1.1.1 Ger\u00eancia do Programa Bolsa Fam\u00edlia;<br>2.1.1.2 Ger\u00eancia de Articula\u00e7\u00e3o Intersetorial;<br>2.1.2 Divis\u00e3o de Gest\u00e3o de Benef\u00edcios Assistenciais e Eventuais:<\/p>\n\n\n\n<p>2.1.2.1 Ger\u00eancia de Benef\u00edcio de Presta\u00e7\u00e3o Continuada;<br>2.1.2.2 Ger\u00eancia de Benef\u00edcios Eventuais;<br>2.1.3 Divis\u00e3o de Servi\u00e7os Socioassistenciais:<\/p>\n\n\n\n<p>2.1.3.1 Ger\u00eancia do PAIF;<br>2.1.3.2 Ger\u00eancia do Servi\u00e7o de Conviv\u00eancia e Fortalecimento de V\u00ednculos;<br>2.1.3.3 Ger\u00eancia de Prote\u00e7\u00e3o Social B\u00e1sica no Domic\u00edlio para Pessoas com Defici\u00eancia e Idosas;<br>2.2 Departamento de Prote\u00e7\u00e3o Social Especial:<\/p>\n\n\n\n<p>2.2.1 Divis\u00e3o Especial de M\u00e9dia Complexidade:<\/p>\n\n\n\n<p>2.2.1.1 Ger\u00eancia do PAEFI;<br>2.2.1.2 Ger\u00eancia do Servi\u00e7o de Prote\u00e7\u00e3o Social Especial para Pessoas com Defici\u00eancia, Idosos e suas Fam\u00edlias;<br>2.2.1.3 Ger\u00eancia do Servi\u00e7o de Prote\u00e7\u00e3o Social \u00e0 Adolescentes em Cumprimento de Medida Socioeducativa de Liberdade Assistida e Presta\u00e7\u00e3o de Servi\u00e7o \u00e0 Comunidade;<br>2.2.1.4 Ger\u00eancia do Servi\u00e7o Especializado em Abordagem Social;<br>2.2.1.5 Ger\u00eancia de A\u00e7\u00f5es Estrat\u00e9gicas do Programa de Erradica\u00e7\u00e3o do Trabalho Infantil &#8211; PETI;<br>2.2.1.6 Ger\u00eancia do Centro de Refer\u00eancia Especializado para Pessoas em Situa\u00e7\u00e3o de Rua &#8211; Centro POP;<br>2.2.2 Divis\u00e3o Especial de Alta Complexidade:<\/p>\n\n\n\n<p>2.2.2.1 Ger\u00eancia do Servi\u00e7o de Acolhimento em Fam\u00edlia Acolhedora;<br>2.2.2.2 Ger\u00eancia do Servi\u00e7o de Acolhimento Institucional para Crian\u00e7as e Adolescentes em Situa\u00e7\u00e3o de Rua;<br>2.2.2.3 Ger\u00eancia do Servi\u00e7o de Prote\u00e7\u00e3o a Situa\u00e7\u00f5es de Calamidade e Emerg\u00eancias;<br>2.2.2.4 Ger\u00eancia do Servi\u00e7o de Acolhimento Institucional para Adultos em Situa\u00e7\u00e3o de Rua;<br>2.2.2.5 Ger\u00eancia do Servi\u00e7o de Acolhimento Institucional para Crian\u00e7as e Adolescentes sob Medida Protetiva;<br>2.2.2.6 Ger\u00eancia do Servi\u00e7o de Acolhimento para Adultos e Fam\u00edlias em Casa de Passagem;<br>b) Subsecretaria de Pol\u00edticas Afirmativas para as Mulheres e de Direitos Humanos:<\/p>\n\n\n\n<p>1. Diretoria de \u00c1rea de Pol\u00edticas Setoriais:<\/p>\n\n\n\n<p>1.1 Departamento de Enfrentamento \u00e0 Viol\u00eancia Contra a Mulher:<\/p>\n\n\n\n<p>1.1.1 Divis\u00e3o de Atendimento em Situa\u00e7\u00e3o de Viol\u00eancia e A\u00e7\u00f5es Afirmativas:<\/p>\n\n\n\n<p>1.1.1.1 Ger\u00eancia dos Servi\u00e7os de Atendimento;<br>1.1.2 Divis\u00e3o de Promo\u00e7\u00e3o de Pol\u00edticas P\u00fablicas:<\/p>\n\n\n\n<p>1.1.2.1 Ger\u00eancia de Promo\u00e7\u00e3o de Pol\u00edticas P\u00fablicas;<br>1.2 Departamento de Direitos Humanos:<\/p>\n\n\n\n<p>1.2.1 Divis\u00e3o de Promo\u00e7\u00e3o de Direitos Sociais e Econ\u00f4micos:<\/p>\n\n\n\n<p>1.2.1.1 Ger\u00eancia de Promo\u00e7\u00e3o e Defesa dos Direitos das Popula\u00e7\u00f5es Negras e Povos Tradicionais;<br>1.2.1.2 Ger\u00eancia de Promo\u00e7\u00e3o e Defesa dos Direitos das Pessoas com Defici\u00eancia e dos Idosos;<br>1.2.1.3 Ger\u00eancia de Promo\u00e7\u00e3o e Defesa dos Direitos Relativos \u00e0 Livre Orienta\u00e7\u00e3o Sexual;<br>1.2.1.4 Ger\u00eancia do Disque-Den\u00fancia;<br>1.3 Departamento de Seguran\u00e7a Alimentar e Nutricional:<\/p>\n\n\n\n<p>1.3.1 Divis\u00e3o de Seguran\u00e7a Alimentar e Educa\u00e7\u00e3o Nutricional:<\/p>\n\n\n\n<p>1.3.1.1 Ger\u00eancia de Capta\u00e7\u00e3o de Alimentos;<br>1.3.1.2 Ger\u00eancia de Cozinhas Comunit\u00e1rias e Restaurantes Populares.<\/p>\n\n\n\n<p>Par\u00e1grafo \u00fanico. O detalhamento da estrutura, compreendendo servi\u00e7os e setores, ser\u00e1 fixado no Regimento Interno.<\/p>\n\n\n\n<p>CAP\u00cdTULO III<br>DAS COMPET\u00caNCIAS<\/p>\n\n\n\n<p>Art. 3\u00ba Sem preju\u00edzo do que vier a ser fixado em Regimento Interno, s\u00e3o atribui\u00e7\u00f5es comuns dos dirigentes das unidades que comp\u00f5em a estrutura organizacional da Semasc:<\/p>\n\n\n\n<p>I &#8211; cumprir e fazer cumprir a Constitui\u00e7\u00e3o, a <a href=\"https:\/\/leismunicipais.com.br\/lei-organica-manaus-am\"><mark>Lei<\/mark> Org\u00e2nica<\/a> do Munic\u00edpio e as normas infraconstitucionais espec\u00edficas;<\/p>\n\n\n\n<p>II &#8211; gerir as \u00e1reas operacionais sob sua responsabilidade;<\/p>\n\n\n\n<p>III &#8211; assegurar padr\u00f5es satisfat\u00f3rios de desempenho em suas \u00e1reas de atua\u00e7\u00e3o;<\/p>\n\n\n\n<p>IV &#8211; administrar os bens e materiais sob sua guarda, garantindo adequada manuten\u00e7\u00e3o, conserva\u00e7\u00e3o e efici\u00eancia no funcionamento;<\/p>\n\n\n\n<p>V &#8211; promover permanente avalia\u00e7\u00e3o dos servidores que lhes s\u00e3o subordinados, com vistas \u00e0 constante melhoria dos servi\u00e7os a seu cargo;<\/p>\n\n\n\n<p>VI &#8211; zelar pela consecu\u00e7\u00e3o dos objetivos e pelo alcance das metas estabelecidas para o setor.<\/p>\n\n\n\n<p>CAP\u00cdTULO IV<br>DOS CARGOS E DAS FUN\u00c7\u00d5ES DE CONFIAN\u00c7A<\/p>\n\n\n\n<p>Art. 4\u00ba Os cargos de provimento em comiss\u00e3o e as fun\u00e7\u00f5es gratificadas da Semasc s\u00e3o os especificados no Anexo \u00danico, com a remunera\u00e7\u00e3o fixada em <mark>lei<\/mark> espec\u00edfica.<\/p>\n\n\n\n<p>Art. 5\u00ba O Secret\u00e1rio Municipal da Mulher, Assist\u00eancia Social e Cidadania poder\u00e1 atribuir a servidores do quadro permanente fun\u00e7\u00f5es gratificadas pelo exerc\u00edcio de encargos de chefia, dire\u00e7\u00e3o ou assessoramento.<\/p>\n\n\n\n<p>CAP\u00cdTULO V<br>DISPOSI\u00c7\u00d5ES FINAIS<\/p>\n\n\n\n<p>Art. 6\u00ba As despesas decorrentes da execu\u00e7\u00e3o desta <mark>Lei<\/mark> correr\u00e3o \u00e0 conta das dota\u00e7\u00f5es consignadas no or\u00e7amento do Poder Executivo.<\/p>\n\n\n\n<p>Art. 7\u00ba Esta <mark>Lei<\/mark> entra em vigor na data de sua publica\u00e7\u00e3o.<\/p>\n\n\n\n<p>Art. 8\u00ba Fica revogada a <mark>Lei<\/mark> n\u00ba <a href=\"https:\/\/leismunicipais.com.br\/a\/am\/m\/manaus\/lei-ordinaria\/2018\/236\/2369\/lei-ordinaria-n-2369-2018-altera-a-nomenclatura-da-secretaria-municipal-da-mulher-assistencia-social-e-direitos-humanos-semmasdh-para-secretaria-municipal-da-mulher-assistencia-social-e-cidadania-semasc-dispoe-sobre-a-sua-estrutura-organizacional-e-da-outras-providencias\">2.369<\/a>, de 29 de novembro de 2018.<\/p>\n\n\n\n<p>Manaus, 01 de outubro de 2025.<\/p>\n\n\n\n<p>DAVID ANT\u00d4NIO ABISAI PEREIRA DE ALMEIDA<br>Prefeito de Manaus<\/p>\n\n\n\n<p>ANEXO \u00daNICO<\/p>\n\n\n\n<p>Parte I<br>Quadro de Cargos em Comiss\u00e3o<\/p>\n\n\n\n<figure class=\"wp-block-table\"><table><tbody><tr><td>Cargo<\/td><td>Simbologia<\/td><td colspan=\"2\">Quantidade<\/td><\/tr><tr><td>Secret\u00e1rio Municipal<\/td><td>&#8211;<\/td><td colspan=\"2\">1<\/td><\/tr><tr><td>Subsecret\u00e1rio Municipal<\/td><td>&#8211;<\/td><td colspan=\"2\">3<\/td><\/tr><tr><td>Diretor de \u00c1rea<\/td><td>DAS-4<\/td><td colspan=\"2\">4<\/td><\/tr><tr><td>Diretor<\/td><td>DAS-4<\/td><td colspan=\"2\">2<\/td><\/tr><tr><td>Diretor de Departamento<\/td><td>DAS-3<\/td><td colspan=\"2\">9<\/td><\/tr><tr><td>Assessor T\u00e9cnico I<\/td><td>DAS-3<\/td><td colspan=\"2\">14<\/td><\/tr><tr><td>Chefe de Divis\u00e3o<\/td><td>DAS-2<\/td><td colspan=\"2\">18<\/td><\/tr><tr><td>Assessor T\u00e9cnico II<\/td><td>DAS-2<\/td><td colspan=\"2\">9<\/td><\/tr><tr><td>Gerente<\/td><td>DAS-1<\/td><td colspan=\"2\">44<\/td><\/tr><tr><td>Assessor T\u00e9cnico III<\/td><td>DAS-1<\/td><td colspan=\"2\">21<\/td><\/tr><tr><td>Assessor I<\/td><td>CAD-3<\/td><td colspan=\"2\">38<\/td><\/tr><tr><td>Assessor II<\/td><td>CAD-2<\/td><td colspan=\"2\">21<\/td><\/tr><tr><td>Assessor III<\/td><td>CAD-1<\/td><td colspan=\"2\">8<\/td><\/tr><tr><td>Assessor Especial I<\/td><td>CAE-3<\/td><td colspan=\"2\">6<\/td><\/tr><tr><td>Assessor Especial II<\/td><td>CAE-2<\/td><td colspan=\"2\">5<\/td><\/tr><tr><td>Assessor Especial III<\/td><td>CAE-1<\/td><td colspan=\"2\">2<\/td><\/tr><tr><td colspan=\"3\">TOTAL<\/td><td>205<\/td><\/tr><\/tbody><\/table><\/figure>\n\n\n\n<p>Parte II<br>Quadro de Fun\u00e7\u00f5es Gratificadas<\/p>\n\n\n\n<figure class=\"wp-block-table\"><table><tbody><tr><td>Fun\u00e7\u00e3o<\/td><td>Simbologia<\/td><td>Quantidades<\/td><\/tr><tr><td>Chefe de Setor<\/td><td>FG-3<\/td><td>6<\/td><\/tr><tr><td>Chefe de Setor<\/td><td>FG-2<\/td><td>4<\/td><\/tr><tr><td>Chefe de Setor<\/td><td>FG-1<\/td><td>5<\/td><\/tr><tr><td colspan=\"2\">TOTAL<\/td><td>15<\/td><\/tr><\/tbody><\/table><\/figure>\n","protected":false},"excerpt":{"rendered":"","protected":false},"author":27,"featured_media":0,"parent":207748,"menu_order":0,"comment_status":"closed","ping_status":"closed","template":"templates\/turismo.php","meta":{"footnotes":""},"acf":[],"yoast_head":"<!-- This site is optimized with the Yoast SEO plugin v23.0 - https:\/\/yoast.com\/wordpress\/plugins\/seo\/ -->\n<title>Estrutura Organizacional - SEMASC<\/title>\n<meta name=\"robots\" content=\"noindex, follow\" \/>\n<meta property=\"og:locale\" content=\"pt_BR\" \/>\n<meta property=\"og:type\" content=\"article\" \/>\n<meta property=\"og:title\" content=\"Estrutura Organizacional - SEMASC\" \/>\n<meta property=\"og:url\" content=\"https:\/\/www.manaus.am.gov.br\/semasc\/semasc\/estrutura-organizacional\/\" \/>\n<meta property=\"og:site_name\" content=\"SEMASC\" \/>\n<meta property=\"article:publisher\" content=\"https:\/\/www.facebook.com\/semascmanaus\" \/>\n<meta property=\"article:modified_time\" content=\"2025-12-15T18:18:46+00:00\" \/>\n<meta property=\"og:image\" content=\"https:\/\/www.manaus.am.gov.br\/semasc\/wp-content\/uploads\/sites\/17\/2024\/07\/thumb-default-2.png\" \/>\n\t<meta property=\"og:image:width\" content=\"966\" \/>\n\t<meta property=\"og:image:height\" content=\"520\" \/>\n\t<meta property=\"og:image:type\" content=\"image\/png\" \/>\n<meta name=\"twitter:card\" content=\"summary_large_image\" \/>\n<meta name=\"twitter:label1\" content=\"Est. reading time\" \/>\n\t<meta name=\"twitter:data1\" content=\"11 minutos\" \/>\n<script type=\"application\/ld+json\" class=\"yoast-schema-graph\">{\"@context\":\"https:\/\/schema.org\",\"@graph\":[{\"@type\":\"WebPage\",\"@id\":\"https:\/\/www.manaus.am.gov.br\/semasc\/semasc\/estrutura-organizacional\/\",\"url\":\"https:\/\/www.manaus.am.gov.br\/semasc\/semasc\/estrutura-organizacional\/\",\"name\":\"Estrutura Organizacional - SEMASC\",\"isPartOf\":{\"@id\":\"https:\/\/www.manaus.am.gov.br\/semasc\/#website\"},\"datePublished\":\"2023-08-01T20:58:41+00:00\",\"dateModified\":\"2025-12-15T18:18:46+00:00\",\"breadcrumb\":{\"@id\":\"https:\/\/www.manaus.am.gov.br\/semasc\/semasc\/estrutura-organizacional\/#breadcrumb\"},\"inLanguage\":\"pt-BR\",\"potentialAction\":[{\"@type\":\"ReadAction\",\"target\":[\"https:\/\/www.manaus.am.gov.br\/semasc\/semasc\/estrutura-organizacional\/\"]}]},{\"@type\":\"BreadcrumbList\",\"@id\":\"https:\/\/www.manaus.am.gov.br\/semasc\/semasc\/estrutura-organizacional\/#breadcrumb\",\"itemListElement\":[{\"@type\":\"ListItem\",\"position\":1,\"name\":\"Home\",\"item\":\"https:\/\/www.manaus.am.gov.br\/semasc\/\"},{\"@type\":\"ListItem\",\"position\":2,\"name\":\"SEMASC\",\"item\":\"https:\/\/www.manaus.am.gov.br\/semasc\/semasc\/\"},{\"@type\":\"ListItem\",\"position\":3,\"name\":\"Estrutura Organizacional\"}]},{\"@type\":\"WebSite\",\"@id\":\"https:\/\/www.manaus.am.gov.br\/semasc\/#website\",\"url\":\"https:\/\/www.manaus.am.gov.br\/semasc\/\",\"name\":\"SEMASC\",\"description\":\"Secretaria Municipal da Mulher, Assist\u00eancia Social e Cidadania.\",\"publisher\":{\"@id\":\"https:\/\/www.manaus.am.gov.br\/semasc\/#organization\"},\"alternateName\":\"Secretaria Municipal da Mulher, Assist\u00eancia Social e Cidadania\",\"potentialAction\":[{\"@type\":\"SearchAction\",\"target\":{\"@type\":\"EntryPoint\",\"urlTemplate\":\"https:\/\/www.manaus.am.gov.br\/semasc\/?s={search_term_string}\"},\"query-input\":\"required name=search_term_string\"}],\"inLanguage\":\"pt-BR\"},{\"@type\":\"Organization\",\"@id\":\"https:\/\/www.manaus.am.gov.br\/semasc\/#organization\",\"name\":\"Prefeitura de Manaus\",\"alternateName\":\"Prefeitura Municipal de Manaus\",\"url\":\"https:\/\/www.manaus.am.gov.br\/semasc\/\",\"logo\":{\"@type\":\"ImageObject\",\"inLanguage\":\"pt-BR\",\"@id\":\"https:\/\/www.manaus.am.gov.br\/semasc\/#\/schema\/logo\/image\/\",\"url\":\"https:\/\/www.manaus.am.gov.br\/semasc\/wp-content\/uploads\/sites\/17\/2024\/07\/favicon.png\",\"contentUrl\":\"https:\/\/www.manaus.am.gov.br\/semasc\/wp-content\/uploads\/sites\/17\/2024\/07\/favicon.png\",\"width\":300,\"height\":300,\"caption\":\"Prefeitura de Manaus\"},\"image\":{\"@id\":\"https:\/\/www.manaus.am.gov.br\/semasc\/#\/schema\/logo\/image\/\"},\"sameAs\":[\"https:\/\/www.facebook.com\/semascmanaus\",\"https:\/\/www.instagram.com\/semascmanaus\/\"]}]}<\/script>\n<!-- \/ Yoast SEO plugin. -->","yoast_head_json":{"title":"Estrutura Organizacional - SEMASC","robots":{"index":"noindex","follow":"follow"},"og_locale":"pt_BR","og_type":"article","og_title":"Estrutura Organizacional - SEMASC","og_url":"https:\/\/www.manaus.am.gov.br\/semasc\/semasc\/estrutura-organizacional\/","og_site_name":"SEMASC","article_publisher":"https:\/\/www.facebook.com\/semascmanaus","article_modified_time":"2025-12-15T18:18:46+00:00","og_image":[{"width":966,"height":520,"url":"https:\/\/www.manaus.am.gov.br\/semasc\/wp-content\/uploads\/sites\/17\/2024\/07\/thumb-default-2.png","type":"image\/png"}],"twitter_card":"summary_large_image","twitter_misc":{"Est. reading time":"11 minutos"},"schema":{"@context":"https:\/\/schema.org","@graph":[{"@type":"WebPage","@id":"https:\/\/www.manaus.am.gov.br\/semasc\/semasc\/estrutura-organizacional\/","url":"https:\/\/www.manaus.am.gov.br\/semasc\/semasc\/estrutura-organizacional\/","name":"Estrutura Organizacional - SEMASC","isPartOf":{"@id":"https:\/\/www.manaus.am.gov.br\/semasc\/#website"},"datePublished":"2023-08-01T20:58:41+00:00","dateModified":"2025-12-15T18:18:46+00:00","breadcrumb":{"@id":"https:\/\/www.manaus.am.gov.br\/semasc\/semasc\/estrutura-organizacional\/#breadcrumb"},"inLanguage":"pt-BR","potentialAction":[{"@type":"ReadAction","target":["https:\/\/www.manaus.am.gov.br\/semasc\/semasc\/estrutura-organizacional\/"]}]},{"@type":"BreadcrumbList","@id":"https:\/\/www.manaus.am.gov.br\/semasc\/semasc\/estrutura-organizacional\/#breadcrumb","itemListElement":[{"@type":"ListItem","position":1,"name":"Home","item":"https:\/\/www.manaus.am.gov.br\/semasc\/"},{"@type":"ListItem","position":2,"name":"SEMASC","item":"https:\/\/www.manaus.am.gov.br\/semasc\/semasc\/"},{"@type":"ListItem","position":3,"name":"Estrutura Organizacional"}]},{"@type":"WebSite","@id":"https:\/\/www.manaus.am.gov.br\/semasc\/#website","url":"https:\/\/www.manaus.am.gov.br\/semasc\/","name":"SEMASC","description":"Secretaria Municipal da Mulher, Assist\u00eancia Social e Cidadania.","publisher":{"@id":"https:\/\/www.manaus.am.gov.br\/semasc\/#organization"},"alternateName":"Secretaria Municipal da Mulher, Assist\u00eancia Social e Cidadania","potentialAction":[{"@type":"SearchAction","target":{"@type":"EntryPoint","urlTemplate":"https:\/\/www.manaus.am.gov.br\/semasc\/?s={search_term_string}"},"query-input":"required name=search_term_string"}],"inLanguage":"pt-BR"},{"@type":"Organization","@id":"https:\/\/www.manaus.am.gov.br\/semasc\/#organization","name":"Prefeitura de Manaus","alternateName":"Prefeitura Municipal de Manaus","url":"https:\/\/www.manaus.am.gov.br\/semasc\/","logo":{"@type":"ImageObject","inLanguage":"pt-BR","@id":"https:\/\/www.manaus.am.gov.br\/semasc\/#\/schema\/logo\/image\/","url":"https:\/\/www.manaus.am.gov.br\/semasc\/wp-content\/uploads\/sites\/17\/2024\/07\/favicon.png","contentUrl":"https:\/\/www.manaus.am.gov.br\/semasc\/wp-content\/uploads\/sites\/17\/2024\/07\/favicon.png","width":300,"height":300,"caption":"Prefeitura de Manaus"},"image":{"@id":"https:\/\/www.manaus.am.gov.br\/semasc\/#\/schema\/logo\/image\/"},"sameAs":["https:\/\/www.facebook.com\/semascmanaus","https:\/\/www.instagram.com\/semascmanaus\/"]}]}},"_links":{"self":[{"href":"https:\/\/www.manaus.am.gov.br\/semasc\/wp-json\/wp\/v2\/pages\/208506"}],"collection":[{"href":"https:\/\/www.manaus.am.gov.br\/semasc\/wp-json\/wp\/v2\/pages"}],"about":[{"href":"https:\/\/www.manaus.am.gov.br\/semasc\/wp-json\/wp\/v2\/types\/page"}],"author":[{"embeddable":true,"href":"https:\/\/www.manaus.am.gov.br\/semasc\/wp-json\/wp\/v2\/users\/27"}],"replies":[{"embeddable":true,"href":"https:\/\/www.manaus.am.gov.br\/semasc\/wp-json\/wp\/v2\/comments?post=208506"}],"version-history":[{"count":5,"href":"https:\/\/www.manaus.am.gov.br\/semasc\/wp-json\/wp\/v2\/pages\/208506\/revisions"}],"predecessor-version":[{"id":211919,"href":"https:\/\/www.manaus.am.gov.br\/semasc\/wp-json\/wp\/v2\/pages\/208506\/revisions\/211919"}],"up":[{"embeddable":true,"href":"https:\/\/www.manaus.am.gov.br\/semasc\/wp-json\/wp\/v2\/pages\/207748"}],"wp:attachment":[{"href":"https:\/\/www.manaus.am.gov.br\/semasc\/wp-json\/wp\/v2\/media?parent=208506"}],"curies":[{"name":"wp","href":"https:\/\/api.w.org\/{rel}","templated":true}]}}