{"id":207890,"date":"2023-07-20T09:52:05","date_gmt":"2023-07-20T13:52:05","guid":{"rendered":"https:\/\/www.manaus.am.gov.br\/semasc\/?page_id=207890"},"modified":"2024-10-30T10:20:42","modified_gmt":"2024-10-30T14:20:42","slug":"conselho-tutelar","status":"publish","type":"page","link":"https:\/\/www.manaus.am.gov.br\/semasc\/conselho-tutelar\/","title":{"rendered":"Conselho Tutelar"},"content":{"rendered":"\n<p>O Conselho Tutelar \u00e9 um \u00f3rg\u00e3o criado por Lei Federal que atua em face da defesa de direitos, prote\u00e7\u00e3o integral e promo\u00e7\u00e3o da crian\u00e7a e do adolescente. Nasceu com a promulga\u00e7\u00e3o da Lei n. 8.069\/90 (Estatuto da Crian\u00e7a e do Adolescente \u2013 ECA), no ano de 1990.<\/p>\n\n\n\n<h2 class=\"wp-block-heading\">CONSELHO TUTELAR ZONA CENTRO-OESTE<\/h2>\n\n\n\n<div class=\"wp-block-group is-layout-constrained wp-block-group-is-layout-constrained\"><div class=\"wp-block-group__inner-container\">\n<p><strong>Endere\u00e7o:<\/strong>&nbsp;Rua Comandante Rodolpho Vale, n\u00ba 70, Conjunto Juru\u00e1, Bairro Planalto \u2013 Pr\u00f3ximo \u00e0 Igreja Cat\u00f3lica Nossa Senhora do Bom Parto e da Aldeia SOS.<br><strong>Telefone:<\/strong>&nbsp;98842-2218 <br><strong>E-mail:<\/strong>&nbsp;ctzcentrooeste@pmm.am.gov.br<\/p>\n\n\n\n<p><\/p>\n\n\n\n<p>CONSELHEIROS <\/p>\n<\/div><\/div>\n\n\n\n<p><\/p>\n\n\n\n<p>Felipe Shado da Silva (Coordenador)<br>Ant\u00f4nio Carlos Solano Martins<br>Morine Pimenta Silva<br>Maria Valc\u00e9lia Dias de Oliveira<br>Leidinalva do Nascimento Martins<\/p>\n\n\n\n<p>Hor\u00e1rio de funcionamento: 08h \u00e0s 18h \u2013 Atendimento ao p\u00fablico<br>18h \u00e0s 08h \u2013 Regime de Plant\u00e3o<\/p>\n\n\n\n<h3 class=\"wp-block-heading\">BAIRROS ABRANGENTES:<\/h3>\n\n\n\n<p><strong>Alvorada:<\/strong>&nbsp; (Conjunto Ouro Verde, Cana\u00e3, Ajuricaba, Juru\u00e1, Novo Horizonte).<br><strong>Da Paz:<\/strong>&nbsp; (Conjuntos Santos Dumont, Ariranha).<br><strong>Dom Pedro:<\/strong>&nbsp;(Conjunto Tropical, Deborah, Kissya, Dom Pedro I e II, Condom\u00ednio Aripuan\u00e3).<br><strong>Planalto:<\/strong>&nbsp;(Conjunto Campos El\u00edseos, Flamanal, Belvedere, Jardim de Versalles, Vista Bela).<br><strong>Reden\u00e7\u00e3o:<\/strong>&nbsp;(Conjuntos Hil\u00e9ia I e II, Eduardo Gomes).<br><strong>Comunidades:<\/strong>&nbsp;Campos Sales, Sapol\u00e2ndia, Tropical, Nova Jerusal\u00e9m, Carbr\u00e1s, Santa Terezinha.<br><strong>Loteamentos:<\/strong>&nbsp;Jurema, Parque Riachuelo, Solim\u00f5es, Parque S\u00e3o Pedro, Portal da Cachoeira, Jardim Tarumanzinho.<\/p>\n\n\n\n<h2 class=\"wp-block-heading\">CONSELHO TUTELAR ZONA CENTRO-SUL<\/h2>\n\n\n\n<p><strong>Endere\u00e7o:<\/strong>&nbsp;Rua Dom Milton Corr\u00eaa, n\u00b0 1058, Conjunto Castelo Branco, bairro Parque Dez de Novembro \u2013 pr\u00f3ximo \u00e0 Rotat\u00f3ria do Mindu.<br><strong>Telefone:&nbsp;<\/strong>98844-5619<br><strong>E-mail:<\/strong>&nbsp; ctzcentrosul@pmm.am.gov.br<\/p>\n\n\n\n<h3 class=\"wp-block-heading\">CONSELHEIROS<\/h3>\n\n\n\n<p>Ana Beatriz Fernandes Silva (Coordenadora)<br>Gabrielly da Silva Dias<br>Raymar Lima Almeida<br>Ruziney Rodrigues Ribeiro<br>Jos\u00e9 Daniel Serr\u00e3o da Silva<\/p>\n\n\n\n<p>Hor\u00e1rio de funcionamento: 08h \u00e0s 18h \u2013 Atendimento ao p\u00fablico<br>18h \u00e0s 08h \u2013 Regime de Plant\u00e3o<\/p>\n\n\n\n<h3 class=\"wp-block-heading\">BAIRROS ABRANGENTES:<\/h3>\n\n\n\n<p><strong>Adrian\u00f3polis:<\/strong>&nbsp; (Conjunto Adrian\u00f3polis, Vila Municipal, Ab\u00edlio Nery, Parque Resid\u00eancias, Parque S\u00e3o Jos\u00e9 do Rio Negro, Nossa Senhora de F\u00e1tima, Magistral, Ouro Negro, Tropical Priv\u00ea, Jardim Espanha I e II, Celetramazon, Ica Para\u00edba).<br><strong>Aleixo:<\/strong>&nbsp; (Conjuntos Jardim Espanha III, Parque Rouxinol, Parque dos Rios II, Greenwood Parque, Morada do Sol, Vila Verano, Tiradentes, Vilar C\u00e2mara, Petro, Sol Morar).<br><strong>Chapada:<\/strong>&nbsp; (Conjunto Cidade Jardim, Le Village Blanc, Jardim Beverly Hills, Haid\u00e9a I e II, Jornalistas, Tocantins, Jussara, Aristocr\u00e1tico, Rio Mar, Vila Militar).<br><strong>Flores:<\/strong>&nbsp; (Conjunto Rio Ja\u00fa, Tapaj\u00f3s, Beija-flor I, II, e III, Anavilhanas, S\u00e3o Judas Tadeu I e II, Sargentos e Subtenentes, Yael, Rio Maracan\u00e3, Senador Jo\u00e3o Bosco III, AEFFAM, Parque S\u00e3o Miguel, Parque dos Eucaliptos).<br><strong>Nossa Senhora das Gra\u00e7as:<\/strong>&nbsp; (Conjunto Vieiralves, Manauense, Parque Amazonense, Vila Amazonas, Ica Macei\u00f3, Haid\u00e9a III).<br><strong>Parque 10 de Novembro:<\/strong>&nbsp; (Shangrila, Conjuntos Castelo Branco, Jardim Meridional, Parque Tropical, Pindorama, Jardim Amazonas, Samambaia, Itaoca, Consag, Vila da Barra, Murici I e II, Uirapuru, Mucuripe, Eldorado, Juliana II, Novo Mundo, Juauperi, Jardim Primavera, Nova Friburgo, Salsalito, Malib\u00fa, Jardim Imperial, Verdes Mares I e II, Ipanema, Barra Bela, Vila do Rey, Artur Reis, Iolanda, It\u00e1lia, Jardim Calif\u00f3rnia).<br><strong>S\u00e3o Geraldo<\/strong>&nbsp;<br><strong>Comunidades:<\/strong>&nbsp; (Beija Flor, Santa Cruz, Uni\u00e3o, Beco do Macedo).<br><strong>Loteamentos:<\/strong>&nbsp; (Parque das Laranjeiras, Novo Horizonte, Parque das Na\u00e7\u00f5es).<\/p>\n\n\n\n<h2 class=\"wp-block-heading\">CONSELHO TUTELAR&nbsp;ZONA LESTE I<\/h2>\n\n\n\n<p><strong>Endere\u00e7o:&nbsp;<\/strong>Avenida Autaz Mirim n\u00ba288 \u2013 Shopping Cidade Leste \u2013 Bairro: Tancredo Neves<br><strong>Telefone:<\/strong>&nbsp;98844-5628<\/p>\n\n\n\n<h3 class=\"wp-block-heading\">CONSELHEIROS<\/h3>\n\n\n\n<p>Hildo Almeida da Silva (Coordenador)<br>Altacy Mota Miranda<br>Adan Lucas Coelho de S\u00e1<br>Rossi Kelen dos Santos Pantoja (suplente substituindo Luana Caroline Benitah de Moraes que est\u00e1 de licen\u00e7a maternidade)<br>Walter Hubmayer da Gama Leite<\/p>\n\n\n\n<p>Hor\u00e1rio de funcionamento: 08h \u00e0s 18h \u2013 Atendimento ao p\u00fablico<br>18h \u00e0s 08h \u2013 Regime de Plant\u00e3o<\/p>\n\n\n\n<h3 class=\"wp-block-heading\">BAIRROS ABRANGENTES:<\/h3>\n\n\n\n<p><strong>Armando Mendes<\/strong>&nbsp; <br><strong>Coroado:<\/strong>&nbsp; (I, II e III, Conj. Ouro Verde, Osvaldo Cruz, Lu\u00edza Maria, Jo\u00e3o Bosco I, Acariquara, Asteca). <br><strong>Distrito Industrial I<\/strong>&nbsp; <br><strong>Mauazinho<\/strong>&nbsp; <br><strong>Novo Aleixo:<\/strong>&nbsp; (Parque das Gar\u00e7as, Parque Mau\u00e1). <br><strong>S\u00e3o Jos\u00e9 Oper\u00e1rio:<\/strong>&nbsp;  (Conjuntos Parque das Castanheiras, Colina do Aleixo, Meu Prefeito). <br><strong>Zumbi dos Palmares:<\/strong>&nbsp; (I II e III). <br><strong>Comunidades:<\/strong>&nbsp; Nova Jerusal\u00e9m, Vila da Felicidade, Sharp, Castanheira, Nova Luz, Sass\u00e1 Mutema. <br><strong>Loteamentos:<\/strong>&nbsp; Carij\u00f3, S\u00e3o Jos\u00e9 I a IV, S\u00e3o Crist\u00f3v\u00e3o, Cristo Rei, Invas\u00e3o S\u00e3o Jos\u00e9 dos Campos.<\/p>\n\n\n\n<h2 class=\"wp-block-heading\">CONSELHO TUTELAR ZONA LESTE II<\/h2>\n\n\n\n<p><strong>Endere\u00e7o:&nbsp;<\/strong>Avenida Autaz Mirim, n\u00ba 288 &#8211; 2\u00ba Andar do Shopping Cidade Leste  \u2013 Bairro: Tancredo Neves<br><strong>Telefone:<\/strong>&nbsp;98844-5629 <br><strong>E-mail:<\/strong>&nbsp; ctzleste2@pmm.am.gov.br<\/p>\n\n\n\n<h3 class=\"wp-block-heading\">CONSELHEIROS<\/h3>\n\n\n\n<p>Marcos Lima da Cunha (Coordenador)<br>\u00c2ngela Aguiar dos Santos<br>Carla Ol\u00edvia S. Ribeiro<br>Marlina Silva de Jesus<br>Jeferson Chagas da Mota<\/p>\n\n\n\n<p>Hor\u00e1rio de funcionamento: 08h \u00e0s 18h \u2013 Atendimento ao p\u00fablico<br>18h \u00e0s 08h \u2013 Regime de Plant\u00e3o<\/p>\n\n\n\n<h3 class=\"wp-block-heading\">BAIRROS ABRANGENTES:<\/h3>\n\n\n\n<p><strong>Cidade de Deus<\/strong> <br><strong>Col\u00f4nia Ant\u00f4nio Aleixo<\/strong> <br><strong>Distrito Industrial II<\/strong> <br><strong>Gilberto Mestrinho<\/strong> <br><strong>Jorge Teixeira:<\/strong> (I a IV, Conjunto Arthur Virg\u00edlio). <br><strong>Puraquequara<\/strong> <br><strong>Tancredo Neves<\/strong> <br><strong>Nova Vit\u00f3ria<\/strong> <br><strong>Braga Mendes<\/strong> <br><strong>Fazendinha<\/strong> <br><strong>Alian\u00e7a com Deus<\/strong> <br><strong>Comunidades:<\/strong> Nova Floresta, Monte Si\u00e3o, Jo\u00e3o Paulo, Santa In\u00eas, Vale do Para\u00edso, Col\u00f4nia Chico Mendes, Bela Vista, 11 de Maio, Novo Reino, Novo Cana\u00e3, S\u00e3o Lucas, Nova Conquista ramal, Val Para\u00edso, Ramal do Brasileirinho, Alfredo Nascimento, Gustavo Nascimento.<\/p>\n\n\n\n<h2 class=\"wp-block-heading\">CONSELHO TUTELAR ZONA NORTE I<\/h2>\n\n\n\n<p><strong>Endere\u00e7o:<\/strong>&nbsp;Rua Cajaranas, n\u00b0 36, Cidade Nova I \u2013 \u00daltima casa da direita sem sa\u00edda. (Entrada ao lado do antigo PAC e ao Bradesco, 4\u00aa rua a esquerda.)<br><strong>Telefone:<\/strong>&nbsp;98844-5646<br><strong>E-mail: <\/strong>ctznorte@pmm.am.gov.br<\/p>\n\n\n\n<h3 class=\"wp-block-heading\">CONSELHEIROS<\/h3>\n\n\n\n<p>Ana Paula Mesquita de Ara\u00fajo (Coordenadora)<br>Emanuel Melo de Ara\u00fajo<br>Fab\u00edola Mateus dos Reis<br>Gyovanna Ingrid Nascimento da Silva<br>Elino da Silva dos Santos<\/p>\n\n\n\n<p>Hor\u00e1rio de funcionamento: 08h \u00e0s 18h \u2013 Atendimento ao p\u00fablico<br>18h \u00e0s 08h \u2013 Regime de Plant\u00e3o<\/p>\n\n\n\n<h3 class=\"wp-block-heading\">BAIRROS ABRANGENTES:<\/h3>\n\n\n\n<p><strong>Parque dos Buritis<\/strong> <br><strong>Agnus Dei<\/strong> <br><strong>Viver Melhor 3 (Residencial)<\/strong> <br><strong>Nova Cidade<\/strong> <br><strong>Monte das Oliveiras<\/strong> <br><strong>Monte Cristo<\/strong> <br><strong>S\u00e3o Nicolau<\/strong> <br><strong>Vila da Barra<\/strong> <br><strong>Comunidade Monte Pascoal<\/strong> <br><strong>Man\u00f4a<\/strong> <br><strong>Galileia<\/strong> <br><strong>Renato Souza Pinto e Renato Souza Pinto II<\/strong> <br><strong>Francisca Mendes II, III e IV<\/strong> <br><strong>Am\u00e9rico Medeiros<\/strong> <br><strong>Osvaldo Frota<\/strong> <br><strong>S\u00e9rgio Pessoa Neto<\/strong> <br><strong>Campo Dourado<\/strong> <br><strong>Ribeiro Jr.<\/strong> <br><strong>Riacho Doce I, II e III<\/strong> <br><strong>Comunidade Filadelfia<\/strong> <br><strong>Comunidade Bom Jesus<\/strong> <br><strong>Villa Real<\/strong> <br><strong>Jardim Canaranas<\/strong> <br><strong>Cruzeiro do Sul<\/strong> <br><strong>Vale do Sinai<\/strong> <br><strong>Cidade Nova I, II, III, IV e V<\/strong> <br><strong>Florestal<\/strong> <br><strong>Nossa Senhora de F\u00e1tima I e II<\/strong> <br><strong>Conjunto Amazonino Mendes II<\/strong> <br><strong>Comunidade Vit\u00f3ria<\/strong> <br><strong>Nossa Senhora do Perp\u00e9tuo Socorro<\/strong> <br><strong>Novo Aleixo<\/strong> <br><strong>Flamboyant<\/strong> <br><strong>Domingos S\u00e1vio<\/strong> <br><strong>\u00c1guas Claras<\/strong> <br><strong>Boas Novas<\/strong> <br><strong>Vale do Sinai<\/strong> <br><strong>Mundo Novo<\/strong> <br><strong>Ozias Monteiro<\/strong><\/p>\n\n\n\n<p><strong>COMUNIDADES:<\/strong> Santa Maria, Rio Piorini, Am\u00e9rica do Sul, S\u00e3o Francisco, Jardim Raquel, Can\u00e3a, Riacho Doce, Col\u00f4nia dos Japoneses.<\/p>\n\n\n\n<p><strong>LOTEAMENTOS:<\/strong> Jos\u00e9 Samico Saraiva, Pl\u00ednio Coelho, monte Sinai, Nossa Senhora de F\u00e1tima I, II e III, Francisca Mendes, Nossa Senhora da Concei\u00e7\u00e3o, Nascente \u00c1guas Claras I e II, Florestal, Monte Pascal, Tafarel Siqueira.<\/p>\n\n\n\n<h2 class=\"wp-block-heading\">CONSELHO TUTELAR ZONA NORTE II<\/h2>\n\n\n\n<p><strong>Endere\u00e7o: &nbsp;<\/strong>Rua Francisco de Freitas, 601 \u2013 Col\u00f4nia Santo Ant\u00f4nio<br><strong>Telefone:&nbsp;<\/strong>98842-4301 <br><strong>E-mail:<\/strong> ctz.norte2@manaus.am.gov.br<\/p>\n\n\n\n<h3 class=\"wp-block-heading\">CONSELHEIROS<\/h3>\n\n\n\n<p>Jos\u00e9 Raimundo Maia da Silva (Coordenador)<br>Jailson Ribeiro dos Santos<br>Jo\u00e3o Bosco Nery de Oliveira<br>Suzy Anne Lima Maia<br>Rubem Lima Menezes<\/p>\n\n\n\n<p>Hor\u00e1rio de funcionamento: 08h \u00e0s 18h \u2013 Atendimento ao p\u00fablico<br>18h \u00e0s 08h \u2013 Regime de Plant\u00e3o<\/p>\n\n\n\n<h3 class=\"wp-block-heading\">BAIRROS ABRANGENTES<\/h3>\n\n\n\n<p><strong>Comunidade S\u00e3o Jo\u00e3o<\/strong> <br><strong>Comunidade Lagoa Azul<\/strong> <br><strong>Total Ville<\/strong> <br><strong>Comunidade Parque Santa Etelvina<\/strong> <br><strong>Comunidade Santa Tereza<\/strong> <br><strong>Jardim Fortaleza<\/strong> <br><strong>Bom Jardim<\/strong> <br><strong>Ing\u00e1<\/strong> <br><strong>Santa Etelvina<\/strong> <br><strong>Manauara I<\/strong> <br><strong>Jesus Me Deu<\/strong> <br><strong>Santa Marta<\/strong> <br><strong>Comunidade Celebridade<\/strong> <br><strong>Am\u00e9rica do Sul<\/strong> <br><strong>Comunidade Jardim S\u00e3o Luiz<\/strong> <br><strong>Comunidade Assis<\/strong> <br><strong>Novo Israel<\/strong> <br><strong>Recreio Cana\u00e3<\/strong> <br><strong>Col\u00f4nia Santo Ant\u00f4nio<\/strong> <br><strong>Bom Pastor<\/strong> <br><strong>Jos\u00e9 Bonif\u00e1cio<\/strong> <br><strong>Rio Piorini I, II, III e IV<\/strong> <br><strong>Comunidade Vista Alegre<\/strong> <br><strong>S\u00edtio S\u00e3o Paulo<\/strong> <br><strong>Jardim Fortaleza<\/strong> <br><strong>Jardim Raquel<\/strong> <br><strong>Novo Mil\u00eanio<\/strong> <br><strong>Parque dos Buritis II<\/strong> <br><strong>Orqu\u00eddea<\/strong> <br><strong>Viver Melhor I e II<\/strong> <br><strong>Residencial Meu Orgulho I e II<\/strong> <br><strong>Residencial I<\/strong> <br><strong>Lago Azul<\/strong> <br><strong>Col\u00f4nia Terra Nova<\/strong><\/p>\n\n\n\n<h2 class=\"wp-block-heading\">CONSELHO TUTELAR ZONA OESTE<\/h2>\n\n\n\n<p><strong>Endere\u00e7o:<\/strong>&nbsp;Rua S\u00e3o Bento, n\u00ba. 72 \u2013 S\u00e3o Jorge. Ponto de Refer\u00eancia: em frente \u00e0 Pra\u00e7a Vit\u00f3ria R\u00e9gia<br><strong>Telefone:<\/strong>&nbsp;98844-5641<br><strong>E-mail:<\/strong>&nbsp;ctzoeste@pmm.am.gov.br<\/p>\n\n\n\n<h3 class=\"wp-block-heading\">CONSELHEIROS<\/h3>\n\n\n\n<p>Mayra Ferreira da Silva Evangelista (Coordenadora)<br>Cleber Ant\u00f4nio de Lima Pinheiro<br>Ivanildo Vidinha Gomes<br>Raquel Souza da Cunha<br>Robert Muller Pinheiro Borges<\/p>\n\n\n\n<p>Hor\u00e1rio de funcionamento: 08h \u00e0s 18h \u2013 Atendimento ao p\u00fablico<br>18h \u00e0s 08h \u2013 Regime de Plant\u00e3o<\/p>\n\n\n\n<h3 class=\"wp-block-heading\">BAIRROS ABRANGENTES:<\/h3>\n\n\n\n<p><strong>Compensa:<\/strong> Conjuntos Ayapu\u00e1, Aruan\u00e3, Xingu, Ipase, Vila Militar <br><strong>Santo Ant\u00f4nio: <\/strong>Conjuntos dos Banc\u00e1rios II <br><strong>Gl\u00f3ria<\/strong> <br><strong>L\u00edrio do Vale:<\/strong> Conjunto Augusto Montenegro <br><strong>Nova Esperan\u00e7a:<\/strong> Conjuntos Cophasa, Advogados, Abraham Pazuello <br><strong>Ponta Negra:<\/strong> Conjuntos Jardim das Am\u00e9ricas, Jardim Europa <br><strong>Santo Agostinho <br>S\u00e3o Jorge:<\/strong> Conjunto dos Banc\u00e1rios I, Conjunto dos Comerci\u00e1rios, Vila Militar, Parque Sabi\u00e1 <br><strong>S\u00e3o Raimundo <br>Tarum\u00e3 <br>Tarum\u00e3-A\u00e7\u00fa<\/strong> <br><strong>Vila da Prata:<\/strong> Vila Militar dos Oficiais <br><strong>Comunidades:<\/strong> Rumo Certo, Vit\u00f3ria R\u00e9gia, Jardim dos Bar\u00e9s <br><strong>Loteamentos: <\/strong>Itapuranga, Marina Tau\u00e1, Ponta Negra, Para\u00edso Tropical<\/p>\n\n\n\n<h2 class=\"wp-block-heading\">CONSELHO TUTELAR&nbsp;ZONA RURAL<\/h2>\n\n\n\n<p><strong>Endere\u00e7o:<\/strong>&nbsp;Avenida Japur\u00e1, n\u00ba. 323 \u2013 Centro<br><strong>Telefone:<\/strong>&nbsp;98844-5640<br><strong>E-mail:<\/strong>&nbsp;ctz.rural@pmm.am.gov.br<\/p>\n\n\n\n<h3 class=\"wp-block-heading\">CONSELHEIROS<\/h3>\n\n\n\n<p>Miriam de Jesus Lima Solano (Coordenadora)<br>Jos\u00e9 Edmilson Maia Brito<br>Marinez do Nascimento de Souza<br>Manoel Francisco da Silva J\u00fanior<br>Jeferson Soares da Silva<\/p>\n\n\n\n<p>Hor\u00e1rio de funcionamento: 08h \u00e0s 18h \u2013 Atendimento ao p\u00fablico<br>18h \u00e0s 08h \u2013 Regime de Plant\u00e3o<\/p>\n\n\n\n<h3 class=\"wp-block-heading\">BAIRROS ABRANGENTES:<\/h3>\n\n\n\n<p><strong>Lago Azul<\/strong> <br><strong>Rodovi\u00e1ria:<\/strong> Rodovia AM 10 at\u00e9 o KM 53, Rodovia BR 174 at\u00e9 o Km 30 <br><strong>Puraquequara no Ramal do Brasileirinho:<\/strong> Estrada do Puraquequara, Ramal do Nove e Ramal Chico Mendes <br><strong>Tarum\u00e3:<\/strong>  Estrada da Vivenda Verde (Loteamento Vivenda Verde, Loteamento Vivenda do Pontal, Condom\u00ednio Mediterr\u00e2neo, Loteamento Parque do Lago), Ramal do Bancr\u00e9vea e Avenida do Turismo, Ramal do CETUR <br><strong>Ribeirinha:<\/strong> Rio Amazonas, at\u00e9 a Comunidade Monte Sinai fronteira com Itacoatiara<br><strong>Rio Negro: <\/strong>At\u00e9 a Comunidade Apuau em Francisco Diego de Melo fronteira com Novo Air\u00e3o<\/p>\n\n\n\n<h2 class=\"wp-block-heading\">CONSELHO TUTELAR ZONA SUL I<\/h2>\n\n\n\n<p><strong>Endere\u00e7o:<\/strong>&nbsp;Av. Castelo Branco, 339 \u2013 Bairro: Cachoeirinha<br><strong>Telefone:<\/strong>&nbsp;98844-5638 <br><strong>E-mail:<\/strong> ctz.sul1@pmm.am.gov.br<\/p>\n\n\n\n<h3 class=\"wp-block-heading\">CONSELHEIROS<\/h3>\n\n\n\n<p>An\u00e1 Campos Guimar\u00e3es (Coordenadora)<br>Clayf Alberto Ara\u00fajo de Souza<br>Diane Maria Dias Penha<br>Cristiane Souza dos Anjos<br>Kirk Jober Isaac Sahdo<\/p>\n\n\n\n<p>Hor\u00e1rio de funcionamento: 08h \u00e0s 18h \u2013 Atendimento ao p\u00fablico<br>18h \u00e0s 08h \u2013 Regime de Plant\u00e3o<\/p>\n\n\n\n<h3 class=\"wp-block-heading\">BAIRROS ABRANGENTES:<\/h3>\n\n\n\n<p><strong>Cachoeirinha:<\/strong> Conjuntos Kubitschek, Moss, Vila Militar <br><strong>Japiim:<\/strong> Conjuntos At\u00edlio Andreazza, Nova Rep\u00fablica, 31 de mar\u00e7o <br><strong>Petr\u00f3polis:<\/strong> Conjuntos Emanuelle, Jardim Petr\u00f3polis, Paulo VI, Vale do Sol I e II <br><strong>Pra\u00e7a 14 de Janeiro <\/strong><br><strong>Raiz:<\/strong> Conjuntos Costa e Silva, Parque Solim\u00f5es, Jardim Brasil, Jardim das Ac\u00e1cias <br><strong>S\u00e3o Francisco <\/strong><br><strong>Comunidades:<\/strong> Vale do Amanhecer, S\u00e3o Sebasti\u00e3o, Nova Jerusal\u00e9m. Santa Luzia, S\u00e3o Lucas, Manaus 2000, Invas\u00e3o Greenville<\/p>\n\n\n\n<h2 class=\"wp-block-heading\">CONSELHO TUTELAR ZONA SUL II<\/h2>\n\n\n\n<p><strong>Endere\u00e7o:<\/strong>&nbsp;Rua Duque de Caxias n\u00ba 1308 Bairro: Pra\u00e7a 14 de Janeiro<br><strong>Telefone:<\/strong>&nbsp;98844-5607 <br><strong>E-mail:<\/strong> ctz.sul2@pmm.am.gov.br<\/p>\n\n\n\n<h3 class=\"wp-block-heading\">CONSELHEIROS<\/h3>\n\n\n\n<p>Petr\u00f4nio Martins Carlos Neto (Coordenador)<br>Willik Barbosa de Sousa<br>Carlos Farias Lima<br>Danielle Pimenta do Santos<br>Luiz Paulo Oliveira de Moraes<\/p>\n\n\n\n<p>Hor\u00e1rio de funcionamento: 08h \u00e0s 18h \u2013 Atendimento ao p\u00fablico<br>18h \u00e0s 08h \u2013 Regime de Plant\u00e3o<\/p>\n\n\n\n<h3 class=\"wp-block-heading\">BAIRROS ABRANGENTES:&nbsp;<\/h3>\n\n\n\n<p><strong>Bet\u00e2nia <br>Centro <br>Crespo <br>Col\u00f4nia Oliveira Machado <br>Educandos <br>Nossa Senhora Aparecida <br>Presidente Vargas <br>Santa Luzia <br>S\u00e3o L\u00e1zaro:<\/strong> Vila Militar, Vila Militar da Aeron\u00e1utica <br><strong>Vila Buriti <br>Morro da Liberdade <br>Comunidades:<\/strong> Bariri, Vila Humait\u00e1, Lagoa Verde <br><strong>Loteamento:<\/strong> S\u00e3o Jer\u00f4nimo<\/p>\n","protected":false},"excerpt":{"rendered":"","protected":false},"author":27,"featured_media":0,"parent":0,"menu_order":0,"comment_status":"closed","ping_status":"closed","template":"page_servicos.php","meta":{"footnotes":""},"acf":[],"yoast_head":"<!-- This site is optimized with the Yoast SEO plugin v23.0 - https:\/\/yoast.com\/wordpress\/plugins\/seo\/ -->\n<title>Conselho Tutelar - SEMASC<\/title>\n<meta name=\"robots\" content=\"noindex, follow\" \/>\n<meta property=\"og:locale\" content=\"pt_BR\" \/>\n<meta property=\"og:type\" content=\"article\" \/>\n<meta property=\"og:title\" content=\"Conselho Tutelar - SEMASC\" \/>\n<meta property=\"og:url\" content=\"https:\/\/www.manaus.am.gov.br\/semasc\/conselho-tutelar\/\" \/>\n<meta property=\"og:site_name\" content=\"SEMASC\" \/>\n<meta property=\"article:publisher\" content=\"https:\/\/www.facebook.com\/semascmanaus\" \/>\n<meta property=\"article:modified_time\" content=\"2024-10-30T14:20:42+00:00\" \/>\n<meta property=\"og:image\" content=\"https:\/\/www.manaus.am.gov.br\/semasc\/wp-content\/uploads\/sites\/17\/2024\/07\/thumb-default-2.png\" \/>\n\t<meta property=\"og:image:width\" content=\"966\" \/>\n\t<meta property=\"og:image:height\" content=\"520\" \/>\n\t<meta property=\"og:image:type\" content=\"image\/png\" \/>\n<meta name=\"twitter:card\" content=\"summary_large_image\" \/>\n<meta name=\"twitter:label1\" content=\"Est. reading time\" \/>\n\t<meta name=\"twitter:data1\" content=\"10 minutos\" \/>\n<script type=\"application\/ld+json\" class=\"yoast-schema-graph\">{\"@context\":\"https:\/\/schema.org\",\"@graph\":[{\"@type\":\"WebPage\",\"@id\":\"https:\/\/www.manaus.am.gov.br\/semasc\/conselho-tutelar\/\",\"url\":\"https:\/\/www.manaus.am.gov.br\/semasc\/conselho-tutelar\/\",\"name\":\"Conselho Tutelar - SEMASC\",\"isPartOf\":{\"@id\":\"https:\/\/www.manaus.am.gov.br\/semasc\/#website\"},\"datePublished\":\"2023-07-20T13:52:05+00:00\",\"dateModified\":\"2024-10-30T14:20:42+00:00\",\"breadcrumb\":{\"@id\":\"https:\/\/www.manaus.am.gov.br\/semasc\/conselho-tutelar\/#breadcrumb\"},\"inLanguage\":\"pt-BR\",\"potentialAction\":[{\"@type\":\"ReadAction\",\"target\":[\"https:\/\/www.manaus.am.gov.br\/semasc\/conselho-tutelar\/\"]}]},{\"@type\":\"BreadcrumbList\",\"@id\":\"https:\/\/www.manaus.am.gov.br\/semasc\/conselho-tutelar\/#breadcrumb\",\"itemListElement\":[{\"@type\":\"ListItem\",\"position\":1,\"name\":\"Home\",\"item\":\"https:\/\/www.manaus.am.gov.br\/semasc\/\"},{\"@type\":\"ListItem\",\"position\":2,\"name\":\"Conselho Tutelar\"}]},{\"@type\":\"WebSite\",\"@id\":\"https:\/\/www.manaus.am.gov.br\/semasc\/#website\",\"url\":\"https:\/\/www.manaus.am.gov.br\/semasc\/\",\"name\":\"SEMASC\",\"description\":\"Secretaria Municipal da Mulher, Assist\u00eancia Social e Cidadania.\",\"publisher\":{\"@id\":\"https:\/\/www.manaus.am.gov.br\/semasc\/#organization\"},\"alternateName\":\"Secretaria Municipal da Mulher, Assist\u00eancia Social e Cidadania\",\"potentialAction\":[{\"@type\":\"SearchAction\",\"target\":{\"@type\":\"EntryPoint\",\"urlTemplate\":\"https:\/\/www.manaus.am.gov.br\/semasc\/?s={search_term_string}\"},\"query-input\":\"required name=search_term_string\"}],\"inLanguage\":\"pt-BR\"},{\"@type\":\"Organization\",\"@id\":\"https:\/\/www.manaus.am.gov.br\/semasc\/#organization\",\"name\":\"Prefeitura de Manaus\",\"alternateName\":\"Prefeitura Municipal de Manaus\",\"url\":\"https:\/\/www.manaus.am.gov.br\/semasc\/\",\"logo\":{\"@type\":\"ImageObject\",\"inLanguage\":\"pt-BR\",\"@id\":\"https:\/\/www.manaus.am.gov.br\/semasc\/#\/schema\/logo\/image\/\",\"url\":\"https:\/\/www.manaus.am.gov.br\/semasc\/wp-content\/uploads\/sites\/17\/2024\/07\/favicon.png\",\"contentUrl\":\"https:\/\/www.manaus.am.gov.br\/semasc\/wp-content\/uploads\/sites\/17\/2024\/07\/favicon.png\",\"width\":300,\"height\":300,\"caption\":\"Prefeitura de Manaus\"},\"image\":{\"@id\":\"https:\/\/www.manaus.am.gov.br\/semasc\/#\/schema\/logo\/image\/\"},\"sameAs\":[\"https:\/\/www.facebook.com\/semascmanaus\",\"https:\/\/www.instagram.com\/semascmanaus\/\"]}]}<\/script>\n<!-- \/ Yoast SEO plugin. -->","yoast_head_json":{"title":"Conselho Tutelar - SEMASC","robots":{"index":"noindex","follow":"follow"},"og_locale":"pt_BR","og_type":"article","og_title":"Conselho Tutelar - SEMASC","og_url":"https:\/\/www.manaus.am.gov.br\/semasc\/conselho-tutelar\/","og_site_name":"SEMASC","article_publisher":"https:\/\/www.facebook.com\/semascmanaus","article_modified_time":"2024-10-30T14:20:42+00:00","og_image":[{"width":966,"height":520,"url":"https:\/\/www.manaus.am.gov.br\/semasc\/wp-content\/uploads\/sites\/17\/2024\/07\/thumb-default-2.png","type":"image\/png"}],"twitter_card":"summary_large_image","twitter_misc":{"Est. reading time":"10 minutos"},"schema":{"@context":"https:\/\/schema.org","@graph":[{"@type":"WebPage","@id":"https:\/\/www.manaus.am.gov.br\/semasc\/conselho-tutelar\/","url":"https:\/\/www.manaus.am.gov.br\/semasc\/conselho-tutelar\/","name":"Conselho Tutelar - SEMASC","isPartOf":{"@id":"https:\/\/www.manaus.am.gov.br\/semasc\/#website"},"datePublished":"2023-07-20T13:52:05+00:00","dateModified":"2024-10-30T14:20:42+00:00","breadcrumb":{"@id":"https:\/\/www.manaus.am.gov.br\/semasc\/conselho-tutelar\/#breadcrumb"},"inLanguage":"pt-BR","potentialAction":[{"@type":"ReadAction","target":["https:\/\/www.manaus.am.gov.br\/semasc\/conselho-tutelar\/"]}]},{"@type":"BreadcrumbList","@id":"https:\/\/www.manaus.am.gov.br\/semasc\/conselho-tutelar\/#breadcrumb","itemListElement":[{"@type":"ListItem","position":1,"name":"Home","item":"https:\/\/www.manaus.am.gov.br\/semasc\/"},{"@type":"ListItem","position":2,"name":"Conselho Tutelar"}]},{"@type":"WebSite","@id":"https:\/\/www.manaus.am.gov.br\/semasc\/#website","url":"https:\/\/www.manaus.am.gov.br\/semasc\/","name":"SEMASC","description":"Secretaria Municipal da Mulher, Assist\u00eancia Social e Cidadania.","publisher":{"@id":"https:\/\/www.manaus.am.gov.br\/semasc\/#organization"},"alternateName":"Secretaria Municipal da Mulher, Assist\u00eancia Social e Cidadania","potentialAction":[{"@type":"SearchAction","target":{"@type":"EntryPoint","urlTemplate":"https:\/\/www.manaus.am.gov.br\/semasc\/?s={search_term_string}"},"query-input":"required name=search_term_string"}],"inLanguage":"pt-BR"},{"@type":"Organization","@id":"https:\/\/www.manaus.am.gov.br\/semasc\/#organization","name":"Prefeitura de Manaus","alternateName":"Prefeitura Municipal de Manaus","url":"https:\/\/www.manaus.am.gov.br\/semasc\/","logo":{"@type":"ImageObject","inLanguage":"pt-BR","@id":"https:\/\/www.manaus.am.gov.br\/semasc\/#\/schema\/logo\/image\/","url":"https:\/\/www.manaus.am.gov.br\/semasc\/wp-content\/uploads\/sites\/17\/2024\/07\/favicon.png","contentUrl":"https:\/\/www.manaus.am.gov.br\/semasc\/wp-content\/uploads\/sites\/17\/2024\/07\/favicon.png","width":300,"height":300,"caption":"Prefeitura de Manaus"},"image":{"@id":"https:\/\/www.manaus.am.gov.br\/semasc\/#\/schema\/logo\/image\/"},"sameAs":["https:\/\/www.facebook.com\/semascmanaus","https:\/\/www.instagram.com\/semascmanaus\/"]}]}},"_links":{"self":[{"href":"https:\/\/www.manaus.am.gov.br\/semasc\/wp-json\/wp\/v2\/pages\/207890"}],"collection":[{"href":"https:\/\/www.manaus.am.gov.br\/semasc\/wp-json\/wp\/v2\/pages"}],"about":[{"href":"https:\/\/www.manaus.am.gov.br\/semasc\/wp-json\/wp\/v2\/types\/page"}],"author":[{"embeddable":true,"href":"https:\/\/www.manaus.am.gov.br\/semasc\/wp-json\/wp\/v2\/users\/27"}],"replies":[{"embeddable":true,"href":"https:\/\/www.manaus.am.gov.br\/semasc\/wp-json\/wp\/v2\/comments?post=207890"}],"version-history":[{"count":16,"href":"https:\/\/www.manaus.am.gov.br\/semasc\/wp-json\/wp\/v2\/pages\/207890\/revisions"}],"predecessor-version":[{"id":210845,"href":"https:\/\/www.manaus.am.gov.br\/semasc\/wp-json\/wp\/v2\/pages\/207890\/revisions\/210845"}],"wp:attachment":[{"href":"https:\/\/www.manaus.am.gov.br\/semasc\/wp-json\/wp\/v2\/media?parent=207890"}],"curies":[{"name":"wp","href":"https:\/\/api.w.org\/{rel}","templated":true}]}}