{"id":207886,"date":"2023-07-20T09:49:15","date_gmt":"2023-07-20T13:49:15","guid":{"rendered":"https:\/\/www.manaus.am.gov.br\/semasc\/?page_id=207886"},"modified":"2024-04-16T11:56:00","modified_gmt":"2024-04-16T15:56:00","slug":"espaco-de-atendimento-multidisciplinar-ao-autista-amigo-ruy","status":"publish","type":"page","link":"https:\/\/www.manaus.am.gov.br\/semasc\/unidades\/espaco-de-atendimento-multidisciplinar-ao-autista-amigo-ruy\/","title":{"rendered":"Espa\u00e7o de Atendimento Multidisciplinar ao Autista Amigo Ruy"},"content":{"rendered":"\n<p>O Espa\u00e7o de Atendimento Multidisciplinar ao Autista Amigo Ruy (EAMAAR)&nbsp; \u00e9 um centro de refer\u00eancia&nbsp; da Prefeitura de Manaus, administrado pela Secretaria Municipal da Mulher, Assist\u00eancia&nbsp; Social e Direitos Humanos, inaugurado no dia 02 de abril de 2013. Tem como objetivo realizar atendimento integral em Educa\u00e7\u00e3o, Assist\u00eancia&nbsp; Social e Sa\u00fade, a n\u00edvel ambulatorial,&nbsp; a faixa et\u00e1ria&nbsp; a partir&nbsp; de 6 meses a 14 anos de idade&nbsp; com diagn\u00f3stico de Transtorno do Espectro Autismo &#8211; TEA e \/ou quem n\u00e3o tem diagn\u00f3stico, de acordo com o Decreto Municipal n\u00ba0687, de 03 de novembro de 2010. O EAMAAR atua em cumprimento ao Art.2\u00ba, da lei n\u00ba 1.495, de 26 de agosto de 2010 que trata das diretrizes da Pol\u00edtica Nacional de Prote\u00e7\u00e3o dos Direitos da Pessoa com Transtorno do Espectro do Autismo-TEA.<\/p>\n\n\n\n<p>Autismo \u00e9 um Transtorno caracterizado por d\u00e9ficits e dificuldades na comunica\u00e7\u00e3o, intera\u00e7\u00e3o social e comportamento associado a interesses e atividades restritas e circunscritas. Quanto mais precoce for o diagn\u00f3stico, mais r\u00e1pido o tratamento poder\u00e1 ser iniciado e os resultados ser\u00e3o mais expressivos e maiores o sucesso na diminui\u00e7\u00e3o dos sintomas.<\/p>\n\n\n\n<p>&nbsp;<strong>Objetivo<\/strong>: realizar diagn\u00f3stico precoce e o atendimento multiprofissional ambulatorial, composto por pediatra, neuropediatra, psiquiatra, enfermeiro, odont\u00f3logo, nutricionista, fonoaudi\u00f3logo, psic\u00f3logo, assistente social, pedagogo, psicopedagogo e educadores f\u00edsicos.<\/p>\n\n\n\n<p>&nbsp;<strong>P\u00fablico Alvo:<\/strong> Crian\u00e7as e adolescentes com Transtorno do Espectro Autismo e\/ou quem n\u00e3o tem o diagn\u00f3stico do especialista,&nbsp; faixa et\u00e1ria de 06 meses a 14 anos de idade.<\/p>\n\n\n\n<p><strong>Documentos do respons\u00e1vel e\/ou pais para cadastro:<\/strong><\/p>\n\n\n\n<ul>\n<li>Encaminhamento do SUS pediatra ou clinico para avalia\u00e7\u00e3o de TEA,<\/li>\n\n\n\n<li>RG, CPF, Comprovante de resid\u00eancia dos pais e\/ou respons\u00e1vel;<\/li>\n\n\n\n<li>Certid\u00e3o de nascimento da crian\u00e7a;<\/li>\n\n\n\n<li>RG, CPF da crian\u00e7a e adolescente se tiver;<\/li>\n\n\n\n<li>Declara\u00e7\u00e3o escolar;<\/li>\n\n\n\n<li>Cart\u00e3o do SUS da fam\u00edlia;<\/li>\n\n\n\n<li>NIS \u2013 Cadastro \u00danico.<\/li>\n<\/ul>\n\n\n\n<p><strong>Contato: <\/strong>3656 \u2013 4004 \/ 98842 \u2013 1015<br><strong>Hor\u00e1rios de funcionamento:<\/strong>\u00a0 8h \u00e0s 12h e 13h \u00e0s 17h (segunda \u00e0 sexta-feira)<br><strong>Endere\u00e7o:<\/strong> Rua J. Soares, n\u00ba 73 \u2013 Alvorada II <\/p>\n","protected":false},"excerpt":{"rendered":"","protected":false},"author":27,"featured_media":0,"parent":207842,"menu_order":0,"comment_status":"closed","ping_status":"closed","template":"templates\/turismo.php","meta":{"footnotes":""},"acf":[],"yoast_head":"<!-- This site is optimized with the Yoast SEO plugin v23.0 - https:\/\/yoast.com\/wordpress\/plugins\/seo\/ -->\n<title>Espa\u00e7o de Atendimento Multidisciplinar ao Autista Amigo Ruy - SEMASC<\/title>\n<meta name=\"robots\" content=\"noindex, follow\" \/>\n<meta property=\"og:locale\" content=\"pt_BR\" \/>\n<meta property=\"og:type\" content=\"article\" \/>\n<meta property=\"og:title\" content=\"Espa\u00e7o de Atendimento Multidisciplinar ao Autista Amigo Ruy - SEMASC\" \/>\n<meta property=\"og:url\" content=\"https:\/\/www.manaus.am.gov.br\/semasc\/unidades\/espaco-de-atendimento-multidisciplinar-ao-autista-amigo-ruy\/\" \/>\n<meta property=\"og:site_name\" content=\"SEMASC\" \/>\n<meta property=\"article:publisher\" content=\"https:\/\/www.facebook.com\/semascmanaus\" \/>\n<meta property=\"article:modified_time\" content=\"2024-04-16T15:56:00+00:00\" \/>\n<meta property=\"og:image\" content=\"https:\/\/www.manaus.am.gov.br\/semasc\/wp-content\/uploads\/sites\/17\/2024\/07\/thumb-default-2.png\" \/>\n\t<meta property=\"og:image:width\" content=\"966\" \/>\n\t<meta property=\"og:image:height\" content=\"520\" \/>\n\t<meta property=\"og:image:type\" content=\"image\/png\" \/>\n<meta name=\"twitter:card\" content=\"summary_large_image\" \/>\n<meta name=\"twitter:label1\" content=\"Est. reading time\" \/>\n\t<meta name=\"twitter:data1\" content=\"2 minutos\" \/>\n<script type=\"application\/ld+json\" class=\"yoast-schema-graph\">{\"@context\":\"https:\/\/schema.org\",\"@graph\":[{\"@type\":\"WebPage\",\"@id\":\"https:\/\/www.manaus.am.gov.br\/semasc\/unidades\/espaco-de-atendimento-multidisciplinar-ao-autista-amigo-ruy\/\",\"url\":\"https:\/\/www.manaus.am.gov.br\/semasc\/unidades\/espaco-de-atendimento-multidisciplinar-ao-autista-amigo-ruy\/\",\"name\":\"Espa\u00e7o de Atendimento Multidisciplinar ao Autista Amigo Ruy - SEMASC\",\"isPartOf\":{\"@id\":\"https:\/\/www.manaus.am.gov.br\/semasc\/#website\"},\"datePublished\":\"2023-07-20T13:49:15+00:00\",\"dateModified\":\"2024-04-16T15:56:00+00:00\",\"breadcrumb\":{\"@id\":\"https:\/\/www.manaus.am.gov.br\/semasc\/unidades\/espaco-de-atendimento-multidisciplinar-ao-autista-amigo-ruy\/#breadcrumb\"},\"inLanguage\":\"pt-BR\",\"potentialAction\":[{\"@type\":\"ReadAction\",\"target\":[\"https:\/\/www.manaus.am.gov.br\/semasc\/unidades\/espaco-de-atendimento-multidisciplinar-ao-autista-amigo-ruy\/\"]}]},{\"@type\":\"BreadcrumbList\",\"@id\":\"https:\/\/www.manaus.am.gov.br\/semasc\/unidades\/espaco-de-atendimento-multidisciplinar-ao-autista-amigo-ruy\/#breadcrumb\",\"itemListElement\":[{\"@type\":\"ListItem\",\"position\":1,\"name\":\"Home\",\"item\":\"https:\/\/www.manaus.am.gov.br\/semasc\/\"},{\"@type\":\"ListItem\",\"position\":2,\"name\":\"Unidades\",\"item\":\"https:\/\/www.manaus.am.gov.br\/semasc\/unidades\/\"},{\"@type\":\"ListItem\",\"position\":3,\"name\":\"Espa\u00e7o de Atendimento Multidisciplinar ao Autista Amigo Ruy\"}]},{\"@type\":\"WebSite\",\"@id\":\"https:\/\/www.manaus.am.gov.br\/semasc\/#website\",\"url\":\"https:\/\/www.manaus.am.gov.br\/semasc\/\",\"name\":\"SEMASC\",\"description\":\"Secretaria Municipal da Mulher, Assist\u00eancia Social e Cidadania.\",\"publisher\":{\"@id\":\"https:\/\/www.manaus.am.gov.br\/semasc\/#organization\"},\"alternateName\":\"Secretaria Municipal da Mulher, Assist\u00eancia Social e Cidadania\",\"potentialAction\":[{\"@type\":\"SearchAction\",\"target\":{\"@type\":\"EntryPoint\",\"urlTemplate\":\"https:\/\/www.manaus.am.gov.br\/semasc\/?s={search_term_string}\"},\"query-input\":\"required name=search_term_string\"}],\"inLanguage\":\"pt-BR\"},{\"@type\":\"Organization\",\"@id\":\"https:\/\/www.manaus.am.gov.br\/semasc\/#organization\",\"name\":\"Prefeitura de Manaus\",\"alternateName\":\"Prefeitura Municipal de Manaus\",\"url\":\"https:\/\/www.manaus.am.gov.br\/semasc\/\",\"logo\":{\"@type\":\"ImageObject\",\"inLanguage\":\"pt-BR\",\"@id\":\"https:\/\/www.manaus.am.gov.br\/semasc\/#\/schema\/logo\/image\/\",\"url\":\"https:\/\/www.manaus.am.gov.br\/semasc\/wp-content\/uploads\/sites\/17\/2024\/07\/favicon.png\",\"contentUrl\":\"https:\/\/www.manaus.am.gov.br\/semasc\/wp-content\/uploads\/sites\/17\/2024\/07\/favicon.png\",\"width\":300,\"height\":300,\"caption\":\"Prefeitura de Manaus\"},\"image\":{\"@id\":\"https:\/\/www.manaus.am.gov.br\/semasc\/#\/schema\/logo\/image\/\"},\"sameAs\":[\"https:\/\/www.facebook.com\/semascmanaus\",\"https:\/\/www.instagram.com\/semascmanaus\/\"]}]}<\/script>\n<!-- \/ Yoast SEO plugin. -->","yoast_head_json":{"title":"Espa\u00e7o de Atendimento Multidisciplinar ao Autista Amigo Ruy - SEMASC","robots":{"index":"noindex","follow":"follow"},"og_locale":"pt_BR","og_type":"article","og_title":"Espa\u00e7o de Atendimento Multidisciplinar ao Autista Amigo Ruy - SEMASC","og_url":"https:\/\/www.manaus.am.gov.br\/semasc\/unidades\/espaco-de-atendimento-multidisciplinar-ao-autista-amigo-ruy\/","og_site_name":"SEMASC","article_publisher":"https:\/\/www.facebook.com\/semascmanaus","article_modified_time":"2024-04-16T15:56:00+00:00","og_image":[{"width":966,"height":520,"url":"https:\/\/www.manaus.am.gov.br\/semasc\/wp-content\/uploads\/sites\/17\/2024\/07\/thumb-default-2.png","type":"image\/png"}],"twitter_card":"summary_large_image","twitter_misc":{"Est. reading time":"2 minutos"},"schema":{"@context":"https:\/\/schema.org","@graph":[{"@type":"WebPage","@id":"https:\/\/www.manaus.am.gov.br\/semasc\/unidades\/espaco-de-atendimento-multidisciplinar-ao-autista-amigo-ruy\/","url":"https:\/\/www.manaus.am.gov.br\/semasc\/unidades\/espaco-de-atendimento-multidisciplinar-ao-autista-amigo-ruy\/","name":"Espa\u00e7o de Atendimento Multidisciplinar ao Autista Amigo Ruy - SEMASC","isPartOf":{"@id":"https:\/\/www.manaus.am.gov.br\/semasc\/#website"},"datePublished":"2023-07-20T13:49:15+00:00","dateModified":"2024-04-16T15:56:00+00:00","breadcrumb":{"@id":"https:\/\/www.manaus.am.gov.br\/semasc\/unidades\/espaco-de-atendimento-multidisciplinar-ao-autista-amigo-ruy\/#breadcrumb"},"inLanguage":"pt-BR","potentialAction":[{"@type":"ReadAction","target":["https:\/\/www.manaus.am.gov.br\/semasc\/unidades\/espaco-de-atendimento-multidisciplinar-ao-autista-amigo-ruy\/"]}]},{"@type":"BreadcrumbList","@id":"https:\/\/www.manaus.am.gov.br\/semasc\/unidades\/espaco-de-atendimento-multidisciplinar-ao-autista-amigo-ruy\/#breadcrumb","itemListElement":[{"@type":"ListItem","position":1,"name":"Home","item":"https:\/\/www.manaus.am.gov.br\/semasc\/"},{"@type":"ListItem","position":2,"name":"Unidades","item":"https:\/\/www.manaus.am.gov.br\/semasc\/unidades\/"},{"@type":"ListItem","position":3,"name":"Espa\u00e7o de Atendimento Multidisciplinar ao Autista Amigo Ruy"}]},{"@type":"WebSite","@id":"https:\/\/www.manaus.am.gov.br\/semasc\/#website","url":"https:\/\/www.manaus.am.gov.br\/semasc\/","name":"SEMASC","description":"Secretaria Municipal da Mulher, Assist\u00eancia Social e Cidadania.","publisher":{"@id":"https:\/\/www.manaus.am.gov.br\/semasc\/#organization"},"alternateName":"Secretaria Municipal da Mulher, Assist\u00eancia Social e Cidadania","potentialAction":[{"@type":"SearchAction","target":{"@type":"EntryPoint","urlTemplate":"https:\/\/www.manaus.am.gov.br\/semasc\/?s={search_term_string}"},"query-input":"required name=search_term_string"}],"inLanguage":"pt-BR"},{"@type":"Organization","@id":"https:\/\/www.manaus.am.gov.br\/semasc\/#organization","name":"Prefeitura de Manaus","alternateName":"Prefeitura Municipal de Manaus","url":"https:\/\/www.manaus.am.gov.br\/semasc\/","logo":{"@type":"ImageObject","inLanguage":"pt-BR","@id":"https:\/\/www.manaus.am.gov.br\/semasc\/#\/schema\/logo\/image\/","url":"https:\/\/www.manaus.am.gov.br\/semasc\/wp-content\/uploads\/sites\/17\/2024\/07\/favicon.png","contentUrl":"https:\/\/www.manaus.am.gov.br\/semasc\/wp-content\/uploads\/sites\/17\/2024\/07\/favicon.png","width":300,"height":300,"caption":"Prefeitura de Manaus"},"image":{"@id":"https:\/\/www.manaus.am.gov.br\/semasc\/#\/schema\/logo\/image\/"},"sameAs":["https:\/\/www.facebook.com\/semascmanaus","https:\/\/www.instagram.com\/semascmanaus\/"]}]}},"_links":{"self":[{"href":"https:\/\/www.manaus.am.gov.br\/semasc\/wp-json\/wp\/v2\/pages\/207886"}],"collection":[{"href":"https:\/\/www.manaus.am.gov.br\/semasc\/wp-json\/wp\/v2\/pages"}],"about":[{"href":"https:\/\/www.manaus.am.gov.br\/semasc\/wp-json\/wp\/v2\/types\/page"}],"author":[{"embeddable":true,"href":"https:\/\/www.manaus.am.gov.br\/semasc\/wp-json\/wp\/v2\/users\/27"}],"replies":[{"embeddable":true,"href":"https:\/\/www.manaus.am.gov.br\/semasc\/wp-json\/wp\/v2\/comments?post=207886"}],"version-history":[{"count":9,"href":"https:\/\/www.manaus.am.gov.br\/semasc\/wp-json\/wp\/v2\/pages\/207886\/revisions"}],"predecessor-version":[{"id":210164,"href":"https:\/\/www.manaus.am.gov.br\/semasc\/wp-json\/wp\/v2\/pages\/207886\/revisions\/210164"}],"up":[{"embeddable":true,"href":"https:\/\/www.manaus.am.gov.br\/semasc\/wp-json\/wp\/v2\/pages\/207842"}],"wp:attachment":[{"href":"https:\/\/www.manaus.am.gov.br\/semasc\/wp-json\/wp\/v2\/media?parent=207886"}],"curies":[{"name":"wp","href":"https:\/\/api.w.org\/{rel}","templated":true}]}}