{"id":207858,"date":"2023-07-20T09:37:38","date_gmt":"2023-07-20T13:37:38","guid":{"rendered":"https:\/\/www.manaus.am.gov.br\/semasc\/?page_id=207858"},"modified":"2024-04-16T11:46:07","modified_gmt":"2024-04-16T15:46:07","slug":"creas","status":"publish","type":"page","link":"https:\/\/www.manaus.am.gov.br\/semasc\/unidades\/creas\/","title":{"rendered":"CREAS"},"content":{"rendered":"\n<h2 class=\"wp-block-heading\">Centro de Refer\u00eancia Especializado de Assist\u00eancia Social (CREAS)&nbsp;<\/h2>\n\n\n\n<p>Manaus conta com cinco unidades de CREAS, que ofertam atendimento especializado a fam\u00edlias e indiv\u00edduos que vivenciam situa\u00e7\u00f5es de vulnerabilidade, com direitos violados, mas cujo os v\u00ednculos familiar e comunit\u00e1rio n\u00e3o foram rompidos, visando a orienta\u00e7\u00e3o e o conv\u00edvio sociofamiliar e comunit\u00e1rio. O trabalho \u00e9 realizado por meio do Servi\u00e7o de Prote\u00e7\u00e3o e Atendimento Especializado a Fam\u00edlias e Indiv\u00edduos (Paefi).<\/p>\n\n\n\n<p>Os principais casos atendidos no Creas, atrav\u00e9s do PAEFI s\u00e3o: viol\u00eancia f\u00edsica, psicol\u00f3gica e neglig\u00eancia; viol\u00eancia sexual; abuso e\/ou explora\u00e7\u00e3o sexual; afastamento do conv\u00edvio familiar devido \u00e0 aplica\u00e7\u00e3o de medida de prote\u00e7\u00e3o; abandono; viv\u00eancia de trabalho infantil; discrimina\u00e7\u00e3o em decorr\u00eancia da orienta\u00e7\u00e3o sexual e\/ou ra\u00e7a\/etnia. Al\u00e9m do PAEFI oferta-se tamb\u00e9m o Servi\u00e7o a adolescentes em cumprimento de medidas socioeducativas em meio aberto de Liberdade Assistida e de Presta\u00e7\u00e3o de Servi\u00e7os \u00e0 Comunidade por adolescentes.<\/p>\n\n\n\n<h2 class=\"wp-block-heading\">Servi\u00e7os Ofertados no Centro de Refer\u00eancia Especializado de Assist\u00eancia Social:<\/h2>\n\n\n\n<ul>\n<li>Servi\u00e7o de Prote\u00e7\u00e3o e Atendimento Especializado a Fam\u00edlias e Indiv\u00edduos (PAEFI);<\/li>\n\n\n\n<li>Servi\u00e7o de Prote\u00e7\u00e3o Social Especial para Pessoas com Defici\u00eancia, Idosas e suas Fam\u00edlias;<\/li>\n\n\n\n<li>Servi\u00e7o de Prote\u00e7\u00e3o Social a Adolescentes em Cumprimento de Medida Socioeducativa de Liberdade Assistida (LA), e de Presta\u00e7\u00e3o de Servi\u00e7os \u00e0 Comunidade (PSC); (Em processo de Municipaliza\u00e7\u00e3o);<\/li>\n\n\n\n<li>Servi\u00e7o Especializado em Abordagem Social.<\/li>\n<\/ul>\n\n\n\n<p>Contato e \u00c1reas de Abrang\u00eancia dos CREAS<\/p>\n\n\n\n<p>Os CREAS funcionam de segunda a sexta-feira, de 8h \u00e0s 14h.<\/p>\n\n\n\n<h2 class=\"wp-block-heading\">ZONA SUL<\/h2>\n\n\n\n<p><strong>CREAS SUL<\/strong><\/p>\n\n\n\n<p><strong>Endere\u00e7o:<\/strong> Av. General Rodrigo Ot\u00e1vio,&nbsp;s\/n \u2013 Parque Lagoa Senador Arthur&nbsp;Virg\u00edlio Filho \u2013 Japiim I.<br><strong>Telefone:<\/strong> 3214 \u2013 5075 \/ 98844 \u2013 5656<\/p>\n\n\n\n<p><strong>\u00c1rea de Abrang\u00eancia:<\/strong>&nbsp;Cachoeirinha, S\u00e3o Sebasti\u00e3o, S\u00e3o Francisco, Petr\u00f3polis, Conj. Jardim Petr\u00f3polis, Bet\u00e2nia, Raiz, Santa Luzia, Educandos, Morro da Liberdade, Japiinl\u00e2ndia, Crespo,&nbsp;Col\u00f4nia Oliveira Machado, Lagoa Verde, S\u00e3o L\u00e1zaro, Parque Mau\u00e1, Aterro do 40,&nbsp;Japiim I e II, Distrito I, Manaus 2000, Conjunto Nova Rep\u00fablica, Ouro Verde,&nbsp;Conj. At\u00edlio Andreazza, Mauazinho, Vale do Amanhecer, Vila Buriti,&nbsp;Comunidade Santa Luzia, CEASA (Vila da Felicidade), Coroado I, II e III, Colina do Aleixo.<\/p>\n\n\n\n<h2 class=\"wp-block-heading\">ZONA CENTRO-SUL<\/h2>\n\n\n\n<p><strong>CREAS CENTRO SUL<\/strong><\/p>\n\n\n\n<p><strong>Endere\u00e7o:<\/strong> Av. Get\u00falio Vargas, n\u00ba 1.127, Centro (em frente ao Sesi).<br><strong>Telefone:<\/strong> 98842 \u2013 2424<\/p>\n\n\n\n<p><strong>\u00c1rea de Abrang\u00eancia: <\/strong>S\u00e3o Jorge, Vila da Prata, Santo Ant\u00f4nio, S\u00e3o Geraldo, S\u00e3o Raimundo, Aparecida, Centro,&nbsp; Presidente Vargas (Matinha), Bairro da Uni\u00e3o, Aleixo, Gl\u00f3ria, Adrian\u00f3polis, Flores, Nossa Sra. das Gra\u00e7as (Beco do Macedo), Chapada, Parque 10, Conj. Shangril\u00e1, Conj. Beija-Flor, Parque das Laranjeiras, Pra\u00e7a 14 de Janeiro, Loteamento Francisca Mendes, Br 174, AM 010.<\/p>\n\n\n\n<h2 class=\"wp-block-heading\">ZONA CENTRO-OESTE<\/h2>\n\n\n\n<p><strong>CREAS CENTRO-OESTE<\/strong><\/p>\n\n\n\n<p><strong>Endere\u00e7o:<\/strong> Rua Comandante Paulo Varela,&nbsp;n\u00ba 175, t\u00e9rreo, conjunto&nbsp;Santos Dumont \u2013 Bairro da Paz<br><strong>Telefone:<\/strong> 3632 \u2013 2370 \/ 98844 \u2013 5643<\/p>\n\n\n\n<p><strong>\u00c1rea de Abrang\u00eancia:&nbsp;<\/strong>Compensa II e III, Ponta Negra, Santo Agostinho, Conj. Vila Marinho, Tarum\u00e3,&nbsp;Tarum\u00e3 Mirim, Campos Sales, Tarum\u00e3-A\u00e7\u00fa, Uni\u00e3o da Vit\u00f3ria, Parque Riachuelo,&nbsp;Parque S\u00e3o Pedro, Parque Rio Negro I e II, Parque Solim\u00f5es I e II, Alvorada I e II,&nbsp;Dom Pedro I e II, Conj. K\u00edssia, Conj. Jardim Tropical, Conj. Cana\u00e3, Conj. Deborah,&nbsp;Comunidade Ouro Verde, Alvorada III, L\u00edrio do Vale I e II, Flamanal, Planalto, Nova Esperan\u00e7a I e II, Reden\u00e7\u00e3o, Conj. Hil\u00e9ia I, II e III, Bairro da Paz, Conj. Ajuricaba, Santa Barbara, Conj. Eduardo Gomes, Conj. Santos Dumont, Comunidade Santa Cruz,&nbsp;Conj. Campos El\u00edseos, Conj. Belvedere, Conj. Versalles.<\/p>\n\n\n\n<h2 class=\"wp-block-heading\">ZONA LESTE<\/h2>\n\n\n\n<p><strong>CREAS LESTE &#8211; PROURBIS<\/strong><\/p>\n\n\n\n<p><strong>Endere\u00e7o:<\/strong> Rua Porto Mariscos, 220 &#8211; Jorge Teixeira, 2\u00aa Etapa<\/p>\n\n\n\n<p><strong>\u00c1rea de Abrang\u00eancia: <\/strong>Cidade de Deus I e II, Alfredo Nascimento I e II, Alian\u00e7a com Deus, Loteamento Fazendinha, Amazonino Mendes I e II (MUTIR\u00c3O), Gustavo Nascimento, Monte Si\u00e3o, Braga Mendes, Nova Esperan\u00e7a, Nossa Sra. da Concei\u00e7\u00e3o, Col\u00f4nia Chico Mendes, Residencial Benhur, Conjunto Residencial Vila Nova, Jorge Teixeira I, II, III e IV, Jo\u00e3o Paulo I, II III e IV, Val Para\u00edso (Morro da Catita), Comunidade Coliseu, Bairro Novo, Comunidade Chico Mendes, Ramal Nova Esperan\u00e7a, Nova Floresta, Tancredo Neves, Santa In\u00eas, Ramal do Brasileirinho, Ramal do Ipiranga, Zumbi I, II e III, Armando Mendes, S\u00e3o Jos\u00e9 dos Campos, Comunidade da Sharp, Castanheira, Col\u00f4nia Ant\u00f4nio Aleixo, Puraquequara, S\u00e3o Jos\u00e9 I, II, III e IV, Cidade de Deus, Gilberto Mestrinho, Grande Vit\u00f3ria, Nova Conquista, Nova Vit\u00f3ria, Novo Reino I e II, S\u00e3o Lucas I e II,\u00a0 S\u00e3o Jos\u00e9 II \u2013 Etapa A, Distrito Industrial II.<\/p>\n\n\n\n<h2 class=\"wp-block-heading\">ZONA NORTE<\/h2>\n\n\n\n<p><strong>CREAS NORTE<\/strong><\/p>\n\n\n\n<p><strong>Endere\u00e7o:<\/strong> Rua Candiba, n\u00ba 16, N\u00facleo 8, bairro Cidade Nova 2 (pr\u00f3ximo ao Centro de Conviv\u00eancia da Fam\u00edlia Padre Vign\u00f3lia)<br><strong>Telefone:<\/strong> 98842-1019<\/p>\n\n\n\n<p><strong>\u00c1rea de Abrang\u00eancia:&nbsp;<\/strong>Cidade Nova I e II, N\u00facleos: 1, 7 e 8, Osvaldo Frota I e II, Am\u00e9rico Medeiros, Sergio Pessoa Neto, Renato Souza Pinto I e II, Canaranas, Francisca Mendes I e II, Carlos Braga, Galil\u00e9ia, Ribeiro Junior, Nova Cidade: Conj. Cidad\u00e3o do 1 ao 12, Conj. dos Buritis, Parque dos Buritis, Parque das Na\u00e7\u00f5es, Campo Dourado, Riacho Doce I, II e III, Uni\u00e3o da Vit\u00f3ria, Comunidades: Raio do Sol, Sim\u00e3o Cardoso, Parque Eduardo Braga, Novo Aleixo I, II, III, Cidade Nova, Terra Nova I, II e III, Novo Israel I, II e III, Vale do Sinai, Col\u00f4nia Santo Ant\u00f4nio, Santa Etelvina, Monte das Oliveiras,&nbsp; Monte Pascoal, Conj. Manoa, Conj. Mundo Novo, Comunidades: Floresta I e II, Rio Piorini, Jesus Me Deu, Santa Marta,&nbsp;S\u00e3o Luiz, Parque Cana\u00e3, Vale do Sinai, Jos\u00e9 Bonif\u00e1cio,&nbsp;Cidade Nova II: N\u00facleo 2 a 24 (menos 7 e 8), Conj. Amadeu Botelho, Conj. Boas Novas,&nbsp;Parque das Gar\u00e7as, \u00c1guas Claras, Parque dos Buritis (invas\u00e3o), Comunidade: N. Sra. Perp\u00e9tuo Socorro, N. Sra. de F\u00e1tima I e II, Viver Melhor I e II, Manauara I.<\/p>\n","protected":false},"excerpt":{"rendered":"","protected":false},"author":27,"featured_media":0,"parent":207842,"menu_order":0,"comment_status":"closed","ping_status":"closed","template":"templates\/turismo.php","meta":{"footnotes":""},"acf":[],"yoast_head":"<!-- This site is optimized with the Yoast SEO plugin v23.0 - https:\/\/yoast.com\/wordpress\/plugins\/seo\/ -->\n<title>CREAS - SEMASC<\/title>\n<meta name=\"robots\" content=\"noindex, follow\" \/>\n<meta property=\"og:locale\" content=\"pt_BR\" \/>\n<meta property=\"og:type\" content=\"article\" \/>\n<meta property=\"og:title\" content=\"CREAS - SEMASC\" \/>\n<meta property=\"og:url\" content=\"https:\/\/www.manaus.am.gov.br\/semasc\/unidades\/creas\/\" \/>\n<meta property=\"og:site_name\" content=\"SEMASC\" \/>\n<meta property=\"article:publisher\" content=\"https:\/\/www.facebook.com\/semascmanaus\" \/>\n<meta property=\"article:modified_time\" content=\"2024-04-16T15:46:07+00:00\" \/>\n<meta property=\"og:image\" content=\"https:\/\/www.manaus.am.gov.br\/semasc\/wp-content\/uploads\/sites\/17\/2024\/07\/thumb-default-2.png\" \/>\n\t<meta property=\"og:image:width\" content=\"966\" \/>\n\t<meta property=\"og:image:height\" content=\"520\" \/>\n\t<meta property=\"og:image:type\" content=\"image\/png\" \/>\n<meta name=\"twitter:card\" content=\"summary_large_image\" \/>\n<meta name=\"twitter:label1\" content=\"Est. reading time\" \/>\n\t<meta name=\"twitter:data1\" content=\"5 minutos\" \/>\n<script type=\"application\/ld+json\" class=\"yoast-schema-graph\">{\"@context\":\"https:\/\/schema.org\",\"@graph\":[{\"@type\":\"WebPage\",\"@id\":\"https:\/\/www.manaus.am.gov.br\/semasc\/unidades\/creas\/\",\"url\":\"https:\/\/www.manaus.am.gov.br\/semasc\/unidades\/creas\/\",\"name\":\"CREAS - SEMASC\",\"isPartOf\":{\"@id\":\"https:\/\/www.manaus.am.gov.br\/semasc\/#website\"},\"datePublished\":\"2023-07-20T13:37:38+00:00\",\"dateModified\":\"2024-04-16T15:46:07+00:00\",\"breadcrumb\":{\"@id\":\"https:\/\/www.manaus.am.gov.br\/semasc\/unidades\/creas\/#breadcrumb\"},\"inLanguage\":\"pt-BR\",\"potentialAction\":[{\"@type\":\"ReadAction\",\"target\":[\"https:\/\/www.manaus.am.gov.br\/semasc\/unidades\/creas\/\"]}]},{\"@type\":\"BreadcrumbList\",\"@id\":\"https:\/\/www.manaus.am.gov.br\/semasc\/unidades\/creas\/#breadcrumb\",\"itemListElement\":[{\"@type\":\"ListItem\",\"position\":1,\"name\":\"Home\",\"item\":\"https:\/\/www.manaus.am.gov.br\/semasc\/\"},{\"@type\":\"ListItem\",\"position\":2,\"name\":\"Unidades\",\"item\":\"https:\/\/www.manaus.am.gov.br\/semasc\/unidades\/\"},{\"@type\":\"ListItem\",\"position\":3,\"name\":\"CREAS\"}]},{\"@type\":\"WebSite\",\"@id\":\"https:\/\/www.manaus.am.gov.br\/semasc\/#website\",\"url\":\"https:\/\/www.manaus.am.gov.br\/semasc\/\",\"name\":\"SEMASC\",\"description\":\"Secretaria Municipal da Mulher, Assist\u00eancia Social e Cidadania.\",\"publisher\":{\"@id\":\"https:\/\/www.manaus.am.gov.br\/semasc\/#organization\"},\"alternateName\":\"Secretaria Municipal da Mulher, Assist\u00eancia Social e Cidadania\",\"potentialAction\":[{\"@type\":\"SearchAction\",\"target\":{\"@type\":\"EntryPoint\",\"urlTemplate\":\"https:\/\/www.manaus.am.gov.br\/semasc\/?s={search_term_string}\"},\"query-input\":\"required name=search_term_string\"}],\"inLanguage\":\"pt-BR\"},{\"@type\":\"Organization\",\"@id\":\"https:\/\/www.manaus.am.gov.br\/semasc\/#organization\",\"name\":\"Prefeitura de Manaus\",\"alternateName\":\"Prefeitura Municipal de Manaus\",\"url\":\"https:\/\/www.manaus.am.gov.br\/semasc\/\",\"logo\":{\"@type\":\"ImageObject\",\"inLanguage\":\"pt-BR\",\"@id\":\"https:\/\/www.manaus.am.gov.br\/semasc\/#\/schema\/logo\/image\/\",\"url\":\"https:\/\/www.manaus.am.gov.br\/semasc\/wp-content\/uploads\/sites\/17\/2024\/07\/favicon.png\",\"contentUrl\":\"https:\/\/www.manaus.am.gov.br\/semasc\/wp-content\/uploads\/sites\/17\/2024\/07\/favicon.png\",\"width\":300,\"height\":300,\"caption\":\"Prefeitura de Manaus\"},\"image\":{\"@id\":\"https:\/\/www.manaus.am.gov.br\/semasc\/#\/schema\/logo\/image\/\"},\"sameAs\":[\"https:\/\/www.facebook.com\/semascmanaus\",\"https:\/\/www.instagram.com\/semascmanaus\/\"]}]}<\/script>\n<!-- \/ Yoast SEO plugin. -->","yoast_head_json":{"title":"CREAS - SEMASC","robots":{"index":"noindex","follow":"follow"},"og_locale":"pt_BR","og_type":"article","og_title":"CREAS - SEMASC","og_url":"https:\/\/www.manaus.am.gov.br\/semasc\/unidades\/creas\/","og_site_name":"SEMASC","article_publisher":"https:\/\/www.facebook.com\/semascmanaus","article_modified_time":"2024-04-16T15:46:07+00:00","og_image":[{"width":966,"height":520,"url":"https:\/\/www.manaus.am.gov.br\/semasc\/wp-content\/uploads\/sites\/17\/2024\/07\/thumb-default-2.png","type":"image\/png"}],"twitter_card":"summary_large_image","twitter_misc":{"Est. reading time":"5 minutos"},"schema":{"@context":"https:\/\/schema.org","@graph":[{"@type":"WebPage","@id":"https:\/\/www.manaus.am.gov.br\/semasc\/unidades\/creas\/","url":"https:\/\/www.manaus.am.gov.br\/semasc\/unidades\/creas\/","name":"CREAS - SEMASC","isPartOf":{"@id":"https:\/\/www.manaus.am.gov.br\/semasc\/#website"},"datePublished":"2023-07-20T13:37:38+00:00","dateModified":"2024-04-16T15:46:07+00:00","breadcrumb":{"@id":"https:\/\/www.manaus.am.gov.br\/semasc\/unidades\/creas\/#breadcrumb"},"inLanguage":"pt-BR","potentialAction":[{"@type":"ReadAction","target":["https:\/\/www.manaus.am.gov.br\/semasc\/unidades\/creas\/"]}]},{"@type":"BreadcrumbList","@id":"https:\/\/www.manaus.am.gov.br\/semasc\/unidades\/creas\/#breadcrumb","itemListElement":[{"@type":"ListItem","position":1,"name":"Home","item":"https:\/\/www.manaus.am.gov.br\/semasc\/"},{"@type":"ListItem","position":2,"name":"Unidades","item":"https:\/\/www.manaus.am.gov.br\/semasc\/unidades\/"},{"@type":"ListItem","position":3,"name":"CREAS"}]},{"@type":"WebSite","@id":"https:\/\/www.manaus.am.gov.br\/semasc\/#website","url":"https:\/\/www.manaus.am.gov.br\/semasc\/","name":"SEMASC","description":"Secretaria Municipal da Mulher, Assist\u00eancia Social e Cidadania.","publisher":{"@id":"https:\/\/www.manaus.am.gov.br\/semasc\/#organization"},"alternateName":"Secretaria Municipal da Mulher, Assist\u00eancia Social e Cidadania","potentialAction":[{"@type":"SearchAction","target":{"@type":"EntryPoint","urlTemplate":"https:\/\/www.manaus.am.gov.br\/semasc\/?s={search_term_string}"},"query-input":"required name=search_term_string"}],"inLanguage":"pt-BR"},{"@type":"Organization","@id":"https:\/\/www.manaus.am.gov.br\/semasc\/#organization","name":"Prefeitura de Manaus","alternateName":"Prefeitura Municipal de Manaus","url":"https:\/\/www.manaus.am.gov.br\/semasc\/","logo":{"@type":"ImageObject","inLanguage":"pt-BR","@id":"https:\/\/www.manaus.am.gov.br\/semasc\/#\/schema\/logo\/image\/","url":"https:\/\/www.manaus.am.gov.br\/semasc\/wp-content\/uploads\/sites\/17\/2024\/07\/favicon.png","contentUrl":"https:\/\/www.manaus.am.gov.br\/semasc\/wp-content\/uploads\/sites\/17\/2024\/07\/favicon.png","width":300,"height":300,"caption":"Prefeitura de Manaus"},"image":{"@id":"https:\/\/www.manaus.am.gov.br\/semasc\/#\/schema\/logo\/image\/"},"sameAs":["https:\/\/www.facebook.com\/semascmanaus","https:\/\/www.instagram.com\/semascmanaus\/"]}]}},"_links":{"self":[{"href":"https:\/\/www.manaus.am.gov.br\/semasc\/wp-json\/wp\/v2\/pages\/207858"}],"collection":[{"href":"https:\/\/www.manaus.am.gov.br\/semasc\/wp-json\/wp\/v2\/pages"}],"about":[{"href":"https:\/\/www.manaus.am.gov.br\/semasc\/wp-json\/wp\/v2\/types\/page"}],"author":[{"embeddable":true,"href":"https:\/\/www.manaus.am.gov.br\/semasc\/wp-json\/wp\/v2\/users\/27"}],"replies":[{"embeddable":true,"href":"https:\/\/www.manaus.am.gov.br\/semasc\/wp-json\/wp\/v2\/comments?post=207858"}],"version-history":[{"count":13,"href":"https:\/\/www.manaus.am.gov.br\/semasc\/wp-json\/wp\/v2\/pages\/207858\/revisions"}],"predecessor-version":[{"id":210155,"href":"https:\/\/www.manaus.am.gov.br\/semasc\/wp-json\/wp\/v2\/pages\/207858\/revisions\/210155"}],"up":[{"embeddable":true,"href":"https:\/\/www.manaus.am.gov.br\/semasc\/wp-json\/wp\/v2\/pages\/207842"}],"wp:attachment":[{"href":"https:\/\/www.manaus.am.gov.br\/semasc\/wp-json\/wp\/v2\/media?parent=207858"}],"curies":[{"name":"wp","href":"https:\/\/api.w.org\/{rel}","templated":true}]}}