{"id":534,"date":"2023-05-19T16:09:41","date_gmt":"2023-05-19T20:09:41","guid":{"rendered":"https:\/\/www.manaus.am.gov.br\/semad\/?page_id=534"},"modified":"2023-05-19T16:09:41","modified_gmt":"2023-05-19T20:09:41","slug":"legislacao","status":"publish","type":"page","link":"https:\/\/www.manaus.am.gov.br\/semad\/bolsa-pos-graduacao\/legislacao\/","title":{"rendered":"Legisla\u00e7\u00e3o"},"content":{"rendered":"\n<h2 class=\"wp-block-heading\"><a href=\"https:\/\/www.manaus.am.gov.br\/semad\/wp-content\/uploads\/sites\/21\/2023\/05\/1-Lei-n.o-1.933-PBPG.pdf\" target=\"_blank\" rel=\"noreferrer noopener\">LEI N.\u00ba 1.933, DE 19 DE NOVEMBRO DE 2014<\/a><\/h2>\n\n\n\n<p>Concede isen\u00e7\u00e3o de tributos municipais \u00e0 Institui\u00e7\u00e3o de Ensino Superior \u2013 IES vinculada ao Programa Bolsa Universidade \u2013 PBU e estabelece outras provid\u00eancias.<\/p>\n\n\n\n<h2 class=\"wp-block-heading\"><a href=\"https:\/\/www.manaus.am.gov.br\/semad\/wp-content\/uploads\/sites\/21\/2023\/05\/2-Decreto-n.o-2.982-PBPG.pdf\" target=\"_blank\" rel=\"noreferrer noopener\">DECRETO N.\u00ba 2.982, DE 22 DE DEZEMBRO DE 2014<\/a><\/h2>\n\n\n\n<p>Regulamenta a Lei n\u00ba 1.933, de 19 de novembro de 2014, que cria o Programa Bolsa P\u00f3s-Gradua\u00e7\u00e3o \u2013 PBPG e estabelece outras.<\/p>\n","protected":false},"excerpt":{"rendered":"","protected":false},"author":27,"featured_media":0,"parent":514,"menu_order":2,"comment_status":"closed","ping_status":"closed","template":"templates\/prefeitura.php","meta":{"footnotes":""},"acf":[],"yoast_head":"<!-- This site is optimized with the Yoast SEO plugin v23.0 - https:\/\/yoast.com\/wordpress\/plugins\/seo\/ -->\n<title>Legisla\u00e7\u00e3o - SEMAD<\/title>\n<meta name=\"robots\" content=\"noindex, follow\" \/>\n<meta property=\"og:locale\" content=\"pt_BR\" \/>\n<meta property=\"og:type\" content=\"article\" \/>\n<meta property=\"og:title\" content=\"Legisla\u00e7\u00e3o - SEMAD\" \/>\n<meta property=\"og:url\" content=\"https:\/\/www.manaus.am.gov.br\/semad\/bolsa-pos-graduacao\/legislacao\/\" \/>\n<meta property=\"og:site_name\" content=\"SEMAD\" \/>\n<meta property=\"og:image\" content=\"https:\/\/www.manaus.am.gov.br\/semad\/wp-content\/uploads\/sites\/21\/2024\/07\/thumb-default-2.png\" \/>\n\t<meta property=\"og:image:width\" content=\"966\" \/>\n\t<meta property=\"og:image:height\" content=\"520\" \/>\n\t<meta property=\"og:image:type\" content=\"image\/png\" \/>\n<meta name=\"twitter:card\" content=\"summary_large_image\" \/>\n<meta name=\"twitter:label1\" content=\"Est. reading time\" \/>\n\t<meta name=\"twitter:data1\" content=\"1 minuto\" \/>\n<script type=\"application\/ld+json\" class=\"yoast-schema-graph\">{\"@context\":\"https:\/\/schema.org\",\"@graph\":[{\"@type\":\"WebPage\",\"@id\":\"https:\/\/www.manaus.am.gov.br\/semad\/bolsa-pos-graduacao\/legislacao\/\",\"url\":\"https:\/\/www.manaus.am.gov.br\/semad\/bolsa-pos-graduacao\/legislacao\/\",\"name\":\"Legisla\u00e7\u00e3o - SEMAD\",\"isPartOf\":{\"@id\":\"https:\/\/www.manaus.am.gov.br\/semad\/#website\"},\"datePublished\":\"2023-05-19T20:09:41+00:00\",\"dateModified\":\"2023-05-19T20:09:41+00:00\",\"breadcrumb\":{\"@id\":\"https:\/\/www.manaus.am.gov.br\/semad\/bolsa-pos-graduacao\/legislacao\/#breadcrumb\"},\"inLanguage\":\"pt-BR\",\"potentialAction\":[{\"@type\":\"ReadAction\",\"target\":[\"https:\/\/www.manaus.am.gov.br\/semad\/bolsa-pos-graduacao\/legislacao\/\"]}]},{\"@type\":\"BreadcrumbList\",\"@id\":\"https:\/\/www.manaus.am.gov.br\/semad\/bolsa-pos-graduacao\/legislacao\/#breadcrumb\",\"itemListElement\":[{\"@type\":\"ListItem\",\"position\":1,\"name\":\"Home\",\"item\":\"https:\/\/www.manaus.am.gov.br\/semad\/\"},{\"@type\":\"ListItem\",\"position\":2,\"name\":\"BOLSA P\u00d3S-GRADUA\u00c7\u00c3O\",\"item\":\"https:\/\/www.manaus.am.gov.br\/semad\/bolsa-pos-graduacao\/\"},{\"@type\":\"ListItem\",\"position\":3,\"name\":\"Legisla\u00e7\u00e3o\"}]},{\"@type\":\"WebSite\",\"@id\":\"https:\/\/www.manaus.am.gov.br\/semad\/#website\",\"url\":\"https:\/\/www.manaus.am.gov.br\/semad\/\",\"name\":\"SEMAD\",\"description\":\"Prefeitura de Manaus\",\"publisher\":{\"@id\":\"https:\/\/www.manaus.am.gov.br\/semad\/#organization\"},\"alternateName\":\"Secretaria Municipal de Administra\u00e7\u00e3o, Planejamento e Gest\u00e3o\",\"potentialAction\":[{\"@type\":\"SearchAction\",\"target\":{\"@type\":\"EntryPoint\",\"urlTemplate\":\"https:\/\/www.manaus.am.gov.br\/semad\/?s={search_term_string}\"},\"query-input\":\"required name=search_term_string\"}],\"inLanguage\":\"pt-BR\"},{\"@type\":\"Organization\",\"@id\":\"https:\/\/www.manaus.am.gov.br\/semad\/#organization\",\"name\":\"Prefeitura Municipal de Manaus\",\"alternateName\":\"Prefeitura de Manaus\",\"url\":\"https:\/\/www.manaus.am.gov.br\/semad\/\",\"logo\":{\"@type\":\"ImageObject\",\"inLanguage\":\"pt-BR\",\"@id\":\"https:\/\/www.manaus.am.gov.br\/semad\/#\/schema\/logo\/image\/\",\"url\":\"https:\/\/www.manaus.am.gov.br\/semad\/wp-content\/uploads\/sites\/21\/2024\/07\/favicon.png\",\"contentUrl\":\"https:\/\/www.manaus.am.gov.br\/semad\/wp-content\/uploads\/sites\/21\/2024\/07\/favicon.png\",\"width\":300,\"height\":300,\"caption\":\"Prefeitura Municipal de Manaus\"},\"image\":{\"@id\":\"https:\/\/www.manaus.am.gov.br\/semad\/#\/schema\/logo\/image\/\"}}]}<\/script>\n<!-- \/ Yoast SEO plugin. -->","yoast_head_json":{"title":"Legisla\u00e7\u00e3o - SEMAD","robots":{"index":"noindex","follow":"follow"},"og_locale":"pt_BR","og_type":"article","og_title":"Legisla\u00e7\u00e3o - SEMAD","og_url":"https:\/\/www.manaus.am.gov.br\/semad\/bolsa-pos-graduacao\/legislacao\/","og_site_name":"SEMAD","og_image":[{"width":966,"height":520,"url":"https:\/\/www.manaus.am.gov.br\/semad\/wp-content\/uploads\/sites\/21\/2024\/07\/thumb-default-2.png","type":"image\/png"}],"twitter_card":"summary_large_image","twitter_misc":{"Est. reading time":"1 minuto"},"schema":{"@context":"https:\/\/schema.org","@graph":[{"@type":"WebPage","@id":"https:\/\/www.manaus.am.gov.br\/semad\/bolsa-pos-graduacao\/legislacao\/","url":"https:\/\/www.manaus.am.gov.br\/semad\/bolsa-pos-graduacao\/legislacao\/","name":"Legisla\u00e7\u00e3o - SEMAD","isPartOf":{"@id":"https:\/\/www.manaus.am.gov.br\/semad\/#website"},"datePublished":"2023-05-19T20:09:41+00:00","dateModified":"2023-05-19T20:09:41+00:00","breadcrumb":{"@id":"https:\/\/www.manaus.am.gov.br\/semad\/bolsa-pos-graduacao\/legislacao\/#breadcrumb"},"inLanguage":"pt-BR","potentialAction":[{"@type":"ReadAction","target":["https:\/\/www.manaus.am.gov.br\/semad\/bolsa-pos-graduacao\/legislacao\/"]}]},{"@type":"BreadcrumbList","@id":"https:\/\/www.manaus.am.gov.br\/semad\/bolsa-pos-graduacao\/legislacao\/#breadcrumb","itemListElement":[{"@type":"ListItem","position":1,"name":"Home","item":"https:\/\/www.manaus.am.gov.br\/semad\/"},{"@type":"ListItem","position":2,"name":"BOLSA P\u00d3S-GRADUA\u00c7\u00c3O","item":"https:\/\/www.manaus.am.gov.br\/semad\/bolsa-pos-graduacao\/"},{"@type":"ListItem","position":3,"name":"Legisla\u00e7\u00e3o"}]},{"@type":"WebSite","@id":"https:\/\/www.manaus.am.gov.br\/semad\/#website","url":"https:\/\/www.manaus.am.gov.br\/semad\/","name":"SEMAD","description":"Prefeitura de Manaus","publisher":{"@id":"https:\/\/www.manaus.am.gov.br\/semad\/#organization"},"alternateName":"Secretaria Municipal de Administra\u00e7\u00e3o, Planejamento e Gest\u00e3o","potentialAction":[{"@type":"SearchAction","target":{"@type":"EntryPoint","urlTemplate":"https:\/\/www.manaus.am.gov.br\/semad\/?s={search_term_string}"},"query-input":"required name=search_term_string"}],"inLanguage":"pt-BR"},{"@type":"Organization","@id":"https:\/\/www.manaus.am.gov.br\/semad\/#organization","name":"Prefeitura Municipal de Manaus","alternateName":"Prefeitura de Manaus","url":"https:\/\/www.manaus.am.gov.br\/semad\/","logo":{"@type":"ImageObject","inLanguage":"pt-BR","@id":"https:\/\/www.manaus.am.gov.br\/semad\/#\/schema\/logo\/image\/","url":"https:\/\/www.manaus.am.gov.br\/semad\/wp-content\/uploads\/sites\/21\/2024\/07\/favicon.png","contentUrl":"https:\/\/www.manaus.am.gov.br\/semad\/wp-content\/uploads\/sites\/21\/2024\/07\/favicon.png","width":300,"height":300,"caption":"Prefeitura Municipal de Manaus"},"image":{"@id":"https:\/\/www.manaus.am.gov.br\/semad\/#\/schema\/logo\/image\/"}}]}},"_links":{"self":[{"href":"https:\/\/www.manaus.am.gov.br\/semad\/wp-json\/wp\/v2\/pages\/534"}],"collection":[{"href":"https:\/\/www.manaus.am.gov.br\/semad\/wp-json\/wp\/v2\/pages"}],"about":[{"href":"https:\/\/www.manaus.am.gov.br\/semad\/wp-json\/wp\/v2\/types\/page"}],"author":[{"embeddable":true,"href":"https:\/\/www.manaus.am.gov.br\/semad\/wp-json\/wp\/v2\/users\/27"}],"replies":[{"embeddable":true,"href":"https:\/\/www.manaus.am.gov.br\/semad\/wp-json\/wp\/v2\/comments?post=534"}],"version-history":[{"count":1,"href":"https:\/\/www.manaus.am.gov.br\/semad\/wp-json\/wp\/v2\/pages\/534\/revisions"}],"predecessor-version":[{"id":535,"href":"https:\/\/www.manaus.am.gov.br\/semad\/wp-json\/wp\/v2\/pages\/534\/revisions\/535"}],"up":[{"embeddable":true,"href":"https:\/\/www.manaus.am.gov.br\/semad\/wp-json\/wp\/v2\/pages\/514"}],"wp:attachment":[{"href":"https:\/\/www.manaus.am.gov.br\/semad\/wp-json\/wp\/v2\/media?parent=534"}],"curies":[{"name":"wp","href":"https:\/\/api.w.org\/{rel}","templated":true}]}}