{"id":284,"date":"2023-05-15T17:06:57","date_gmt":"2023-05-15T21:06:57","guid":{"rendered":"https:\/\/www.manaus.am.gov.br\/semad\/?page_id=284"},"modified":"2026-02-19T09:59:39","modified_gmt":"2026-02-19T13:59:39","slug":"saude-do-servidor","status":"publish","type":"page","link":"https:\/\/www.manaus.am.gov.br\/semad\/manausmed\/saude-do-servidor\/","title":{"rendered":"Sa\u00fade do Servidor"},"content":{"rendered":"\n<h2 class=\"wp-block-heading\">Inscri\u00e7\u00e3o<\/h2>\n\n\n\n<p>Para dar entrada na solicita\u00e7\u00e3o de ades\u00e3o ao Plano ManausMed s\u00e3o necess\u00e1rios os seguintes documentos:<\/p>\n\n\n\n<h3 class=\"wp-block-heading\"><a href=\"https:\/\/www.manaus.am.gov.br\/semad\/manausmed\/inscricao-de-titular\/\">Inscri\u00e7\u00e3o de Titular<\/a><\/h3>\n\n\n\n<h3 class=\"wp-block-heading\"><a href=\"https:\/\/www.manaus.am.gov.br\/semad\/manausmed\/inscricao-de-esposoa-ou-companheiroa\/\">Inscri\u00e7\u00e3o de esposa(o) ou companheira(o)<\/a><\/h3>\n\n\n\n<h3 class=\"wp-block-heading\"><a href=\"https:\/\/www.manaus.am.gov.br\/semad\/manausmed\/inscricao-de-dependentes\/\">Inscri\u00e7\u00e3o de Dependentes<\/a><\/h3>\n\n\n\n<p> <\/p>\n\n\n\n<h2 class=\"wp-block-heading\">Download de Documentos e Formul\u00e1rios<\/h2>\n\n\n\n<h3 class=\"wp-block-heading\"><a href=\"https:\/\/www.manaus.am.gov.br\/semad\/wp-content\/uploads\/sites\/21\/2026\/02\/Requerimento-Manausmed.pdf\" target=\"_blank\" rel=\"noreferrer noopener\">Ficha de Inscri\u00e7\u00e3o no Servi\u00e7o Manausmed<\/a><\/h3>\n\n\n\n<h3 class=\"wp-block-heading\"><a href=\"https:\/\/www.manaus.am.gov.br\/semad\/wp-content\/uploads\/sites\/21\/2024\/04\/Declaracao_Uniao_Estavel.pdf\" target=\"_blank\" rel=\"noreferrer noopener\">Modelo de Declara\u00e7\u00e3o de Uni\u00e3o Est\u00e1vel<\/a><\/h3>\n\n\n\n<h3 class=\"wp-block-heading\"><a href=\"https:\/\/www.manaus.am.gov.br\/semad\/wp-content\/uploads\/sites\/21\/2024\/04\/DECLARACAO_DE_TRABALHO-AUTONOMO.pdf\" target=\"_blank\" rel=\"noreferrer noopener\">Declara\u00e7\u00e3o para dependente \u2013 Trabalhador Aut\u00f4nomo<\/a><\/h3>\n\n\n\n<h3 class=\"wp-block-heading\"><a href=\"https:\/\/www.manaus.am.gov.br\/semad\/wp-content\/uploads\/sites\/21\/2024\/04\/DECLARACAO_SEM_RENDA.pdf\" target=\"_blank\" rel=\"noreferrer noopener\">Declara\u00e7\u00e3o para dependente \u2013 Sem Rendimentos Financeiros<\/a><\/h3>\n\n\n\n<p>*Todos os links dos Institutos que emitem as Certid\u00f5es de Inexist\u00eancia de Renda est\u00e3o dispon\u00edveis na p\u00e1gina principal deste Site.<\/p>\n\n\n\n<h2 class=\"wp-block-heading\">Car\u00eancia<\/h2>\n\n\n\n<p>De acordo com a Lei 1.413 de 20 de janeiro de 2010, a partir da primeira contribui\u00e7\u00e3o ao Servi\u00e7o Manausmed iniciar\u00e3o as seguintes car\u00eancias:<\/p>\n\n\n\n<p>* 15 (quinze) dias para consultas eletivas;<br>* 30 (trinta) dias para exames de Ultrassonografia, Raio-X com contraste, Ecocardiograma, Exames Oftalmol\u00f3gicos e Exames Endosc\u00f3picos;<br>* 45 (quarenta e cinco) dias para todos os procedimentos de alta complexidade, exceto nos casos de doen\u00e7as e les\u00f5es preexistentes, declaradas ou n\u00e3o;<br>* 180 (cento e oitenta) dias para partos, cirurgias e interna\u00e7\u00e3o hospitalar;<br>* 24 (vinte e quatro) meses para procedimentos de alta complexidade, leitos de alta complexidade e cirurgias relacionados a doen\u00e7as ou les\u00f5es preexistentes, declaradas ou n\u00e3o.<\/p>\n\n\n\n<p>\u00a71\u00ba O prazo de car\u00eancia tem termo inicial fixado na data do pagamento da primeira contribui\u00e7\u00e3o.<\/p>\n\n\n\n<p>\u00a73\u00ba \u00c9 vedada a antecipa\u00e7\u00e3o de contribui\u00e7\u00e3o como forma de abreviar o prazo de car\u00eancia.<\/p>\n\n\n\n<p>\u00a76\u00ba Os procedimentos de alta complexidade previstos nos incisos III e IV precisam de aprova\u00e7\u00e3o do Conselho T\u00e9cnico Especializado, especialmente institu\u00eddo para esse fim.<\/p>\n\n\n\n<h2 class=\"wp-block-heading\">2\u00aa via do cart\u00e3o Manausmed<\/h2>\n\n\n\n<p>Em caso de perda, roubo ou extravio de seu cart\u00e3o Manausmed, dever\u00e1 ser providenciado os seguintes documentos:<\/p>\n\n\n\n<p><em>Comprovante de Dep\u00f3sito;<\/em><br><em>Documento de Identidade, em fotoc\u00f3pia.<\/em><\/p>\n\n\n\n<div style=\"height:10px\" aria-hidden=\"true\" class=\"wp-block-spacer\"><\/div>\n\n\n\n<h2 class=\"wp-block-heading\">Dados banc\u00e1rios para dep\u00f3sito:<\/h2>\n\n\n\n<p>Favorecido: <strong>FUNSERV<br><\/strong>Valor: R$ 20,00<\/p>\n\n\n\n<p> <\/p>\n\n\n\n<h3 class=\"wp-block-heading\">QR CODE PARA TRANSFER\u00caNCIA POR PIX<\/h3>\n\n\n<div class=\"wp-block-image\">\n<figure class=\"alignleft size-full\"><img loading=\"lazy\" decoding=\"async\" width=\"270\" height=\"270\" src=\"https:\/\/www.manaus.am.gov.br\/semad\/wp-content\/uploads\/sites\/21\/2023\/05\/QR-CODE.jpg\" alt=\"\" class=\"wp-image-286\" srcset=\"https:\/\/www.manaus.am.gov.br\/semad\/wp-content\/uploads\/sites\/21\/2023\/05\/QR-CODE.jpg 270w, https:\/\/www.manaus.am.gov.br\/semad\/wp-content\/uploads\/sites\/21\/2023\/05\/QR-CODE-150x150.jpg 150w\" sizes=\"(max-width: 270px) 100vw, 270px\" \/><\/figure><\/div>","protected":false},"excerpt":{"rendered":"","protected":false},"author":27,"featured_media":0,"parent":258,"menu_order":2,"comment_status":"closed","ping_status":"closed","template":"templates\/turismo.php","meta":{"footnotes":""},"acf":[],"yoast_head":"<!-- This site is optimized with the Yoast SEO plugin v23.0 - https:\/\/yoast.com\/wordpress\/plugins\/seo\/ -->\n<title>Sa\u00fade do Servidor - SEMAD<\/title>\n<meta name=\"robots\" content=\"noindex, follow\" \/>\n<meta property=\"og:locale\" content=\"pt_BR\" \/>\n<meta property=\"og:type\" content=\"article\" \/>\n<meta property=\"og:title\" content=\"Sa\u00fade do Servidor - SEMAD\" \/>\n<meta property=\"og:url\" content=\"https:\/\/www.manaus.am.gov.br\/semad\/manausmed\/saude-do-servidor\/\" \/>\n<meta property=\"og:site_name\" content=\"SEMAD\" \/>\n<meta property=\"article:modified_time\" content=\"2026-02-19T13:59:39+00:00\" \/>\n<meta property=\"og:image\" content=\"https:\/\/www.manaus.am.gov.br\/semad\/wp-content\/uploads\/sites\/21\/2023\/05\/QR-CODE.jpg\" \/>\n<meta name=\"twitter:card\" content=\"summary_large_image\" \/>\n<meta name=\"twitter:label1\" content=\"Est. reading time\" \/>\n\t<meta name=\"twitter:data1\" content=\"2 minutos\" \/>\n<script type=\"application\/ld+json\" class=\"yoast-schema-graph\">{\"@context\":\"https:\/\/schema.org\",\"@graph\":[{\"@type\":\"WebPage\",\"@id\":\"https:\/\/www.manaus.am.gov.br\/semad\/manausmed\/saude-do-servidor\/\",\"url\":\"https:\/\/www.manaus.am.gov.br\/semad\/manausmed\/saude-do-servidor\/\",\"name\":\"Sa\u00fade do Servidor - SEMAD\",\"isPartOf\":{\"@id\":\"https:\/\/www.manaus.am.gov.br\/semad\/#website\"},\"primaryImageOfPage\":{\"@id\":\"https:\/\/www.manaus.am.gov.br\/semad\/manausmed\/saude-do-servidor\/#primaryimage\"},\"image\":{\"@id\":\"https:\/\/www.manaus.am.gov.br\/semad\/manausmed\/saude-do-servidor\/#primaryimage\"},\"thumbnailUrl\":\"https:\/\/www.manaus.am.gov.br\/semad\/wp-content\/uploads\/sites\/21\/2023\/05\/QR-CODE.jpg\",\"datePublished\":\"2023-05-15T21:06:57+00:00\",\"dateModified\":\"2026-02-19T13:59:39+00:00\",\"breadcrumb\":{\"@id\":\"https:\/\/www.manaus.am.gov.br\/semad\/manausmed\/saude-do-servidor\/#breadcrumb\"},\"inLanguage\":\"pt-BR\",\"potentialAction\":[{\"@type\":\"ReadAction\",\"target\":[\"https:\/\/www.manaus.am.gov.br\/semad\/manausmed\/saude-do-servidor\/\"]}]},{\"@type\":\"ImageObject\",\"inLanguage\":\"pt-BR\",\"@id\":\"https:\/\/www.manaus.am.gov.br\/semad\/manausmed\/saude-do-servidor\/#primaryimage\",\"url\":\"https:\/\/www.manaus.am.gov.br\/semad\/wp-content\/uploads\/sites\/21\/2023\/05\/QR-CODE.jpg\",\"contentUrl\":\"https:\/\/www.manaus.am.gov.br\/semad\/wp-content\/uploads\/sites\/21\/2023\/05\/QR-CODE.jpg\",\"width\":270,\"height\":270},{\"@type\":\"BreadcrumbList\",\"@id\":\"https:\/\/www.manaus.am.gov.br\/semad\/manausmed\/saude-do-servidor\/#breadcrumb\",\"itemListElement\":[{\"@type\":\"ListItem\",\"position\":1,\"name\":\"Home\",\"item\":\"https:\/\/www.manaus.am.gov.br\/semad\/\"},{\"@type\":\"ListItem\",\"position\":2,\"name\":\"MANAUSMED\",\"item\":\"https:\/\/www.manaus.am.gov.br\/semad\/manausmed\/\"},{\"@type\":\"ListItem\",\"position\":3,\"name\":\"Sa\u00fade do Servidor\"}]},{\"@type\":\"WebSite\",\"@id\":\"https:\/\/www.manaus.am.gov.br\/semad\/#website\",\"url\":\"https:\/\/www.manaus.am.gov.br\/semad\/\",\"name\":\"SEMAD\",\"description\":\"Prefeitura de Manaus\",\"publisher\":{\"@id\":\"https:\/\/www.manaus.am.gov.br\/semad\/#organization\"},\"alternateName\":\"Secretaria Municipal de Administra\u00e7\u00e3o, Planejamento e Gest\u00e3o\",\"potentialAction\":[{\"@type\":\"SearchAction\",\"target\":{\"@type\":\"EntryPoint\",\"urlTemplate\":\"https:\/\/www.manaus.am.gov.br\/semad\/?s={search_term_string}\"},\"query-input\":\"required name=search_term_string\"}],\"inLanguage\":\"pt-BR\"},{\"@type\":\"Organization\",\"@id\":\"https:\/\/www.manaus.am.gov.br\/semad\/#organization\",\"name\":\"Prefeitura Municipal de Manaus\",\"alternateName\":\"Prefeitura de Manaus\",\"url\":\"https:\/\/www.manaus.am.gov.br\/semad\/\",\"logo\":{\"@type\":\"ImageObject\",\"inLanguage\":\"pt-BR\",\"@id\":\"https:\/\/www.manaus.am.gov.br\/semad\/#\/schema\/logo\/image\/\",\"url\":\"https:\/\/www.manaus.am.gov.br\/semad\/wp-content\/uploads\/sites\/21\/2024\/07\/favicon.png\",\"contentUrl\":\"https:\/\/www.manaus.am.gov.br\/semad\/wp-content\/uploads\/sites\/21\/2024\/07\/favicon.png\",\"width\":300,\"height\":300,\"caption\":\"Prefeitura Municipal de Manaus\"},\"image\":{\"@id\":\"https:\/\/www.manaus.am.gov.br\/semad\/#\/schema\/logo\/image\/\"}}]}<\/script>\n<!-- \/ Yoast SEO plugin. -->","yoast_head_json":{"title":"Sa\u00fade do Servidor - SEMAD","robots":{"index":"noindex","follow":"follow"},"og_locale":"pt_BR","og_type":"article","og_title":"Sa\u00fade do Servidor - SEMAD","og_url":"https:\/\/www.manaus.am.gov.br\/semad\/manausmed\/saude-do-servidor\/","og_site_name":"SEMAD","article_modified_time":"2026-02-19T13:59:39+00:00","og_image":[{"url":"https:\/\/www.manaus.am.gov.br\/semad\/wp-content\/uploads\/sites\/21\/2023\/05\/QR-CODE.jpg"}],"twitter_card":"summary_large_image","twitter_misc":{"Est. reading time":"2 minutos"},"schema":{"@context":"https:\/\/schema.org","@graph":[{"@type":"WebPage","@id":"https:\/\/www.manaus.am.gov.br\/semad\/manausmed\/saude-do-servidor\/","url":"https:\/\/www.manaus.am.gov.br\/semad\/manausmed\/saude-do-servidor\/","name":"Sa\u00fade do Servidor - SEMAD","isPartOf":{"@id":"https:\/\/www.manaus.am.gov.br\/semad\/#website"},"primaryImageOfPage":{"@id":"https:\/\/www.manaus.am.gov.br\/semad\/manausmed\/saude-do-servidor\/#primaryimage"},"image":{"@id":"https:\/\/www.manaus.am.gov.br\/semad\/manausmed\/saude-do-servidor\/#primaryimage"},"thumbnailUrl":"https:\/\/www.manaus.am.gov.br\/semad\/wp-content\/uploads\/sites\/21\/2023\/05\/QR-CODE.jpg","datePublished":"2023-05-15T21:06:57+00:00","dateModified":"2026-02-19T13:59:39+00:00","breadcrumb":{"@id":"https:\/\/www.manaus.am.gov.br\/semad\/manausmed\/saude-do-servidor\/#breadcrumb"},"inLanguage":"pt-BR","potentialAction":[{"@type":"ReadAction","target":["https:\/\/www.manaus.am.gov.br\/semad\/manausmed\/saude-do-servidor\/"]}]},{"@type":"ImageObject","inLanguage":"pt-BR","@id":"https:\/\/www.manaus.am.gov.br\/semad\/manausmed\/saude-do-servidor\/#primaryimage","url":"https:\/\/www.manaus.am.gov.br\/semad\/wp-content\/uploads\/sites\/21\/2023\/05\/QR-CODE.jpg","contentUrl":"https:\/\/www.manaus.am.gov.br\/semad\/wp-content\/uploads\/sites\/21\/2023\/05\/QR-CODE.jpg","width":270,"height":270},{"@type":"BreadcrumbList","@id":"https:\/\/www.manaus.am.gov.br\/semad\/manausmed\/saude-do-servidor\/#breadcrumb","itemListElement":[{"@type":"ListItem","position":1,"name":"Home","item":"https:\/\/www.manaus.am.gov.br\/semad\/"},{"@type":"ListItem","position":2,"name":"MANAUSMED","item":"https:\/\/www.manaus.am.gov.br\/semad\/manausmed\/"},{"@type":"ListItem","position":3,"name":"Sa\u00fade do Servidor"}]},{"@type":"WebSite","@id":"https:\/\/www.manaus.am.gov.br\/semad\/#website","url":"https:\/\/www.manaus.am.gov.br\/semad\/","name":"SEMAD","description":"Prefeitura de Manaus","publisher":{"@id":"https:\/\/www.manaus.am.gov.br\/semad\/#organization"},"alternateName":"Secretaria Municipal de Administra\u00e7\u00e3o, Planejamento e Gest\u00e3o","potentialAction":[{"@type":"SearchAction","target":{"@type":"EntryPoint","urlTemplate":"https:\/\/www.manaus.am.gov.br\/semad\/?s={search_term_string}"},"query-input":"required name=search_term_string"}],"inLanguage":"pt-BR"},{"@type":"Organization","@id":"https:\/\/www.manaus.am.gov.br\/semad\/#organization","name":"Prefeitura Municipal de Manaus","alternateName":"Prefeitura de Manaus","url":"https:\/\/www.manaus.am.gov.br\/semad\/","logo":{"@type":"ImageObject","inLanguage":"pt-BR","@id":"https:\/\/www.manaus.am.gov.br\/semad\/#\/schema\/logo\/image\/","url":"https:\/\/www.manaus.am.gov.br\/semad\/wp-content\/uploads\/sites\/21\/2024\/07\/favicon.png","contentUrl":"https:\/\/www.manaus.am.gov.br\/semad\/wp-content\/uploads\/sites\/21\/2024\/07\/favicon.png","width":300,"height":300,"caption":"Prefeitura Municipal de Manaus"},"image":{"@id":"https:\/\/www.manaus.am.gov.br\/semad\/#\/schema\/logo\/image\/"}}]}},"_links":{"self":[{"href":"https:\/\/www.manaus.am.gov.br\/semad\/wp-json\/wp\/v2\/pages\/284"}],"collection":[{"href":"https:\/\/www.manaus.am.gov.br\/semad\/wp-json\/wp\/v2\/pages"}],"about":[{"href":"https:\/\/www.manaus.am.gov.br\/semad\/wp-json\/wp\/v2\/types\/page"}],"author":[{"embeddable":true,"href":"https:\/\/www.manaus.am.gov.br\/semad\/wp-json\/wp\/v2\/users\/27"}],"replies":[{"embeddable":true,"href":"https:\/\/www.manaus.am.gov.br\/semad\/wp-json\/wp\/v2\/comments?post=284"}],"version-history":[{"count":14,"href":"https:\/\/www.manaus.am.gov.br\/semad\/wp-json\/wp\/v2\/pages\/284\/revisions"}],"predecessor-version":[{"id":2659,"href":"https:\/\/www.manaus.am.gov.br\/semad\/wp-json\/wp\/v2\/pages\/284\/revisions\/2659"}],"up":[{"embeddable":true,"href":"https:\/\/www.manaus.am.gov.br\/semad\/wp-json\/wp\/v2\/pages\/258"}],"wp:attachment":[{"href":"https:\/\/www.manaus.am.gov.br\/semad\/wp-json\/wp\/v2\/media?parent=284"}],"curies":[{"name":"wp","href":"https:\/\/api.w.org\/{rel}","templated":true}]}}