{"id":2037,"date":"2025-08-19T12:04:08","date_gmt":"2025-08-19T16:04:08","guid":{"rendered":"https:\/\/www.manaus.am.gov.br\/semad\/?page_id=2037"},"modified":"2025-08-19T12:07:58","modified_gmt":"2025-08-19T16:07:58","slug":"equipe-espi","status":"publish","type":"page","link":"https:\/\/www.manaus.am.gov.br\/semad\/espi\/equipe-espi\/","title":{"rendered":"Equipe"},"content":{"rendered":"","protected":false},"excerpt":{"rendered":"","protected":false},"author":8,"featured_media":0,"parent":186,"menu_order":0,"comment_status":"closed","ping_status":"closed","template":"templates\/turismo.php","meta":{"footnotes":""},"acf":[],"yoast_head":"<!-- This site is optimized with the Yoast SEO plugin v23.0 - https:\/\/yoast.com\/wordpress\/plugins\/seo\/ -->\n<title>Equipe - SEMAD<\/title>\n<meta name=\"robots\" content=\"noindex, follow\" \/>\n<meta property=\"og:locale\" content=\"pt_BR\" \/>\n<meta property=\"og:type\" content=\"article\" \/>\n<meta property=\"og:title\" content=\"Equipe - SEMAD\" \/>\n<meta property=\"og:url\" content=\"https:\/\/www.manaus.am.gov.br\/semad\/espi\/equipe-espi\/\" \/>\n<meta property=\"og:site_name\" content=\"SEMAD\" \/>\n<meta property=\"article:modified_time\" content=\"2025-08-19T16:07:58+00:00\" \/>\n<meta property=\"og:image\" content=\"https:\/\/www.manaus.am.gov.br\/semad\/wp-content\/uploads\/sites\/21\/2024\/07\/thumb-default-2.png\" \/>\n\t<meta property=\"og:image:width\" content=\"966\" \/>\n\t<meta property=\"og:image:height\" content=\"520\" \/>\n\t<meta property=\"og:image:type\" content=\"image\/png\" \/>\n<meta name=\"twitter:card\" content=\"summary_large_image\" \/>\n<script type=\"application\/ld+json\" class=\"yoast-schema-graph\">{\"@context\":\"https:\/\/schema.org\",\"@graph\":[{\"@type\":\"WebPage\",\"@id\":\"https:\/\/www.manaus.am.gov.br\/semad\/espi\/equipe-espi\/\",\"url\":\"https:\/\/www.manaus.am.gov.br\/semad\/espi\/equipe-espi\/\",\"name\":\"Equipe - SEMAD\",\"isPartOf\":{\"@id\":\"https:\/\/www.manaus.am.gov.br\/semad\/#website\"},\"datePublished\":\"2025-08-19T16:04:08+00:00\",\"dateModified\":\"2025-08-19T16:07:58+00:00\",\"breadcrumb\":{\"@id\":\"https:\/\/www.manaus.am.gov.br\/semad\/espi\/equipe-espi\/#breadcrumb\"},\"inLanguage\":\"pt-BR\",\"potentialAction\":[{\"@type\":\"ReadAction\",\"target\":[\"https:\/\/www.manaus.am.gov.br\/semad\/espi\/equipe-espi\/\"]}]},{\"@type\":\"BreadcrumbList\",\"@id\":\"https:\/\/www.manaus.am.gov.br\/semad\/espi\/equipe-espi\/#breadcrumb\",\"itemListElement\":[{\"@type\":\"ListItem\",\"position\":1,\"name\":\"Home\",\"item\":\"https:\/\/www.manaus.am.gov.br\/semad\/\"},{\"@type\":\"ListItem\",\"position\":2,\"name\":\"ESPI\",\"item\":\"https:\/\/www.manaus.am.gov.br\/semad\/espi\/\"},{\"@type\":\"ListItem\",\"position\":3,\"name\":\"Equipe\"}]},{\"@type\":\"WebSite\",\"@id\":\"https:\/\/www.manaus.am.gov.br\/semad\/#website\",\"url\":\"https:\/\/www.manaus.am.gov.br\/semad\/\",\"name\":\"SEMAD\",\"description\":\"Prefeitura de Manaus\",\"publisher\":{\"@id\":\"https:\/\/www.manaus.am.gov.br\/semad\/#organization\"},\"alternateName\":\"Secretaria Municipal de Administra\u00e7\u00e3o, Planejamento e Gest\u00e3o\",\"potentialAction\":[{\"@type\":\"SearchAction\",\"target\":{\"@type\":\"EntryPoint\",\"urlTemplate\":\"https:\/\/www.manaus.am.gov.br\/semad\/?s={search_term_string}\"},\"query-input\":\"required name=search_term_string\"}],\"inLanguage\":\"pt-BR\"},{\"@type\":\"Organization\",\"@id\":\"https:\/\/www.manaus.am.gov.br\/semad\/#organization\",\"name\":\"Prefeitura Municipal de Manaus\",\"alternateName\":\"Prefeitura de Manaus\",\"url\":\"https:\/\/www.manaus.am.gov.br\/semad\/\",\"logo\":{\"@type\":\"ImageObject\",\"inLanguage\":\"pt-BR\",\"@id\":\"https:\/\/www.manaus.am.gov.br\/semad\/#\/schema\/logo\/image\/\",\"url\":\"https:\/\/www.manaus.am.gov.br\/semad\/wp-content\/uploads\/sites\/21\/2024\/07\/favicon.png\",\"contentUrl\":\"https:\/\/www.manaus.am.gov.br\/semad\/wp-content\/uploads\/sites\/21\/2024\/07\/favicon.png\",\"width\":300,\"height\":300,\"caption\":\"Prefeitura Municipal de Manaus\"},\"image\":{\"@id\":\"https:\/\/www.manaus.am.gov.br\/semad\/#\/schema\/logo\/image\/\"}}]}<\/script>\n<!-- \/ Yoast SEO plugin. -->","yoast_head_json":{"title":"Equipe - SEMAD","robots":{"index":"noindex","follow":"follow"},"og_locale":"pt_BR","og_type":"article","og_title":"Equipe - SEMAD","og_url":"https:\/\/www.manaus.am.gov.br\/semad\/espi\/equipe-espi\/","og_site_name":"SEMAD","article_modified_time":"2025-08-19T16:07:58+00:00","og_image":[{"width":966,"height":520,"url":"https:\/\/www.manaus.am.gov.br\/semad\/wp-content\/uploads\/sites\/21\/2024\/07\/thumb-default-2.png","type":"image\/png"}],"twitter_card":"summary_large_image","schema":{"@context":"https:\/\/schema.org","@graph":[{"@type":"WebPage","@id":"https:\/\/www.manaus.am.gov.br\/semad\/espi\/equipe-espi\/","url":"https:\/\/www.manaus.am.gov.br\/semad\/espi\/equipe-espi\/","name":"Equipe - SEMAD","isPartOf":{"@id":"https:\/\/www.manaus.am.gov.br\/semad\/#website"},"datePublished":"2025-08-19T16:04:08+00:00","dateModified":"2025-08-19T16:07:58+00:00","breadcrumb":{"@id":"https:\/\/www.manaus.am.gov.br\/semad\/espi\/equipe-espi\/#breadcrumb"},"inLanguage":"pt-BR","potentialAction":[{"@type":"ReadAction","target":["https:\/\/www.manaus.am.gov.br\/semad\/espi\/equipe-espi\/"]}]},{"@type":"BreadcrumbList","@id":"https:\/\/www.manaus.am.gov.br\/semad\/espi\/equipe-espi\/#breadcrumb","itemListElement":[{"@type":"ListItem","position":1,"name":"Home","item":"https:\/\/www.manaus.am.gov.br\/semad\/"},{"@type":"ListItem","position":2,"name":"ESPI","item":"https:\/\/www.manaus.am.gov.br\/semad\/espi\/"},{"@type":"ListItem","position":3,"name":"Equipe"}]},{"@type":"WebSite","@id":"https:\/\/www.manaus.am.gov.br\/semad\/#website","url":"https:\/\/www.manaus.am.gov.br\/semad\/","name":"SEMAD","description":"Prefeitura de Manaus","publisher":{"@id":"https:\/\/www.manaus.am.gov.br\/semad\/#organization"},"alternateName":"Secretaria Municipal de Administra\u00e7\u00e3o, Planejamento e Gest\u00e3o","potentialAction":[{"@type":"SearchAction","target":{"@type":"EntryPoint","urlTemplate":"https:\/\/www.manaus.am.gov.br\/semad\/?s={search_term_string}"},"query-input":"required name=search_term_string"}],"inLanguage":"pt-BR"},{"@type":"Organization","@id":"https:\/\/www.manaus.am.gov.br\/semad\/#organization","name":"Prefeitura Municipal de Manaus","alternateName":"Prefeitura de Manaus","url":"https:\/\/www.manaus.am.gov.br\/semad\/","logo":{"@type":"ImageObject","inLanguage":"pt-BR","@id":"https:\/\/www.manaus.am.gov.br\/semad\/#\/schema\/logo\/image\/","url":"https:\/\/www.manaus.am.gov.br\/semad\/wp-content\/uploads\/sites\/21\/2024\/07\/favicon.png","contentUrl":"https:\/\/www.manaus.am.gov.br\/semad\/wp-content\/uploads\/sites\/21\/2024\/07\/favicon.png","width":300,"height":300,"caption":"Prefeitura Municipal de Manaus"},"image":{"@id":"https:\/\/www.manaus.am.gov.br\/semad\/#\/schema\/logo\/image\/"}}]}},"_links":{"self":[{"href":"https:\/\/www.manaus.am.gov.br\/semad\/wp-json\/wp\/v2\/pages\/2037"}],"collection":[{"href":"https:\/\/www.manaus.am.gov.br\/semad\/wp-json\/wp\/v2\/pages"}],"about":[{"href":"https:\/\/www.manaus.am.gov.br\/semad\/wp-json\/wp\/v2\/types\/page"}],"author":[{"embeddable":true,"href":"https:\/\/www.manaus.am.gov.br\/semad\/wp-json\/wp\/v2\/users\/8"}],"replies":[{"embeddable":true,"href":"https:\/\/www.manaus.am.gov.br\/semad\/wp-json\/wp\/v2\/comments?post=2037"}],"version-history":[{"count":2,"href":"https:\/\/www.manaus.am.gov.br\/semad\/wp-json\/wp\/v2\/pages\/2037\/revisions"}],"predecessor-version":[{"id":2042,"href":"https:\/\/www.manaus.am.gov.br\/semad\/wp-json\/wp\/v2\/pages\/2037\/revisions\/2042"}],"up":[{"embeddable":true,"href":"https:\/\/www.manaus.am.gov.br\/semad\/wp-json\/wp\/v2\/pages\/186"}],"wp:attachment":[{"href":"https:\/\/www.manaus.am.gov.br\/semad\/wp-json\/wp\/v2\/media?parent=2037"}],"curies":[{"name":"wp","href":"https:\/\/api.w.org\/{rel}","templated":true}]}}