{"id":191,"date":"2023-05-15T09:39:11","date_gmt":"2023-05-15T13:39:11","guid":{"rendered":"https:\/\/www.manaus.am.gov.br\/semad\/?page_id=191"},"modified":"2023-05-19T16:19:40","modified_gmt":"2023-05-19T20:19:40","slug":"programas","status":"publish","type":"page","link":"https:\/\/www.manaus.am.gov.br\/semad\/espi\/programas\/","title":{"rendered":"Programas"},"content":{"rendered":"\n<h2 class=\"wp-block-heading\">BOLSA IDIOMAS <\/h2>\n\n\n\n<p>O Bolsa Idiomas (PBI) \u00e9 um programa de inclus\u00e3o socioeducacional da Prefeitura de Manaus destinado \u00e0 concess\u00e3o de bolsas de estudos integrais (100%) e parciais (75% e 50%) em cursos de l\u00edngua estrangeira \u2013 ingl\u00eas e espanhol \u2013 oferecidos por institui\u00e7\u00f5es de ensino participantes do programa. Em tr\u00eas anos, foram realizados seis processos seletivos, no que incluiu a prepara\u00e7\u00e3o da cidade de Manaus para a Copa do Mundo FIFA de 2014, sendo a cidade, inclusive, escolhida como uma das melhores subsedes do evento. Para as Olimp\u00edadas, as atividades continuam na busca da consolida\u00e7\u00e3o do programa.<\/p>\n\n\n\n<h2 class=\"wp-block-heading\"><a href=\"https:\/\/www.manaus.am.gov.br\/semad\/bolsa-idiomas\/acesso-aos-portais\/\">Acesso aos Portais<\/a><\/h2>\n\n\n\n<h2 class=\"wp-block-heading\"><a href=\"https:\/\/www.manaus.am.gov.br\/semad\/bolsa-idiomas\/contrapartidas\/\">Contrapartidas<\/a><\/h2>\n\n\n\n<h2 class=\"wp-block-heading\"><a href=\"https:\/\/www.manaus.am.gov.br\/semad\/bolsa-idiomas\/legislacao\/\">Legisla\u00e7\u00e3o<\/a><\/h2>\n\n\n\n<h2 class=\"wp-block-heading\"><a href=\"https:\/\/www.manaus.am.gov.br\/semad\/bolsa-idiomas\/instituicoes-parceiras\/\">Institui\u00e7\u00f5es Parceiras<\/a><\/h2>\n\n\n\n<div style=\"height:45px\" aria-hidden=\"true\" class=\"wp-block-spacer\"><\/div>\n\n\n\n<h2 class=\"wp-block-heading\" id=\"bolsa-pos-graduacao\">BOLSA P\u00d3S-GRADUA\u00c7\u00c3O<\/h2>\n\n\n\n<p>O Bolsa P\u00f3s-Gradua\u00e7\u00e3o (PBPG), da Prefeitura de Manaus, \u00e9 um programa de inclus\u00e3o socioeducacional que visa atender estudantes de baixa renda por meio da concess\u00e3o de benef\u00edcios integrais (100%) e parciais (75% e 50%) em cursos de especializa\u00e7\u00e3o lato sensu na modalidade de ensino presencial. O PBPG surgiu para atender aos estudantes que, comprovadamente, n\u00e3o tenham condi\u00e7\u00f5es de custear seus estudos em Institui\u00e7\u00f5es de Ensino Superior (IES) privadas e estabelecidas na cidade de Manaus.<\/p>\n\n\n\n<h2 class=\"wp-block-heading\"><a href=\"https:\/\/www.manaus.am.gov.br\/semad\/bolsa-pos-graduacao\/acesso-aos-portais\/\">Acesso aos Portais<\/a><\/h2>\n\n\n\n<h2 class=\"wp-block-heading\"><a href=\"https:\/\/www.manaus.am.gov.br\/semad\/bolsa-pos-graduacao\/contrapartidas\/\">Contrapartidas<\/a><\/h2>\n\n\n\n<h2 class=\"wp-block-heading\"><a href=\"https:\/\/www.manaus.am.gov.br\/semad\/bolsa-pos-graduacao\/legislacao\/\">Legisla\u00e7\u00e3o<\/a><\/h2>\n\n\n\n<h2 class=\"wp-block-heading\"><a href=\"https:\/\/www.manaus.am.gov.br\/semad\/bolsa-pos-graduacao\/instituicoes-parceiras\/\">Institui\u00e7\u00f5es Parceiras<\/a><\/h2>\n\n\n\n<div style=\"height:45px\" aria-hidden=\"true\" class=\"wp-block-spacer\"><\/div>\n\n\n\n<h2 class=\"wp-block-heading\" id=\"bolsa-universidade\">BOLSA UNIVERSIDADE<\/h2>\n\n\n\n<p>O Programa Bolsa Universidade da Prefeitura Municipal de Manaus \u00e9 um Programa Socioeducacional,  com a finalidade de conceder bolsas de estudo Integrais (100%) e Parciais de 75% (setenta e cinco por cento) e 50% (cinquenta por cento) do valor das mensalidades dos cursos de gradua\u00e7\u00e3o e sequenciais de forma\u00e7\u00e3o espec\u00edfica, a estudantes de baixa renda, comprovadamente sem condi\u00e7\u00f5es de custear seus estudos, em Institui\u00e7\u00f5es Particulares de Ensino Superior, estabelecidas na cidade de Manaus.<\/p>\n\n\n\n<h2 class=\"wp-block-heading\"><a href=\"https:\/\/www.manaus.am.gov.br\/semad\/bolsa-universidade\/acesso-aos-portais\/\">Acesso aos Portais<\/a><\/h2>\n\n\n\n<h2 class=\"wp-block-heading\"><a href=\"https:\/\/www.manaus.am.gov.br\/semad\/bolsa-universidade\/contrapartidas\/\">Contrapartidas<\/a><\/h2>\n\n\n\n<h2 class=\"wp-block-heading\"><a href=\"https:\/\/www.manaus.am.gov.br\/semad\/bolsa-universidade\/legislacao\/\">Legisla\u00e7\u00e3o<\/a><\/h2>\n\n\n\n<h2 class=\"wp-block-heading\"><a href=\"https:\/\/www.manaus.am.gov.br\/semad\/bolsa-universidade\/instituicoes-parceiras\/\">Institui\u00e7\u00f5es Parceiras<\/a><\/h2>\n","protected":false},"excerpt":{"rendered":"","protected":false},"author":27,"featured_media":0,"parent":186,"menu_order":1,"comment_status":"closed","ping_status":"closed","template":"templates\/turismo.php","meta":{"footnotes":""},"acf":[],"yoast_head":"<!-- This site is optimized with the Yoast SEO plugin v23.0 - https:\/\/yoast.com\/wordpress\/plugins\/seo\/ -->\n<title>Programas - SEMAD<\/title>\n<meta name=\"robots\" content=\"noindex, follow\" \/>\n<meta property=\"og:locale\" content=\"pt_BR\" \/>\n<meta property=\"og:type\" content=\"article\" \/>\n<meta property=\"og:title\" content=\"Programas - SEMAD\" \/>\n<meta property=\"og:url\" content=\"https:\/\/www.manaus.am.gov.br\/semad\/espi\/programas\/\" \/>\n<meta property=\"og:site_name\" content=\"SEMAD\" \/>\n<meta property=\"article:modified_time\" content=\"2023-05-19T20:19:40+00:00\" \/>\n<meta property=\"og:image\" content=\"https:\/\/www.manaus.am.gov.br\/semad\/wp-content\/uploads\/sites\/21\/2024\/07\/thumb-default-2.png\" \/>\n\t<meta property=\"og:image:width\" content=\"966\" \/>\n\t<meta property=\"og:image:height\" content=\"520\" \/>\n\t<meta property=\"og:image:type\" content=\"image\/png\" \/>\n<meta name=\"twitter:card\" content=\"summary_large_image\" \/>\n<meta name=\"twitter:label1\" content=\"Est. reading time\" \/>\n\t<meta name=\"twitter:data1\" content=\"2 minutos\" \/>\n<script type=\"application\/ld+json\" class=\"yoast-schema-graph\">{\"@context\":\"https:\/\/schema.org\",\"@graph\":[{\"@type\":\"WebPage\",\"@id\":\"https:\/\/www.manaus.am.gov.br\/semad\/espi\/programas\/\",\"url\":\"https:\/\/www.manaus.am.gov.br\/semad\/espi\/programas\/\",\"name\":\"Programas - SEMAD\",\"isPartOf\":{\"@id\":\"https:\/\/www.manaus.am.gov.br\/semad\/#website\"},\"datePublished\":\"2023-05-15T13:39:11+00:00\",\"dateModified\":\"2023-05-19T20:19:40+00:00\",\"breadcrumb\":{\"@id\":\"https:\/\/www.manaus.am.gov.br\/semad\/espi\/programas\/#breadcrumb\"},\"inLanguage\":\"pt-BR\",\"potentialAction\":[{\"@type\":\"ReadAction\",\"target\":[\"https:\/\/www.manaus.am.gov.br\/semad\/espi\/programas\/\"]}]},{\"@type\":\"BreadcrumbList\",\"@id\":\"https:\/\/www.manaus.am.gov.br\/semad\/espi\/programas\/#breadcrumb\",\"itemListElement\":[{\"@type\":\"ListItem\",\"position\":1,\"name\":\"Home\",\"item\":\"https:\/\/www.manaus.am.gov.br\/semad\/\"},{\"@type\":\"ListItem\",\"position\":2,\"name\":\"ESPI\",\"item\":\"https:\/\/www.manaus.am.gov.br\/semad\/espi\/\"},{\"@type\":\"ListItem\",\"position\":3,\"name\":\"Programas\"}]},{\"@type\":\"WebSite\",\"@id\":\"https:\/\/www.manaus.am.gov.br\/semad\/#website\",\"url\":\"https:\/\/www.manaus.am.gov.br\/semad\/\",\"name\":\"SEMAD\",\"description\":\"Prefeitura de Manaus\",\"publisher\":{\"@id\":\"https:\/\/www.manaus.am.gov.br\/semad\/#organization\"},\"alternateName\":\"Secretaria Municipal de Administra\u00e7\u00e3o, Planejamento e Gest\u00e3o\",\"potentialAction\":[{\"@type\":\"SearchAction\",\"target\":{\"@type\":\"EntryPoint\",\"urlTemplate\":\"https:\/\/www.manaus.am.gov.br\/semad\/?s={search_term_string}\"},\"query-input\":\"required name=search_term_string\"}],\"inLanguage\":\"pt-BR\"},{\"@type\":\"Organization\",\"@id\":\"https:\/\/www.manaus.am.gov.br\/semad\/#organization\",\"name\":\"Prefeitura Municipal de Manaus\",\"alternateName\":\"Prefeitura de Manaus\",\"url\":\"https:\/\/www.manaus.am.gov.br\/semad\/\",\"logo\":{\"@type\":\"ImageObject\",\"inLanguage\":\"pt-BR\",\"@id\":\"https:\/\/www.manaus.am.gov.br\/semad\/#\/schema\/logo\/image\/\",\"url\":\"https:\/\/www.manaus.am.gov.br\/semad\/wp-content\/uploads\/sites\/21\/2024\/07\/favicon.png\",\"contentUrl\":\"https:\/\/www.manaus.am.gov.br\/semad\/wp-content\/uploads\/sites\/21\/2024\/07\/favicon.png\",\"width\":300,\"height\":300,\"caption\":\"Prefeitura Municipal de Manaus\"},\"image\":{\"@id\":\"https:\/\/www.manaus.am.gov.br\/semad\/#\/schema\/logo\/image\/\"}}]}<\/script>\n<!-- \/ Yoast SEO plugin. -->","yoast_head_json":{"title":"Programas - SEMAD","robots":{"index":"noindex","follow":"follow"},"og_locale":"pt_BR","og_type":"article","og_title":"Programas - SEMAD","og_url":"https:\/\/www.manaus.am.gov.br\/semad\/espi\/programas\/","og_site_name":"SEMAD","article_modified_time":"2023-05-19T20:19:40+00:00","og_image":[{"width":966,"height":520,"url":"https:\/\/www.manaus.am.gov.br\/semad\/wp-content\/uploads\/sites\/21\/2024\/07\/thumb-default-2.png","type":"image\/png"}],"twitter_card":"summary_large_image","twitter_misc":{"Est. reading time":"2 minutos"},"schema":{"@context":"https:\/\/schema.org","@graph":[{"@type":"WebPage","@id":"https:\/\/www.manaus.am.gov.br\/semad\/espi\/programas\/","url":"https:\/\/www.manaus.am.gov.br\/semad\/espi\/programas\/","name":"Programas - SEMAD","isPartOf":{"@id":"https:\/\/www.manaus.am.gov.br\/semad\/#website"},"datePublished":"2023-05-15T13:39:11+00:00","dateModified":"2023-05-19T20:19:40+00:00","breadcrumb":{"@id":"https:\/\/www.manaus.am.gov.br\/semad\/espi\/programas\/#breadcrumb"},"inLanguage":"pt-BR","potentialAction":[{"@type":"ReadAction","target":["https:\/\/www.manaus.am.gov.br\/semad\/espi\/programas\/"]}]},{"@type":"BreadcrumbList","@id":"https:\/\/www.manaus.am.gov.br\/semad\/espi\/programas\/#breadcrumb","itemListElement":[{"@type":"ListItem","position":1,"name":"Home","item":"https:\/\/www.manaus.am.gov.br\/semad\/"},{"@type":"ListItem","position":2,"name":"ESPI","item":"https:\/\/www.manaus.am.gov.br\/semad\/espi\/"},{"@type":"ListItem","position":3,"name":"Programas"}]},{"@type":"WebSite","@id":"https:\/\/www.manaus.am.gov.br\/semad\/#website","url":"https:\/\/www.manaus.am.gov.br\/semad\/","name":"SEMAD","description":"Prefeitura de Manaus","publisher":{"@id":"https:\/\/www.manaus.am.gov.br\/semad\/#organization"},"alternateName":"Secretaria Municipal de Administra\u00e7\u00e3o, Planejamento e Gest\u00e3o","potentialAction":[{"@type":"SearchAction","target":{"@type":"EntryPoint","urlTemplate":"https:\/\/www.manaus.am.gov.br\/semad\/?s={search_term_string}"},"query-input":"required name=search_term_string"}],"inLanguage":"pt-BR"},{"@type":"Organization","@id":"https:\/\/www.manaus.am.gov.br\/semad\/#organization","name":"Prefeitura Municipal de Manaus","alternateName":"Prefeitura de Manaus","url":"https:\/\/www.manaus.am.gov.br\/semad\/","logo":{"@type":"ImageObject","inLanguage":"pt-BR","@id":"https:\/\/www.manaus.am.gov.br\/semad\/#\/schema\/logo\/image\/","url":"https:\/\/www.manaus.am.gov.br\/semad\/wp-content\/uploads\/sites\/21\/2024\/07\/favicon.png","contentUrl":"https:\/\/www.manaus.am.gov.br\/semad\/wp-content\/uploads\/sites\/21\/2024\/07\/favicon.png","width":300,"height":300,"caption":"Prefeitura Municipal de Manaus"},"image":{"@id":"https:\/\/www.manaus.am.gov.br\/semad\/#\/schema\/logo\/image\/"}}]}},"_links":{"self":[{"href":"https:\/\/www.manaus.am.gov.br\/semad\/wp-json\/wp\/v2\/pages\/191"}],"collection":[{"href":"https:\/\/www.manaus.am.gov.br\/semad\/wp-json\/wp\/v2\/pages"}],"about":[{"href":"https:\/\/www.manaus.am.gov.br\/semad\/wp-json\/wp\/v2\/types\/page"}],"author":[{"embeddable":true,"href":"https:\/\/www.manaus.am.gov.br\/semad\/wp-json\/wp\/v2\/users\/27"}],"replies":[{"embeddable":true,"href":"https:\/\/www.manaus.am.gov.br\/semad\/wp-json\/wp\/v2\/comments?post=191"}],"version-history":[{"count":28,"href":"https:\/\/www.manaus.am.gov.br\/semad\/wp-json\/wp\/v2\/pages\/191\/revisions"}],"predecessor-version":[{"id":550,"href":"https:\/\/www.manaus.am.gov.br\/semad\/wp-json\/wp\/v2\/pages\/191\/revisions\/550"}],"up":[{"embeddable":true,"href":"https:\/\/www.manaus.am.gov.br\/semad\/wp-json\/wp\/v2\/pages\/186"}],"wp:attachment":[{"href":"https:\/\/www.manaus.am.gov.br\/semad\/wp-json\/wp\/v2\/media?parent=191"}],"curies":[{"name":"wp","href":"https:\/\/api.w.org\/{rel}","templated":true}]}}