{"id":1312,"date":"2024-04-08T11:14:55","date_gmt":"2024-04-08T15:14:55","guid":{"rendered":"https:\/\/www.manaus.am.gov.br\/semad\/?page_id=1312"},"modified":"2026-02-19T10:20:47","modified_gmt":"2026-02-19T14:20:47","slug":"inscricao-de-dependentes","status":"publish","type":"page","link":"https:\/\/www.manaus.am.gov.br\/semad\/manausmed\/inscricao-de-dependentes\/","title":{"rendered":"Inscri\u00e7\u00e3o de Dependentes"},"content":{"rendered":"\n<p><strong>Documentos necess\u00e1rios para inscri\u00e7\u00e3o (Original e C\u00f3pia):<\/strong><\/p>\n\n\n\n<p><strong>1.Inscri\u00e7\u00e3o Dependente Filho menor de 18 anos<\/strong><br>Certid\u00e3o de Nascimento ou RG.<\/p>\n\n\n\n<ul>\n<li>\u00daltimo Contra-cheque<\/li>\n\n\n\n<li>Carteira de Identidade<\/li>\n\n\n\n<li>CPF<\/li>\n\n\n\n<li>Comprovante de resid\u00eancia (\u00c1gua, Luz ou Telefone Fixo \u2013 Atualizado)<\/li>\n\n\n\n<li>Em caso de Servidor Tempor\u00e1rio acrescentar: declara\u00e7\u00e3o de contrato atualizada com data de termino do mesmo.<\/li>\n<\/ul>\n\n\n\n<p><strong>2.Inscri\u00e7\u00e3o de Dependente Menor Tutelado<\/strong><\/p>\n\n\n\n<ul>\n<li>Certid\u00e3o de Nascimento (at\u00e9 13 anos) ou RG\/CPF;<\/li>\n\n\n\n<li>Tutela Judicial ou sob Guarda Judicial;<\/li>\n\n\n\n<li>Declara\u00e7\u00f5es do <a href=\"https:\/\/meu.inss.gov.br\/#\/login\" target=\"_blank\" rel=\"noreferrer noopener\">INSS<\/a>, <a href=\"https:\/\/www.portaldosegurado.am.gov.br\/declaracao\/\">AMAZONPREV<\/a> e <a href=\"https:\/\/sisprev.manaus.am.gov.br\/portal\/login\">MANAUSPREV<\/a> da exist\u00eancia\/inexist\u00eancia de benef\u00edcios em nome do dependente.<\/li>\n\n\n\n<li>Imposto de Renda, no qual conste o nome do tutelado(a).<\/li>\n<\/ul>\n\n\n\n<p><em><strong>*Acrescentar tamb\u00e9m documentos do Titular (Original e C\u00f3pia)<\/strong><\/em><\/p>\n\n\n\n<ul>\n<li>\u00daltimo Contra-cheque<\/li>\n\n\n\n<li>Carteira de Identidade<\/li>\n\n\n\n<li>CPF<\/li>\n\n\n\n<li>Comprovante de resid\u00eancia (\u00c1gua, Luz ou Telefone Fixo \u2013 Atualizado)<\/li>\n<\/ul>\n\n\n\n<p>Em caso de Servidor Tempor\u00e1rio acrescentar: declara\u00e7\u00e3o de contrato atualizada com data de termino do mesmo.<\/p>\n\n\n\n<p><strong>3.Inscri\u00e7\u00e3o de Dependente Maior Inv\u00e1lido Filho<\/strong><\/p>\n\n\n\n<ul>\n<li>Certid\u00e3o de nascimento ou RG<\/li>\n\n\n\n<li>Laudo M\u00e9dico atualizado<\/li>\n<\/ul>\n\n\n\n<p><em><strong>*Acrescentar tamb\u00e9m documentos do Titular (Original e C\u00f3pia)<\/strong><\/em><\/p>\n\n\n\n<ul>\n<li>\u00daltimo Contra-cheque<\/li>\n\n\n\n<li>Carteira de Identidade<\/li>\n\n\n\n<li>CPF<\/li>\n\n\n\n<li>Comprovante de resid\u00eancia (\u00c1gua, Luz ou Telefone Fixo \u2013 Atualizado)<\/li>\n<\/ul>\n\n\n\n<p>Em caso de Servidor Tempor\u00e1rio acrescentar: declara\u00e7\u00e3o de contrato atualizada com data de termino do mesmo.<\/p>\n\n\n\n<p>Informa\u00e7\u00f5es Adicionais Atrav\u00e9s do Whatsapp (92) 98842-2923 \/ (92) 98842-5814.<\/p>\n","protected":false},"excerpt":{"rendered":"","protected":false},"author":8,"featured_media":0,"parent":258,"menu_order":0,"comment_status":"closed","ping_status":"closed","template":"","meta":{"footnotes":""},"acf":[],"yoast_head":"<!-- This site is optimized with the Yoast SEO plugin v23.0 - https:\/\/yoast.com\/wordpress\/plugins\/seo\/ -->\n<title>Inscri\u00e7\u00e3o de Dependentes - SEMAD<\/title>\n<meta name=\"robots\" content=\"noindex, follow\" \/>\n<meta property=\"og:locale\" content=\"pt_BR\" \/>\n<meta property=\"og:type\" content=\"article\" \/>\n<meta property=\"og:title\" content=\"Inscri\u00e7\u00e3o de Dependentes - SEMAD\" \/>\n<meta property=\"og:url\" content=\"https:\/\/www.manaus.am.gov.br\/semad\/manausmed\/inscricao-de-dependentes\/\" \/>\n<meta property=\"og:site_name\" content=\"SEMAD\" \/>\n<meta property=\"article:modified_time\" content=\"2026-02-19T14:20:47+00:00\" \/>\n<meta property=\"og:image\" content=\"https:\/\/www.manaus.am.gov.br\/semad\/wp-content\/uploads\/sites\/21\/2024\/07\/thumb-default-2.png\" \/>\n\t<meta property=\"og:image:width\" content=\"966\" \/>\n\t<meta property=\"og:image:height\" content=\"520\" \/>\n\t<meta property=\"og:image:type\" content=\"image\/png\" \/>\n<meta name=\"twitter:card\" content=\"summary_large_image\" \/>\n<meta name=\"twitter:label1\" content=\"Est. reading time\" \/>\n\t<meta name=\"twitter:data1\" content=\"2 minutos\" \/>\n<script type=\"application\/ld+json\" class=\"yoast-schema-graph\">{\"@context\":\"https:\/\/schema.org\",\"@graph\":[{\"@type\":\"WebPage\",\"@id\":\"https:\/\/www.manaus.am.gov.br\/semad\/manausmed\/inscricao-de-dependentes\/\",\"url\":\"https:\/\/www.manaus.am.gov.br\/semad\/manausmed\/inscricao-de-dependentes\/\",\"name\":\"Inscri\u00e7\u00e3o de Dependentes - SEMAD\",\"isPartOf\":{\"@id\":\"https:\/\/www.manaus.am.gov.br\/semad\/#website\"},\"datePublished\":\"2024-04-08T15:14:55+00:00\",\"dateModified\":\"2026-02-19T14:20:47+00:00\",\"breadcrumb\":{\"@id\":\"https:\/\/www.manaus.am.gov.br\/semad\/manausmed\/inscricao-de-dependentes\/#breadcrumb\"},\"inLanguage\":\"pt-BR\",\"potentialAction\":[{\"@type\":\"ReadAction\",\"target\":[\"https:\/\/www.manaus.am.gov.br\/semad\/manausmed\/inscricao-de-dependentes\/\"]}]},{\"@type\":\"BreadcrumbList\",\"@id\":\"https:\/\/www.manaus.am.gov.br\/semad\/manausmed\/inscricao-de-dependentes\/#breadcrumb\",\"itemListElement\":[{\"@type\":\"ListItem\",\"position\":1,\"name\":\"Home\",\"item\":\"https:\/\/www.manaus.am.gov.br\/semad\/\"},{\"@type\":\"ListItem\",\"position\":2,\"name\":\"MANAUSMED\",\"item\":\"https:\/\/www.manaus.am.gov.br\/semad\/manausmed\/\"},{\"@type\":\"ListItem\",\"position\":3,\"name\":\"Inscri\u00e7\u00e3o de Dependentes\"}]},{\"@type\":\"WebSite\",\"@id\":\"https:\/\/www.manaus.am.gov.br\/semad\/#website\",\"url\":\"https:\/\/www.manaus.am.gov.br\/semad\/\",\"name\":\"SEMAD\",\"description\":\"Prefeitura de Manaus\",\"publisher\":{\"@id\":\"https:\/\/www.manaus.am.gov.br\/semad\/#organization\"},\"alternateName\":\"Secretaria Municipal de Administra\u00e7\u00e3o, Planejamento e Gest\u00e3o\",\"potentialAction\":[{\"@type\":\"SearchAction\",\"target\":{\"@type\":\"EntryPoint\",\"urlTemplate\":\"https:\/\/www.manaus.am.gov.br\/semad\/?s={search_term_string}\"},\"query-input\":\"required name=search_term_string\"}],\"inLanguage\":\"pt-BR\"},{\"@type\":\"Organization\",\"@id\":\"https:\/\/www.manaus.am.gov.br\/semad\/#organization\",\"name\":\"Prefeitura Municipal de Manaus\",\"alternateName\":\"Prefeitura de Manaus\",\"url\":\"https:\/\/www.manaus.am.gov.br\/semad\/\",\"logo\":{\"@type\":\"ImageObject\",\"inLanguage\":\"pt-BR\",\"@id\":\"https:\/\/www.manaus.am.gov.br\/semad\/#\/schema\/logo\/image\/\",\"url\":\"https:\/\/www.manaus.am.gov.br\/semad\/wp-content\/uploads\/sites\/21\/2024\/07\/favicon.png\",\"contentUrl\":\"https:\/\/www.manaus.am.gov.br\/semad\/wp-content\/uploads\/sites\/21\/2024\/07\/favicon.png\",\"width\":300,\"height\":300,\"caption\":\"Prefeitura Municipal de Manaus\"},\"image\":{\"@id\":\"https:\/\/www.manaus.am.gov.br\/semad\/#\/schema\/logo\/image\/\"}}]}<\/script>\n<!-- \/ Yoast SEO plugin. -->","yoast_head_json":{"title":"Inscri\u00e7\u00e3o de Dependentes - SEMAD","robots":{"index":"noindex","follow":"follow"},"og_locale":"pt_BR","og_type":"article","og_title":"Inscri\u00e7\u00e3o de Dependentes - SEMAD","og_url":"https:\/\/www.manaus.am.gov.br\/semad\/manausmed\/inscricao-de-dependentes\/","og_site_name":"SEMAD","article_modified_time":"2026-02-19T14:20:47+00:00","og_image":[{"width":966,"height":520,"url":"https:\/\/www.manaus.am.gov.br\/semad\/wp-content\/uploads\/sites\/21\/2024\/07\/thumb-default-2.png","type":"image\/png"}],"twitter_card":"summary_large_image","twitter_misc":{"Est. reading time":"2 minutos"},"schema":{"@context":"https:\/\/schema.org","@graph":[{"@type":"WebPage","@id":"https:\/\/www.manaus.am.gov.br\/semad\/manausmed\/inscricao-de-dependentes\/","url":"https:\/\/www.manaus.am.gov.br\/semad\/manausmed\/inscricao-de-dependentes\/","name":"Inscri\u00e7\u00e3o de Dependentes - SEMAD","isPartOf":{"@id":"https:\/\/www.manaus.am.gov.br\/semad\/#website"},"datePublished":"2024-04-08T15:14:55+00:00","dateModified":"2026-02-19T14:20:47+00:00","breadcrumb":{"@id":"https:\/\/www.manaus.am.gov.br\/semad\/manausmed\/inscricao-de-dependentes\/#breadcrumb"},"inLanguage":"pt-BR","potentialAction":[{"@type":"ReadAction","target":["https:\/\/www.manaus.am.gov.br\/semad\/manausmed\/inscricao-de-dependentes\/"]}]},{"@type":"BreadcrumbList","@id":"https:\/\/www.manaus.am.gov.br\/semad\/manausmed\/inscricao-de-dependentes\/#breadcrumb","itemListElement":[{"@type":"ListItem","position":1,"name":"Home","item":"https:\/\/www.manaus.am.gov.br\/semad\/"},{"@type":"ListItem","position":2,"name":"MANAUSMED","item":"https:\/\/www.manaus.am.gov.br\/semad\/manausmed\/"},{"@type":"ListItem","position":3,"name":"Inscri\u00e7\u00e3o de Dependentes"}]},{"@type":"WebSite","@id":"https:\/\/www.manaus.am.gov.br\/semad\/#website","url":"https:\/\/www.manaus.am.gov.br\/semad\/","name":"SEMAD","description":"Prefeitura de Manaus","publisher":{"@id":"https:\/\/www.manaus.am.gov.br\/semad\/#organization"},"alternateName":"Secretaria Municipal de Administra\u00e7\u00e3o, Planejamento e Gest\u00e3o","potentialAction":[{"@type":"SearchAction","target":{"@type":"EntryPoint","urlTemplate":"https:\/\/www.manaus.am.gov.br\/semad\/?s={search_term_string}"},"query-input":"required name=search_term_string"}],"inLanguage":"pt-BR"},{"@type":"Organization","@id":"https:\/\/www.manaus.am.gov.br\/semad\/#organization","name":"Prefeitura Municipal de Manaus","alternateName":"Prefeitura de Manaus","url":"https:\/\/www.manaus.am.gov.br\/semad\/","logo":{"@type":"ImageObject","inLanguage":"pt-BR","@id":"https:\/\/www.manaus.am.gov.br\/semad\/#\/schema\/logo\/image\/","url":"https:\/\/www.manaus.am.gov.br\/semad\/wp-content\/uploads\/sites\/21\/2024\/07\/favicon.png","contentUrl":"https:\/\/www.manaus.am.gov.br\/semad\/wp-content\/uploads\/sites\/21\/2024\/07\/favicon.png","width":300,"height":300,"caption":"Prefeitura Municipal de Manaus"},"image":{"@id":"https:\/\/www.manaus.am.gov.br\/semad\/#\/schema\/logo\/image\/"}}]}},"_links":{"self":[{"href":"https:\/\/www.manaus.am.gov.br\/semad\/wp-json\/wp\/v2\/pages\/1312"}],"collection":[{"href":"https:\/\/www.manaus.am.gov.br\/semad\/wp-json\/wp\/v2\/pages"}],"about":[{"href":"https:\/\/www.manaus.am.gov.br\/semad\/wp-json\/wp\/v2\/types\/page"}],"author":[{"embeddable":true,"href":"https:\/\/www.manaus.am.gov.br\/semad\/wp-json\/wp\/v2\/users\/8"}],"replies":[{"embeddable":true,"href":"https:\/\/www.manaus.am.gov.br\/semad\/wp-json\/wp\/v2\/comments?post=1312"}],"version-history":[{"count":2,"href":"https:\/\/www.manaus.am.gov.br\/semad\/wp-json\/wp\/v2\/pages\/1312\/revisions"}],"predecessor-version":[{"id":2667,"href":"https:\/\/www.manaus.am.gov.br\/semad\/wp-json\/wp\/v2\/pages\/1312\/revisions\/2667"}],"up":[{"embeddable":true,"href":"https:\/\/www.manaus.am.gov.br\/semad\/wp-json\/wp\/v2\/pages\/258"}],"wp:attachment":[{"href":"https:\/\/www.manaus.am.gov.br\/semad\/wp-json\/wp\/v2\/media?parent=1312"}],"curies":[{"name":"wp","href":"https:\/\/api.w.org\/{rel}","templated":true}]}}