{"id":459,"date":"2023-08-01T09:25:52","date_gmt":"2023-08-01T13:25:52","guid":{"rendered":"https:\/\/www.manaus.am.gov.br\/semacc\/?page_id=459"},"modified":"2025-06-26T15:29:06","modified_gmt":"2025-06-26T19:29:06","slug":"endereco","status":"publish","type":"page","link":"https:\/\/www.manaus.am.gov.br\/semacc\/semacc\/endereco\/","title":{"rendered":"Endere\u00e7o"},"content":{"rendered":"\n<p><strong>SECRETARIA MUNICIPAL DE AGRICULTURA, ABASTECIMENTO, CENTRO E COM\u00c9RCIO INFORMAL (SEMACC)<\/strong><\/p>\n\n\n\n<p><strong>Endere\u00e7o:<\/strong> Av. Carvalho Paes de Andrade, n\u00ba 140 \u2013 S\u00e3o Francisco<br>Manaus-AM \/ CEP: 69.079-270<br><\/p>\n\n\n\n<p><strong>FEIRAS E MERCADOS<\/strong><\/p>\n\n\n\n<p><strong>Feira Mun. Armando Mendes<\/strong><br><strong>Endere\u00e7o:<\/strong> Av. Itacolomy, entre Rua I e Rua J, s\/n\u00ba &#8211; Armando Mendes<\/p>\n\n\n\n<p><strong>Feira Com. Osvaldo Frota<\/strong><br><strong>Endere\u00e7o:<\/strong> Av. H, s\/n\u00ba, Conjunto Am\u00e9rico Medeiros<\/p>\n\n\n\n<p><strong>Feira Com. Res. Viver Melhor<\/strong><br><strong>Endere\u00e7o:<\/strong> Rua \u00c1gata Azul, s\/n\u00b0 &#8211; Viver Melhor<\/p>\n\n\n\n<p><strong>Feira da Conquista<\/strong><br><strong>Endere\u00e7o:<\/strong> Av. Penetra\u00e7\u00e3o &#8211; Grande Vit\u00f3ria<\/p>\n\n\n\n<p><strong>Feira Mun. Alvorada I Ceasa<\/strong><br><strong>Endere\u00e7o:<\/strong> Rua 04 c\/ R. 05, s\/n\u00ba &#8211; Alvorada I<\/p>\n\n\n\n<p><strong>Feira Mun. Alvorada II<\/strong><br><strong>Endere\u00e7o:<\/strong> Av. J c\/ R. 08, s\/n\u00ba &#8211; Alvorada II<\/p>\n\n\n\n<p><strong>Feira Mun. Bairro da Paz<\/strong><br><strong>Endere\u00e7o:<\/strong> Av. Esperan\u00e7a, s\/n\u00ba &#8211; Bairro da Paz<\/p>\n\n\n\n<p><strong>Feira Mun. Coberta Jorge Teixeira<\/strong><br><strong>Endere\u00e7o:<\/strong> Rua Brigadeiro Hil\u00e1rio Gurj\u00e3o &#8211; Jorge Teixeira &#8211; 1\u00ba Etapa<\/p>\n\n\n\n<p><strong>Feira Mun. Coroado<\/strong><br><strong>Endere\u00e7o:<\/strong> Av. Alameda Cosme Ferreira s\/n\u00ba &#8211; Coroado III<\/p>\n\n\n\n<p><strong>Feira Mun. Da Banana<\/strong><br><strong>Endere\u00e7o:<\/strong> Rua Pedro Botelho esq. c\/ Rua Bar\u00e3o de S\u00e3o Domingos<\/p>\n\n\n\n<p><strong>Feira Mun. Da Bet\u00e2nia<\/strong><br><strong>Endere\u00e7o:<\/strong> Av. Adalberto Vale, s\/n\u00ba &#8211; Bet\u00e2nia<\/p>\n\n\n\n<p><strong>Feira Mun. Da Gl\u00f3ria<\/strong><br><strong>Endere\u00e7o:<\/strong> Rua Osvaldo Cruz S\/N &#8211; Gl\u00f3ria<\/p>\n\n\n\n<p><strong>Feira Mun. Da Japiinl\u00e2ndia<\/strong><br><strong>Endere\u00e7o:<\/strong> Rua Maria Mansour c\/ Am\u00e9rico Alvarez, s\/n\u00ba &#8211; Japiinl\u00e2ndia<\/p>\n\n\n\n<p><strong>Feira Mun. Da Mau\u00e9s<\/strong><br><strong>Endere\u00e7o:<\/strong> Rua Mau\u00e9s, n\u00ba 988 &#8211; Cachoeirinha<\/p>\n\n\n\n<p><strong>Feira Mun. Da Panair<\/strong><br><strong>Endere\u00e7o:<\/strong> Rua Bento Jos\u00e9 de Lima, s\/n\u00ba &#8211; Educandos<\/p>\n\n\n\n<p><strong>Feira Mun. Da Raiz<\/strong><br><strong>Endere\u00e7o:<\/strong> Rua Delfim de Souza c\/ R. Couto Vale &#8211; Raiz<\/p>\n\n\n\n<p><strong>Feira Mun. Do 40<\/strong><br><strong>Endere\u00e7o:<\/strong> Rua Alan Kardec c\/ R. Olavo Bilac, s\/n\u00ba &#8211; Igarap\u00e9 do 40<\/p>\n\n\n\n<p><strong>Feira Mun. Do Porto da Ceasa<\/strong><br><strong>Endere\u00e7o:<\/strong> Av. Ministro M\u00e1rio Andreazza, BR 319 &#8211; Vila Buriti<\/p>\n\n\n\n<p><strong>Feira Mun. Do Quarent\u00e3o<\/strong><br><strong>Endere\u00e7o:<\/strong> Estrada da Estanave, entre a R. S\u00e3o Pedro e R. T6 &#8211; Compensa II<\/p>\n\n\n\n<p><strong>Feira Mun. Japiim I<\/strong><br><strong>Endere\u00e7o:<\/strong> Rua General Rodrigo Ot\u00e1vio esq. c\/ Rua do Com\u00e9rcio, n\u00ba 01<\/p>\n\n\n\n<p><strong>Feira Mun. Jardim dos Bar\u00e9s<\/strong><br><strong>Endere\u00e7o:<\/strong> Rua Jardim Bot\u00e2nico, s\/n\u00ba &#8211; S\u00e3o Jorge<\/p>\n\n\n\n<p><strong>Feira Mun. Jo\u00e3o Sena<\/strong><br><strong>Endere\u00e7o:<\/strong> Rua 07, s\/n\u00ba &#8211; Alvorada I<\/p>\n\n\n\n<p><strong>Feira Mun. Manaus Moderna<\/strong><br><strong>Endere\u00e7o:<\/strong> Rua Bar\u00e3o de S\u00e3o Domingos, n\u00ba 268 &#8211; Centro<\/p>\n\n\n\n<p><strong>Feira Mun. Nova Cidade<\/strong><br><strong>Endere\u00e7o:<\/strong> Av. Margarita, n\u00ba. 1601 &#8211; Nova Cidade<\/p>\n\n\n\n<p><strong>Feira Mun. Nova Esperan\u00e7a<\/strong><br><strong>Endere\u00e7o:<\/strong> Rua Nova Esperan\u00e7a &#8211; Col\u00f4nia Ant\u00f4nio Aleixo<\/p>\n\n\n\n<p><strong>Feira Mun. Pe. Rog\u00e9rio Ruvoletto<\/strong><br><strong>Endere\u00e7o:<\/strong> Rua Samambaia, s\/n\u00b0 &#8211; Santa Etelvina<\/p>\n\n\n\n<p><strong>Feira Mun. Polivalente<\/strong><br><strong>Endere\u00e7o:<\/strong> Rua Projetada esq. c\/ Av. Polivalente, s\/n\u00ba<\/p>\n\n\n\n<p><strong>Feira Mun. Itinerante Prefeito I<\/strong><br><strong>Endere\u00e7o:<\/strong> Rua Polivalente &#8211; Volante<\/p>\n\n\n\n<p><strong>Feira Mun. Prod. Santo Ant\u00f4nio<\/strong><br><strong>Endere\u00e7o:<\/strong> Rua Comendador Vicente Cruz, n\u00ba 460 &#8211; Santo Ant\u00f4nio<\/p>\n\n\n\n<p><strong>Feira Mun. Produtor Zona Leste<\/strong><br><strong>Endere\u00e7o:<\/strong> Av. Autaz Mirim (Grande Circular) c\/ Av. Camapu\u00e3, s\/n\u00ba<\/p>\n\n\n\n<p><strong>Feira Mun. S\u00e3o Francisco<\/strong><br><strong>Endere\u00e7o:<\/strong> Rua General Carneiro, s\/n\u00ba &#8211; S\u00e3o Francisco<\/p>\n\n\n\n<p><strong>Feira Mun. S\u00e3o Jorge<\/strong><br><strong>Endere\u00e7o:<\/strong> Rua 1\u00ba de Maio, s\/n\u00ba &#8211; S\u00e3o Jorge<\/p>\n\n\n\n<p><strong>Feira Mun. S\u00e3o Jos\u00e9 II<\/strong><br><strong>Endere\u00e7o:<\/strong> Rua Raimundo Soares com Rua Rio Nabueau<\/p>\n\n\n\n<p><strong>Feira Mun. Novo<\/strong><br><strong>Endere\u00e7o:<\/strong> Rua 07, Conj. Mundo Novo &#8211; Cidade Nova<\/p>\n\n\n\n<p><strong>Feira Municipal da F\u00e9 I<\/strong><br><strong>Endere\u00e7o:<\/strong> Jos\u00e9 Gutemberg Rocha &#8211; Col\u00f4nia Ant\u00f4nio Aleixo<\/p>\n\n\n\n<p><strong>Feira Municipal Parque 10<\/strong><br><strong>Endere\u00e7o:<\/strong> Rua do Com\u00e9rcio II &#8211; Parque 10 &#8211; Volante<\/p>\n\n\n\n<p><strong>Feira Mun. Itinerante Prefeito II<\/strong><br><strong>Endere\u00e7o:<\/strong> Rua dos Bar\u00e9s c\/ a Rua Beira Rio n\u00ba 46 &#8211; Centro<\/p>\n\n\n\n<p><strong>Mercado Mun. Adolpho Lisboa<\/strong><br><strong>Endere\u00e7o:<\/strong> Rua Pl\u00ednio Coelho esq. c\/ R. S\u00e3o Bento, s\/n &#8211; Gl\u00f3ria<\/p>\n\n\n\n<p><strong>Mercado Mun. Ara\u00fajo Lima<\/strong><br><strong>Endere\u00e7o:<\/strong> Rua S\u00e3o Benedito, s\/n\u00ba &#8211; Morro da Liberdade<\/p>\n\n\n\n<p><strong>Mercado Mun. Carneiro da Mota<\/strong><br><strong>Endere\u00e7o:<\/strong> Av. Leopoldo Peres, s\/n\u00ba &#8211; Educandos<\/p>\n\n\n\n<p><strong>Mercado Mun. Jorge de Moraes<\/strong><br><strong>Endere\u00e7o:<\/strong> Rua Em\u00edlio Moreira &#8211; Pra\u00e7a 14<\/p>\n\n\n\n<p><strong>Mercado Mun. Maximino Correa<\/strong><br><strong>Endere\u00e7o:<\/strong> Av. Constantino Nery, n\u00ba 150 &#8211; Presidente Vargas &#8211; Centro<\/p>\n\n\n\n<p><strong>Mercado Mun. Sen. Cunha Melo<\/strong><br><strong>Endere\u00e7o:<\/strong> Av. 7 de Setembro c\/ Gen. Glic\u00e9rio, n\u00ba. 2225 &#8211; Cachoeirinha<\/p>\n\n\n\n<p><strong>Mercado Mun. Walter Rayol<\/strong><br><strong>Endere\u00e7o:<\/strong> Av. Dj. Batista, esq. c\/ R. Pico das \u00c1guas, s\/n\u00ba &#8211; S\u00e3o Geraldo<\/p>\n\n\n\n<p><strong>Mercado Municipal Dorval Porto<\/strong><br><strong>Endere\u00e7o:<\/strong> Av. Brasil, n\u00ba 2470 &#8211; Compensa I<\/p>\n\n\n\n<p><strong>Mini Shopping da Compensa &#8211; NAC<\/strong><br><strong>Endere\u00e7o:<\/strong> Av. S\u00e3o Pedro s\/n, Compensa II<\/p>\n\n\n\n<p><strong>Feira Municipal Compensa II<\/strong><br><strong>Endere\u00e7o:<\/strong> Rua da Penetra\u00e7\u00e3o III, Amazonino Mendes<\/p>\n\n\n\n<p><strong>Feira Comunit\u00e1ria do Mutir\u00e3o<\/strong><br><strong>Endere\u00e7o:<\/strong> Rua Penetra\u00e7\u00e3o lll, S\/N, Mutir\u00e3o<\/p>\n\n\n\n<p><\/p>\n\n\n\n<h2 class=\"wp-block-heading\">COMUNIDADES QUE INTEGRAM OS P\u00d3LOS DA ZONA RURAL DE MANAUS<\/h2>\n\n\n\n<h3 class=\"wp-block-heading\">POLO I \u2013 COMUNIDADE RURAL DO PURAQUEQUARA<\/h3>\n\n\n\n<p>&#8211; BONS AMIGOS &#8211; R 14<\/p>\n\n\n\n<p>&#8211; BRASILEIRINHO<\/p>\n\n\n\n<p>&#8211; RAMAL IPIRANGA<\/p>\n\n\n\n<p>&#8211; RAMAL NOVA ESPERAN\u00c7A<\/p>\n\n\n\n<p>&#8211; RAMAL CHICO MENDES &#8211; R. 9<\/p>\n\n\n\n<p>&#8211; RAMAL UBER\u00ca<\/p>\n\n\n\n<p>&#8211; RAMAL CHICO MENDES<\/p>\n\n\n\n<p>&#8211; RAMAL \u00c1GUAS CLARAS<\/p>\n\n\n\n<p>&#8211; VILA PURAQUEQUARA<\/p>\n\n\n\n<p>&#8211; JORGE TEIXEIRA<\/p>\n\n\n\n<p>&#8211; BELA VISTA<\/p>\n\n\n\n<p>&#8211; S\u00c3O FRANCISMO DO MAIN\u00c3<\/p>\n\n\n\n<p>&#8211; S\u00c3O LUIZ GONZAGA<\/p>\n\n\n\n<h3 class=\"wp-block-heading\">POLO II \u2013 COMUNIDADE RURAL DA BR 174<\/h3>\n\n\n\n<p>&#8211; RAMAL HOLLYWOOD<\/p>\n\n\n\n<p>&#8211; COMUNIDADE FREDERICO VEIGA<\/p>\n\n\n\n<p>&#8211; RAMAL CASTANHEIRA<\/p>\n\n\n\n<p>&#8211; RAMAL CRISTO SALVA<\/p>\n\n\n\n<p>&#8211; RAMAL ESPERAN\u00c7A ; KM 26<\/p>\n\n\n\n<p>&#8211; COMUNIDADE 23 DE SETEMBRO<\/p>\n\n\n\n<p>&#8211; RAMAL NOVA CANA\u00c3<\/p>\n\n\n\n<p>&#8211; COMUNIDADE TARUMA A\u00c7U<\/p>\n\n\n\n<p>&#8211; COMUNIDADE BEM VIVER<\/p>\n\n\n\n<p>&#8211; COMUNIDADE M\u00c3O NO ARADO<\/p>\n\n\n\n<p>&#8211; AGRIC\u00d3LA<\/p>\n\n\n\n<p>&#8211; RAMAL RIO BRANQUINHO<\/p>\n\n\n\n<p>&#8211; RAMAL COMUNIDADE REI DAVI<\/p>\n\n\n\n<p>&#8211; RAMAL RAIO DE SOL<\/p>\n\n\n\n<p>&#8211; RAINHA DOS APOSTOLOS<\/p>\n\n\n\n<h3 class=\"wp-block-heading\">POLO III \u2013 COMUNIDADE RURAL DA AM 010<\/h3>\n\n\n\n<p>&#8211; RAMAL BONS AMIGOS<\/p>\n\n\n\n<p>&#8211; COMUNIDADE VISCINAL S\u00c3O FRANCISCO II<\/p>\n\n\n\n<p>&#8211; RAMAL DO AREIAL<\/p>\n\n\n\n<p>&#8211; RAMAL SANTO ANT\u00d4NIO<\/p>\n\n\n\n<p>&#8211; RAMAL \u00c1GUA BRANCA II<\/p>\n\n\n\n<p>&#8211; RAMAL S\u00c3O FRANCISCO I<\/p>\n\n\n\n<p>&#8211; RAMAL MATRINX\u00c3<\/p>\n\n\n\n<p>&#8211; RAMAL \u00c1GUA BRANCA 1<\/p>\n\n\n\n<p>&#8211; NOVA JERUSAL\u00c9M<\/p>\n\n\n\n<p>&#8211; IGARAP\u00c9 \u00c1GUA PRETA 2<\/p>\n\n\n\n<p>&#8211; COMUNIDADE IGARAP\u00c9 DO LE\u00c3O<\/p>\n\n\n\n<p>&#8211; COMUNIDADE DA VISCINAL BONS AMIGOS<\/p>\n\n\n\n<p>&#8211; RAMAL UNI\u00c3O<\/p>\n\n\n\n<p>&#8211; COMUNIDADE VICINAL EXTRABETH<\/p>\n\n\n\n<p>&#8211; RAMAL DO AGUA PRETA 1<\/p>\n\n\n\n<p>&#8211; COMUNICADE VISCINAL SANTO ISIDORO<\/p>\n\n\n\n<h3 class=\"wp-block-heading\">POLO IV \u2013 COMUNIDADE RURAL DA TERRA PRETA \u2013 RIO NEGRO<\/h3>\n\n\n\n<p>&#8211; COMUNIDADES BELA VISTA<\/p>\n\n\n\n<p>&#8211; ARARAS<\/p>\n\n\n\n<p>&#8211; SANTA MARIA<\/p>\n\n\n\n<p>&#8211; TERRA PRETA<\/p>\n\n\n\n<p>&#8211; VILA NOVA DO CHI\u00cdTA<\/p>\n\n\n\n<p>&#8211; PAGOD\u00c3O<\/p>\n\n\n\n<p>&#8211; S\u00c3O FRANCISCO DO SOLIM\u00d5ESZINHO<\/p>\n\n\n\n<h3 class=\"wp-block-heading\">POLO V \u2013 COMUNIDADE RURAL DO TUP\u00c9 \u2013 RIO NEGRO<\/h3>\n\n\n\n<p>&#8211; COMUNIDADES TUP\u00c9<\/p>\n\n\n\n<p>&#8211; CAIO\u00c9<\/p>\n\n\n\n<p>&#8211; TATU<\/p>\n\n\n\n<p>&#8211; BAIXOTE<\/p>\n\n\n\n<p>&#8211; COL\u00d4NIA CENTRAL<\/p>\n\n\n\n<h3 class=\"wp-block-heading\">POLO VI \u2013 COMUNIDADE RURAL DO CUIEIRAS \u2013 RIO NEGRO<\/h3>\n\n\n\n<p>&#8211; COMUNIDADES S\u00c3O SEBASTI\u00c3O DO CUIEIRAS<\/p>\n\n\n\n<p>&#8211; TR\u00caS UNIDOS<\/p>\n\n\n\n<p>&#8211; NOVA CANA\u00c3<\/p>\n\n\n\n<p>&#8211; BOA ESPERAN\u00c7A<\/p>\n\n\n\n<p>&#8211; NOVA ESPERAN\u00c7A<\/p>\n\n\n\n<p>&#8211; BARREIRINHA<\/p>\n\n\n\n<p>&#8211; S\u00c3O TOM\u00c9<\/p>\n\n\n\n<p>&#8211; MONTE SINAI<\/p>\n\n\n\n<p>&#8211; ARUA\u00da<\/p>\n\n\n\n<p>&#8211; MAIPINDIA\u00da<\/p>\n\n\n\n<p>&#8211; APUA\u00da<\/p>\n\n\n\n<h3 class=\"wp-block-heading\">POLO VII \u2013 COMUNIDADE RURAL DO BAIXO AMAZONAS<\/h3>\n\n\n\n<p>&#8211; UNI\u00c3O E PROGRESSO DO JATUARANA<\/p>\n\n\n\n<p>&#8211; SANTA LUZIA DO TIRICA<\/p>\n\n\n\n<p>&#8211; S\u00c3O FRANCISCO DO CARAMURI<\/p>\n\n\n\n<p>&#8211; S\u00c3O RAIMUNDO<\/p>\n\n\n\n<p>&#8211; P.A NAZAR\u00c9<\/p>\n\n\n\n<p>&#8211; S\u00c3O PEDRO<\/p>\n\n\n\n<p>&#8211; BOM SUCESSO<\/p>\n\n\n\n<p>&#8211; NOSSA SENHORA DO CARMO<\/p>\n\n\n\n<p>&#8211; NOSSA SENHORA DO PERP\u00c9TUO SOCORRO<\/p>\n\n\n\n<p>&#8211; S\u00c3O JOS\u00c9 SANTA ROSA I E II<\/p>\n\n\n\n<p>&#8211; NOVA VIDA<\/p>\n\n\n\n<p>&#8211; NOVA ESPERAN\u00c7A<\/p>\n\n\n\n<p>&#8211; MONTE HOREBE<\/p>\n\n\n\n<p>&#8211; NOSSA SENHORA DA CONCEI\u00c7\u00c3O<\/p>\n\n\n\n<p>&#8211; CANA\u00c3<\/p>\n\n\n\n<p>&#8211; PARANA DA EVA<\/p>\n\n\n\n<h3 class=\"wp-block-heading\">POLO VIII \u2013 COMUNIDADE RURAL DO TARUM\u00c3 MIRIM<\/h3>\n\n\n\n<p>&#8211; RAMAL DO PAU ROSA<\/p>\n\n\n\n<p>&#8211; RAMAL CRISTIANO DE PAULA<\/p>\n\n\n\n<p>&#8211; RAMAL BURITI<\/p>\n\n\n\n<p>&#8211; RAMAL NOVA CANA\u00c3<\/p>\n\n\n\n<p>&#8211; RAMAL COOPERATIVA<\/p>\n\n\n\n<p>&#8211; RAMAL TRES GALHOS<\/p>\n\n\n\n<p>&#8211; RAMAL AGRICOLA DA PAZ<\/p>\n\n\n\n<p>&#8211; RAMAL BOM DESTINO<\/p>\n\n\n\n<p>&#8211; RAMAL DA FELICIDADE<\/p>\n\n\n\n<p>&#8211; COMUNIDADE IMIGRANTES<\/p>\n\n\n\n<p>&#8211; COMUNIDADE NOVO PARAISO<\/p>\n\n\n\n<p>&#8211; COMUNIDADE NOVO HORIZONTE<\/p>\n\n\n\n<p>&#8211; COMUNIDADE BOM JESUS<\/p>\n\n\n\n<p>&#8211; COMUNIDADE S\u00c3O JOS\u00c9<\/p>\n\n\n\n<p>&#8211; COMUNIDADE UNIDOS VENCEREMOS<\/p>\n\n\n\n<p>&#8211; COMUNIDADE DIAMANTE DO NORTE<\/p>\n\n\n\n<p>&#8211; RAMAL NOVA ESPERAN\u00c7A<\/p>\n\n\n\n<p>&#8211; RAMAL NOVO AMANHECER<\/p>\n\n\n\n<h3 class=\"wp-block-heading\">POLO IX \u2013 COMUNIDADE RURAL NOSSA SENHORA DE F\u00c1TIMA<\/h3>\n\n\n\n<p>&#8211; NOSSA SENHORA DO LIVRAMENTO<\/p>\n\n\n\n<p>&#8211; IGARAP\u00c9 DO JULI\u00c3O<\/p>\n\n\n\n<p>&#8211; EBENEZER<\/p>\n\n\n\n<p>&#8211; S\u00c3O SEBASTI\u00c3O<\/p>\n\n\n\n<p>&#8211; TIO TARUMAZINHO<\/p>\n\n\n\n<p>&#8211; AGROVILA<\/p>\n","protected":false},"excerpt":{"rendered":"","protected":false},"author":27,"featured_media":0,"parent":248,"menu_order":0,"comment_status":"closed","ping_status":"closed","template":"templates\/turismo.php","meta":{"footnotes":""},"acf":[],"yoast_head":"<!-- This site is optimized with the Yoast SEO plugin v23.0 - https:\/\/yoast.com\/wordpress\/plugins\/seo\/ -->\n<title>Endere\u00e7o - SEMACC<\/title>\n<meta name=\"robots\" content=\"noindex, follow\" \/>\n<meta property=\"og:locale\" content=\"pt_BR\" \/>\n<meta property=\"og:type\" content=\"article\" \/>\n<meta property=\"og:title\" content=\"Endere\u00e7o - SEMACC\" \/>\n<meta property=\"og:url\" content=\"https:\/\/www.manaus.am.gov.br\/semacc\/semacc\/endereco\/\" \/>\n<meta property=\"og:site_name\" content=\"SEMACC\" \/>\n<meta property=\"article:modified_time\" content=\"2025-06-26T19:29:06+00:00\" \/>\n<meta property=\"og:image\" content=\"https:\/\/www.manaus.am.gov.br\/semacc\/wp-content\/uploads\/sites\/22\/2024\/07\/thumb-default-2.png\" \/>\n\t<meta property=\"og:image:width\" content=\"966\" \/>\n\t<meta property=\"og:image:height\" content=\"520\" \/>\n\t<meta property=\"og:image:type\" content=\"image\/png\" \/>\n<meta name=\"twitter:card\" content=\"summary_large_image\" \/>\n<meta name=\"twitter:label1\" content=\"Est. reading time\" \/>\n\t<meta name=\"twitter:data1\" content=\"6 minutos\" \/>\n<script type=\"application\/ld+json\" class=\"yoast-schema-graph\">{\"@context\":\"https:\/\/schema.org\",\"@graph\":[{\"@type\":\"WebPage\",\"@id\":\"https:\/\/www.manaus.am.gov.br\/semacc\/semacc\/endereco\/\",\"url\":\"https:\/\/www.manaus.am.gov.br\/semacc\/semacc\/endereco\/\",\"name\":\"Endere\u00e7o - SEMACC\",\"isPartOf\":{\"@id\":\"https:\/\/www.manaus.am.gov.br\/semacc\/#website\"},\"datePublished\":\"2023-08-01T13:25:52+00:00\",\"dateModified\":\"2025-06-26T19:29:06+00:00\",\"breadcrumb\":{\"@id\":\"https:\/\/www.manaus.am.gov.br\/semacc\/semacc\/endereco\/#breadcrumb\"},\"inLanguage\":\"pt-BR\",\"potentialAction\":[{\"@type\":\"ReadAction\",\"target\":[\"https:\/\/www.manaus.am.gov.br\/semacc\/semacc\/endereco\/\"]}]},{\"@type\":\"BreadcrumbList\",\"@id\":\"https:\/\/www.manaus.am.gov.br\/semacc\/semacc\/endereco\/#breadcrumb\",\"itemListElement\":[{\"@type\":\"ListItem\",\"position\":1,\"name\":\"Home\",\"item\":\"https:\/\/www.manaus.am.gov.br\/semacc\/\"},{\"@type\":\"ListItem\",\"position\":2,\"name\":\"Semacc\",\"item\":\"https:\/\/www.manaus.am.gov.br\/semacc\/semacc\/\"},{\"@type\":\"ListItem\",\"position\":3,\"name\":\"Endere\u00e7o\"}]},{\"@type\":\"WebSite\",\"@id\":\"https:\/\/www.manaus.am.gov.br\/semacc\/#website\",\"url\":\"https:\/\/www.manaus.am.gov.br\/semacc\/\",\"name\":\"SEMACC\",\"description\":\"Prefeitura de Manaus\",\"potentialAction\":[{\"@type\":\"SearchAction\",\"target\":{\"@type\":\"EntryPoint\",\"urlTemplate\":\"https:\/\/www.manaus.am.gov.br\/semacc\/?s={search_term_string}\"},\"query-input\":\"required name=search_term_string\"}],\"inLanguage\":\"pt-BR\"}]}<\/script>\n<!-- \/ Yoast SEO plugin. -->","yoast_head_json":{"title":"Endere\u00e7o - SEMACC","robots":{"index":"noindex","follow":"follow"},"og_locale":"pt_BR","og_type":"article","og_title":"Endere\u00e7o - SEMACC","og_url":"https:\/\/www.manaus.am.gov.br\/semacc\/semacc\/endereco\/","og_site_name":"SEMACC","article_modified_time":"2025-06-26T19:29:06+00:00","og_image":[{"width":966,"height":520,"url":"https:\/\/www.manaus.am.gov.br\/semacc\/wp-content\/uploads\/sites\/22\/2024\/07\/thumb-default-2.png","type":"image\/png"}],"twitter_card":"summary_large_image","twitter_misc":{"Est. reading time":"6 minutos"},"schema":{"@context":"https:\/\/schema.org","@graph":[{"@type":"WebPage","@id":"https:\/\/www.manaus.am.gov.br\/semacc\/semacc\/endereco\/","url":"https:\/\/www.manaus.am.gov.br\/semacc\/semacc\/endereco\/","name":"Endere\u00e7o - SEMACC","isPartOf":{"@id":"https:\/\/www.manaus.am.gov.br\/semacc\/#website"},"datePublished":"2023-08-01T13:25:52+00:00","dateModified":"2025-06-26T19:29:06+00:00","breadcrumb":{"@id":"https:\/\/www.manaus.am.gov.br\/semacc\/semacc\/endereco\/#breadcrumb"},"inLanguage":"pt-BR","potentialAction":[{"@type":"ReadAction","target":["https:\/\/www.manaus.am.gov.br\/semacc\/semacc\/endereco\/"]}]},{"@type":"BreadcrumbList","@id":"https:\/\/www.manaus.am.gov.br\/semacc\/semacc\/endereco\/#breadcrumb","itemListElement":[{"@type":"ListItem","position":1,"name":"Home","item":"https:\/\/www.manaus.am.gov.br\/semacc\/"},{"@type":"ListItem","position":2,"name":"Semacc","item":"https:\/\/www.manaus.am.gov.br\/semacc\/semacc\/"},{"@type":"ListItem","position":3,"name":"Endere\u00e7o"}]},{"@type":"WebSite","@id":"https:\/\/www.manaus.am.gov.br\/semacc\/#website","url":"https:\/\/www.manaus.am.gov.br\/semacc\/","name":"SEMACC","description":"Prefeitura de Manaus","potentialAction":[{"@type":"SearchAction","target":{"@type":"EntryPoint","urlTemplate":"https:\/\/www.manaus.am.gov.br\/semacc\/?s={search_term_string}"},"query-input":"required name=search_term_string"}],"inLanguage":"pt-BR"}]}},"_links":{"self":[{"href":"https:\/\/www.manaus.am.gov.br\/semacc\/wp-json\/wp\/v2\/pages\/459"}],"collection":[{"href":"https:\/\/www.manaus.am.gov.br\/semacc\/wp-json\/wp\/v2\/pages"}],"about":[{"href":"https:\/\/www.manaus.am.gov.br\/semacc\/wp-json\/wp\/v2\/types\/page"}],"author":[{"embeddable":true,"href":"https:\/\/www.manaus.am.gov.br\/semacc\/wp-json\/wp\/v2\/users\/27"}],"replies":[{"embeddable":true,"href":"https:\/\/www.manaus.am.gov.br\/semacc\/wp-json\/wp\/v2\/comments?post=459"}],"version-history":[{"count":8,"href":"https:\/\/www.manaus.am.gov.br\/semacc\/wp-json\/wp\/v2\/pages\/459\/revisions"}],"predecessor-version":[{"id":1493,"href":"https:\/\/www.manaus.am.gov.br\/semacc\/wp-json\/wp\/v2\/pages\/459\/revisions\/1493"}],"up":[{"embeddable":true,"href":"https:\/\/www.manaus.am.gov.br\/semacc\/wp-json\/wp\/v2\/pages\/248"}],"wp:attachment":[{"href":"https:\/\/www.manaus.am.gov.br\/semacc\/wp-json\/wp\/v2\/media?parent=459"}],"curies":[{"name":"wp","href":"https:\/\/api.w.org\/{rel}","templated":true}]}}