{"id":234,"date":"2023-02-07T12:49:18","date_gmt":"2023-02-07T15:49:18","guid":{"rendered":"https:\/\/www.manaus.am.gov.br\/pgm\/?page_id=234"},"modified":"2024-07-15T08:30:51","modified_gmt":"2024-07-15T12:30:51","slug":"estrutura-organizacional","status":"publish","type":"page","link":"https:\/\/www.manaus.am.gov.br\/pgm\/procuradoria\/estrutura-organizacional\/","title":{"rendered":"Estrutura Organizacional"},"content":{"rendered":"\n<h2 class=\"wp-block-heading\"><a href=\"https:\/\/www.manaus.am.gov.br\/pgm\/wp-content\/uploads\/sites\/15\/2023\/04\/DOM-2198-decreto-099-06-maio-2009.pdf\" target=\"_blank\" rel=\"noreferrer noopener\">DECRETO N.\u00ba 0099, DE 06 DE MAIO DE 2009<\/a><\/h2>\n\n\n\n<p>Aprova o Regimento Interno da Procuradoria Geral do Munic\u00edpio e d\u00e1 outras provid\u00eancias.<\/p>\n\n\n\n<h3 class=\"wp-block-heading\">CAP\u00cdTULO II<br>DA ESTRUTURA OPERACIONAL<\/h3>\n\n\n\n<p>Art. 2. Dirigida pelo Procurador-Geral do Munic\u00edpio, com o aux\u00edlio do Subprocurador Geral, do Subprocurador Adjunto e dos Chefes de Procuradorias Especializadas, a Procuradoria Geral do Munic\u00edpio tem a seguinte estrutura operacional:<\/p>\n\n\n\n<h3 class=\"wp-block-heading\">I &#8211; \u00d3RG\u00c3O COLEGIADO DE DELIBERA\u00c7\u00c3O SUPERIOR<\/h3>\n\n\n\n<p>a) Col\u00e9gio de Procuradores do Munic\u00edpio<\/p>\n\n\n\n<h3 class=\"wp-block-heading\">II &#8211; \u00d3RG\u00c3OS DE ASSESSORAMENTO E ASSIST\u00caNCIA DIRETA<\/h3>\n\n\n\n<p>a) Gabinete do Procurador-Geral<br>b) Assessoria T\u00e9cnica<br>c) Centro de Estudos, Divulga\u00e7\u00e3o e Biblioteca<br>   1. Ger\u00eancia de Biblioteca<br>d) Superintend\u00eancia do Registro Imobili\u00e1rio<br>   1. Departamento de Regulariza\u00e7\u00e3o Fundi\u00e1ria<br>   1.1. Ger\u00eancia de Instru\u00e7\u00e3o T\u00e9cnica<br>   1.2. Ger\u00eancia de Cadastro Imobili\u00e1rio<br>   1.3. Ger\u00eancia de Desapropria\u00e7\u00e3o<\/p>\n\n\n\n<h3 class=\"wp-block-heading\">III &#8211; \u00d3RG\u00c3OS DE APOIO \u00c0 GEST\u00c3O<\/h3>\n\n\n\n<p>a) Departamento Administrativo e Financeiro<br>   1. Ger\u00eancia de Gest\u00e3o de Pessoal<br>   2. Ger\u00eancia de Or\u00e7amento e Finan\u00e7as<br>   3. Ger\u00eancia de Material, Patrim\u00f4nio e Servi\u00e7os<br>   4. Ger\u00eancia de Inform\u00e1tica<br>b) Divis\u00e3o de Planejamento<\/p>\n\n\n\n<h2 class=\"wp-block-heading\">IV &#8211; \u00d3RG\u00c3OS DE ATIVIDADES FINAL\u00cdSTICAS<\/h2>\n\n\n\n<p>a) Procuradoria Administrativa<br>b) Procuradoria do Contencioso Tribut\u00e1rio<br>c) Procuradoria da D\u00edvida Ativa<br>   1. Ger\u00eancia de Inscri\u00e7\u00e3o da D\u00edvida Ativa<br>   2. Ger\u00eancia de Cobran\u00e7a e Execu\u00e7\u00e3o<br>d) Procuradoria do Meio Ambiente e Urbanismo<br>e) Procuradoria Trabalhista<br>f) Procuradoria do Patrim\u00f4nio Imobili\u00e1rio<br>g) Procuradoria de Pessoal<\/p>\n","protected":false},"excerpt":{"rendered":"","protected":false},"author":27,"featured_media":0,"parent":181,"menu_order":7,"comment_status":"closed","ping_status":"closed","template":"templates\/turismo.php","meta":{"footnotes":""},"acf":[],"yoast_head":"<!-- This site is optimized with the Yoast SEO plugin v23.0 - https:\/\/yoast.com\/wordpress\/plugins\/seo\/ -->\n<title>Estrutura Organizacional - PGM<\/title>\n<meta name=\"robots\" content=\"noindex, follow\" \/>\n<meta property=\"og:locale\" content=\"pt_BR\" \/>\n<meta property=\"og:type\" content=\"article\" \/>\n<meta property=\"og:title\" content=\"Estrutura Organizacional - PGM\" \/>\n<meta property=\"og:url\" content=\"https:\/\/www.manaus.am.gov.br\/pgm\/procuradoria\/estrutura-organizacional\/\" \/>\n<meta property=\"og:site_name\" content=\"PGM\" \/>\n<meta property=\"article:modified_time\" content=\"2024-07-15T12:30:51+00:00\" \/>\n<meta name=\"twitter:card\" content=\"summary_large_image\" \/>\n<meta name=\"twitter:label1\" content=\"Est. reading time\" \/>\n\t<meta name=\"twitter:data1\" content=\"2 minutos\" \/>\n<script type=\"application\/ld+json\" class=\"yoast-schema-graph\">{\"@context\":\"https:\/\/schema.org\",\"@graph\":[{\"@type\":\"WebPage\",\"@id\":\"https:\/\/www.manaus.am.gov.br\/pgm\/procuradoria\/estrutura-organizacional\/\",\"url\":\"https:\/\/www.manaus.am.gov.br\/pgm\/procuradoria\/estrutura-organizacional\/\",\"name\":\"Estrutura Organizacional - PGM\",\"isPartOf\":{\"@id\":\"https:\/\/www.manaus.am.gov.br\/pgm\/#website\"},\"datePublished\":\"2023-02-07T15:49:18+00:00\",\"dateModified\":\"2024-07-15T12:30:51+00:00\",\"breadcrumb\":{\"@id\":\"https:\/\/www.manaus.am.gov.br\/pgm\/procuradoria\/estrutura-organizacional\/#breadcrumb\"},\"inLanguage\":\"pt-BR\",\"potentialAction\":[{\"@type\":\"ReadAction\",\"target\":[\"https:\/\/www.manaus.am.gov.br\/pgm\/procuradoria\/estrutura-organizacional\/\"]}]},{\"@type\":\"BreadcrumbList\",\"@id\":\"https:\/\/www.manaus.am.gov.br\/pgm\/procuradoria\/estrutura-organizacional\/#breadcrumb\",\"itemListElement\":[{\"@type\":\"ListItem\",\"position\":1,\"name\":\"Home\",\"item\":\"https:\/\/www.manaus.am.gov.br\/pgm\/\"},{\"@type\":\"ListItem\",\"position\":2,\"name\":\"Procuradoria\",\"item\":\"https:\/\/www.manaus.am.gov.br\/pgm\/procuradoria\/\"},{\"@type\":\"ListItem\",\"position\":3,\"name\":\"Estrutura Organizacional\"}]},{\"@type\":\"WebSite\",\"@id\":\"https:\/\/www.manaus.am.gov.br\/pgm\/#website\",\"url\":\"https:\/\/www.manaus.am.gov.br\/pgm\/\",\"name\":\"PGM\",\"description\":\"Procuradoria Geral do Mun\u00edcipio\",\"potentialAction\":[{\"@type\":\"SearchAction\",\"target\":{\"@type\":\"EntryPoint\",\"urlTemplate\":\"https:\/\/www.manaus.am.gov.br\/pgm\/?s={search_term_string}\"},\"query-input\":\"required name=search_term_string\"}],\"inLanguage\":\"pt-BR\"}]}<\/script>\n<!-- \/ Yoast SEO plugin. -->","yoast_head_json":{"title":"Estrutura Organizacional - PGM","robots":{"index":"noindex","follow":"follow"},"og_locale":"pt_BR","og_type":"article","og_title":"Estrutura Organizacional - PGM","og_url":"https:\/\/www.manaus.am.gov.br\/pgm\/procuradoria\/estrutura-organizacional\/","og_site_name":"PGM","article_modified_time":"2024-07-15T12:30:51+00:00","twitter_card":"summary_large_image","twitter_misc":{"Est. reading time":"2 minutos"},"schema":{"@context":"https:\/\/schema.org","@graph":[{"@type":"WebPage","@id":"https:\/\/www.manaus.am.gov.br\/pgm\/procuradoria\/estrutura-organizacional\/","url":"https:\/\/www.manaus.am.gov.br\/pgm\/procuradoria\/estrutura-organizacional\/","name":"Estrutura Organizacional - PGM","isPartOf":{"@id":"https:\/\/www.manaus.am.gov.br\/pgm\/#website"},"datePublished":"2023-02-07T15:49:18+00:00","dateModified":"2024-07-15T12:30:51+00:00","breadcrumb":{"@id":"https:\/\/www.manaus.am.gov.br\/pgm\/procuradoria\/estrutura-organizacional\/#breadcrumb"},"inLanguage":"pt-BR","potentialAction":[{"@type":"ReadAction","target":["https:\/\/www.manaus.am.gov.br\/pgm\/procuradoria\/estrutura-organizacional\/"]}]},{"@type":"BreadcrumbList","@id":"https:\/\/www.manaus.am.gov.br\/pgm\/procuradoria\/estrutura-organizacional\/#breadcrumb","itemListElement":[{"@type":"ListItem","position":1,"name":"Home","item":"https:\/\/www.manaus.am.gov.br\/pgm\/"},{"@type":"ListItem","position":2,"name":"Procuradoria","item":"https:\/\/www.manaus.am.gov.br\/pgm\/procuradoria\/"},{"@type":"ListItem","position":3,"name":"Estrutura Organizacional"}]},{"@type":"WebSite","@id":"https:\/\/www.manaus.am.gov.br\/pgm\/#website","url":"https:\/\/www.manaus.am.gov.br\/pgm\/","name":"PGM","description":"Procuradoria Geral do Mun\u00edcipio","potentialAction":[{"@type":"SearchAction","target":{"@type":"EntryPoint","urlTemplate":"https:\/\/www.manaus.am.gov.br\/pgm\/?s={search_term_string}"},"query-input":"required name=search_term_string"}],"inLanguage":"pt-BR"}]}},"_links":{"self":[{"href":"https:\/\/www.manaus.am.gov.br\/pgm\/wp-json\/wp\/v2\/pages\/234"}],"collection":[{"href":"https:\/\/www.manaus.am.gov.br\/pgm\/wp-json\/wp\/v2\/pages"}],"about":[{"href":"https:\/\/www.manaus.am.gov.br\/pgm\/wp-json\/wp\/v2\/types\/page"}],"author":[{"embeddable":true,"href":"https:\/\/www.manaus.am.gov.br\/pgm\/wp-json\/wp\/v2\/users\/27"}],"replies":[{"embeddable":true,"href":"https:\/\/www.manaus.am.gov.br\/pgm\/wp-json\/wp\/v2\/comments?post=234"}],"version-history":[{"count":7,"href":"https:\/\/www.manaus.am.gov.br\/pgm\/wp-json\/wp\/v2\/pages\/234\/revisions"}],"predecessor-version":[{"id":1015,"href":"https:\/\/www.manaus.am.gov.br\/pgm\/wp-json\/wp\/v2\/pages\/234\/revisions\/1015"}],"up":[{"embeddable":true,"href":"https:\/\/www.manaus.am.gov.br\/pgm\/wp-json\/wp\/v2\/pages\/181"}],"wp:attachment":[{"href":"https:\/\/www.manaus.am.gov.br\/pgm\/wp-json\/wp\/v2\/media?parent=234"}],"curies":[{"name":"wp","href":"https:\/\/api.w.org\/{rel}","templated":true}]}}