{"id":200,"date":"2023-02-07T12:28:17","date_gmt":"2023-02-07T15:28:17","guid":{"rendered":"https:\/\/www.manaus.am.gov.br\/pgm\/?page_id=200"},"modified":"2023-04-28T10:33:39","modified_gmt":"2023-04-28T14:33:39","slug":"legislacao","status":"publish","type":"page","link":"https:\/\/www.manaus.am.gov.br\/pgm\/procuradoria\/legislacao\/","title":{"rendered":"Legisla\u00e7\u00e3o"},"content":{"rendered":"\n<h2 class=\"wp-block-heading\"><a href=\"https:\/\/leismunicipais.com.br\/lei-organica-manaus-am\" target=\"_blank\" rel=\"noreferrer noopener\">A LEI ORG\u00c2NICA DO MUNIC\u00cdPIO DE MANAUS DE N\u00ba. 1795, DE 17 DE DEZEMBRO DE 1985<\/a><\/h2>\n\n\n\n<p>Atrav\u00e9s desta Lei, foi alterada a denomina\u00e7\u00e3o de Secretaria Municipal de Assuntos Jur\u00eddicos para Procuradoria Geral do Munic\u00edpio \u2013 PGM, mantendo suas atribui\u00e7\u00f5es e estruturas atuais, como definidas na legisla\u00e7\u00e3o, e tamb\u00e9m foi substitu\u00eddo o cargo de Secret\u00e1rio Municipal de Assuntos Jur\u00eddicos pela de Procurador Geral do Munic\u00edpio, e o cargo de Chefe de Gabinete, passou a denominar-se Subprocurador Geral do Munic\u00edpio;<\/p>\n\n\n\n<h2 class=\"wp-block-heading\" style=\"text-transform:uppercase\">Lei n\u00ba. 2.013 de 05 de julho de 1989<\/h2>\n\n\n\n<p>A lei transforma os cargos de T\u00e9cnicos em Ci\u00eancias Humanas, com equival\u00eancia na fun\u00e7\u00e3o de Advogado, constantes na Lei n\u00ba. 1.870, de 12\/12\/86, em cargos de Procurador Municipal;<\/p>\n\n\n\n<h2 class=\"wp-block-heading\" style=\"text-transform:uppercase\">Decreto n\u00ba. 3985, de 04 de abril de 1984<\/h2>\n\n\n\n<p>Disp\u00f5e sobre a Estrutura Interna da Procuradoria Geral do Munic\u00edpio \u2013 PGM faz se a complementa\u00e7\u00e3o da Estrutura da PGM, estabelecida em Regimento Interno proposto pelo Procurador Geral e aprovado por Decreto do Executivo;<\/p>\n\n\n\n<h2 class=\"wp-block-heading\" style=\"text-transform:uppercase\"><a href=\"https:\/\/leismunicipais.com.br\/a1\/am\/m\/manaus\/lei-ordinaria\/1992\/14\/144\/lei-ordinaria-n-144-1992-reorganiza-a-procuradoria-geral-do-municipio-p-g-m-define-sua-competencia-e-a-dos-orgao-que-compoes-a-sua-estrutura-basica-bem-como-o-seu-funcionamento-e-da-outras-providencias\" target=\"_blank\" rel=\"noreferrer noopener\">Lei n\u00ba 144, 15 de julho de 1992<\/a><\/h2>\n\n\n\n<p>Reorganiza\u00e7\u00e3o da Procuradoria Geral do Munic\u00edpio, defini\u00e7\u00e3o sobre a sua compet\u00eancia e a dos \u00f3rg\u00e3os que comp\u00f5em a sua estrutura b\u00e1sica, bem como seu funcionamento;<\/p>\n\n\n\n<h2 class=\"wp-block-heading\" style=\"text-transform:uppercase\"><a href=\"https:\/\/www.manaus.am.gov.br\/pgm\/wp-content\/uploads\/sites\/15\/2023\/04\/IN-19951220_02.pdf\" target=\"_blank\" rel=\"noreferrer noopener\">Instru\u00e7\u00e3o Normativa n\u00ba. 002\/95<\/a><\/h2>\n\n\n\n<p>Dita as normas de organiza\u00e7\u00e3o internas com vistas a disciplinar o funcionamento da Biblioteca da PGM e o acesso dos Procuradores e Advogados lotados ao seu acervo bibliogr\u00e1fico, que s\u00e3o regidos pelo Regimento Interno;<\/p>\n\n\n\n<h2 class=\"wp-block-heading\" style=\"text-transform:uppercase\"><a href=\"https:\/\/www.manaus.am.gov.br\/pgm\/wp-content\/uploads\/sites\/15\/2023\/04\/Decreto-n-4.934-de-04-de-abril-de-2000-002.pdf\" target=\"_blank\" rel=\"noreferrer noopener\">Decreto n\u00ba. 4.934, de 04 de abril de 2000<\/a><\/h2>\n\n\n\n<p>\u00c9 revisado o Regulamento Administrativo da Prefeitura Municipal de Manaus, no que se refere \u00e0 compet\u00eancia da PGM e insere no ANEXO I a Estrutura B\u00e1sica da PGM, no ANEXO II o Quadro dos Cargos de Confian\u00e7a, de dire\u00e7\u00e3o superior, cargos comissionados e fun\u00e7\u00f5es gratificadas e no ANEXO III o organograma da PGM e INSERIDA NO Organograma da Prefeitura de Manaus de acordo a Lei n\u00ba. 470, de 21 de janeiro de 1999;<\/p>\n\n\n\n<h2 class=\"wp-block-heading\" style=\"text-transform:uppercase\"><a href=\"https:\/\/www.manaus.am.gov.br\/pgm\/wp-content\/uploads\/sites\/15\/2023\/04\/DOM-2006-1524-LEI-1015.pdf\" target=\"_blank\" rel=\"noreferrer noopener\">Lei n\u00ba. 1015, de 14 de julho de 2006<\/a><\/h2>\n\n\n\n<p>Disp\u00f5e sobre a Procuradoria Geral do Munic\u00edpio \u2013 PGM e define sua compet\u00eancia e a dos \u00f3rg\u00e3os que comp\u00f5em sua estrutura b\u00e1sica, seu funcionamento e outras provid\u00eancias e consta como anexo I \u2013 Organograma da Procuradoria Geral do Munic\u00edpio, anexo II \u2013 Sistema Remunerat\u00f3rio dos cargos de provimento em comiss\u00e3o de dire\u00e7\u00e3o e assessoramento superior ou de Assist\u00eancia Direta da PGM e Anexo III- Quantitativo e S\u00edmbolos e remunera\u00e7\u00e3o dos cargos exercidos na PGM;<\/p>\n\n\n\n<h2 class=\"wp-block-heading\" style=\"text-transform:uppercase\"><a href=\"https:\/\/www.manaus.am.gov.br\/pgm\/wp-content\/uploads\/sites\/15\/2023\/04\/DOM-2198-decreto-099-06-maio-2009.pdf\" target=\"_blank\" rel=\"noreferrer noopener\">Decreto n\u00ba. 0099, de 06 de maio de 2009<\/a><\/h2>\n\n\n\n<p>A aprova\u00e7\u00e3o do Regimento Interno da Procuradoria Geral do Munic\u00edpio, considerando a necessidade de reorganiza\u00e7\u00e3o da Procuradoria Geral do Munic\u00edpio para conforma\u00e7\u00e3o de sua estrutura operacional e das nomenclaturas dos cargos comissionados, \u00e1s disposi\u00e7\u00f5es das Leis n\u00ba. 1.314 e 1.322\/2009;<\/p>\n\n\n\n<h2 class=\"wp-block-heading\" style=\"text-transform:uppercase\"><a href=\"https:\/\/www.manaus.am.gov.br\/pgm\/wp-content\/uploads\/sites\/15\/2023\/04\/DOM-2240-LEI-1352.pdf\" target=\"_blank\" rel=\"noreferrer noopener\">Lei N\u00ba 1.352, de 07 de julho de 2009<\/a><\/h2>\n\n\n\n<p>Foi institu\u00eddo o Programa F\u00e1cil, destinado a facilitar o pagamento de cr\u00e9dito de qualquer natureza, definido em regulamento, pertencente \u00e0 Fazenda P\u00fablica Municipal, inscrito ou n\u00e3o em d\u00edvida ativa, inclusive ajuizada, cujo vencimento tenha ocorrido at\u00e9 31 de dezembro de 2008;<\/p>\n\n\n\n<h2 class=\"wp-block-heading\" style=\"text-transform:uppercase\"><a href=\"https:\/\/www.manaus.am.gov.br\/pgm\/wp-content\/uploads\/sites\/15\/2023\/04\/DOM-2407-18.03.pdf\" target=\"_blank\" rel=\"noreferrer noopener\">Lei N\u00ba 1.418, de 18 de mar\u00e7o de 2010<\/a><\/h2>\n\n\n\n<p>Foi institu\u00eddo o Programa F\u00e1cil 2, cuja finalidade \u00e9 facilitar o pagamento de d\u00e9bitos de qualquer natureza junto \u00e0 Fazenda P\u00fablica Municipal, sob a coordena\u00e7\u00e3o da Secretaria Municipal de Finan\u00e7as e Controle Interno \u2013 SEMEF, \u00f3rg\u00e3o respons\u00e1vel pela cobran\u00e7a administrativa e pelo recebimento dos cr\u00e9ditos inadimplidos ainda em estoque, observados os requisitos estabelecidos nesta Lei;<\/p>\n\n\n\n<h2 class=\"wp-block-heading\"><a href=\"https:\/\/www.manaus.am.gov.br\/semed\/wp-content\/uploads\/sites\/3\/2023\/04\/DOM-2564-12.11.2010.pdf\" target=\"_blank\" rel=\"noreferrer noopener\">LEI N\u00ba 1.532, DE 11 DE NOVEMBRO DE 2010<\/a><\/h2>\n\n\n\n<p>Altera os dispositivos que especifica da Lei n\u00ba. 1.015 de 14 de julho de 2006, e d\u00e1 outras provid\u00eancias, no que se refere a cria\u00e7\u00e3o da Corregedoria, suas atribui\u00e7\u00f5es, o cargo de provimento em comiss\u00e3o de Secret\u00e1rio da Corregedoria, com simbologia CAD-2 e remunera\u00e7\u00e3o correspondente e cria\u00e7\u00e3o da Assessoria de Comunica\u00e7\u00e3o, suas atribui\u00e7\u00f5es e cargo de provimento em comiss\u00e3o de Assessor de Comunica\u00e7\u00e3o, subordinado ao Gabinete do Procurador Geral, com remunera\u00e7\u00e3o e simbologia da CAD -2, e o Anexo III da Lei Municipal n\u00ba. 1.015 de 14 de julho de 2006,passa a vigorar no formato Anexo \u00fanico desta lei .<\/p>\n","protected":false},"excerpt":{"rendered":"","protected":false},"author":27,"featured_media":0,"parent":181,"menu_order":2,"comment_status":"closed","ping_status":"closed","template":"templates\/prefeitura.php","meta":{"footnotes":""},"acf":[],"yoast_head":"<!-- This site is optimized with the Yoast SEO plugin v23.0 - https:\/\/yoast.com\/wordpress\/plugins\/seo\/ -->\n<title>Legisla\u00e7\u00e3o - PGM<\/title>\n<meta name=\"robots\" content=\"noindex, follow\" \/>\n<meta property=\"og:locale\" content=\"pt_BR\" \/>\n<meta property=\"og:type\" content=\"article\" \/>\n<meta property=\"og:title\" content=\"Legisla\u00e7\u00e3o - PGM\" \/>\n<meta property=\"og:url\" content=\"https:\/\/www.manaus.am.gov.br\/pgm\/procuradoria\/legislacao\/\" \/>\n<meta property=\"og:site_name\" content=\"PGM\" \/>\n<meta property=\"article:modified_time\" content=\"2023-04-28T14:33:39+00:00\" \/>\n<meta name=\"twitter:card\" content=\"summary_large_image\" \/>\n<meta name=\"twitter:label1\" content=\"Est. reading time\" \/>\n\t<meta name=\"twitter:data1\" content=\"4 minutos\" \/>\n<script type=\"application\/ld+json\" class=\"yoast-schema-graph\">{\"@context\":\"https:\/\/schema.org\",\"@graph\":[{\"@type\":\"WebPage\",\"@id\":\"https:\/\/www.manaus.am.gov.br\/pgm\/procuradoria\/legislacao\/\",\"url\":\"https:\/\/www.manaus.am.gov.br\/pgm\/procuradoria\/legislacao\/\",\"name\":\"Legisla\u00e7\u00e3o - PGM\",\"isPartOf\":{\"@id\":\"https:\/\/www.manaus.am.gov.br\/pgm\/#website\"},\"datePublished\":\"2023-02-07T15:28:17+00:00\",\"dateModified\":\"2023-04-28T14:33:39+00:00\",\"breadcrumb\":{\"@id\":\"https:\/\/www.manaus.am.gov.br\/pgm\/procuradoria\/legislacao\/#breadcrumb\"},\"inLanguage\":\"pt-BR\",\"potentialAction\":[{\"@type\":\"ReadAction\",\"target\":[\"https:\/\/www.manaus.am.gov.br\/pgm\/procuradoria\/legislacao\/\"]}]},{\"@type\":\"BreadcrumbList\",\"@id\":\"https:\/\/www.manaus.am.gov.br\/pgm\/procuradoria\/legislacao\/#breadcrumb\",\"itemListElement\":[{\"@type\":\"ListItem\",\"position\":1,\"name\":\"Home\",\"item\":\"https:\/\/www.manaus.am.gov.br\/pgm\/\"},{\"@type\":\"ListItem\",\"position\":2,\"name\":\"Procuradoria\",\"item\":\"https:\/\/www.manaus.am.gov.br\/pgm\/procuradoria\/\"},{\"@type\":\"ListItem\",\"position\":3,\"name\":\"Legisla\u00e7\u00e3o\"}]},{\"@type\":\"WebSite\",\"@id\":\"https:\/\/www.manaus.am.gov.br\/pgm\/#website\",\"url\":\"https:\/\/www.manaus.am.gov.br\/pgm\/\",\"name\":\"PGM\",\"description\":\"Procuradoria Geral do Mun\u00edcipio\",\"potentialAction\":[{\"@type\":\"SearchAction\",\"target\":{\"@type\":\"EntryPoint\",\"urlTemplate\":\"https:\/\/www.manaus.am.gov.br\/pgm\/?s={search_term_string}\"},\"query-input\":\"required name=search_term_string\"}],\"inLanguage\":\"pt-BR\"}]}<\/script>\n<!-- \/ Yoast SEO plugin. -->","yoast_head_json":{"title":"Legisla\u00e7\u00e3o - PGM","robots":{"index":"noindex","follow":"follow"},"og_locale":"pt_BR","og_type":"article","og_title":"Legisla\u00e7\u00e3o - PGM","og_url":"https:\/\/www.manaus.am.gov.br\/pgm\/procuradoria\/legislacao\/","og_site_name":"PGM","article_modified_time":"2023-04-28T14:33:39+00:00","twitter_card":"summary_large_image","twitter_misc":{"Est. reading time":"4 minutos"},"schema":{"@context":"https:\/\/schema.org","@graph":[{"@type":"WebPage","@id":"https:\/\/www.manaus.am.gov.br\/pgm\/procuradoria\/legislacao\/","url":"https:\/\/www.manaus.am.gov.br\/pgm\/procuradoria\/legislacao\/","name":"Legisla\u00e7\u00e3o - PGM","isPartOf":{"@id":"https:\/\/www.manaus.am.gov.br\/pgm\/#website"},"datePublished":"2023-02-07T15:28:17+00:00","dateModified":"2023-04-28T14:33:39+00:00","breadcrumb":{"@id":"https:\/\/www.manaus.am.gov.br\/pgm\/procuradoria\/legislacao\/#breadcrumb"},"inLanguage":"pt-BR","potentialAction":[{"@type":"ReadAction","target":["https:\/\/www.manaus.am.gov.br\/pgm\/procuradoria\/legislacao\/"]}]},{"@type":"BreadcrumbList","@id":"https:\/\/www.manaus.am.gov.br\/pgm\/procuradoria\/legislacao\/#breadcrumb","itemListElement":[{"@type":"ListItem","position":1,"name":"Home","item":"https:\/\/www.manaus.am.gov.br\/pgm\/"},{"@type":"ListItem","position":2,"name":"Procuradoria","item":"https:\/\/www.manaus.am.gov.br\/pgm\/procuradoria\/"},{"@type":"ListItem","position":3,"name":"Legisla\u00e7\u00e3o"}]},{"@type":"WebSite","@id":"https:\/\/www.manaus.am.gov.br\/pgm\/#website","url":"https:\/\/www.manaus.am.gov.br\/pgm\/","name":"PGM","description":"Procuradoria Geral do Mun\u00edcipio","potentialAction":[{"@type":"SearchAction","target":{"@type":"EntryPoint","urlTemplate":"https:\/\/www.manaus.am.gov.br\/pgm\/?s={search_term_string}"},"query-input":"required name=search_term_string"}],"inLanguage":"pt-BR"}]}},"_links":{"self":[{"href":"https:\/\/www.manaus.am.gov.br\/pgm\/wp-json\/wp\/v2\/pages\/200"}],"collection":[{"href":"https:\/\/www.manaus.am.gov.br\/pgm\/wp-json\/wp\/v2\/pages"}],"about":[{"href":"https:\/\/www.manaus.am.gov.br\/pgm\/wp-json\/wp\/v2\/types\/page"}],"author":[{"embeddable":true,"href":"https:\/\/www.manaus.am.gov.br\/pgm\/wp-json\/wp\/v2\/users\/27"}],"replies":[{"embeddable":true,"href":"https:\/\/www.manaus.am.gov.br\/pgm\/wp-json\/wp\/v2\/comments?post=200"}],"version-history":[{"count":8,"href":"https:\/\/www.manaus.am.gov.br\/pgm\/wp-json\/wp\/v2\/pages\/200\/revisions"}],"predecessor-version":[{"id":523,"href":"https:\/\/www.manaus.am.gov.br\/pgm\/wp-json\/wp\/v2\/pages\/200\/revisions\/523"}],"up":[{"embeddable":true,"href":"https:\/\/www.manaus.am.gov.br\/pgm\/wp-json\/wp\/v2\/pages\/181"}],"wp:attachment":[{"href":"https:\/\/www.manaus.am.gov.br\/pgm\/wp-json\/wp\/v2\/media?parent=200"}],"curies":[{"name":"wp","href":"https:\/\/api.w.org\/{rel}","templated":true}]}}