{"id":573,"date":"2023-06-06T16:29:14","date_gmt":"2023-06-06T20:29:14","guid":{"rendered":"https:\/\/www.manaus.am.gov.br\/manauscult\/?page_id=573"},"modified":"2025-04-11T09:21:21","modified_gmt":"2025-04-11T13:21:21","slug":"infraestrutura-e-receptivo","status":"publish","type":"page","link":"https:\/\/www.manaus.am.gov.br\/manauscult\/turismo\/infraestrutura-e-receptivo\/","title":{"rendered":"Infraestrutura e Receptivo"},"content":{"rendered":"\n<figure class=\"wp-block-image size-full\"><img loading=\"lazy\" decoding=\"async\" width=\"822\" height=\"499\" src=\"https:\/\/www.manaus.am.gov.br\/manauscult\/wp-content\/uploads\/sites\/11\/2023\/06\/Infraestrutura-e-receptivo.jpg\" alt=\"\" class=\"wp-image-937\" srcset=\"https:\/\/www.manaus.am.gov.br\/manauscult\/wp-content\/uploads\/sites\/11\/2023\/06\/Infraestrutura-e-receptivo.jpg 822w, https:\/\/www.manaus.am.gov.br\/manauscult\/wp-content\/uploads\/sites\/11\/2023\/06\/Infraestrutura-e-receptivo-300x182.jpg 300w, https:\/\/www.manaus.am.gov.br\/manauscult\/wp-content\/uploads\/sites\/11\/2023\/06\/Infraestrutura-e-receptivo-768x466.jpg 768w\" sizes=\"(max-width: 822px) 100vw, 822px\" \/><\/figure>\n\n\n\n<p>Ao desembarcar no Aeroporto Internacional Eduardo Gomes, o visitante conta com diversas op\u00e7\u00f5es de transporte para chegar ao seu destino. \u00c9 poss\u00edvel utilizar t\u00e1xis, \u00f4nibus do transporte p\u00fablico ou solicitar um carro por meio dos principais aplicativos de mobilidade, todos amplamente dispon\u00edveis em Manaus.<\/p>\n\n\n\n<p>Para quem prefere mais liberdade e conforto, o aluguel de ve\u00edculos \u00e9 uma excelente alternativa. As principais locadoras do pa\u00eds est\u00e3o presentes na cidade, e a recomenda\u00e7\u00e3o \u00e9 fazer a reserva on-line com anteced\u00eancia para garantir melhores condi\u00e7\u00f5es e disponibilidade.<\/p>\n","protected":false},"excerpt":{"rendered":"","protected":false},"author":27,"featured_media":0,"parent":327,"menu_order":1,"comment_status":"closed","ping_status":"closed","template":"templates\/turismo.php","meta":{"footnotes":""},"acf":[],"yoast_head":"<!-- This site is optimized with the Yoast SEO plugin v23.0 - https:\/\/yoast.com\/wordpress\/plugins\/seo\/ -->\n<title>Infraestrutura e Receptivo - MANAUSCULT<\/title>\n<meta name=\"robots\" content=\"noindex, follow\" \/>\n<meta property=\"og:locale\" content=\"pt_BR\" \/>\n<meta property=\"og:type\" content=\"article\" \/>\n<meta property=\"og:title\" content=\"Infraestrutura e Receptivo - MANAUSCULT\" \/>\n<meta property=\"og:url\" content=\"https:\/\/www.manaus.am.gov.br\/manauscult\/turismo\/infraestrutura-e-receptivo\/\" \/>\n<meta property=\"og:site_name\" content=\"MANAUSCULT\" \/>\n<meta property=\"article:modified_time\" content=\"2025-04-11T13:21:21+00:00\" \/>\n<meta property=\"og:image\" content=\"https:\/\/www.manaus.am.gov.br\/manauscult\/wp-content\/uploads\/sites\/11\/2023\/06\/Infraestrutura-e-receptivo.jpg\" \/>\n<meta name=\"twitter:card\" content=\"summary_large_image\" \/>\n<meta name=\"twitter:label1\" content=\"Est. reading time\" \/>\n\t<meta name=\"twitter:data1\" content=\"1 minuto\" \/>\n<script type=\"application\/ld+json\" class=\"yoast-schema-graph\">{\"@context\":\"https:\/\/schema.org\",\"@graph\":[{\"@type\":\"WebPage\",\"@id\":\"https:\/\/www.manaus.am.gov.br\/manauscult\/turismo\/infraestrutura-e-receptivo\/\",\"url\":\"https:\/\/www.manaus.am.gov.br\/manauscult\/turismo\/infraestrutura-e-receptivo\/\",\"name\":\"Infraestrutura e Receptivo - MANAUSCULT\",\"isPartOf\":{\"@id\":\"https:\/\/www.manaus.am.gov.br\/manauscult\/#website\"},\"primaryImageOfPage\":{\"@id\":\"https:\/\/www.manaus.am.gov.br\/manauscult\/turismo\/infraestrutura-e-receptivo\/#primaryimage\"},\"image\":{\"@id\":\"https:\/\/www.manaus.am.gov.br\/manauscult\/turismo\/infraestrutura-e-receptivo\/#primaryimage\"},\"thumbnailUrl\":\"https:\/\/www.manaus.am.gov.br\/manauscult\/wp-content\/uploads\/sites\/11\/2023\/06\/Infraestrutura-e-receptivo.jpg\",\"datePublished\":\"2023-06-06T20:29:14+00:00\",\"dateModified\":\"2025-04-11T13:21:21+00:00\",\"breadcrumb\":{\"@id\":\"https:\/\/www.manaus.am.gov.br\/manauscult\/turismo\/infraestrutura-e-receptivo\/#breadcrumb\"},\"inLanguage\":\"pt-BR\",\"potentialAction\":[{\"@type\":\"ReadAction\",\"target\":[\"https:\/\/www.manaus.am.gov.br\/manauscult\/turismo\/infraestrutura-e-receptivo\/\"]}]},{\"@type\":\"ImageObject\",\"inLanguage\":\"pt-BR\",\"@id\":\"https:\/\/www.manaus.am.gov.br\/manauscult\/turismo\/infraestrutura-e-receptivo\/#primaryimage\",\"url\":\"https:\/\/www.manaus.am.gov.br\/manauscult\/wp-content\/uploads\/sites\/11\/2023\/06\/Infraestrutura-e-receptivo.jpg\",\"contentUrl\":\"https:\/\/www.manaus.am.gov.br\/manauscult\/wp-content\/uploads\/sites\/11\/2023\/06\/Infraestrutura-e-receptivo.jpg\",\"width\":822,\"height\":499},{\"@type\":\"BreadcrumbList\",\"@id\":\"https:\/\/www.manaus.am.gov.br\/manauscult\/turismo\/infraestrutura-e-receptivo\/#breadcrumb\",\"itemListElement\":[{\"@type\":\"ListItem\",\"position\":1,\"name\":\"Home\",\"item\":\"https:\/\/www.manaus.am.gov.br\/manauscult\/\"},{\"@type\":\"ListItem\",\"position\":2,\"name\":\"Turismo\",\"item\":\"https:\/\/www.manaus.am.gov.br\/manauscult\/turismo\/\"},{\"@type\":\"ListItem\",\"position\":3,\"name\":\"Infraestrutura e Receptivo\"}]},{\"@type\":\"WebSite\",\"@id\":\"https:\/\/www.manaus.am.gov.br\/manauscult\/#website\",\"url\":\"https:\/\/www.manaus.am.gov.br\/manauscult\/\",\"name\":\"MANAUSCULT\",\"description\":\"Prefeitura de Manaus\",\"potentialAction\":[{\"@type\":\"SearchAction\",\"target\":{\"@type\":\"EntryPoint\",\"urlTemplate\":\"https:\/\/www.manaus.am.gov.br\/manauscult\/?s={search_term_string}\"},\"query-input\":\"required name=search_term_string\"}],\"inLanguage\":\"pt-BR\"}]}<\/script>\n<!-- \/ Yoast SEO plugin. -->","yoast_head_json":{"title":"Infraestrutura e Receptivo - MANAUSCULT","robots":{"index":"noindex","follow":"follow"},"og_locale":"pt_BR","og_type":"article","og_title":"Infraestrutura e Receptivo - MANAUSCULT","og_url":"https:\/\/www.manaus.am.gov.br\/manauscult\/turismo\/infraestrutura-e-receptivo\/","og_site_name":"MANAUSCULT","article_modified_time":"2025-04-11T13:21:21+00:00","og_image":[{"url":"https:\/\/www.manaus.am.gov.br\/manauscult\/wp-content\/uploads\/sites\/11\/2023\/06\/Infraestrutura-e-receptivo.jpg"}],"twitter_card":"summary_large_image","twitter_misc":{"Est. reading time":"1 minuto"},"schema":{"@context":"https:\/\/schema.org","@graph":[{"@type":"WebPage","@id":"https:\/\/www.manaus.am.gov.br\/manauscult\/turismo\/infraestrutura-e-receptivo\/","url":"https:\/\/www.manaus.am.gov.br\/manauscult\/turismo\/infraestrutura-e-receptivo\/","name":"Infraestrutura e Receptivo - MANAUSCULT","isPartOf":{"@id":"https:\/\/www.manaus.am.gov.br\/manauscult\/#website"},"primaryImageOfPage":{"@id":"https:\/\/www.manaus.am.gov.br\/manauscult\/turismo\/infraestrutura-e-receptivo\/#primaryimage"},"image":{"@id":"https:\/\/www.manaus.am.gov.br\/manauscult\/turismo\/infraestrutura-e-receptivo\/#primaryimage"},"thumbnailUrl":"https:\/\/www.manaus.am.gov.br\/manauscult\/wp-content\/uploads\/sites\/11\/2023\/06\/Infraestrutura-e-receptivo.jpg","datePublished":"2023-06-06T20:29:14+00:00","dateModified":"2025-04-11T13:21:21+00:00","breadcrumb":{"@id":"https:\/\/www.manaus.am.gov.br\/manauscult\/turismo\/infraestrutura-e-receptivo\/#breadcrumb"},"inLanguage":"pt-BR","potentialAction":[{"@type":"ReadAction","target":["https:\/\/www.manaus.am.gov.br\/manauscult\/turismo\/infraestrutura-e-receptivo\/"]}]},{"@type":"ImageObject","inLanguage":"pt-BR","@id":"https:\/\/www.manaus.am.gov.br\/manauscult\/turismo\/infraestrutura-e-receptivo\/#primaryimage","url":"https:\/\/www.manaus.am.gov.br\/manauscult\/wp-content\/uploads\/sites\/11\/2023\/06\/Infraestrutura-e-receptivo.jpg","contentUrl":"https:\/\/www.manaus.am.gov.br\/manauscult\/wp-content\/uploads\/sites\/11\/2023\/06\/Infraestrutura-e-receptivo.jpg","width":822,"height":499},{"@type":"BreadcrumbList","@id":"https:\/\/www.manaus.am.gov.br\/manauscult\/turismo\/infraestrutura-e-receptivo\/#breadcrumb","itemListElement":[{"@type":"ListItem","position":1,"name":"Home","item":"https:\/\/www.manaus.am.gov.br\/manauscult\/"},{"@type":"ListItem","position":2,"name":"Turismo","item":"https:\/\/www.manaus.am.gov.br\/manauscult\/turismo\/"},{"@type":"ListItem","position":3,"name":"Infraestrutura e Receptivo"}]},{"@type":"WebSite","@id":"https:\/\/www.manaus.am.gov.br\/manauscult\/#website","url":"https:\/\/www.manaus.am.gov.br\/manauscult\/","name":"MANAUSCULT","description":"Prefeitura de Manaus","potentialAction":[{"@type":"SearchAction","target":{"@type":"EntryPoint","urlTemplate":"https:\/\/www.manaus.am.gov.br\/manauscult\/?s={search_term_string}"},"query-input":"required name=search_term_string"}],"inLanguage":"pt-BR"}]}},"_links":{"self":[{"href":"https:\/\/www.manaus.am.gov.br\/manauscult\/wp-json\/wp\/v2\/pages\/573"}],"collection":[{"href":"https:\/\/www.manaus.am.gov.br\/manauscult\/wp-json\/wp\/v2\/pages"}],"about":[{"href":"https:\/\/www.manaus.am.gov.br\/manauscult\/wp-json\/wp\/v2\/types\/page"}],"author":[{"embeddable":true,"href":"https:\/\/www.manaus.am.gov.br\/manauscult\/wp-json\/wp\/v2\/users\/27"}],"replies":[{"embeddable":true,"href":"https:\/\/www.manaus.am.gov.br\/manauscult\/wp-json\/wp\/v2\/comments?post=573"}],"version-history":[{"count":7,"href":"https:\/\/www.manaus.am.gov.br\/manauscult\/wp-json\/wp\/v2\/pages\/573\/revisions"}],"predecessor-version":[{"id":3751,"href":"https:\/\/www.manaus.am.gov.br\/manauscult\/wp-json\/wp\/v2\/pages\/573\/revisions\/3751"}],"up":[{"embeddable":true,"href":"https:\/\/www.manaus.am.gov.br\/manauscult\/wp-json\/wp\/v2\/pages\/327"}],"wp:attachment":[{"href":"https:\/\/www.manaus.am.gov.br\/manauscult\/wp-json\/wp\/v2\/media?parent=573"}],"curies":[{"name":"wp","href":"https:\/\/api.w.org\/{rel}","templated":true}]}}