{"version":"1.0","provider_name":"MANAUSCULT","provider_url":"https:\/\/www.manaus.am.gov.br\/manauscult","title":"Com apoio da prefeitura, lan\u00e7amento do videoclipe \u2018Tens Cuidado\u2019 acontece nesta sexta-feira, 28\/2","type":"rich","width":600,"height":338,"html":"<blockquote class=\"wp-embedded-content\" data-secret=\"G5cQb2UI1M\"><a href=\"https:\/\/www.manaus.am.gov.br\/manauscult\/lancamento-do-videoclipe-tens-cuidado\/\">Com apoio da prefeitura, lan\u00e7amento do videoclipe \u2018Tens Cuidado\u2019 acontece nesta sexta-feira, 28\/2<\/a><\/blockquote><iframe sandbox=\"allow-scripts\" security=\"restricted\" src=\"https:\/\/www.manaus.am.gov.br\/manauscult\/lancamento-do-videoclipe-tens-cuidado\/embed\/#?secret=G5cQb2UI1M\" width=\"600\" height=\"338\" title=\"&#8220;Com apoio da prefeitura, lan\u00e7amento do videoclipe \u2018Tens Cuidado\u2019 acontece nesta sexta-feira, 28\/2&#8221; &#8212; MANAUSCULT\" data-secret=\"G5cQb2UI1M\" frameborder=\"0\" marginwidth=\"0\" marginheight=\"0\" scrolling=\"no\" class=\"wp-embedded-content\"><\/iframe><script type=\"text\/javascript\">\n\/* <![CDATA[ *\/\n\/*! This file is auto-generated *\/\n!function(d,l){\"use strict\";l.querySelector&&d.addEventListener&&\"undefined\"!=typeof URL&&(d.wp=d.wp||{},d.wp.receiveEmbedMessage||(d.wp.receiveEmbedMessage=function(e){var t=e.data;if((t||t.secret||t.message||t.value)&&!\/[^a-zA-Z0-9]\/.test(t.secret)){for(var s,r,n,a=l.querySelectorAll('iframe[data-secret=\"'+t.secret+'\"]'),o=l.querySelectorAll('blockquote[data-secret=\"'+t.secret+'\"]'),c=new RegExp(\"^https?:$\",\"i\"),i=0;i<o.length;i++)o[i].style.display=\"none\";for(i=0;i<a.length;i++)s=a[i],e.source===s.contentWindow&&(s.removeAttribute(\"style\"),\"height\"===t.message?(1e3<(r=parseInt(t.value,10))?r=1e3:~~r<200&&(r=200),s.height=r):\"link\"===t.message&&(r=new URL(s.getAttribute(\"src\")),n=new URL(t.value),c.test(n.protocol))&&n.host===r.host&&l.activeElement===s&&(d.top.location.href=t.value))}},d.addEventListener(\"message\",d.wp.receiveEmbedMessage,!1),l.addEventListener(\"DOMContentLoaded\",function(){for(var e,t,s=l.querySelectorAll(\"iframe.wp-embedded-content\"),r=0;r<s.length;r++)(t=(e=s[r]).getAttribute(\"data-secret\"))||(t=Math.random().toString(36).substring(2,12),e.src+=\"#?secret=\"+t,e.setAttribute(\"data-secret\",t)),e.contentWindow.postMessage({message:\"ready\",secret:t},\"*\")},!1)))}(window,document);\n\/* ]]> *\/\n<\/script>\n","thumbnail_url":"https:\/\/www.manaus.am.gov.br\/manauscult\/wp-content\/uploads\/sites\/11\/2025\/02\/Com-apoio-da-prefeitura-lancamento-do-videoclipe-\u2018Tens-Cuidado-acontece-nesta-sexta-feira.jpg","thumbnail_width":800,"thumbnail_height":438,"description":"Nesta sexta-feira, 28\/2, a drag queen Aurora Boreal, lan\u00e7a seu novo videoclipe \u201cTens Cuidado\u201d, contemplado pela Lei Paulo Gustavo (LPG), da Prefeitura de Manaus, por meio do Conselho Municipal de Cultura (Concultura), com uma exibi\u00e7\u00e3o p\u00fablica gratuita e di\u00e1logos sobre o processo de produ\u00e7\u00e3o audiovisual."}