{"id":1849,"date":"2023-08-02T10:11:20","date_gmt":"2023-08-02T14:11:20","guid":{"rendered":"https:\/\/www.manaus.am.gov.br\/implurb\/?page_id=1849"},"modified":"2025-04-14T11:10:26","modified_gmt":"2025-04-14T15:10:26","slug":"fale-conosco","status":"publish","type":"page","link":"https:\/\/www.manaus.am.gov.br\/implurb\/o-implurb\/fale-conosco\/","title":{"rendered":"Fale Conosco"},"content":{"rendered":"\n<h2 class=\"wp-block-heading\"><strong>Gabinete do Diretor-Presidente<\/strong><\/h2>\n\n\n\n<p><strong>Email:<\/strong>&nbsp;presidencia.implurb@manaus.am.gov.br<br><strong>Telefone:&nbsp;<\/strong>(92) 3625-6418<\/p>\n\n\n\n<p><strong>Hor\u00e1rio de atendimento:&nbsp;<\/strong>8h \u00e0s 14h segunda a sexta<\/p>\n\n\n\n<h2 class=\"wp-block-heading\"><strong>Gabinete do Vice-Presidente<\/strong><\/h2>\n\n\n\n<p><strong>E-mail:<\/strong>&nbsp;vpres.implurb@manaus.am.gov.br<br><strong>Telefone:<\/strong>&nbsp;(92) 3625-2844\/ (92) 3625-5413 \/<\/p>\n\n\n\n<p><strong>Hor\u00e1rio de atendimento:&nbsp;<\/strong>8h \u00e0s 14h segunda a sexta<\/p>\n\n\n\n<h2 class=\"wp-block-heading\"><strong>Assessoria de Imprensa<\/strong><\/h2>\n\n\n\n<p><strong>Assessora:&nbsp;<\/strong>Cl\u00e1udia do Valle<br><strong>E-mail:<\/strong>&nbsp;claudiavalle.mao@gmail.com&nbsp;<strong>e<\/strong>&nbsp;asscom.implurb@manaus.am.gov.br<\/p>\n\n\n\n<h2 class=\"wp-block-heading\"><strong>Assessoria de T\u00e9cnica<\/strong><\/h2>\n\n\n\n<p><strong>Assessoria T\u00e9cnica (ASTEC):&nbsp;<\/strong>astec.implurb@manaus.am.gov.br<\/p>\n\n\n\n<h2 class=\"wp-block-heading\"><strong>Assessoria de Jur\u00eddica&nbsp;<\/strong><\/h2>\n\n\n\n<p><strong>Procuradoria Jur\u00eddica (PROJUR):&nbsp;<\/strong>projur.implurb@manaus.am.gov.br<\/p>\n\n\n\n<p><strong>Telefone:&nbsp;<\/strong>(92) 3625-3412<\/p>\n\n\n\n<p><strong>Hor\u00e1rio de atendimento:&nbsp;<\/strong>8h \u00e0s 14h segunda a sexta<\/p>\n\n\n\n<h2 class=\"wp-block-heading\"><strong>Atendimento ao P\u00fablico&nbsp;<\/strong><\/h2>\n\n\n\n<p><strong>E-mail:<\/strong>&nbsp;respostaimplurb@outlook.com<\/p>\n\n\n\n<h2 class=\"wp-block-heading\"><strong>Ger\u00eancia De Atendimento<\/strong><\/h2>\n\n\n\n<p>ABERTURA DE PROCESSO \u00c9 EXCLUSIVO POR E-MAIL<\/p>\n\n\n\n<p>Todo processo junto ao IMPLURB \u00e9 atendido atualmente APENAS com formaliza\u00e7\u00e3o por e-mail para o respostaimplurb@outlook.com<\/p>\n\n\n\n<p>O requerente dever\u00e1 enviar por e-mail o requerimento padr\u00e3o devidamente preenchido, com todos os documentos necess\u00e1rios em um \u00fanico arquivo formato PDF<a href=\"https:\/\/www.manaus.am.gov.br\/implurb\/servicos-e-certidoes\/lista-de-documentos\/\"><strong>(Lista de Documentos)<\/strong><\/a><\/p>\n\n\n\n<p><strong>(GEAT):<\/strong>&nbsp;respostaimplurb@outlook.com<\/p>\n\n\n\n<p><strong>Telefone:<\/strong>&nbsp;(92) 98420-6589 (WhatsApp)\/ (92) 98842-1031 (WhatsApp)\/&nbsp;<\/p>\n\n\n\n<p>(92) 3625-2947 (fixo) \/ (92) 3625-4789 (fixo)<\/p>\n\n\n\n<p><strong>Hor\u00e1rio de atendimento:&nbsp;<\/strong>8h \u00e0s 14h segunda a sexta<\/p>\n\n\n\n<p><em><strong>Para libera\u00e7\u00e3o de acesso ao portal de servi\u00e7os<\/strong><\/em><a href=\"https:\/\/fiscal.manaus.am.gov.br\/fiscal\/servlet\/hwplogin\"><strong><em>(Acesso \u2013 Sistema de Fiscaliza\u00e7\u00e3o Urbana \u2013 Fu)<\/em><\/strong><\/a><strong>.<\/strong><em><strong>&nbsp;Entrar em contato com a Ger\u00eancia de Atendimento \u2013 GEAT, atrav\u00e9s do WhatsApp, e-mail ou telefones.<\/strong><\/em><\/p>\n\n\n\n<p><strong>Disque Den\u00fancia<\/strong><strong>: <\/strong>disquedenuncia.implurb@manaus.am.gov.br<\/p>\n\n\n\n<p>As reclama\u00e7\u00f5es s\u00e3o formalizadas de forma presencial, por e-mail ou pelo portal Fiscaliza\u00e7\u00e3o Urbana<a href=\"https:\/\/fiscal.manaus.am.gov.br\/fiscal\/servlet\/hwpinformacaodenuncia\"><strong>(Sistema FU).<\/strong><\/a><br>Telefone: (92) 3673-9305&nbsp;\/ 161<\/p>\n\n\n\n<p><strong>Hor\u00e1rio de atendimento:&nbsp;<\/strong>8h \u00e0s 14h segunda a sexta<br><strong><br><\/strong><\/p>\n\n\n\n<h2 class=\"wp-block-heading\"><strong>Ouvidoria Implurb <\/strong><\/h2>\n\n\n\n<p><strong>E-mail:<\/strong> ouvidoria.implurb@manaus.am.gov.br<\/p>\n\n\n\n<p>Todas as reclama\u00e7\u00f5es ser\u00e3o formalizadas t\u00e3o somente via email.<\/p>\n\n\n\n<p><strong>Telefone:<\/strong>&nbsp;(92) 3625-5340<\/p>\n\n\n\n<p><\/p>\n\n\n\n<h2 class=\"wp-block-heading\"><strong>Diretoria de Opera\u00e7\u00f5es (Diop)<\/strong><\/h2>\n\n\n\n<p><strong>E-mail:<\/strong> diop.implurb@manaus.am.gov.br<\/p>\n\n\n\n<p><strong>Telefone:<\/strong>&nbsp;(92) 3625-2847<\/p>\n\n\n\n<p><strong>Hor\u00e1rio de atendimento:&nbsp;<\/strong>8h \u00e0s 14h segunda a sexta (mediante agendamento pr\u00e9vio)<\/p>\n\n\n\n<p><\/p>\n\n\n\n<h2 class=\"wp-block-heading\"><strong>Divis\u00e3o de Aprova\u00e7\u00e3o De Projetos (Diap)<\/strong><\/h2>\n\n\n\n<p><strong>E-mail:<\/strong> diap.implurb@manaus.am.gov.br<\/p>\n\n\n\n<p><strong>Telefone:<\/strong>&nbsp;(92) 98855-1630 (WhatsApp) \/ (92) 3625-2986<\/p>\n\n\n\n<p><strong>Hor\u00e1rio de atendimento:&nbsp;<\/strong>8h \u00e0s 14h segunda a sexta<\/p>\n\n\n\n<p><\/p>\n\n\n\n<h2 class=\"wp-block-heading\"><strong>Ger\u00eancia Informa\u00e7\u00e3o T\u00e9cnica (GIT)<\/strong><\/h2>\n\n\n\n<p><strong>E-mail:<\/strong> git.implurb@manaus.am.gov.br<\/p>\n\n\n\n<p><strong>Telefone:<\/strong>&nbsp;(92) 98842-7222&nbsp;\/ (92) 3625-2542<\/p>\n\n\n\n<p><strong>Hor\u00e1rio de atendimento:&nbsp;<\/strong>8h \u00e0s 14h segunda a sexta<\/p>\n\n\n\n<p><\/p>\n\n\n\n<h2 class=\"wp-block-heading\"><strong>Ger\u00eancia Parcelamento Do Solo (GPS)<\/strong><\/h2>\n\n\n\n<p><strong>E-mail:<\/strong> gps.implurb@manaus.am.gov.br<\/p>\n\n\n\n<p><strong>Telefone:<\/strong>&nbsp;(92) 3625-5380<\/p>\n\n\n\n<p><strong>Hor\u00e1rio de atendimento:&nbsp;<\/strong>8h \u00e0s 14h segunda a sexta<\/p>\n\n\n\n<p><\/p>\n\n\n\n<h2 class=\"wp-block-heading\"><strong>Ger\u00eancia Projetos De Interesse Social (GAPIS)<\/strong><\/h2>\n\n\n\n<p><strong>E-mail:<\/strong> gapis.implurb@manaus.am.gov.br<\/p>\n\n\n\n<p><strong>Telefone:<\/strong>&nbsp;(92) 3625-2766<\/p>\n\n\n\n<p><\/p>\n\n\n\n<h2 class=\"wp-block-heading\"><strong>Ger\u00eancia Levantamento T\u00e9cnico (GLT)<\/strong><\/h2>\n\n\n\n<p><strong>E-mail:<\/strong> glt.implurb@pmm.am.gov.br<\/p>\n\n\n\n<p><strong>Telefone:<\/strong>&nbsp;(92) 3625-5125<\/p>\n\n\n\n<p><strong>Hor\u00e1rio de atendimento:&nbsp;<\/strong>8h \u00e0s 14h segunda a sexta<\/p>\n\n\n\n<p><\/p>\n\n\n\n<h2 class=\"wp-block-heading\"><strong>Ger\u00eancia De Engenhos Publicit\u00e1rios (GEP)<\/strong><\/h2>\n\n\n\n<p><strong>E-mail:<\/strong> gep.implurb@manaus.am.gov.br<\/p>\n\n\n\n<p><strong>Telefone:<\/strong>&nbsp;(92) 98855-1628 \/&nbsp;(92) 3625-5269<\/p>\n\n\n\n<p><strong>Hor\u00e1rio de atendimento:&nbsp;<\/strong>8h \u00e0s 14h segunda a sexta<\/p>\n\n\n\n<p><\/p>\n\n\n\n<h2 class=\"wp-block-heading\"><strong>Ger\u00eancia Com\u00e9rcio Fixo \u00c1reas P\u00fablicas (GFAP)<\/strong><\/h2>\n\n\n\n<p><strong>E-mail:<\/strong> gfap.implurb@manaus.am.gov.br<\/p>\n\n\n\n<p><strong>Telefone:<\/strong>&nbsp;(92) 98855-1643 \/&nbsp;(92) 3625-4436<\/p>\n\n\n\n<p><strong>Hor\u00e1rio de atendimento:&nbsp;<\/strong>8h \u00e0s 14h segunda a sexta<\/p>\n\n\n\n<p><\/p>\n\n\n\n<h2 class=\"wp-block-heading\"><strong>Divis\u00e3o De Controle (Dicon)<\/strong><\/h2>\n\n\n\n<p><strong>E-mail:<\/strong> dicon.implurb@manaus.am.gov.br<\/p>\n\n\n\n<p><strong>Telefone:<\/strong>&nbsp;(92) 3214-8903<\/p>\n\n\n\n<p><strong>Hor\u00e1rio de atendimento:&nbsp;<\/strong>8h \u00e0s 14h segunda a sexta<\/p>\n\n\n\n<p><\/p>\n\n\n\n<h2 class=\"wp-block-heading\"><strong>Ger\u00eancia de Fiscaliza\u00e7\u00e3o de Obras (GFO)<\/strong><\/h2>\n\n\n\n<p><strong>E-mail:<\/strong> gfo.implurb@manaus.am.gov.br<\/p>\n\n\n\n<p><strong>Telefone:<\/strong>&nbsp;(92) 3625-5267<\/p>\n\n\n\n<p><\/p>\n\n\n\n<h2 class=\"wp-block-heading\"><strong>Ger\u00eancia de Fiscaliza\u00e7\u00e3o de Postura (GFP)<\/strong><\/h2>\n\n\n\n<p><strong>E-mail:<\/strong> gfp.implurb@manaus.am.gov.br<\/p>\n\n\n\n<p><strong>Telefone:<\/strong>&nbsp;(92) 3625-5267<\/p>\n\n\n\n<p><\/p>\n\n\n\n<h2 class=\"wp-block-heading\"><strong>Diretoria de Planejamento (DPLA)<\/strong><\/h2>\n\n\n\n<p><strong>E-mail:<\/strong> dpla.implurb@manaus.am.gov.br<\/p>\n\n\n\n<p><strong>Telefone:&nbsp;<\/strong>(92) 3625-5540<\/p>\n\n\n\n<p><\/p>\n\n\n\n<h2 class=\"wp-block-heading\"><strong>Divis\u00e3o de Projetos Urban\u00edsticos&nbsp;(DIPU)&nbsp;<\/strong><\/h2>\n\n\n\n<p><strong>Telefone:&nbsp;<\/strong>(92) 3625-5540<\/p>\n\n\n\n<p><\/p>\n\n\n\n<h2 class=\"wp-block-heading\"><strong>Ger\u00eancia De Mobilidade Urbana (GMU)<\/strong><\/h2>\n\n\n\n<p><strong>E-mail:<\/strong> gmu.implurb@manaus.am.gov.br<\/p>\n\n\n\n<p><strong>Telefone:&nbsp;<\/strong>(92) 3625-6582<\/p>\n\n\n\n<p><strong>Hor\u00e1rio de atendimento:&nbsp;<\/strong>8h \u00e0s 14h segunda a sexta<\/p>\n\n\n\n<p><\/p>\n\n\n\n<h2 class=\"wp-block-heading\"><strong>Ger\u00eancia de Informa\u00e7\u00e3o e Geoprocessamento (GIG)<\/strong><\/h2>\n\n\n\n<p><strong>E-mail:<\/strong> gig.implurb@manaus.am.gov.br<\/p>\n\n\n\n<p><strong>Telefone:&nbsp;<\/strong>(92) 3625-66572<\/p>\n\n\n\n<p><strong>Hor\u00e1rio de atendimento:&nbsp;<\/strong>8h \u00e0s 14h segunda a sexta<\/p>\n\n\n\n<p><\/p>\n\n\n\n<h2 class=\"wp-block-heading\"><strong>Ger\u00eancia de Patrim\u00f4nio Hist\u00f3rico e Edificado (GPH)<\/strong><\/h2>\n\n\n\n<p><strong>E-mail:<\/strong> gph.implurb@manaus.am.gov.br<\/p>\n\n\n\n<p><strong>Telefone:&nbsp;<\/strong>(92) 3625-6572<\/p>\n\n\n\n<p><\/p>\n\n\n\n<h2 class=\"wp-block-heading\"><strong>Ger\u00eancia de Engenharia (GEN)<\/strong><\/h2>\n\n\n\n<p><strong>E-mail:<\/strong> gen.implurb@manaus.am.gov.br<\/p>\n\n\n\n<p><strong>Telefone:&nbsp;<\/strong>(92) 3625-6577<\/p>\n\n\n\n<p><\/p>\n\n\n\n<h2 class=\"wp-block-heading\"><strong>Diretoria Administrativo e Financeiro (Diraf)<\/strong><\/h2>\n\n\n\n<p><strong>E-mail:<\/strong> diraf.implurb@manaus.am.gov.br<\/p>\n\n\n\n<p><strong>Telefone:&nbsp;<\/strong>(92) 3625-4629<\/p>\n\n\n\n<p><\/p>\n\n\n\n<h2 class=\"wp-block-heading\"><strong>Ger\u00eancia de Gest\u00e3o de Pessoas&nbsp;(GGP)<\/strong><\/h2>\n\n\n\n<p><strong>E-mail:<\/strong> ggp.implurb@manaus.am.gov.br<\/p>\n\n\n\n<p><strong>Telefone:&nbsp;<\/strong>(92) 3625-4527<\/p>\n\n\n\n<p><\/p>\n\n\n\n<h2 class=\"wp-block-heading\"><strong>Ger\u00eancia de Planejamento Or\u00e7ament\u00e1rio e Finan\u00e7as&nbsp;(GPLAN)<\/strong><\/h2>\n\n\n\n<p><strong>E-mail:<\/strong> gplan.implurb@manaus.am.gov.br<\/p>\n\n\n\n<p><strong>Telefone:&nbsp;<\/strong>(92) 3625-4471<\/p>\n\n\n\n<p><\/p>\n\n\n\n<h2 class=\"wp-block-heading\"><strong>Ger\u00eancia de Patrim\u00f4nio Material e Servi\u00e7os&nbsp;(GPMS)<\/strong><\/h2>\n\n\n\n<p><strong>E-mail:<\/strong> gpms.implurb@manaus.am.gov.br<\/p>\n\n\n\n<p><strong>Telefone:&nbsp;<\/strong>(92) 3625-5282<\/p>\n\n\n\n<p><\/p>\n\n\n\n<h2 class=\"wp-block-heading\"><strong>Ger\u00eancia de C\u00e1lculo e Arrecada\u00e7\u00e3o&nbsp;(GCA)<\/strong><\/h2>\n\n\n\n<p><strong>E-mail:<\/strong> gca.implurb@manaus.am.gov.br<\/p>\n\n\n\n<p><strong>Telefone:<\/strong>&nbsp;(92) 98855-1631 (WhatsApp) \/ (92) 3625-5020 \/&nbsp;(92) 3625-4909 \/ (92) 98842-7282<\/p>\n\n\n\n<p><\/p>\n\n\n\n<h2 class=\"wp-block-heading\"><strong>Outros<\/strong><\/h2>\n\n\n\n<h2 class=\"wp-block-heading\"><strong>Comiss\u00e3o T\u00e9cnica Planejamento e Controle Urbano (CTPCU)<\/strong><\/h2>\n\n\n\n<p><strong>E-mail:<\/strong> ctpcu.implurb@manaus.am.gov.br<\/p>\n\n\n\n<p><strong>Telefone:<\/strong>&nbsp;(92) 98844-8007 \/ (92) 3625-2843<\/p>\n\n\n\n<p><\/p>\n\n\n\n<h2 class=\"wp-block-heading\"><strong>Comiss\u00e3o Municipal Desenvolvimento Urbano (CMDU)<\/strong><\/h2>\n\n\n\n<p><strong>E-mail:<\/strong> cmdu.implurb@manaus.am.gov.br<\/p>\n\n\n\n<p><strong>Telefone:<\/strong>&nbsp;(92) 3625-2844<\/p>\n\n\n\n<p><\/p>\n\n\n\n<h2 class=\"wp-block-heading\"><strong>Parque Ponta Negra<\/strong><\/h2>\n\n\n\n<p><strong>E-mail:<\/strong> parquepnegra@hotmail.com<\/p>\n\n\n\n<p><strong>Telefone:<\/strong>&nbsp;(92) 98842-2226<\/p>\n","protected":false},"excerpt":{"rendered":"","protected":false},"author":27,"featured_media":0,"parent":366,"menu_order":0,"comment_status":"closed","ping_status":"closed","template":"templates\/turismo.php","meta":{"footnotes":""},"acf":[],"yoast_head":"<!-- This site is optimized with the Yoast SEO plugin v23.0 - https:\/\/yoast.com\/wordpress\/plugins\/seo\/ -->\n<title>Fale Conosco - IMPLURB<\/title>\n<meta name=\"robots\" content=\"noindex, follow\" \/>\n<meta property=\"og:locale\" content=\"pt_BR\" \/>\n<meta property=\"og:type\" content=\"article\" \/>\n<meta property=\"og:title\" content=\"Fale Conosco - IMPLURB\" \/>\n<meta property=\"og:url\" content=\"https:\/\/www.manaus.am.gov.br\/implurb\/o-implurb\/fale-conosco\/\" \/>\n<meta property=\"og:site_name\" content=\"IMPLURB\" \/>\n<meta property=\"article:modified_time\" content=\"2025-04-14T15:10:26+00:00\" \/>\n<meta name=\"twitter:card\" content=\"summary_large_image\" \/>\n<meta name=\"twitter:label1\" content=\"Est. reading time\" \/>\n\t<meta name=\"twitter:data1\" content=\"4 minutos\" \/>\n<script type=\"application\/ld+json\" class=\"yoast-schema-graph\">{\"@context\":\"https:\/\/schema.org\",\"@graph\":[{\"@type\":\"WebPage\",\"@id\":\"https:\/\/www.manaus.am.gov.br\/implurb\/o-implurb\/fale-conosco\/\",\"url\":\"https:\/\/www.manaus.am.gov.br\/implurb\/o-implurb\/fale-conosco\/\",\"name\":\"Fale Conosco - IMPLURB\",\"isPartOf\":{\"@id\":\"https:\/\/www.manaus.am.gov.br\/implurb\/#website\"},\"datePublished\":\"2023-08-02T14:11:20+00:00\",\"dateModified\":\"2025-04-14T15:10:26+00:00\",\"breadcrumb\":{\"@id\":\"https:\/\/www.manaus.am.gov.br\/implurb\/o-implurb\/fale-conosco\/#breadcrumb\"},\"inLanguage\":\"pt-BR\",\"potentialAction\":[{\"@type\":\"ReadAction\",\"target\":[\"https:\/\/www.manaus.am.gov.br\/implurb\/o-implurb\/fale-conosco\/\"]}]},{\"@type\":\"BreadcrumbList\",\"@id\":\"https:\/\/www.manaus.am.gov.br\/implurb\/o-implurb\/fale-conosco\/#breadcrumb\",\"itemListElement\":[{\"@type\":\"ListItem\",\"position\":1,\"name\":\"Home\",\"item\":\"https:\/\/www.manaus.am.gov.br\/implurb\/\"},{\"@type\":\"ListItem\",\"position\":2,\"name\":\"O IMPLURB\",\"item\":\"https:\/\/www.manaus.am.gov.br\/implurb\/o-implurb\/\"},{\"@type\":\"ListItem\",\"position\":3,\"name\":\"Fale Conosco\"}]},{\"@type\":\"WebSite\",\"@id\":\"https:\/\/www.manaus.am.gov.br\/implurb\/#website\",\"url\":\"https:\/\/www.manaus.am.gov.br\/implurb\/\",\"name\":\"IMPLURB\",\"description\":\"Prefeitura de Manaus\",\"potentialAction\":[{\"@type\":\"SearchAction\",\"target\":{\"@type\":\"EntryPoint\",\"urlTemplate\":\"https:\/\/www.manaus.am.gov.br\/implurb\/?s={search_term_string}\"},\"query-input\":\"required name=search_term_string\"}],\"inLanguage\":\"pt-BR\"}]}<\/script>\n<!-- \/ Yoast SEO plugin. -->","yoast_head_json":{"title":"Fale Conosco - IMPLURB","robots":{"index":"noindex","follow":"follow"},"og_locale":"pt_BR","og_type":"article","og_title":"Fale Conosco - IMPLURB","og_url":"https:\/\/www.manaus.am.gov.br\/implurb\/o-implurb\/fale-conosco\/","og_site_name":"IMPLURB","article_modified_time":"2025-04-14T15:10:26+00:00","twitter_card":"summary_large_image","twitter_misc":{"Est. reading time":"4 minutos"},"schema":{"@context":"https:\/\/schema.org","@graph":[{"@type":"WebPage","@id":"https:\/\/www.manaus.am.gov.br\/implurb\/o-implurb\/fale-conosco\/","url":"https:\/\/www.manaus.am.gov.br\/implurb\/o-implurb\/fale-conosco\/","name":"Fale Conosco - IMPLURB","isPartOf":{"@id":"https:\/\/www.manaus.am.gov.br\/implurb\/#website"},"datePublished":"2023-08-02T14:11:20+00:00","dateModified":"2025-04-14T15:10:26+00:00","breadcrumb":{"@id":"https:\/\/www.manaus.am.gov.br\/implurb\/o-implurb\/fale-conosco\/#breadcrumb"},"inLanguage":"pt-BR","potentialAction":[{"@type":"ReadAction","target":["https:\/\/www.manaus.am.gov.br\/implurb\/o-implurb\/fale-conosco\/"]}]},{"@type":"BreadcrumbList","@id":"https:\/\/www.manaus.am.gov.br\/implurb\/o-implurb\/fale-conosco\/#breadcrumb","itemListElement":[{"@type":"ListItem","position":1,"name":"Home","item":"https:\/\/www.manaus.am.gov.br\/implurb\/"},{"@type":"ListItem","position":2,"name":"O IMPLURB","item":"https:\/\/www.manaus.am.gov.br\/implurb\/o-implurb\/"},{"@type":"ListItem","position":3,"name":"Fale Conosco"}]},{"@type":"WebSite","@id":"https:\/\/www.manaus.am.gov.br\/implurb\/#website","url":"https:\/\/www.manaus.am.gov.br\/implurb\/","name":"IMPLURB","description":"Prefeitura de Manaus","potentialAction":[{"@type":"SearchAction","target":{"@type":"EntryPoint","urlTemplate":"https:\/\/www.manaus.am.gov.br\/implurb\/?s={search_term_string}"},"query-input":"required name=search_term_string"}],"inLanguage":"pt-BR"}]}},"_links":{"self":[{"href":"https:\/\/www.manaus.am.gov.br\/implurb\/wp-json\/wp\/v2\/pages\/1849"}],"collection":[{"href":"https:\/\/www.manaus.am.gov.br\/implurb\/wp-json\/wp\/v2\/pages"}],"about":[{"href":"https:\/\/www.manaus.am.gov.br\/implurb\/wp-json\/wp\/v2\/types\/page"}],"author":[{"embeddable":true,"href":"https:\/\/www.manaus.am.gov.br\/implurb\/wp-json\/wp\/v2\/users\/27"}],"replies":[{"embeddable":true,"href":"https:\/\/www.manaus.am.gov.br\/implurb\/wp-json\/wp\/v2\/comments?post=1849"}],"version-history":[{"count":41,"href":"https:\/\/www.manaus.am.gov.br\/implurb\/wp-json\/wp\/v2\/pages\/1849\/revisions"}],"predecessor-version":[{"id":5870,"href":"https:\/\/www.manaus.am.gov.br\/implurb\/wp-json\/wp\/v2\/pages\/1849\/revisions\/5870"}],"up":[{"embeddable":true,"href":"https:\/\/www.manaus.am.gov.br\/implurb\/wp-json\/wp\/v2\/pages\/366"}],"wp:attachment":[{"href":"https:\/\/www.manaus.am.gov.br\/implurb\/wp-json\/wp\/v2\/media?parent=1849"}],"curies":[{"name":"wp","href":"https:\/\/api.w.org\/{rel}","templated":true}]}}