{"version":"1.0","provider_name":"IMPLURB","provider_url":"https:\/\/www.manaus.am.gov.br\/implurb","title":"Manaus comp\u00f5e cartilha nacional de Boas Pr\u00e1ticas sobre centros urbanos em reabilita\u00e7\u00e3o","type":"rich","width":600,"height":338,"html":"<blockquote class=\"wp-embedded-content\" data-secret=\"3yhbZKDbaq\"><a href=\"https:\/\/www.manaus.am.gov.br\/implurb\/manaus-cartilha-reabilitacao-centro\/\">Manaus comp\u00f5e cartilha nacional de Boas Pr\u00e1ticas sobre centros urbanos em reabilita\u00e7\u00e3o<\/a><\/blockquote><iframe sandbox=\"allow-scripts\" security=\"restricted\" src=\"https:\/\/www.manaus.am.gov.br\/implurb\/manaus-cartilha-reabilitacao-centro\/embed\/#?secret=3yhbZKDbaq\" width=\"600\" height=\"338\" title=\"&#8220;Manaus comp\u00f5e cartilha nacional de Boas Pr\u00e1ticas sobre centros urbanos em reabilita\u00e7\u00e3o&#8221; &#8212; IMPLURB\" data-secret=\"3yhbZKDbaq\" frameborder=\"0\" marginwidth=\"0\" marginheight=\"0\" scrolling=\"no\" class=\"wp-embedded-content\"><\/iframe><script type=\"text\/javascript\">\n\/* <![CDATA[ *\/\n\/*! This file is auto-generated *\/\n!function(d,l){\"use strict\";l.querySelector&&d.addEventListener&&\"undefined\"!=typeof URL&&(d.wp=d.wp||{},d.wp.receiveEmbedMessage||(d.wp.receiveEmbedMessage=function(e){var t=e.data;if((t||t.secret||t.message||t.value)&&!\/[^a-zA-Z0-9]\/.test(t.secret)){for(var s,r,n,a=l.querySelectorAll('iframe[data-secret=\"'+t.secret+'\"]'),o=l.querySelectorAll('blockquote[data-secret=\"'+t.secret+'\"]'),c=new RegExp(\"^https?:$\",\"i\"),i=0;i<o.length;i++)o[i].style.display=\"none\";for(i=0;i<a.length;i++)s=a[i],e.source===s.contentWindow&&(s.removeAttribute(\"style\"),\"height\"===t.message?(1e3<(r=parseInt(t.value,10))?r=1e3:~~r<200&&(r=200),s.height=r):\"link\"===t.message&&(r=new URL(s.getAttribute(\"src\")),n=new URL(t.value),c.test(n.protocol))&&n.host===r.host&&l.activeElement===s&&(d.top.location.href=t.value))}},d.addEventListener(\"message\",d.wp.receiveEmbedMessage,!1),l.addEventListener(\"DOMContentLoaded\",function(){for(var e,t,s=l.querySelectorAll(\"iframe.wp-embedded-content\"),r=0;r<s.length;r++)(t=(e=s[r]).getAttribute(\"data-secret\"))||(t=Math.random().toString(36).substring(2,12),e.src+=\"#?secret=\"+t,e.setAttribute(\"data-secret\",t)),e.contentWindow.postMessage({message:\"ready\",secret:t},\"*\")},!1)))}(window,document);\n\/* ]]> *\/\n<\/script>\n","thumbnail_url":"https:\/\/www.manaus.am.gov.br\/implurb\/wp-content\/uploads\/sites\/13\/2025\/02\/WhatsApp-Image-2025-02-11-at-10.18.47.jpeg","thumbnail_width":2560,"thumbnail_height":1440,"description":"Integrando a Rede Brasileira de Urbanismo em \u00c1reas Centrais, a Prefeitura de Manaus, via Instituto Municipal de Planejamento Urbano (Implurb), est\u00e1 presente na Cartilha de Boas Pr\u00e1ticas \u2013 Volume 1, lan\u00e7ado pelo grupo que envolve nove capitais do Brasil, onde ocorrem, em diferentes per\u00edodos de tempo, a reabilita\u00e7\u00e3o das \u00e1reas centrais."}