{"version":"1.0","provider_name":"IMPLURB","provider_url":"https:\/\/www.manaus.am.gov.br\/implurb","title":"Habita\u00e7\u00e3o e planejamento urbano s\u00e3o transformados com novos investimentos em moradias e interven\u00e7\u00f5es urbanas","type":"rich","width":600,"height":338,"html":"<blockquote class=\"wp-embedded-content\" data-secret=\"m6XTmfTU50\"><a href=\"https:\/\/www.manaus.am.gov.br\/implurb\/habitacao-urbanismo-mensagemgovernamental\/\">Habita\u00e7\u00e3o e planejamento urbano s\u00e3o transformados com novos investimentos em moradias e interven\u00e7\u00f5es urbanas<\/a><\/blockquote><iframe sandbox=\"allow-scripts\" security=\"restricted\" src=\"https:\/\/www.manaus.am.gov.br\/implurb\/habitacao-urbanismo-mensagemgovernamental\/embed\/#?secret=m6XTmfTU50\" width=\"600\" height=\"338\" title=\"&#8220;Habita\u00e7\u00e3o e planejamento urbano s\u00e3o transformados com novos investimentos em moradias e interven\u00e7\u00f5es urbanas&#8221; &#8212; IMPLURB\" data-secret=\"m6XTmfTU50\" frameborder=\"0\" marginwidth=\"0\" marginheight=\"0\" scrolling=\"no\" class=\"wp-embedded-content\"><\/iframe><script type=\"text\/javascript\">\n\/* <![CDATA[ *\/\n\/*! This file is auto-generated *\/\n!function(d,l){\"use strict\";l.querySelector&&d.addEventListener&&\"undefined\"!=typeof URL&&(d.wp=d.wp||{},d.wp.receiveEmbedMessage||(d.wp.receiveEmbedMessage=function(e){var t=e.data;if((t||t.secret||t.message||t.value)&&!\/[^a-zA-Z0-9]\/.test(t.secret)){for(var s,r,n,a=l.querySelectorAll('iframe[data-secret=\"'+t.secret+'\"]'),o=l.querySelectorAll('blockquote[data-secret=\"'+t.secret+'\"]'),c=new RegExp(\"^https?:$\",\"i\"),i=0;i<o.length;i++)o[i].style.display=\"none\";for(i=0;i<a.length;i++)s=a[i],e.source===s.contentWindow&&(s.removeAttribute(\"style\"),\"height\"===t.message?(1e3<(r=parseInt(t.value,10))?r=1e3:~~r<200&&(r=200),s.height=r):\"link\"===t.message&&(r=new URL(s.getAttribute(\"src\")),n=new URL(t.value),c.test(n.protocol))&&n.host===r.host&&l.activeElement===s&&(d.top.location.href=t.value))}},d.addEventListener(\"message\",d.wp.receiveEmbedMessage,!1),l.addEventListener(\"DOMContentLoaded\",function(){for(var e,t,s=l.querySelectorAll(\"iframe.wp-embedded-content\"),r=0;r<s.length;r++)(t=(e=s[r]).getAttribute(\"data-secret\"))||(t=Math.random().toString(36).substring(2,12),e.src+=\"#?secret=\"+t,e.setAttribute(\"data-secret\",t)),e.contentWindow.postMessage({message:\"ready\",secret:t},\"*\")},!1)))}(window,document);\n\/* ]]> *\/\n<\/script>\n","thumbnail_url":"https:\/\/www.manaus.am.gov.br\/implurb\/wp-content\/uploads\/sites\/13\/2025\/02\/53834937611_d35cda2907_o.jpg","thumbnail_width":4160,"thumbnail_height":2773,"description":"Com R$ 900 milh\u00f5es garantidos para o \u201cMinha Casa, Minha Vida\u201d, a entrega de quase 200 casas reformadas e 5.000 lotes j\u00e1 regularizados, a atual gest\u00e3o do prefeito David Almeida est\u00e1 escrevendo novos e hist\u00f3ricos cap\u00edtulos sobre a realidade habitacional e de moradia digna de milhares de fam\u00edlias em Manaus."}