{"id":833,"date":"2023-07-07T11:52:28","date_gmt":"2023-07-07T15:52:28","guid":{"rendered":"https:\/\/www.manaus.am.gov.br\/immu\/?page_id=833"},"modified":"2023-07-07T11:52:29","modified_gmt":"2023-07-07T15:52:29","slug":"pontos-de-venda-de-creditos-do-transporte-coletivo","status":"publish","type":"page","link":"https:\/\/www.manaus.am.gov.br\/immu\/pontos-de-venda-de-creditos-do-transporte-coletivo\/","title":{"rendered":"Pontos de Venda de Cr\u00e9ditos do Transporte Coletivo"},"content":{"rendered":"\n<ol>\n<li>SINETRAM \u2013 Av. Constantino Nery, 476 \u2013 Centro.<\/li>\n\n\n\n<li>Terminal III \u2013 Av. Noel Nutles, S\/N \u2013 Cidade Nova.<\/li>\n\n\n\n<li>PAC \u2013 Alvorada- Avenida Desembargador Jo\u00e3o Machado, 4922 \u2013 Planalto.<\/li>\n\n\n\n<li>ICHL \u2013 UFAM \u2013 Universidade Federal Do Amazonas \u2013 Av. Gen. Rodrigo Oct\u00e1vio Jord\u00e3o Ramos, 3000, Campus Universit\u00e1rio \u2013 Coroado I<\/li>\n\n\n\n<li>Terminal II \u2013 Rua Manicor\u00e9, S\/N \u2013 Cachoeirinha.<\/li>\n\n\n\n<li>Terminal IV \u2013 Av. Camapu\u00e3 \u2013 Jorge Teixeira (Pr\u00f3ximo A Bola Do Produtor)<\/li>\n\n\n\n<li>Terminal V \u2013 Alameda Cosme Ferreira Com Grande Circular \u2013 S\u00e3o Jos\u00e9.<\/li>\n\n\n\n<li>PAC \u2013 Compensa \u2013 Avenida Brasil, 1325 \u2013 Compensa.<\/li>\n\n\n\n<li>PAC \u2013 Educandos \u2013 Avenida Beira Rio, S\/N \u2013 Educandos.<\/li>\n\n\n\n<li>PAC \u2013 Via Norte \u2013 Av. Arquiteto Jos\u00e9 Henrique Bentos Rodrigues, 3.760 \u2013 Monte Das Oliveiras.<\/li>\n\n\n\n<li>PAC \u2013 Galeria Dos Rem\u00e9dios \u2013 Rua Miranda Le\u00e3o \u2013 Centro<\/li>\n\n\n\n<li>SMTU \u2013 Rua Bar\u00e3o De Indai\u00e1 \u2013 Parque Das Laranjeiros (Em Frente Ao Antigo Aras)<\/li>\n<\/ol>\n\n\n\n<h2 class=\"wp-block-heading\">Postos Terceirizados para Venda de Cr\u00e9ditos:<\/h2>\n\n\n\n<h3 class=\"wp-block-heading\">Lan House<\/h3>\n\n\n\n<ol start=\"13\">\n<li>Cyber Conex\u00e3o Manaus \u2013 Rua Ruy Ara\u00fajo, 07 \u2013 Alvorada I (Esquina Com A Rua L\u00f3ris Cordovil)<\/li>\n\n\n\n<li>LS Cyber Caf\u00e9 I \u2013 Rua Da Independ\u00eancia, 06 \u2013 Nova Esperan\u00e7a.<\/li>\n\n\n\n<li>LS Cyber Caf\u00e9 II \u2013 Av. Ramos D, 78 \u2013 Cidade Nova 5 (Pr\u00f3x. Posto Shell)<\/li>\n\n\n\n<li>Queiroz Livros Jur\u00eddicos \u2013 Av. At\u00edlio Andreazza \u2013 Japiim (Dentro Da Ulbra)<\/li>\n\n\n\n<li>Sabor Da Hora \u2013 Av. Constantino Nery, S\/N \u2013 (Dentro Da Fametro)<\/li>\n\n\n\n<li>Verticon Confec\u00e7\u00f5es Ltda \u2013 Av. Eduardo Ribeiro, 457, Loja 202 \u2013 Centro.<\/li>\n<\/ol>\n\n\n\n<h3 class=\"wp-block-heading\">DDTOTAL<\/h3>\n\n\n\n<ol start=\"19\">\n<li>Anavilhanas Service Comercio \u2013 Rua Dessana, 23 \u2013 Loja 4 \u2013 Qd 42 \u2013 Cidade Nova<\/li>\n\n\n\n<li>Banca Wg \u2013 Rua Francisco Melo n\u00ba 117 \u2013 Japiim<\/li>\n\n\n\n<li>Barateiro Da Carne \u2013 Rua Arawete, n\u00ba 1 Res. Viver Melhor Segunda Etapa \u2013 Lagoa Azul<\/li>\n\n\n\n<li>Bela \u2013 Rua Aguas Marinhas n\u00ba 83 \u2013 Tancredo Neves<\/li>\n\n\n\n<li>Celia Confec\u00e7\u00f5es \u2013 Rua Aguas Marinhas n\u00ba 83 \u2013 Tancredo Neves<\/li>\n\n\n\n<li>Comercial Enseada \u2013 Rua Camapu\u00e3, 152 \u2013 Qd. 313 N\u00facleo 9 \u2013 Cidade Nova<\/li>\n\n\n\n<li>Comercial Genk \u2013 Rua 175 n\u00ba 55 N\u00facleo 15 \u2013 Cidade Nova Iii.<\/li>\n\n\n\n<li>Cyber Nova Alian\u00e7a \u2013 Rua Benjamim, n\u00ba 531 \u2013 Alian\u00e7a Com Deus \u2013 Cidade Nova.<\/li>\n\n\n\n<li>Cyber Net.Com \u2013 Rua Upia 2. n\u00ba 2 \u2013 Monte Das Oliveiras.<\/li>\n\n\n\n<li>D&amp;W Lanches \u2013 Av. L\u00edrio Amazonas n\u00ba 955 \u2013 Lagoa Azul.<\/li>\n\n\n\n<li>Drogaria Imperial Farma \u2013 Rua Paulo Eduardo Lima n\u00ba 1094 \u2013 Cidade Nova<\/li>\n\n\n\n<li>Drogaria Inova + \u2013 Av. Francisco Queiroz, n\u00ba 40 \u2013 C0lonia Santo Ant\u00f4nio.<\/li>\n\n\n\n<li>Drogaria Millenium Loja 01 \u2013 Rua Goi\u00e2nia n\u00ba 33, Parque S\u00e3o Pedro \u2013 Tarum\u00e3<\/li>\n\n\n\n<li>Drogaria Millenium Loja 02 \u2013 Av. Jorge Amado, n\u00ba 342 \u2013 Tarum\u00e3.<\/li>\n\n\n\n<li>Drogaria Millenium Loja 03 \u2013 Rua Anthistenes Pinto, n\u00ba 186 \u2013 Parque S\u00e3o Pedro.<\/li>\n\n\n\n<li>Drogaria Pre\u00e7o + Popular \u2013 Rua C-5, n\u00ba 414, Conj. Ajuricaba \u2013 Alvorada.<\/li>\n\n\n\n<li>Drogaria Popular \u2013 Rua Alfredo Valois, n\u00ba 17, Conj. Hileia 1 \u2013 Reden\u00e7\u00e3o.<\/li>\n\n\n\n<li>Drogaria Popular \u2013 Rua Ant\u00fario Cristalino, 1853 \u2013 Reden\u00e7\u00e3o.<\/li>\n\n\n\n<li>Drogaria Popular \u2013 Rua Cidade Do Porto, n\u00ba 406, Qda. 171 \u2013 Cidade Nova.<\/li>\n\n\n\n<li>Drogaria Popular \u2013 Av. Timbira, n\u00ba 44, N\u00facleo 3 \u2013 Cidade Nova 2.<\/li>\n\n\n\n<li>Drogaria Santana \u2013 Rua Visconte De Utinga n\u00ba 373 \u2013 Parque Das Laranjeiras<\/li>\n\n\n\n<li>Drogaria Santa Farma \u2013 Rua Campo Grande, n\u00ba 403 \u2013 Reden\u00e7\u00e3o.<\/li>\n\n\n\n<li>Drogaria Tef\u00e9 \u2013 Av. Nossa Senhora Da Concei\u00e7\u00e3o, n\u00ba 1110 \u2013 Cidade De Deus.<\/li>\n\n\n\n<li>Drogaria Universal Y \u2013 Rua Bom Jesus, n\u00ba 3 \u2013 Novo Israel.<\/li>\n\n\n\n<li>Drogaria Vida \u2013 Rua Rufino De Elizalde n\u00ba 63 \u2013 Novo Israel.<\/li>\n\n\n\n<li>Eg\u00edpcios Modas \u2013 Rua Itaete, n\u00ba 548 \u2013 Amazonino Mendes.<\/li>\n\n\n\n<li>Emporium Rodrigues \u2013 Trav. Rio Negro n\u00ba 291 \u2013 Nossa Senhora Das Gra\u00e7as<\/li>\n\n\n\n<li>Ferragens Para\u00edba \u2013 Casa Do Marceneiro \u2013 Av. Brigadeiro Hilario Gurj\u00e3o, n\u00ba 1 Qda. 1-A \u2013 Jorge Teixeira.<\/li>\n\n\n\n<li>G A J Amazonia \u2013 Rua Alfredo Valoais, Antiga Rua 3 \u2013 n\u00ba 20 \u2013 Reden\u00e7\u00e3o.<\/li>\n\n\n\n<li>GH Navega\u00e7\u00f5es Comercio. (Dentro Do IFAM) \u2013 Av. Sete De Setembro, 2414 \u2013 Cachoeirinha.<\/li>\n\n\n\n<li>J.T Assist\u00eancia T\u00e9cnica \u2013 Rua 11, n\u00ba 241 \u2013 Monte Sinai<\/li>\n\n\n\n<li>Lanchonete Presente De Deus- Av. Desembargador Jo\u00e3o Machado, n\u00ba 1380 A \u2013 Planalto.<\/li>\n\n\n\n<li>Lanche Marcio \u2013 Av. Liberdade, n\u00ba 43 \u2013 Santo Agostinho.<\/li>\n\n\n\n<li>Mara Frios 1 \u2013 Rua Penetra\u00e7\u00e3o, n\u00ba 22 1 Etapa \u2013 Jorge Teixeira.<\/li>\n\n\n\n<li>Mara Frios 2 \u2013 Av. Torquato Tapaj\u00f3s n\u00ba 485 Letra A B-503 \u2013 Tarum\u00e3.<\/li>\n\n\n\n<li>Mega Farma \u2013 Avenida Peixe Cavalo n\u00ba 2 \u2013 Uni\u00e3o Da Vitoria.<\/li>\n\n\n\n<li>Mercearia Taty \u2013 Rua Pena Dourada, n\u00ba 103, Bl-118 \u2013 Monte Das Oliveiras.<\/li>\n\n\n\n<li>Mercadinho Altas Horas \u2013 Rua 75 n\u00ba 248 Qda \u2013 248 N\u00facleo-14 \u2013 Cidade Nova 2.<\/li>\n\n\n\n<li>Mercadinho Anne \u2013 Rua Ant\u00f4nio Cristalino, n\u00ba 1987 \u2013 Reden\u00e7\u00e3o.<\/li>\n\n\n\n<li>Mercadinho Cesara \u2013 Rua 217, Qda. 323 n\u00ba 1 Conj. Cidad\u00e3o V \u2013 Cidade Nova.<\/li>\n\n\n\n<li>Mercadinho Da Japonesa \u2013 Av. Rio Negro, n\u00ba 73 \u2013 Mauazinho.<\/li>\n\n\n\n<li>Mercadinho Derlene \u2013 Rua 17 Qda O n\u00ba 376 Distrito \u2013 Mauazinho<\/li>\n\n\n\n<li>Mercadinho Ebenezer \u2013 Av. Itacolami n\u00ba 1176 C-1 Qda. 55 \u2013 Armando Mendes<\/li>\n\n\n\n<li>Mercadinho Juliany \u2013 Rua Costa Do Marfim n\u00ba 2 \u2013 Mauazinho<\/li>\n\n\n\n<li>Mercadinho Mercapam \u2013 Rua Julia Lope, n\u00ba 351 \u2013 Cj. Nova Republica \u2013 Japiim.<\/li>\n\n\n\n<li>Mercadinho Shaloom \u2013 Rua Vitoria n\u00ba 10 \u2013 Novo Israel.<\/li>\n\n\n\n<li>Mercadinho Serve Todos \u2013 Rua Sete De Maio n\u00ba 1330 \u2013 Santa Etelvina.<\/li>\n\n\n\n<li>Mercadinho Lira \u2013 Rua Dr. Bosco n\u00ba 13 \u2013 Zumbi Dos Palmares.<\/li>\n\n\n\n<li>Nakauth Lan House E Cyber \u2013 Rua Santa Julia n\u00ba 288 \u2013 Cidade Nova.<\/li>\n\n\n\n<li>Nc Mini Cole\u00e7\u00f5es E Presentes \u2013 Rua Acopiara, n\u00ba 2031 \u2013 Reden\u00e7\u00e3o.<\/li>\n\n\n\n<li>O Barateiro \u2013 Rua Rio Araporis n\u00ba 236 Qda 15 \u2013 Lagoa Azul.<\/li>\n\n\n\n<li>Oni Suprimentos De Inform\u00e1tica \u2013 Av. Praia Da Ponta Negra n\u00ba 571 \u2013 Quadra 31 S-B \u2013 Tarum\u00e3<\/li>\n\n\n\n<li>On Conveni\u00eancia \u2013 Av. Santos Dumont, n\u00ba 1, Km 9 \u2013 Tarum\u00e3.<\/li>\n\n\n\n<li>Planeta Cyber \u2013 Rua Dr. Edson Stanislau Afonso n\u00ba 223 \u2013 S\u00e3o Jorge.<\/li>\n\n\n\n<li>R R Variedades \u2013 Rua S\u00e3o Geraldo, n\u00ba 28 \u2013 Alvorada.<\/li>\n\n\n\n<li>Sabor Com Arte Panificadora E Confeitaria \u2013 Rua 92, Qda. 232 N\u00facleo 11 n\u00ba 21 \u2013 Cidade Nova<\/li>\n\n\n\n<li>Servi\u00e7o De Internet Express \u2013 Rua L, n\u00ba 248, C-1 \u2013 Cidade Nova.<\/li>\n\n\n\n<li>Social Violeta \u2013 Av. Rio Negro, n\u00ba 1 \u2013 Setor B Qda. 18 Lote 10 \u2013 Mauazinho.<\/li>\n\n\n\n<li>Supermercado Avist\u00e3o \u2013 Rua Humberto De Campos, n\u00ba 222 \u2013 S\u00e3o Jorge.<\/li>\n\n\n\n<li>Supermercado Economia \u2013 Rua Gurupi, n\u00ba 2323 \u2013 Reden\u00e7\u00e3o.<\/li>\n\n\n\n<li>Supermercado Paran\u00e1 \u2013 Rua Dona Ot\u00edlia, n\u00ba 291 \u2013 Tarum\u00e3.<\/li>\n\n\n\n<li>Supermercado Rodrigues \u2013 Av. Suma\u00fama N156 \u2013 Nova Cidade<\/li>\n\n\n\n<li>Supermercados Rodrigues \u2013 Rua Raimundo Taveira n\u00ba 7451 \u2013 Tancredo Neves<\/li>\n\n\n\n<li>Skynet Servi\u00e7os Em Ti E Telecom \u2013 Rua Barreirinha, n\u00ba 209, Qda.X-C1 \u2013 S\u00e3o Jose.<\/li>\n\n\n\n<li>Sistema Informativa \u2013 Av. S\u00e3o Pedro, n\u00ba 1069, C-2 \u2013 Compensa.<\/li>\n\n\n\n<li>Toppy Kids \u2013 Rua C5, n\u00ba 412, Conj. Ajuricaba \u2013 Alvorada.<\/li>\n\n\n\n<li>Voe Vip \u2013 Av. Prata Da Ponta Negra, Loja 1, n\u00ba 594 \u2013 Tarum\u00e3.<\/li>\n\n\n\n<li>Zahara Mais Sabor \u2013 Av. L\u00edrio Do Amazonas, n\u00ba 965 \u2013 Br 174, Km K4 Comunidade S\u00e3o Jo\u00e3o \u2013 Lagoa Azul.<\/li>\n\n\n\n<li>Kioske Festas \u2013 Av. Max Teixeira, n\u00ba 3301, Centro Comercial \u2013 Col\u00f4nia Santo Ant\u00f4nio.<\/li>\n<\/ol>\n\n\n\n<h3 class=\"wp-block-heading\">Ativa 1, 2 e 3<\/h3>\n\n\n\n<ol start=\"88\">\n<li>Drogaria Petrofarma \u2013 Rua Lourival Muniz, n\u00ba 374 \u2013 Bairro Da Gl\u00f3ria.<\/li>\n\n\n\n<li>Drogarias Kamylla \u2013 Av. Nossa Senhora De F\u00e1tima S\/N \u2013 Cidade De Deus<\/li>\n\n\n\n<li>Drogarias Kamylla \u2013 Rua Cosme Ferreira S\/N, Entrada Do Castanheira \u2013 Zumbi 2<\/li>\n\n\n\n<li>Farmabem 3 \u2013 Av. Djalma Batista, 1120 \u2013 Chapada (Ao Lado Do Amazonas Shopping)<\/li>\n\n\n\n<li>Farmabem 6 \u2013 Av. Gen. Rodrigo Otavio, n\u00ba 1023 \u2013 Japiim.<\/li>\n\n\n\n<li>Farmabem 29 \u2013 Av. Noel Nutels, n\u00ba 22 Cidade Nova \u2013 Ao Lado Do 6\u00ba. DIP \u2013 Pr\u00f3ximo Ao T3<\/li>\n\n\n\n<li>Farmabem 37 \u2013 Rua Guapo, n\u00ba 92 \u2013 Cidade Nova \u2013 Ao Lado Do Laborat\u00f3rio Sabin \u2013 Pr\u00f3ximo Ao T3<\/li>\n\n\n\n<li>Farmabem 38 \u2013 Rua Codaj\u00e1s Esquina Com A Rua Carvalho Leal \u2013 Cachoeirinha<\/li>\n\n\n\n<li>Loja Asya Centro \u2013 Av. Eduardo Ribeiro, n\u00ba 82 \u2013 Centro \u2013 Prox. Pra\u00e7a Do Rel\u00f3gio\/Bate Palma.<\/li>\n\n\n\n<li>Loja Asya Manoa \u2013 Av. Francisco Queiroz, n\u00ba 27 \u2013 Manoa \u2013 Cidade Nova.<\/li>\n\n\n\n<li>Loja Asya Shop Leste \u2013 Av. Autaz Mirim, n\u00ba 282 \u2013 Tancredo Neves.<\/li>\n\n\n\n<li>Loja Asya Big Grande Circular \u2013 Av. Grande Circular \u2013 S\u00e3o Jose (Enfrente Ao Shopping Grande Circular)<\/li>\n\n\n\n<li>Loja Asya Suma\u00fama \u2013 Av. Noel Nutels \u2013 Cidade Nova 1 \u2013 Ao Lado Do Suma\u00fama Park Shopping<\/li>\n\n\n\n<li>Loja Asya Nova Cidade \u2013 Av. Margarida n\u00ba 1359 \u2013 Nova Cidade<\/li>\n\n\n\n<li>Flecha Bola Do Produtor \u2013 Av. Autaz Mirim, n\u00ba 9360 \u2013 Tancredo Neves \u2013 (Bola Do Produtor )<\/li>\n\n\n\n<li>Flecha Bola Da Suframa\/Silves \u2013 Av. Silves, n\u00ba 2085 \u2013 Crespo.<\/li>\n\n\n\n<li>Frigoum S\u00e3o Jos\u00e9 \u2013 Rua Rio Napuiau n\u00ba 01 \u2013 S\u00e3o Jose (Referencia \u2013 Rua A Feira em frente Ao Shopping Grande Circular).<\/li>\n\n\n\n<li>Frigoum Braga Mendes \u2013 Av. Autaz Mirim, 1003 \u2013 Braga Mendes \u2013 Jorge Teixeira 3.<\/li>\n\n\n\n<li>Frigoum Do Zumbi 1 \u2013 Av. Cosme Ferreira, n\u00ba 5866 \u2013 Zumbi 1.<\/li>\n\n\n\n<li>Frigoum Mutir\u00e3o \u2013 Rua Penetra\u00e7\u00e3o 1, n\u00ba 40 \u2013 Mutir\u00e3o.<\/li>\n\n\n\n<li>Frigoum Novo Aleixo \u2013 Rua Jo\u00e3o C\u00e2mara, n\u00ba 20 \u2013 Novo Aleixo (Prox. Ao Chapeu Goiano).<\/li>\n\n\n\n<li>Frigoum Compensa \u2013 Rua S\u00e3o Pedro, 107 \u2013 Compensa.<\/li>\n\n\n\n<li>Frigoum Parque Dez \u2013 Rua Do Comercio, 14 \u2013 Parque Dez.<\/li>\n\n\n\n<li>Frigoum Alvorada 2 \u2013 Rua Professor Ab\u00edlio Alencar, n\u00ba 24 \u2013 Alvorada.<\/li>\n\n\n\n<li>For\u00e7a Construtiva \u2013 Av.Autaz Mirim N \u2013 7637 \u2013 Tancredo Neves<\/li>\n\n\n\n<li>Nilton Lins CMPM \u2013 Col\u00edgio Da Pol\u00edcia Militar \u2013 Av. Nilton Lins, 3259 \u2013 Parque Das Laranjeiras.<\/li>\n\n\n\n<li>Supermercado Manchester \u2013 Av. D, n\u00ba 52 \u2013 Alvorada 1.<\/li>\n\n\n\n<li>Tropical Multilojas Via Norte \u2013 Av. Arquiteto Jos\u00e9 Henrique Bentos Rodrigues, 3.760 \u2013 Monte Das Oliveiras.<\/li>\n\n\n\n<li>Tropical Multilojas Saldanha Marinho \u2013 Rua Saldanha Marinho S\/N \u2013 Centro<\/li>\n\n\n\n<li>Vitoria Frios E Carnes \u2013 Av. Atroariz n\u00ba 72 \u2013 Conjunto Renato Souza Pinto.<\/li>\n<\/ol>\n","protected":false},"excerpt":{"rendered":"","protected":false},"author":27,"featured_media":0,"parent":0,"menu_order":0,"comment_status":"closed","ping_status":"closed","template":"templates\/prefeitura.php","meta":{"footnotes":""},"acf":[],"yoast_head":"<!-- This site is optimized with the Yoast SEO plugin v23.0 - https:\/\/yoast.com\/wordpress\/plugins\/seo\/ -->\n<title>Pontos de Venda de Cr\u00e9ditos do Transporte Coletivo - IMMU<\/title>\n<meta name=\"robots\" content=\"noindex, follow\" \/>\n<meta property=\"og:locale\" content=\"pt_BR\" \/>\n<meta property=\"og:type\" content=\"article\" \/>\n<meta property=\"og:title\" content=\"Pontos de Venda de Cr\u00e9ditos do Transporte Coletivo - IMMU\" \/>\n<meta property=\"og:url\" content=\"https:\/\/www.manaus.am.gov.br\/immu\/pontos-de-venda-de-creditos-do-transporte-coletivo\/\" \/>\n<meta property=\"og:site_name\" content=\"IMMU\" \/>\n<meta property=\"article:modified_time\" content=\"2023-07-07T15:52:29+00:00\" \/>\n<meta name=\"twitter:card\" content=\"summary_large_image\" \/>\n<meta name=\"twitter:label1\" content=\"Est. reading time\" \/>\n\t<meta name=\"twitter:data1\" content=\"8 minutos\" \/>\n<script type=\"application\/ld+json\" class=\"yoast-schema-graph\">{\"@context\":\"https:\/\/schema.org\",\"@graph\":[{\"@type\":\"WebPage\",\"@id\":\"https:\/\/www.manaus.am.gov.br\/immu\/pontos-de-venda-de-creditos-do-transporte-coletivo\/\",\"url\":\"https:\/\/www.manaus.am.gov.br\/immu\/pontos-de-venda-de-creditos-do-transporte-coletivo\/\",\"name\":\"Pontos de Venda de Cr\u00e9ditos do Transporte Coletivo - IMMU\",\"isPartOf\":{\"@id\":\"https:\/\/www.manaus.am.gov.br\/immu\/#website\"},\"datePublished\":\"2023-07-07T15:52:28+00:00\",\"dateModified\":\"2023-07-07T15:52:29+00:00\",\"breadcrumb\":{\"@id\":\"https:\/\/www.manaus.am.gov.br\/immu\/pontos-de-venda-de-creditos-do-transporte-coletivo\/#breadcrumb\"},\"inLanguage\":\"pt-BR\",\"potentialAction\":[{\"@type\":\"ReadAction\",\"target\":[\"https:\/\/www.manaus.am.gov.br\/immu\/pontos-de-venda-de-creditos-do-transporte-coletivo\/\"]}]},{\"@type\":\"BreadcrumbList\",\"@id\":\"https:\/\/www.manaus.am.gov.br\/immu\/pontos-de-venda-de-creditos-do-transporte-coletivo\/#breadcrumb\",\"itemListElement\":[{\"@type\":\"ListItem\",\"position\":1,\"name\":\"Home\",\"item\":\"https:\/\/www.manaus.am.gov.br\/immu\/\"},{\"@type\":\"ListItem\",\"position\":2,\"name\":\"Pontos de Venda de Cr\u00e9ditos do Transporte Coletivo\"}]},{\"@type\":\"WebSite\",\"@id\":\"https:\/\/www.manaus.am.gov.br\/immu\/#website\",\"url\":\"https:\/\/www.manaus.am.gov.br\/immu\/\",\"name\":\"IMMU\",\"description\":\"Prefeitura de Manaus\",\"potentialAction\":[{\"@type\":\"SearchAction\",\"target\":{\"@type\":\"EntryPoint\",\"urlTemplate\":\"https:\/\/www.manaus.am.gov.br\/immu\/?s={search_term_string}\"},\"query-input\":\"required name=search_term_string\"}],\"inLanguage\":\"pt-BR\"}]}<\/script>\n<!-- \/ Yoast SEO plugin. -->","yoast_head_json":{"title":"Pontos de Venda de Cr\u00e9ditos do Transporte Coletivo - IMMU","robots":{"index":"noindex","follow":"follow"},"og_locale":"pt_BR","og_type":"article","og_title":"Pontos de Venda de Cr\u00e9ditos do Transporte Coletivo - IMMU","og_url":"https:\/\/www.manaus.am.gov.br\/immu\/pontos-de-venda-de-creditos-do-transporte-coletivo\/","og_site_name":"IMMU","article_modified_time":"2023-07-07T15:52:29+00:00","twitter_card":"summary_large_image","twitter_misc":{"Est. reading time":"8 minutos"},"schema":{"@context":"https:\/\/schema.org","@graph":[{"@type":"WebPage","@id":"https:\/\/www.manaus.am.gov.br\/immu\/pontos-de-venda-de-creditos-do-transporte-coletivo\/","url":"https:\/\/www.manaus.am.gov.br\/immu\/pontos-de-venda-de-creditos-do-transporte-coletivo\/","name":"Pontos de Venda de Cr\u00e9ditos do Transporte Coletivo - IMMU","isPartOf":{"@id":"https:\/\/www.manaus.am.gov.br\/immu\/#website"},"datePublished":"2023-07-07T15:52:28+00:00","dateModified":"2023-07-07T15:52:29+00:00","breadcrumb":{"@id":"https:\/\/www.manaus.am.gov.br\/immu\/pontos-de-venda-de-creditos-do-transporte-coletivo\/#breadcrumb"},"inLanguage":"pt-BR","potentialAction":[{"@type":"ReadAction","target":["https:\/\/www.manaus.am.gov.br\/immu\/pontos-de-venda-de-creditos-do-transporte-coletivo\/"]}]},{"@type":"BreadcrumbList","@id":"https:\/\/www.manaus.am.gov.br\/immu\/pontos-de-venda-de-creditos-do-transporte-coletivo\/#breadcrumb","itemListElement":[{"@type":"ListItem","position":1,"name":"Home","item":"https:\/\/www.manaus.am.gov.br\/immu\/"},{"@type":"ListItem","position":2,"name":"Pontos de Venda de Cr\u00e9ditos do Transporte Coletivo"}]},{"@type":"WebSite","@id":"https:\/\/www.manaus.am.gov.br\/immu\/#website","url":"https:\/\/www.manaus.am.gov.br\/immu\/","name":"IMMU","description":"Prefeitura de Manaus","potentialAction":[{"@type":"SearchAction","target":{"@type":"EntryPoint","urlTemplate":"https:\/\/www.manaus.am.gov.br\/immu\/?s={search_term_string}"},"query-input":"required name=search_term_string"}],"inLanguage":"pt-BR"}]}},"_links":{"self":[{"href":"https:\/\/www.manaus.am.gov.br\/immu\/wp-json\/wp\/v2\/pages\/833"}],"collection":[{"href":"https:\/\/www.manaus.am.gov.br\/immu\/wp-json\/wp\/v2\/pages"}],"about":[{"href":"https:\/\/www.manaus.am.gov.br\/immu\/wp-json\/wp\/v2\/types\/page"}],"author":[{"embeddable":true,"href":"https:\/\/www.manaus.am.gov.br\/immu\/wp-json\/wp\/v2\/users\/27"}],"replies":[{"embeddable":true,"href":"https:\/\/www.manaus.am.gov.br\/immu\/wp-json\/wp\/v2\/comments?post=833"}],"version-history":[{"count":1,"href":"https:\/\/www.manaus.am.gov.br\/immu\/wp-json\/wp\/v2\/pages\/833\/revisions"}],"predecessor-version":[{"id":834,"href":"https:\/\/www.manaus.am.gov.br\/immu\/wp-json\/wp\/v2\/pages\/833\/revisions\/834"}],"wp:attachment":[{"href":"https:\/\/www.manaus.am.gov.br\/immu\/wp-json\/wp\/v2\/media?parent=833"}],"curies":[{"name":"wp","href":"https:\/\/api.w.org\/{rel}","templated":true}]}}