{"id":254,"date":"2023-02-28T15:18:01","date_gmt":"2023-02-28T19:18:01","guid":{"rendered":"https:\/\/www.manaus.am.gov.br\/fdt\/?page_id=254"},"modified":"2023-03-30T15:09:06","modified_gmt":"2023-03-30T19:09:06","slug":"programa-de-longa-permanencia","status":"publish","type":"page","link":"https:\/\/www.manaus.am.gov.br\/fdt\/a-fundacao-doutor-thomas\/programa-de-longa-permanencia\/","title":{"rendered":"Programa de Longa Perman\u00eancia"},"content":{"rendered":"\n<p>O Programa Longa Perman\u00eancia, desenvolvido pela FDT, \u00e9 uma a\u00e7\u00e3o permanente, que presta assist\u00eancia em car\u00e1ter asilar \u00e0 pessoa idosa em risco social, sem v\u00ednculo familiar ou com v\u00ednculo, cuja fam\u00edlia seja carente de recursos financeiros ou que tenha sido v\u00edtima de viol\u00eancia. A FDT \u00e9 a \u00fanica institui\u00e7\u00e3o de longa perman\u00eancia para idosos nos tr\u00eas graus de depend\u00eancia em Manaus e a \u00fanica p\u00fablica da Regi\u00e3o Norte.<\/p>\n\n\n\n<p>At\u00e9 mar\u00e7o de 2018, o n\u00famero de idosos dentro deste programa era de 120, sendo 42 mulheres e 78 homens, divididos em grau de depend\u00eancia. Dentro do programa, eles recebem alimenta\u00e7\u00e3o (seis refei\u00e7\u00f5es por dia), atendimento e acompanhamento m\u00e9dico, psicol\u00f3gico, fisioterap\u00eautico, nutricional, acompanhamento social e atividades ocupacionais de recrea\u00e7\u00e3o e cultura.<\/p>\n","protected":false},"excerpt":{"rendered":"","protected":false},"author":27,"featured_media":0,"parent":202,"menu_order":0,"comment_status":"closed","ping_status":"closed","template":"","meta":{"footnotes":""},"acf":[],"yoast_head":"<!-- This site is optimized with the Yoast SEO plugin v23.0 - https:\/\/yoast.com\/wordpress\/plugins\/seo\/ -->\n<title>Programa de Longa Perman\u00eancia - FDT<\/title>\n<meta name=\"robots\" content=\"index, follow, max-snippet:-1, max-image-preview:large, max-video-preview:-1\" \/>\n<link rel=\"canonical\" href=\"https:\/\/www.manaus.am.gov.br\/fdt\/a-fundacao-doutor-thomas\/programa-de-longa-permanencia\/\" \/>\n<meta property=\"og:locale\" content=\"pt_BR\" \/>\n<meta property=\"og:type\" content=\"article\" \/>\n<meta property=\"og:title\" content=\"Programa de Longa Perman\u00eancia - FDT\" \/>\n<meta property=\"og:url\" content=\"https:\/\/www.manaus.am.gov.br\/fdt\/a-fundacao-doutor-thomas\/programa-de-longa-permanencia\/\" \/>\n<meta property=\"og:site_name\" content=\"FDT\" \/>\n<meta property=\"article:modified_time\" content=\"2023-03-30T19:09:06+00:00\" \/>\n<meta name=\"twitter:card\" content=\"summary_large_image\" \/>\n<meta name=\"twitter:label1\" content=\"Est. reading time\" \/>\n\t<meta name=\"twitter:data1\" content=\"1 minuto\" \/>\n<script type=\"application\/ld+json\" class=\"yoast-schema-graph\">{\"@context\":\"https:\/\/schema.org\",\"@graph\":[{\"@type\":\"WebPage\",\"@id\":\"https:\/\/www.manaus.am.gov.br\/fdt\/a-fundacao-doutor-thomas\/programa-de-longa-permanencia\/\",\"url\":\"https:\/\/www.manaus.am.gov.br\/fdt\/a-fundacao-doutor-thomas\/programa-de-longa-permanencia\/\",\"name\":\"Programa de Longa Perman\u00eancia - FDT\",\"isPartOf\":{\"@id\":\"https:\/\/www.manaus.am.gov.br\/fdt\/#website\"},\"datePublished\":\"2023-02-28T19:18:01+00:00\",\"dateModified\":\"2023-03-30T19:09:06+00:00\",\"breadcrumb\":{\"@id\":\"https:\/\/www.manaus.am.gov.br\/fdt\/a-fundacao-doutor-thomas\/programa-de-longa-permanencia\/#breadcrumb\"},\"inLanguage\":\"pt-BR\",\"potentialAction\":[{\"@type\":\"ReadAction\",\"target\":[\"https:\/\/www.manaus.am.gov.br\/fdt\/a-fundacao-doutor-thomas\/programa-de-longa-permanencia\/\"]}]},{\"@type\":\"BreadcrumbList\",\"@id\":\"https:\/\/www.manaus.am.gov.br\/fdt\/a-fundacao-doutor-thomas\/programa-de-longa-permanencia\/#breadcrumb\",\"itemListElement\":[{\"@type\":\"ListItem\",\"position\":1,\"name\":\"Home\",\"item\":\"https:\/\/www.manaus.am.gov.br\/fdt\/\"},{\"@type\":\"ListItem\",\"position\":2,\"name\":\"FUNDA\u00c7\u00c3O DOUTOR THOMAS\",\"item\":\"https:\/\/www.manaus.am.gov.br\/fdt\/a-fundacao-doutor-thomas\/\"},{\"@type\":\"ListItem\",\"position\":3,\"name\":\"Programa de Longa Perman\u00eancia\"}]},{\"@type\":\"WebSite\",\"@id\":\"https:\/\/www.manaus.am.gov.br\/fdt\/#website\",\"url\":\"https:\/\/www.manaus.am.gov.br\/fdt\/\",\"name\":\"FDT\",\"description\":\"Funda\u00e7\u00e3o de Apoio ao Idoso Dr. Thomas\",\"potentialAction\":[{\"@type\":\"SearchAction\",\"target\":{\"@type\":\"EntryPoint\",\"urlTemplate\":\"https:\/\/www.manaus.am.gov.br\/fdt\/?s={search_term_string}\"},\"query-input\":\"required name=search_term_string\"}],\"inLanguage\":\"pt-BR\"}]}<\/script>\n<!-- \/ Yoast SEO plugin. -->","yoast_head_json":{"title":"Programa de Longa Perman\u00eancia - FDT","robots":{"index":"index","follow":"follow","max-snippet":"max-snippet:-1","max-image-preview":"max-image-preview:large","max-video-preview":"max-video-preview:-1"},"canonical":"https:\/\/www.manaus.am.gov.br\/fdt\/a-fundacao-doutor-thomas\/programa-de-longa-permanencia\/","og_locale":"pt_BR","og_type":"article","og_title":"Programa de Longa Perman\u00eancia - FDT","og_url":"https:\/\/www.manaus.am.gov.br\/fdt\/a-fundacao-doutor-thomas\/programa-de-longa-permanencia\/","og_site_name":"FDT","article_modified_time":"2023-03-30T19:09:06+00:00","twitter_card":"summary_large_image","twitter_misc":{"Est. reading time":"1 minuto"},"schema":{"@context":"https:\/\/schema.org","@graph":[{"@type":"WebPage","@id":"https:\/\/www.manaus.am.gov.br\/fdt\/a-fundacao-doutor-thomas\/programa-de-longa-permanencia\/","url":"https:\/\/www.manaus.am.gov.br\/fdt\/a-fundacao-doutor-thomas\/programa-de-longa-permanencia\/","name":"Programa de Longa Perman\u00eancia - FDT","isPartOf":{"@id":"https:\/\/www.manaus.am.gov.br\/fdt\/#website"},"datePublished":"2023-02-28T19:18:01+00:00","dateModified":"2023-03-30T19:09:06+00:00","breadcrumb":{"@id":"https:\/\/www.manaus.am.gov.br\/fdt\/a-fundacao-doutor-thomas\/programa-de-longa-permanencia\/#breadcrumb"},"inLanguage":"pt-BR","potentialAction":[{"@type":"ReadAction","target":["https:\/\/www.manaus.am.gov.br\/fdt\/a-fundacao-doutor-thomas\/programa-de-longa-permanencia\/"]}]},{"@type":"BreadcrumbList","@id":"https:\/\/www.manaus.am.gov.br\/fdt\/a-fundacao-doutor-thomas\/programa-de-longa-permanencia\/#breadcrumb","itemListElement":[{"@type":"ListItem","position":1,"name":"Home","item":"https:\/\/www.manaus.am.gov.br\/fdt\/"},{"@type":"ListItem","position":2,"name":"FUNDA\u00c7\u00c3O DOUTOR THOMAS","item":"https:\/\/www.manaus.am.gov.br\/fdt\/a-fundacao-doutor-thomas\/"},{"@type":"ListItem","position":3,"name":"Programa de Longa Perman\u00eancia"}]},{"@type":"WebSite","@id":"https:\/\/www.manaus.am.gov.br\/fdt\/#website","url":"https:\/\/www.manaus.am.gov.br\/fdt\/","name":"FDT","description":"Funda\u00e7\u00e3o de Apoio ao Idoso Dr. Thomas","potentialAction":[{"@type":"SearchAction","target":{"@type":"EntryPoint","urlTemplate":"https:\/\/www.manaus.am.gov.br\/fdt\/?s={search_term_string}"},"query-input":"required name=search_term_string"}],"inLanguage":"pt-BR"}]}},"_links":{"self":[{"href":"https:\/\/www.manaus.am.gov.br\/fdt\/wp-json\/wp\/v2\/pages\/254"}],"collection":[{"href":"https:\/\/www.manaus.am.gov.br\/fdt\/wp-json\/wp\/v2\/pages"}],"about":[{"href":"https:\/\/www.manaus.am.gov.br\/fdt\/wp-json\/wp\/v2\/types\/page"}],"author":[{"embeddable":true,"href":"https:\/\/www.manaus.am.gov.br\/fdt\/wp-json\/wp\/v2\/users\/27"}],"replies":[{"embeddable":true,"href":"https:\/\/www.manaus.am.gov.br\/fdt\/wp-json\/wp\/v2\/comments?post=254"}],"version-history":[{"count":2,"href":"https:\/\/www.manaus.am.gov.br\/fdt\/wp-json\/wp\/v2\/pages\/254\/revisions"}],"predecessor-version":[{"id":922,"href":"https:\/\/www.manaus.am.gov.br\/fdt\/wp-json\/wp\/v2\/pages\/254\/revisions\/922"}],"up":[{"embeddable":true,"href":"https:\/\/www.manaus.am.gov.br\/fdt\/wp-json\/wp\/v2\/pages\/202"}],"wp:attachment":[{"href":"https:\/\/www.manaus.am.gov.br\/fdt\/wp-json\/wp\/v2\/media?parent=254"}],"curies":[{"name":"wp","href":"https:\/\/api.w.org\/{rel}","templated":true}]}}