{"id":748,"date":"2023-01-04T16:04:41","date_gmt":"2023-01-04T20:04:41","guid":{"rendered":"https:\/\/www.manaus.am.gov.br\/cgm\/?page_id=748"},"modified":"2025-10-16T08:42:46","modified_gmt":"2025-10-16T12:42:46","slug":"sobre","status":"publish","type":"page","link":"https:\/\/www.manaus.am.gov.br\/cgm\/a-controladoria\/sobre\/","title":{"rendered":"Sobre"},"content":{"rendered":"\n<h2 class=\"wp-block-heading\"><a href=\"https:\/\/www.manaus.am.gov.br\/cgm\/wp-content\/uploads\/sites\/9\/2025\/10\/DOM-6166-01.10.2025-CAD-1.pdf\">Lei N\u00ba 3546, de 01 de outubro de 2025<\/a><\/h2>\n\n\n\n<p>DISP\u00d5E sobre a estrutura organizacional da Controladoria-Geral do Munic\u00edpio &#8211; CGM e d\u00e1 outras provid\u00eancias. &#8211; DOM 6166 01.10.2025 CAD 1<\/p>\n\n\n\n<p><\/p>\n\n\n\n<h2 class=\"wp-block-heading\"><a href=\"https:\/\/www.manaus.am.gov.br\/wp-content\/uploads\/2023\/04\/DOM-5419_Lei-n\u00b0-2.944-de-01.09_CGM.pdf\" target=\"_blank\" rel=\"noreferrer noopener nofollow\">Lei N\u00ba 2944, de 01 de setembro de 2022<\/a><\/h2>\n\n\n\n<p>Que cria a Controladoria-Geral do Munic\u00edpio (CGM) e d\u00e1 outras provid\u00eancias.<\/p>\n\n\n\n<p><strong>A CGM \u00e9 \u00f3rg\u00e3o de gest\u00e3o institucional, integrante da Administra\u00e7\u00e3o Direta do Poder Executivo, destinada ao cumprimento das seguintes finalidades:<\/strong><\/p>\n\n\n\n<p>I \u2013 exercer a coordena\u00e7\u00e3o geral, orienta\u00e7\u00e3o normativa, supervis\u00e3o t\u00e9cnica e realiza\u00e7\u00e3o de atividades inerentes ao Controle Interno no \u00e2mbito da Administra\u00e7\u00e3o Municipal;<\/p>\n\n\n\n<p>II \u2013 implementar os meios e condi\u00e7\u00f5es indispens\u00e1veis para assegurar a efici\u00eancia e a efic\u00e1cia do Controle Externo a cargo do Tribunal de Contas do Estado, da C\u00e2mara Municipal de Manaus e do Minist\u00e9rio P\u00fablico;<\/p>\n\n\n\n<p>III \u2013 avaliar o cumprimento das metas previstas no Plano Plurianual (PPA), e na Lei de Diretrizes Or\u00e7ament\u00e1rias (LDO) assim como a execu\u00e7\u00e3o dos programas de governo e dos or\u00e7amentos do Munic\u00edpio;<\/p>\n\n\n\n<p>IV \u2013 promover a implementa\u00e7\u00e3o de procedimentos de preven\u00e7\u00e3o e de combate \u00e0 corrup\u00e7\u00e3o, bem como a pol\u00edtica de transpar\u00eancia da gest\u00e3o no \u00e2mbito do Poder Executivo Municipal;<\/p>\n\n\n\n<p>V \u2013 avaliar os resultados quanto \u00e0 efic\u00e1cia, efici\u00eancia e efetividade da gest\u00e3o or\u00e7ament\u00e1ria, financeira, patrimonial e operacional dos \u00f3rg\u00e3os e das entidades do Poder Executivo Municipal, bem como da aplica\u00e7\u00e3o de recursos p\u00fablicos por entidades de direito privado;<\/p>\n\n\n\n<p>VI \u2013 zelar pela condu\u00e7\u00e3o do Sistema de Controle Interno do Poder Executivo Municipal, preservando o interesse p\u00fablico e a probidade na guarda e aplica\u00e7\u00e3o de dinheiro, valores e outros bens do Munic\u00edpio ou a ele confiados; e<\/p>\n\n\n\n<p>VII \u2013 apoiar o Controle Externo no exerc\u00edcio de sua miss\u00e3o institucional, por meio das atividades definidas pela CGM, resguardada a sua autonomia.<\/p>\n\n\n\n<p><strong>Para o cumprimento de suas finalidades, compete \u00e0 Controladoria-Geral do Munic\u00edpio:<\/strong><\/p>\n\n\n\n<p>I &#8211; o gerenciamento, como \u00f3rg\u00e3o central, do Sistema de Controle Interno e de Auditoria no \u00e2mbito do Poder Executivo;<\/p>\n\n\n\n<p>II &#8211; a fiscaliza\u00e7\u00e3o e o controle das \u00e1reas patrimonial, financeira, operacional, or\u00e7ament\u00e1ria, cont\u00e1bil, de pessoal e programas de governo da Administra\u00e7\u00e3o Direta e Indireta, auxiliando os \u00f3rg\u00e3os de Controle Externo no exerc\u00edcio de suas atua\u00e7\u00f5es;<\/p>\n\n\n\n<p>III &#8211; a ado\u00e7\u00e3o de medidas com vistas \u00e0 racionaliza\u00e7\u00e3o dos gastos p\u00fablicos, proporcionando economia e redu\u00e7\u00e3o de custos com a m\u00e1quina administrativa;<\/p>\n\n\n\n<p>IV &#8211; o exerc\u00edcio do controle das opera\u00e7\u00f5es de cr\u00e9dito, avais, garantias, direitos e haveres do Munic\u00edpio;<\/p>\n\n\n\n<p>V &#8211; a avalia\u00e7\u00e3o das informa\u00e7\u00f5es sobre a situa\u00e7\u00e3o f\u00edsico-financeira dos projetos e das atividades constantes do or\u00e7amento do Munic\u00edpio;<\/p>\n\n\n\n<p>VI &#8211; a realiza\u00e7\u00e3o de auditorias sobre a gest\u00e3o dos recursos p\u00fablicos municipais sob a responsabilidade de \u00f3rg\u00e3os e entidades p\u00fablicos e privados;<\/p>\n\n\n\n<p>VII &#8211; a realiza\u00e7\u00e3o de auditorias nos sistemas cont\u00e1bil, financeiro, or\u00e7ament\u00e1rio, de pessoal e demais sistemas administrativos e operacionais;<\/p>\n\n\n\n<p>VIII &#8211; a assessoria direta ao Chefe do Poder Executivo e aos gestores da Administra\u00e7\u00e3o Direta, Aut\u00e1rquica e Fundacional, de forma aut\u00f4noma, no \u00e2mbito de sua compet\u00eancia;<\/p>\n\n\n\n<p>IX &#8211; propor ao Chefe do Executivo Municipal a tomada de provid\u00eancias visando ao aprimoramento da gest\u00e3o, de acordo com os princ\u00edpios da legalidade, impessoalidade, moralidade, publicidade, razoabilidade, efici\u00eancia, efic\u00e1cia e economicidade;<\/p>\n\n\n\n<p>X &#8211; dar ci\u00eancia \u00e0 autoridade administrativa competente e ao Controle Externo, no que couber, sobre atos ou fatos ilegais ou irregulares, praticados por agentes p\u00fablicos ou privados, de que tiver conhecimento no exerc\u00edcio do controle das atividades da administra\u00e7\u00e3o, na utiliza\u00e7\u00e3o de recursos p\u00fablicos municipais com vistas \u00e0 aplica\u00e7\u00e3o das medidas cab\u00edveis;<\/p>\n\n\n\n<p>XI &#8211; emitir Relat\u00f3rio e Certificado de Auditoria relativo \u00e0 Presta\u00e7\u00e3o de Contas do Prefeito e dos \u00f3rg\u00e3os e entidades que comp\u00f5em a estrutura administrativa da Prefeitura de Manaus;<\/p>\n\n\n\n<p>XII &#8211; realizar a gest\u00e3o do Portal da Transpar\u00eancia do Poder Executivo Municipal;<\/p>\n\n\n\n<p>XIII &#8211; avaliar as propostas de pre\u00e7os nos casos de dispensa de licita\u00e7\u00e3o para loca\u00e7\u00e3o de im\u00f3veis, com base no art. 24, inciso X, da Lei n\u00ba&nbsp;<a href=\"http:\/\/www.planalto.gov.br\/ccivil_03\/leis\/l8666cons.htm\">8.666<\/a>, de 21 de junho de 1993; e<\/p>\n\n\n\n<p>XIV &#8211; a execu\u00e7\u00e3o de outras a\u00e7\u00f5es e atividades dispostas em lei e em atos normativos ou regulamentares, ou determinadas pelo Chefe do Poder Executivo Municipal, em raz\u00e3o da natureza do \u00f3rg\u00e3o.<\/p>\n\n\n\n<p><strong>Fica o Chefe do Poder Executivo autorizado a disciplinar o funcionamento da CGM por meio da edi\u00e7\u00e3o de atos normativos que dispor\u00e3o sobre a sua estrutura organizacional, e ainda sobre:<\/strong><\/p>\n\n\n\n<p>I &#8211; os direitos e as obriga\u00e7\u00f5es de responsabilidade da Subsecretaria de Controle Interno da Semef porventura existentes em raz\u00e3o de contratos, conv\u00eanios e outros ajustes administrativos;<\/p>\n\n\n\n<p>II &#8211; os bens patrimoniais sob uso e guarda da Subsecretaria de Controle Interno da Semef, mediante invent\u00e1rio realizado pelo Sistema de Patrim\u00f4nio da Semef; e<\/p>\n\n\n\n<p>III &#8211; o detalhamento das compet\u00eancias do \u00f3rg\u00e3o, com vistas ao cumprimento de suas finalidades, nos termos desta Lei.<\/p>\n\n\n\n<p>A Controladoria-Geral do Munic\u00edpio, para o seu funcionamento, observar\u00e1 os direitos e obriga\u00e7\u00f5es da Subsecretaria de Controle Interno, inclusive quanto \u00e0 transfer\u00eancia de bens patrimoniais do Munic\u00edpio que se encontrem sob a guarda e uso da referida Subsecretaria.<\/p>\n","protected":false},"excerpt":{"rendered":"","protected":false},"author":27,"featured_media":0,"parent":839,"menu_order":0,"comment_status":"closed","ping_status":"closed","template":"templates\/turismo.php","meta":{"footnotes":""},"acf":[],"yoast_head":"<!-- This site is optimized with the Yoast SEO plugin v23.0 - https:\/\/yoast.com\/wordpress\/plugins\/seo\/ -->\n<title>Sobre - CGM<\/title>\n<meta name=\"robots\" content=\"index, follow, max-snippet:-1, max-image-preview:large, max-video-preview:-1\" \/>\n<link rel=\"canonical\" href=\"https:\/\/www.manaus.am.gov.br\/cgm\/a-controladoria\/sobre\/\" \/>\n<meta property=\"og:locale\" content=\"pt_BR\" \/>\n<meta property=\"og:type\" content=\"article\" \/>\n<meta property=\"og:title\" content=\"Sobre - CGM\" \/>\n<meta property=\"og:url\" content=\"https:\/\/www.manaus.am.gov.br\/cgm\/a-controladoria\/sobre\/\" \/>\n<meta property=\"og:site_name\" content=\"CGM\" \/>\n<meta property=\"article:publisher\" content=\"https:\/\/www.facebook.com\/cgmmanaus\" \/>\n<meta property=\"article:modified_time\" content=\"2025-10-16T12:42:46+00:00\" \/>\n<meta property=\"og:image\" content=\"https:\/\/www.manaus.am.gov.br\/cgm\/wp-content\/uploads\/sites\/9\/2024\/07\/thumb-default-2.png\" \/>\n\t<meta property=\"og:image:width\" content=\"966\" \/>\n\t<meta property=\"og:image:height\" content=\"520\" \/>\n\t<meta property=\"og:image:type\" content=\"image\/png\" \/>\n<meta name=\"twitter:card\" content=\"summary_large_image\" \/>\n<meta name=\"twitter:label1\" content=\"Est. reading time\" \/>\n\t<meta name=\"twitter:data1\" content=\"5 minutos\" \/>\n<script type=\"application\/ld+json\" class=\"yoast-schema-graph\">{\"@context\":\"https:\/\/schema.org\",\"@graph\":[{\"@type\":\"WebPage\",\"@id\":\"https:\/\/www.manaus.am.gov.br\/cgm\/a-controladoria\/sobre\/\",\"url\":\"https:\/\/www.manaus.am.gov.br\/cgm\/a-controladoria\/sobre\/\",\"name\":\"Sobre - CGM\",\"isPartOf\":{\"@id\":\"https:\/\/www.manaus.am.gov.br\/cgm\/#website\"},\"datePublished\":\"2023-01-04T20:04:41+00:00\",\"dateModified\":\"2025-10-16T12:42:46+00:00\",\"breadcrumb\":{\"@id\":\"https:\/\/www.manaus.am.gov.br\/cgm\/a-controladoria\/sobre\/#breadcrumb\"},\"inLanguage\":\"pt-BR\",\"potentialAction\":[{\"@type\":\"ReadAction\",\"target\":[\"https:\/\/www.manaus.am.gov.br\/cgm\/a-controladoria\/sobre\/\"]}]},{\"@type\":\"BreadcrumbList\",\"@id\":\"https:\/\/www.manaus.am.gov.br\/cgm\/a-controladoria\/sobre\/#breadcrumb\",\"itemListElement\":[{\"@type\":\"ListItem\",\"position\":1,\"name\":\"A CONTROLADORIA\",\"item\":\"https:\/\/www.manaus.am.gov.br\/cgm\/a-controladoria\/\"},{\"@type\":\"ListItem\",\"position\":2,\"name\":\"Sobre\"}]},{\"@type\":\"WebSite\",\"@id\":\"https:\/\/www.manaus.am.gov.br\/cgm\/#website\",\"url\":\"https:\/\/www.manaus.am.gov.br\/cgm\/\",\"name\":\"CGM\",\"description\":\"Controladoria Geral do Munic\u00edpio\",\"publisher\":{\"@id\":\"https:\/\/www.manaus.am.gov.br\/cgm\/#organization\"},\"alternateName\":\"Controladoria-Geral do Munic\u00edpio\",\"potentialAction\":[{\"@type\":\"SearchAction\",\"target\":{\"@type\":\"EntryPoint\",\"urlTemplate\":\"https:\/\/www.manaus.am.gov.br\/cgm\/?s={search_term_string}\"},\"query-input\":\"required name=search_term_string\"}],\"inLanguage\":\"pt-BR\"},{\"@type\":\"Organization\",\"@id\":\"https:\/\/www.manaus.am.gov.br\/cgm\/#organization\",\"name\":\"Prefeitura de Manaus\",\"alternateName\":\"Prefeitura Municipal de Manaus\",\"url\":\"https:\/\/www.manaus.am.gov.br\/cgm\/\",\"logo\":{\"@type\":\"ImageObject\",\"inLanguage\":\"pt-BR\",\"@id\":\"https:\/\/www.manaus.am.gov.br\/cgm\/#\/schema\/logo\/image\/\",\"url\":\"https:\/\/www.manaus.am.gov.br\/cgm\/wp-content\/uploads\/sites\/9\/2024\/06\/favicon.png\",\"contentUrl\":\"https:\/\/www.manaus.am.gov.br\/cgm\/wp-content\/uploads\/sites\/9\/2024\/06\/favicon.png\",\"width\":300,\"height\":300,\"caption\":\"Prefeitura de Manaus\"},\"image\":{\"@id\":\"https:\/\/www.manaus.am.gov.br\/cgm\/#\/schema\/logo\/image\/\"},\"sameAs\":[\"https:\/\/www.facebook.com\/cgmmanaus\",\"https:\/\/www.instagram.com\/cgmmanaus\/\"]}]}<\/script>\n<!-- \/ Yoast SEO plugin. -->","yoast_head_json":{"title":"Sobre - CGM","robots":{"index":"index","follow":"follow","max-snippet":"max-snippet:-1","max-image-preview":"max-image-preview:large","max-video-preview":"max-video-preview:-1"},"canonical":"https:\/\/www.manaus.am.gov.br\/cgm\/a-controladoria\/sobre\/","og_locale":"pt_BR","og_type":"article","og_title":"Sobre - CGM","og_url":"https:\/\/www.manaus.am.gov.br\/cgm\/a-controladoria\/sobre\/","og_site_name":"CGM","article_publisher":"https:\/\/www.facebook.com\/cgmmanaus","article_modified_time":"2025-10-16T12:42:46+00:00","og_image":[{"width":966,"height":520,"url":"https:\/\/www.manaus.am.gov.br\/cgm\/wp-content\/uploads\/sites\/9\/2024\/07\/thumb-default-2.png","type":"image\/png"}],"twitter_card":"summary_large_image","twitter_misc":{"Est. reading time":"5 minutos"},"schema":{"@context":"https:\/\/schema.org","@graph":[{"@type":"WebPage","@id":"https:\/\/www.manaus.am.gov.br\/cgm\/a-controladoria\/sobre\/","url":"https:\/\/www.manaus.am.gov.br\/cgm\/a-controladoria\/sobre\/","name":"Sobre - CGM","isPartOf":{"@id":"https:\/\/www.manaus.am.gov.br\/cgm\/#website"},"datePublished":"2023-01-04T20:04:41+00:00","dateModified":"2025-10-16T12:42:46+00:00","breadcrumb":{"@id":"https:\/\/www.manaus.am.gov.br\/cgm\/a-controladoria\/sobre\/#breadcrumb"},"inLanguage":"pt-BR","potentialAction":[{"@type":"ReadAction","target":["https:\/\/www.manaus.am.gov.br\/cgm\/a-controladoria\/sobre\/"]}]},{"@type":"BreadcrumbList","@id":"https:\/\/www.manaus.am.gov.br\/cgm\/a-controladoria\/sobre\/#breadcrumb","itemListElement":[{"@type":"ListItem","position":1,"name":"A CONTROLADORIA","item":"https:\/\/www.manaus.am.gov.br\/cgm\/a-controladoria\/"},{"@type":"ListItem","position":2,"name":"Sobre"}]},{"@type":"WebSite","@id":"https:\/\/www.manaus.am.gov.br\/cgm\/#website","url":"https:\/\/www.manaus.am.gov.br\/cgm\/","name":"CGM","description":"Controladoria Geral do Munic\u00edpio","publisher":{"@id":"https:\/\/www.manaus.am.gov.br\/cgm\/#organization"},"alternateName":"Controladoria-Geral do Munic\u00edpio","potentialAction":[{"@type":"SearchAction","target":{"@type":"EntryPoint","urlTemplate":"https:\/\/www.manaus.am.gov.br\/cgm\/?s={search_term_string}"},"query-input":"required name=search_term_string"}],"inLanguage":"pt-BR"},{"@type":"Organization","@id":"https:\/\/www.manaus.am.gov.br\/cgm\/#organization","name":"Prefeitura de Manaus","alternateName":"Prefeitura Municipal de Manaus","url":"https:\/\/www.manaus.am.gov.br\/cgm\/","logo":{"@type":"ImageObject","inLanguage":"pt-BR","@id":"https:\/\/www.manaus.am.gov.br\/cgm\/#\/schema\/logo\/image\/","url":"https:\/\/www.manaus.am.gov.br\/cgm\/wp-content\/uploads\/sites\/9\/2024\/06\/favicon.png","contentUrl":"https:\/\/www.manaus.am.gov.br\/cgm\/wp-content\/uploads\/sites\/9\/2024\/06\/favicon.png","width":300,"height":300,"caption":"Prefeitura de Manaus"},"image":{"@id":"https:\/\/www.manaus.am.gov.br\/cgm\/#\/schema\/logo\/image\/"},"sameAs":["https:\/\/www.facebook.com\/cgmmanaus","https:\/\/www.instagram.com\/cgmmanaus\/"]}]}},"_links":{"self":[{"href":"https:\/\/www.manaus.am.gov.br\/cgm\/wp-json\/wp\/v2\/pages\/748"}],"collection":[{"href":"https:\/\/www.manaus.am.gov.br\/cgm\/wp-json\/wp\/v2\/pages"}],"about":[{"href":"https:\/\/www.manaus.am.gov.br\/cgm\/wp-json\/wp\/v2\/types\/page"}],"author":[{"embeddable":true,"href":"https:\/\/www.manaus.am.gov.br\/cgm\/wp-json\/wp\/v2\/users\/27"}],"replies":[{"embeddable":true,"href":"https:\/\/www.manaus.am.gov.br\/cgm\/wp-json\/wp\/v2\/comments?post=748"}],"version-history":[{"count":7,"href":"https:\/\/www.manaus.am.gov.br\/cgm\/wp-json\/wp\/v2\/pages\/748\/revisions"}],"predecessor-version":[{"id":2741,"href":"https:\/\/www.manaus.am.gov.br\/cgm\/wp-json\/wp\/v2\/pages\/748\/revisions\/2741"}],"up":[{"embeddable":true,"href":"https:\/\/www.manaus.am.gov.br\/cgm\/wp-json\/wp\/v2\/pages\/839"}],"wp:attachment":[{"href":"https:\/\/www.manaus.am.gov.br\/cgm\/wp-json\/wp\/v2\/media?parent=748"}],"curies":[{"name":"wp","href":"https:\/\/api.w.org\/{rel}","templated":true}]}}