{"id":1916,"date":"2024-11-29T08:37:38","date_gmt":"2024-11-29T12:37:38","guid":{"rendered":"https:\/\/www.manaus.am.gov.br\/cgm\/?page_id=1916"},"modified":"2025-01-14T15:53:44","modified_gmt":"2025-01-14T19:53:44","slug":"pca-plano-de-contratacao-anual","status":"publish","type":"page","link":"https:\/\/www.manaus.am.gov.br\/cgm\/pca-plano-de-contratacao-anual\/","title":{"rendered":"PCA -Plano de Contrata\u00e7\u00e3o Anual"},"content":{"rendered":"\n<p><a href=\"https:\/\/pncp.gov.br\/app\/pca\/07074697000194\/2025\">FUNDO MUNICIPAL DE CULTURA<\/a><\/p>\n\n\n\n<p><\/p>\n\n\n\n<p><a href=\"https:\/\/pncp.gov.br\/app\/pca\/07811304000188\/2025\">PGM<\/a><\/p>\n\n\n\n<p><\/p>\n\n\n\n<p><a href=\"https:\/\/pncp.gov.br\/app\/pca\/33681104000168\/2025\">IMMU<\/a><\/p>\n\n\n\n<p><\/p>\n\n\n\n<p><a href=\"https:\/\/pncp.gov.br\/app\/pca\/15798622000184\/2025\">DOUTOR THOMAS<\/a><\/p>\n\n\n\n<p><\/p>\n\n\n\n<p><a href=\"https:\/\/pncp.gov.br\/app\/pca\/18787511000160\/2025\">MANAUSCULT<\/a><\/p>\n\n\n\n<p><\/p>\n\n\n\n<p><a href=\"https:\/\/pncp.gov.br\/app\/pca\/47711169000113\/2025\">FUNDA\u00c7\u00c3O MANAUS ESPORTE<\/a><\/p>\n\n\n\n<p><\/p>\n\n\n\n<p><a href=\"https:\/\/pncp.gov.br\/app\/pca\/07989787000105\/2025\">CASA MILITAR<\/a><\/p>\n\n\n\n<p><\/p>\n\n\n\n<p><a href=\"https:\/\/pncp.gov.br\/app\/pca\/31724173000186\/2025\">SECRETARIA MUNICIPAL DE AGRICULTURA, ABASTECIMENTO, CENTRO E COMERCIO INFORMAL<\/a><\/p>\n\n\n\n<p><\/p>\n\n\n\n<p><a href=\"https:\/\/pncp.gov.br\/app\/pca\/07763922000108\/2025\">SECRETARIA MUNICIPAL DE LIMPEZA URBANA &#8211; SEMULSP<\/a><\/p>\n\n\n\n<p><\/p>\n\n\n\n<p><a href=\"https:\/\/pncp.gov.br\/app\/pca\/04391078000135\/2025\">SECRETARIA MUNICIPAL DO TRABALHO, EMPREENDEDORISMO E INOVA\u00c7\u00c3O<\/a><\/p>\n\n\n\n<p><\/p>\n\n\n\n<p><a href=\"https:\/\/pncp.gov.br\/app\/pca\/07854190000153\/2025\">SECRETARIA MUNICIPAL DE MEIO AMBIENTE E SUSTENTABILIDADE<\/a><\/p>\n\n\n\n<p><\/p>\n\n\n\n<p><a href=\"https:\/\/pncp.gov.br\/app\/pca\/04312674000182\/2025\">SECRETARIA MUNICIPAL DE EDUCA\u00c7\u00c3O (SEMED)<\/a><\/p>\n\n\n\n<p><\/p>\n\n\n\n<p><a href=\"https:\/\/pncp.gov.br\/app\/pca\/08608024000130\/2025\">SECRETARIA MUNICIPAL DE COMUNICA\u00c7\u00c3O<\/a><\/p>\n\n\n\n<p><\/p>\n\n\n\n<p><a href=\"https:\/\/pncp.gov.br\/app\/pca\/04312641000132\/2025\">SECRETARIA MUNICIPAL DE ADMINISTRA\u00c7\u00c3O, PLANEJAMENTO E GEST\u00c3O<\/a><\/p>\n\n\n\n<p><\/p>\n\n\n\n<p><a href=\"https:\/\/pncp.gov.br\/app\/pca\/05610385000122\/2025\">INSTITUTO MUNICIPAL DE PLANEJAMENTO URBANO<\/a><\/p>\n\n\n\n<p><\/p>\n\n\n\n<p><a href=\"https:\/\/pncp.gov.br\/app\/pca\/29916198000130\/2025\">AGENCIA REGULADORA DOS SERVI\u00c7OS P\u00daBLICOS DELEGADOS DO MUNIC\u00cdPIO DE MANAUS<\/a><\/p>\n\n\n\n<p><\/p>\n\n\n\n<p><a href=\"https:\/\/pncp.gov.br\/app\/pca\/11016413000180\/2025\">GABINETE DO VICE-PREFEITO<\/a><\/p>\n\n\n\n<p><\/p>\n\n\n\n<p><a href=\"https:\/\/pncp.gov.br\/app\/pca\/14663822000167\/2025\">CONTROLADORIA GERAL DO MUNIC\u00cdPIO<\/a><\/p>\n\n\n\n<p><\/p>\n\n\n\n<p><a href=\"https:\/\/pncp.gov.br\/app\/pca?pagina=1&amp;anos=2025&amp;orgaos=95927&amp;esferas=M&amp;poderes=E&amp;q=&amp;status=vigente\">SEMSEG<\/a><\/p>\n\n\n\n<p><\/p>\n\n\n\n<p><a href=\"https:\/\/pncp.gov.br\/app\/pca?pagina=1&amp;anos=2025&amp;orgaos=14685&amp;esferas=M&amp;poderes=E&amp;q=&amp;status=vigente\">SEPDEC<\/a><\/p>\n","protected":false},"excerpt":{"rendered":"","protected":false},"author":8,"featured_media":0,"parent":0,"menu_order":0,"comment_status":"closed","ping_status":"closed","template":"","meta":{"footnotes":""},"acf":[],"yoast_head":"<!-- This site is optimized with the Yoast SEO plugin v23.0 - https:\/\/yoast.com\/wordpress\/plugins\/seo\/ -->\n<title>PCA -Plano de Contrata\u00e7\u00e3o Anual - CGM<\/title>\n<meta name=\"robots\" content=\"index, follow, max-snippet:-1, max-image-preview:large, max-video-preview:-1\" \/>\n<link rel=\"canonical\" href=\"https:\/\/www.manaus.am.gov.br\/cgm\/pca-plano-de-contratacao-anual\/\" \/>\n<meta property=\"og:locale\" content=\"pt_BR\" \/>\n<meta property=\"og:type\" content=\"article\" \/>\n<meta property=\"og:title\" content=\"PCA -Plano de Contrata\u00e7\u00e3o Anual - CGM\" \/>\n<meta property=\"og:url\" content=\"https:\/\/www.manaus.am.gov.br\/cgm\/pca-plano-de-contratacao-anual\/\" \/>\n<meta property=\"og:site_name\" content=\"CGM\" \/>\n<meta property=\"article:publisher\" content=\"https:\/\/www.facebook.com\/cgmmanaus\" \/>\n<meta property=\"article:modified_time\" content=\"2025-01-14T19:53:44+00:00\" \/>\n<meta property=\"og:image\" content=\"https:\/\/www.manaus.am.gov.br\/cgm\/wp-content\/uploads\/sites\/9\/2024\/07\/thumb-default-2.png\" \/>\n\t<meta property=\"og:image:width\" content=\"966\" \/>\n\t<meta property=\"og:image:height\" content=\"520\" \/>\n\t<meta property=\"og:image:type\" content=\"image\/png\" \/>\n<meta name=\"twitter:card\" content=\"summary_large_image\" \/>\n<meta name=\"twitter:label1\" content=\"Est. reading time\" \/>\n\t<meta name=\"twitter:data1\" content=\"1 minuto\" \/>\n<script type=\"application\/ld+json\" class=\"yoast-schema-graph\">{\"@context\":\"https:\/\/schema.org\",\"@graph\":[{\"@type\":\"WebPage\",\"@id\":\"https:\/\/www.manaus.am.gov.br\/cgm\/pca-plano-de-contratacao-anual\/\",\"url\":\"https:\/\/www.manaus.am.gov.br\/cgm\/pca-plano-de-contratacao-anual\/\",\"name\":\"PCA -Plano de Contrata\u00e7\u00e3o Anual - CGM\",\"isPartOf\":{\"@id\":\"https:\/\/www.manaus.am.gov.br\/cgm\/#website\"},\"datePublished\":\"2024-11-29T12:37:38+00:00\",\"dateModified\":\"2025-01-14T19:53:44+00:00\",\"inLanguage\":\"pt-BR\",\"potentialAction\":[{\"@type\":\"ReadAction\",\"target\":[\"https:\/\/www.manaus.am.gov.br\/cgm\/pca-plano-de-contratacao-anual\/\"]}]},{\"@type\":\"WebSite\",\"@id\":\"https:\/\/www.manaus.am.gov.br\/cgm\/#website\",\"url\":\"https:\/\/www.manaus.am.gov.br\/cgm\/\",\"name\":\"CGM\",\"description\":\"Controladoria Geral do Munic\u00edpio\",\"publisher\":{\"@id\":\"https:\/\/www.manaus.am.gov.br\/cgm\/#organization\"},\"alternateName\":\"Controladoria-Geral do Munic\u00edpio\",\"potentialAction\":[{\"@type\":\"SearchAction\",\"target\":{\"@type\":\"EntryPoint\",\"urlTemplate\":\"https:\/\/www.manaus.am.gov.br\/cgm\/?s={search_term_string}\"},\"query-input\":\"required name=search_term_string\"}],\"inLanguage\":\"pt-BR\"},{\"@type\":\"Organization\",\"@id\":\"https:\/\/www.manaus.am.gov.br\/cgm\/#organization\",\"name\":\"Prefeitura de Manaus\",\"alternateName\":\"Prefeitura Municipal de Manaus\",\"url\":\"https:\/\/www.manaus.am.gov.br\/cgm\/\",\"logo\":{\"@type\":\"ImageObject\",\"inLanguage\":\"pt-BR\",\"@id\":\"https:\/\/www.manaus.am.gov.br\/cgm\/#\/schema\/logo\/image\/\",\"url\":\"https:\/\/www.manaus.am.gov.br\/cgm\/wp-content\/uploads\/sites\/9\/2024\/06\/favicon.png\",\"contentUrl\":\"https:\/\/www.manaus.am.gov.br\/cgm\/wp-content\/uploads\/sites\/9\/2024\/06\/favicon.png\",\"width\":300,\"height\":300,\"caption\":\"Prefeitura de Manaus\"},\"image\":{\"@id\":\"https:\/\/www.manaus.am.gov.br\/cgm\/#\/schema\/logo\/image\/\"},\"sameAs\":[\"https:\/\/www.facebook.com\/cgmmanaus\",\"https:\/\/www.instagram.com\/cgmmanaus\/\"]}]}<\/script>\n<!-- \/ Yoast SEO plugin. -->","yoast_head_json":{"title":"PCA -Plano de Contrata\u00e7\u00e3o Anual - CGM","robots":{"index":"index","follow":"follow","max-snippet":"max-snippet:-1","max-image-preview":"max-image-preview:large","max-video-preview":"max-video-preview:-1"},"canonical":"https:\/\/www.manaus.am.gov.br\/cgm\/pca-plano-de-contratacao-anual\/","og_locale":"pt_BR","og_type":"article","og_title":"PCA -Plano de Contrata\u00e7\u00e3o Anual - CGM","og_url":"https:\/\/www.manaus.am.gov.br\/cgm\/pca-plano-de-contratacao-anual\/","og_site_name":"CGM","article_publisher":"https:\/\/www.facebook.com\/cgmmanaus","article_modified_time":"2025-01-14T19:53:44+00:00","og_image":[{"width":966,"height":520,"url":"https:\/\/www.manaus.am.gov.br\/cgm\/wp-content\/uploads\/sites\/9\/2024\/07\/thumb-default-2.png","type":"image\/png"}],"twitter_card":"summary_large_image","twitter_misc":{"Est. reading time":"1 minuto"},"schema":{"@context":"https:\/\/schema.org","@graph":[{"@type":"WebPage","@id":"https:\/\/www.manaus.am.gov.br\/cgm\/pca-plano-de-contratacao-anual\/","url":"https:\/\/www.manaus.am.gov.br\/cgm\/pca-plano-de-contratacao-anual\/","name":"PCA -Plano de Contrata\u00e7\u00e3o Anual - CGM","isPartOf":{"@id":"https:\/\/www.manaus.am.gov.br\/cgm\/#website"},"datePublished":"2024-11-29T12:37:38+00:00","dateModified":"2025-01-14T19:53:44+00:00","inLanguage":"pt-BR","potentialAction":[{"@type":"ReadAction","target":["https:\/\/www.manaus.am.gov.br\/cgm\/pca-plano-de-contratacao-anual\/"]}]},{"@type":"WebSite","@id":"https:\/\/www.manaus.am.gov.br\/cgm\/#website","url":"https:\/\/www.manaus.am.gov.br\/cgm\/","name":"CGM","description":"Controladoria Geral do Munic\u00edpio","publisher":{"@id":"https:\/\/www.manaus.am.gov.br\/cgm\/#organization"},"alternateName":"Controladoria-Geral do Munic\u00edpio","potentialAction":[{"@type":"SearchAction","target":{"@type":"EntryPoint","urlTemplate":"https:\/\/www.manaus.am.gov.br\/cgm\/?s={search_term_string}"},"query-input":"required name=search_term_string"}],"inLanguage":"pt-BR"},{"@type":"Organization","@id":"https:\/\/www.manaus.am.gov.br\/cgm\/#organization","name":"Prefeitura de Manaus","alternateName":"Prefeitura Municipal de Manaus","url":"https:\/\/www.manaus.am.gov.br\/cgm\/","logo":{"@type":"ImageObject","inLanguage":"pt-BR","@id":"https:\/\/www.manaus.am.gov.br\/cgm\/#\/schema\/logo\/image\/","url":"https:\/\/www.manaus.am.gov.br\/cgm\/wp-content\/uploads\/sites\/9\/2024\/06\/favicon.png","contentUrl":"https:\/\/www.manaus.am.gov.br\/cgm\/wp-content\/uploads\/sites\/9\/2024\/06\/favicon.png","width":300,"height":300,"caption":"Prefeitura de Manaus"},"image":{"@id":"https:\/\/www.manaus.am.gov.br\/cgm\/#\/schema\/logo\/image\/"},"sameAs":["https:\/\/www.facebook.com\/cgmmanaus","https:\/\/www.instagram.com\/cgmmanaus\/"]}]}},"_links":{"self":[{"href":"https:\/\/www.manaus.am.gov.br\/cgm\/wp-json\/wp\/v2\/pages\/1916"}],"collection":[{"href":"https:\/\/www.manaus.am.gov.br\/cgm\/wp-json\/wp\/v2\/pages"}],"about":[{"href":"https:\/\/www.manaus.am.gov.br\/cgm\/wp-json\/wp\/v2\/types\/page"}],"author":[{"embeddable":true,"href":"https:\/\/www.manaus.am.gov.br\/cgm\/wp-json\/wp\/v2\/users\/8"}],"replies":[{"embeddable":true,"href":"https:\/\/www.manaus.am.gov.br\/cgm\/wp-json\/wp\/v2\/comments?post=1916"}],"version-history":[{"count":3,"href":"https:\/\/www.manaus.am.gov.br\/cgm\/wp-json\/wp\/v2\/pages\/1916\/revisions"}],"predecessor-version":[{"id":2004,"href":"https:\/\/www.manaus.am.gov.br\/cgm\/wp-json\/wp\/v2\/pages\/1916\/revisions\/2004"}],"wp:attachment":[{"href":"https:\/\/www.manaus.am.gov.br\/cgm\/wp-json\/wp\/v2\/media?parent=1916"}],"curies":[{"name":"wp","href":"https:\/\/api.w.org\/{rel}","templated":true}]}}